{"id":1692,"date":"2025-10-14T16:10:11","date_gmt":"2025-10-14T14:10:11","guid":{"rendered":"https:\/\/bikers.poush-dev.be\/agenda\/"},"modified":"2026-08-05T08:30:53","modified_gmt":"2026-08-05T06:30:53","slug":"agenda","status":"publish","type":"page","link":"https:\/\/www.bikers.be\/nl\/agenda\/","title":{"rendered":"Agenda"},"content":{"rendered":"<p>[et_pb_section fb_built=&#8221;1&#8243; custom_padding_last_edited=&#8221;on|phone&#8221; _builder_version=&#8221;4.27.4&#8243; _module_preset=&#8221;default&#8221; background_color=&#8221;gcid-primary-color&#8221; use_background_color_gradient=&#8221;on&#8221; background_color_gradient_stops=&#8221;rgba(0,0,0,0.24) 1%|rgba(26,26,26,0.28) 22%|rgba(26,26,26,0.67) 64%|#1a1a1a 100%&#8221; background_color_gradient_overlays_image=&#8221;on&#8221; background_image=&#8221;https:\/\/www.bikers.be\/wp-content\/uploads\/2025\/10\/O2Bikers-Bikes-6-parallax.webp&#8221; parallax=&#8221;on&#8221; parallax_method=&#8221;off&#8221; custom_padding=&#8221;25vh|6vw|100px|6vw|false|true&#8221; custom_padding_tablet=&#8221;130px|6vw|10px|6vw|false|true&#8221; custom_padding_phone=&#8221;|6vw|20px|6vw|false|true&#8221; custom_css_free_form=&#8221;selector::after {||\t\tcontent: %22%22;||    display: block;||    width: 100%;||    height: 100%;||    position: absolute;||    inset: 0;||    background: url(\/wp-content\/uploads\/2025\/10\/O2Bikers-Accueil-Header-after.webp) no-repeat;||    background-size: cover;||    z-index: 0;||    opacity: 0.08;||}&#8221; locked=&#8221;off&#8221; global_colors_info=&#8221;{%22gcid-primary-color%22:%91%22background_color%22%93}&#8221;][et_pb_row _builder_version=&#8221;4.27.4&#8243; _module_preset=&#8221;default&#8221; transform_scale_linked=&#8221;off&#8221; transform_translate_linked=&#8221;off&#8221; custom_margin=&#8221;|auto|40px|auto|false|false&#8221; custom_padding=&#8221;0px||0px||true|false&#8221; global_colors_info=&#8221;{}&#8221; column_structure=&#8221;1_2,1_2&#8243;][et_pb_column type=&#8221;1_2&#8243; _builder_version=&#8221;4.27.4&#8243; _module_preset=&#8221;default&#8221; global_colors_info=&#8221;{}&#8221;][et_pb_text admin_label=&#8221;Text&#8221; _builder_version=&#8221;4.27.4&#8243; _module_preset=&#8221;5298e62e-f7ac-4dd9-b361-006fc4da68de&#8221; text_font=&#8221;SpaceGrotesk-Bold||||||||&#8221; header_font=&#8221;SpaceGrotesk-Bold|||on|||||&#8221; background_size=&#8221;initial&#8221; background_position=&#8221;top_left&#8221; background_repeat=&#8221;repeat&#8221; background_layout=&#8221;dark&#8221; max_width=&#8221;738px&#8221; custom_css_free_form=&#8221;selector .p-size {||  font-size:var(&#8211;H5);||}||||&#8221; locked=&#8221;off&#8221; global_colors_info=&#8221;{}&#8221;]<\/p>\n<h1><span class=\"p-size\" style=\"font-weight: 400;\">FIETSKALENDER:<\/span><br \/>ALLE TOCHTEN EN WEDSTRIJDEN IN BELGI\u00cb<\/h1>\n<p>[\/et_pb_text][et_pb_code _builder_version=&#8221;4.27.7&#8243; _module_preset=&#8221;default&#8221; custom_margin=&#8221;0px||||false|false&#8221; custom_margin_tablet=&#8221;0px||||false|false&#8221; custom_margin_phone=&#8221;0px||||false|false&#8221; custom_margin_last_edited=&#8221;on|desktop&#8221; custom_css_free_form=&#8221;||@media (max-width: 768px) {||  :root {||    &#8211;width-img: 80px; ||\t}||}||||\/* Filter bar *\/||||html body #et-boc selector  .tribe-events-c-top-bar,||html body #et-boc selector .tribe-events-calendar-list__month-separator,||html body #et-boc selector .tribe-events-calendar-list-nav,||html body #et-boc selector .tribe-events-c-subscribe-dropdown__container,||html body #et-boc selector .tribe-events-header,||html body #et-boc selector .tribe-events-calendar-list__event-venue-address,||html body #et-boc selector .custom_tribe_supp_infos,||html body #et-boc selector .tribe-events-calendar-list__event-date-tag-datetime:after{||  display:none;||}||||html body #et-boc selector  .tribe-filter-bar&#8211;vertical.tribe-filter-bar {||    background-color: #f5f5f5 !important;||    padding: 20px !important;||}||||html body #et-boc selector .tribe-filter-bar__form-heading {||  font-size:var(&#8211;H5);||  font-family: &#8216;SpaceGrotesk-Bold&#8217;, Helvetica, Arial, Lucida, sans-serif;||  color: var(&#8211;custom-accent);||}||||html body #et-boc selector .tribe-filter-bar .tribe-filter-bar__filters {||    border-bottom:none;||}||||html body #et-boc selector .tribe-common&#8211;breakpoint-medium.tribe-events .tribe-events-l-container {||  min-height: initial;||}||||||\/* Datepicker *\/||||html body #et-boc selector .flatpickr-calendar.inline {||  position: relative;||}||||html body .dayContainer {||    max-width: 100%;||    min-width: 100%;||}||||\/* GENERAL *\/||||html body #et-boc selector .tribe-events .tribe-events-calendar-list {||  gap: 15px;||  display: grid;||  grid-template-columns: 1fr !important;||}||||html body #et-boc selector  section.tribe-common-l-container.tribe-events-l-container {||  padding: 0;||  max-width: 100%;||  align-items: flex-start;||}||||.tribe-events-calendar-list__event-wrapper {||    background: #F5F5F5;||}||||||\/* EVENTS *\/||||.et-db #et-boc selector h4 {||  font-size: var(&#8211;H5);||}||||html body #et-boc selector .tribe-events .tribe-events-calendar-list__event-date-tag {||  min-width: 180px;||  position: absolute;||  z-index: 1;||  background: rgba(0, 0, 0, 0.3);||  height: 100%;||  padding: 8px !important;||  display:flex;||  align-items: center;||  justify-content: center;||}||||html body #et-boc selector .tribe-events .tribe-events-calendar-list__event-wrapper {||  padding:0px !important; ||}||||html body #et-boc selector .tribe-events .tribe-events-calendar-list__event-date-tag-datetime {||  height: auto;||}||html body #et-boc selector .tribe-events-calendar-list__event-venue {||  margin-bottom:0px;||}||||html body #et-boc selector span.tribe-events-calendar-list__event-date-tag-weekday, html body #et-boc selector .tribe-events-calendar-list__event-date-tag-daynum {||    color: #fff !important;||    font-family: &#8216;SpaceGrotesk-Bold&#8217;, Helvetica, Arial, Lucida, sans-serif;||    text-transform: uppercase;||    font-size: 18px !important;||    line-height: 1em;||    opacity: 1;||}||||||html body #et-boc selector .tribe-events-calendar-list__event-date-tag-daynum {||  margin-top:10px;||  font-size: 40px !important;||}||||html body #et-boc selector .tribe-common .tribe-common-g-row {||    margin: 0px !important;||}||||html body #et-boc selector .tribe-common .tribe-events-calendar-list__event-featured-image-wrapper {||  padding: 0;||  position: absolute;||  max-width: 180px;||  width: 100%;||  height: 100%;||  z-index: 0;||}||||html body #et-boc selector .tribe-common .tribe-events-calendar-list__event-featured-image-wrapper img {||    width: 100%;||    height: 100%;||    object-fit: cover;||}||  ||html body #et-boc selector .tribe-events .tribe-events-calendar-list__month-separator-text {||  color: var(&#8211;custom-accent);||  font-family: &#8216;SpaceGrotesk-Bold&#8217;, Helvetica, Arial, Lucida, sans-serif;||  text-transform: uppercase||}||||html body #et-boc selector .tribe-events .tribe-event-date-start {||  color: var(&#8211;custom-accent);||}||||html body #et-boc selector .tribe-events .tribe-events-calendar-list__month-separator:after {||  background-color: var(&#8211;custom-accent);||}||||html body #et-boc selector .tribe-events-calendar-list__event-row {||  position: relative;||}||||html body #et-boc selector .tribe-events-calendar-list__event-details {||    width: 100%;||    padding: 20px 20px 20px calc(180px + 20px) !important;||}||||html body #et-boc selector .tribe-events-calendar-list__event-header {||  padding: 0px;||}||||html body #et-boc selector .tribe-events-calendar-list__event-region {||  position: absolute;||  top:0;||  right:0;||}||||html body #et-boc selector .tribe-events-calendar-list__event-region-value {||    background: #1a1a1a;||    padding: 4px 10px;||    line-height: 1.2em;||  \tcolor: #fff;||    font-size: 16px;||    font-family: &#8216;SpaceGrotesk-Bold&#8217;, Helvetica, Arial, Lucida, sans-serif;||  text-transform: uppercase;||}||||html body #et-boc selector .tribe-events-calendar-list__event-cost {||  min-width:100%;||  margin-top:0px;||}||html body #et-boc selector .tribe-events-c-small-cta__price {||    font-size: 16px;||    color: var(&#8211;custom-accent);||    font-family: &#8216;SpaceGrotesk-Regular&#8217;, Helvetica, Arial, Lucida, sans-serif;||    padding: 0;||    margin-top: 5px;||    display: inline-block;||}||||||\/* custom fields *\/||||.custom_tribe_supp_infos ul {||  list-style: none;||  margin: 0;||  padding: 0;||  display: flex;||  flex-wrap: wrap;||  gap: 8px;||  margin-bottom:10px !important;||}||||.custom_tribe_supp_infos ul li {||  \tposition: relative;||    font-size: 13px;||    background: var(&#8211;custom-accent);||    border-radius: 90px;||    padding: 0px 10px;||    line-height: 1.8em;||    color: #fff;||    font-family: &#8216;SpaceGrotesk-Bold&#8217;, Helvetica, Arial, Lucida, sans-serif;||}||||||||@media screen and (max-width:890px) {||  html body #et-boc selector .tribe-events .tribe-events-calendar-list__event-wrapper {||    padding: 0px 15px;||  }||  html body #et-boc selector .tribe-events-calendar-list__event-venue {||  \tmargin-bottom:10px;||\t}||  ||  html body #et-boc selector .tribe-events-calendar-list__event-region {||    position: inherit;||  }||  ||  html body #et-boc .selector .tribe-events-calendar-list__event-region-value {||    font-size: 10px;||    width: 100%;||    max-width: fit-content;||    display: block;||  }||  ||  html body #et-boc selector .tribe-events-calendar-list__event-details {||    flex-direction: column-reverse;||    display: flex;||    gap: 10px;||}||}||&#8221; global_colors_info=&#8221;{}&#8221; locked=&#8221;off&#8221;]<div\n\t class=\"tribe-common tribe-events tribe-events-view tribe-events-view--list alignwide tribe-events-view--shortcode tribe-events-view--shortcode-84d552e2\" \tdata-js=\"tribe-events-view\"\n\tdata-view-rest-url=\"https:\/\/www.bikers.be\/nl\/wp-json\/tribe\/views\/v2\/html\"\n\tdata-view-rest-method=\"GET\"\n\tdata-view-manage-url=\"\"\n\t\t\tdata-view-shortcode=\"84d552e2\"\n\t\t\t\tdata-view-breakpoint-pointer=\"99be285e-766e-4f42-8243-616dc0c03b56\"\n\t>\n\t<section class=\"tribe-common-l-container tribe-events-l-container\">\n\t\t<div\n\tclass=\"tribe-events-view-loader tribe-common-a11y-hidden\"\n\trole=\"alert\"\n\taria-live=\"polite\"\n>\n\t<span class=\"tribe-events-view-loader__text tribe-common-a11y-visual-hide\">\n\t\t2 evenementen gevonden.\t<\/span>\n\t<div class=\"tribe-events-view-loader__dots tribe-common-c-loader\">\n\t\t<svg\n\t class=\"tribe-common-c-svgicon tribe-common-c-svgicon--dot tribe-common-c-loader__dot tribe-common-c-loader__dot--first\" \taria-hidden=\"true\"\n\tviewBox=\"0 0 15 15\"\n\txmlns=\"http:\/\/www.w3.org\/2000\/svg\"\n>\n\t<circle cx=\"7.5\" cy=\"7.5\" r=\"7.5\"\/>\n<\/svg>\n\t\t<svg\n\t class=\"tribe-common-c-svgicon tribe-common-c-svgicon--dot tribe-common-c-loader__dot tribe-common-c-loader__dot--second\" \taria-hidden=\"true\"\n\tviewBox=\"0 0 15 15\"\n\txmlns=\"http:\/\/www.w3.org\/2000\/svg\"\n>\n\t<circle cx=\"7.5\" cy=\"7.5\" r=\"7.5\"\/>\n<\/svg>\n\t\t<svg\n\t class=\"tribe-common-c-svgicon tribe-common-c-svgicon--dot tribe-common-c-loader__dot tribe-common-c-loader__dot--third\" \taria-hidden=\"true\"\n\tviewBox=\"0 0 15 15\"\n\txmlns=\"http:\/\/www.w3.org\/2000\/svg\"\n>\n\t<circle cx=\"7.5\" cy=\"7.5\" r=\"7.5\"\/>\n<\/svg>\n\t<\/div>\n<\/div>\n\n\t\t<script type=\"application\/ld+json\">\r\n[{\"@context\":\"http:\/\/schema.org\",\"@type\":\"Event\",\"name\":\"RANDO VTT &#8211; BICYCLIC METTET XP CYCLING DAY\",\"description\":\"&lt;p&gt;Passez par le village \\u00e0 chaque boucle et cr\\u00e9ez votre d\\u00e9fi de 10 \\u00e0 70 km.&lt;br \/&gt;\\\\n1 boisson \\u00e0 l\\u2019arriv\\u00e9e et un goodie souvenir de Mettet XP.&lt;\/p&gt;\\\\n\",\"image\":\"https:\/\/www.bikers.be\/wp-content\/uploads\/2026\/07\/O2bikers-1000X1000.jpg\",\"url\":\"https:\/\/www.bikers.be\/nl\/evenement\/rando-vtt-mettet-xp-2\/\",\"eventAttendanceMode\":\"https:\/\/schema.org\/OfflineEventAttendanceMode\",\"eventStatus\":\"https:\/\/schema.org\/EventScheduled\",\"startDate\":\"2026-09-27T07:30:00+02:00\",\"endDate\":\"2026-09-27T15:00:00+02:00\",\"location\":{\"@type\":\"Place\",\"name\":\"METTET\",\"description\":\"\",\"url\":\"https:\/\/www.bikers.be\/locatie\/biesme\/\",\"address\":{\"@type\":\"PostalAddress\",\"streetAddress\":\"Mettet XP \\u2013 Circuit Jules Tacheny\",\"addressLocality\":\"Mettet\",\"addressRegion\":\"Namur\",\"addressCountry\":\"Belgium\"},\"telephone\":\"\",\"sameAs\":\"\"},\"offers\":{\"@type\":\"Offer\",\"price\":\"7\",\"priceCurrency\":\"EUR\",\"url\":\"https:\/\/www.bikers.be\/nl\/evenement\/rando-vtt-mettet-xp-2\/\",\"category\":\"primary\",\"availability\":\"inStock\",\"validFrom\":\"2026-07-20T11:26:00+00:00\"},\"performer\":\"Organization\"},{\"@context\":\"http:\/\/schema.org\",\"@type\":\"Event\",\"name\":\"GP GRAVEL &#8211; BICYCLIC METTET XP CYCLING DAY\",\"description\":\"&lt;p&gt;Passez par le village \\u00e0 chaque boucle et cr\\u00e9ez votre d\\u00e9fi de 10 \\u00e0 70 km.&lt;br \/&gt;\\\\n1 boisson \\u00e0 l\\u2019arriv\\u00e9e et un goodie souvenir de Mettet XP.&lt;\/p&gt;\\\\n\",\"image\":\"https:\/\/www.bikers.be\/wp-content\/uploads\/2026\/07\/O2bikers-1000X1000.jpg\",\"url\":\"https:\/\/www.bikers.be\/nl\/evenement\/gp-gravel-bicyclic-mettet-xp-cycling-day\/\",\"eventAttendanceMode\":\"https:\/\/schema.org\/OfflineEventAttendanceMode\",\"eventStatus\":\"https:\/\/schema.org\/EventScheduled\",\"startDate\":\"2026-09-27T07:30:00+02:00\",\"endDate\":\"2026-09-27T15:00:00+02:00\",\"location\":{\"@type\":\"Place\",\"name\":\"METTET\",\"description\":\"\",\"url\":\"https:\/\/www.bikers.be\/locatie\/biesme\/\",\"address\":{\"@type\":\"PostalAddress\",\"streetAddress\":\"Mettet XP \\u2013 Circuit Jules Tacheny\",\"addressLocality\":\"Mettet\",\"addressRegion\":\"Namur\",\"addressCountry\":\"Belgium\"},\"telephone\":\"\",\"sameAs\":\"\"},\"performer\":\"Organization\"}]\r\n<\/script>\n\t\t<script data-js=\"tribe-events-view-data\" type=\"application\/json\">\n\t{\"slug\":\"list\",\"prev_url\":\"https:\\\/\\\/www.bikers.be\\\/nl\\\/evenement\\\/lijst\\\/?rest_route=%2Fwp%2Fv2%2Fpages%2F1692&shortcode=84d552e2&eventDisplay=past\",\"next_url\":\"\",\"view_class\":\"Tribe\\\\Events\\\\Views\\\\V2\\\\Views\\\\List_View\",\"view_slug\":\"list\",\"view_label\":\"Lijst\",\"title\":\"Evenementen van 27 september | O2Bikers\",\"events\":[10002225,10002313],\"url\":\"https:\\\/\\\/www.bikers.be\\\/nl\\\/evenement\\\/lijst\\\/?shortcode=84d552e2\",\"url_event_date\":false,\"bar\":{\"keyword\":\"\",\"date\":\"\"},\"today\":\"2026-09-05 00:00:00\",\"now\":\"2026-09-05 10:24:51\",\"home_url\":\"https:\\\/\\\/www.bikers.be\\\/nl\\\/\",\"rest_url\":\"https:\\\/\\\/www.bikers.be\\\/nl\\\/wp-json\\\/tribe\\\/views\\\/v2\\\/html\",\"rest_method\":\"GET\",\"rest_nonce\":\"\",\"should_manage_url\":false,\"today_url\":\"https:\\\/\\\/www.bikers.be\\\/nl\\\/evenement\\\/lijst\\\/?rest_route=%2Fwp%2Fv2%2Fpages%2F1692&shortcode=84d552e2\",\"today_title\":\"Klik om de datum van vandaag te selecteren\",\"today_label\":\"Vandaag\",\"prev_label\":\"\",\"next_label\":\"\",\"date_formats\":{\"compact\":\"j\\\/n\\\/Y\",\"month_and_year_compact\":\"n\\\/Y\",\"month_and_year\":\"F Y\",\"time_range_separator\":\" - \",\"date_time_separator\":\" | \"},\"messages\":[],\"start_of_week\":\"1\",\"header_title\":\"\",\"header_title_element\":\"h1\",\"content_title\":\"\",\"show_content_title\":false,\"breadcrumbs\":[],\"backlink\":false,\"before_events\":\"\",\"after_events\":\"\",\"display_events_bar\":true,\"disable_event_search\":false,\"live_refresh\":true,\"ical\":{\"display_link\":true,\"link\":{\"url\":\"https:\\\/\\\/www.bikers.be\\\/nl\\\/evenement\\\/lijst\\\/?shortcode=84d552e2&#038;ical=1\",\"text\":\"Export Evenementen\",\"title\":\"Gebruik dit om de kalender te kunnen delen met Google Calendar, Apple iCal en andere compatibele apps\"}},\"container_classes\":[\"tribe-common\",\"tribe-events\",\"tribe-events-view\",\"tribe-events-view--list\",\"alignwide\",\"tribe-events-view--shortcode\",\"tribe-events-view--shortcode-84d552e2\"],\"container_data\":{\"shortcode\":\"84d552e2\"},\"is_past\":false,\"breakpoints\":{\"xsmall\":500,\"medium\":768,\"full\":960},\"breakpoint_pointer\":\"99be285e-766e-4f42-8243-616dc0c03b56\",\"is_initial_load\":false,\"public_views\":{\"list\":{\"view_class\":\"Tribe\\\\Events\\\\Views\\\\V2\\\\Views\\\\List_View\",\"view_url\":\"https:\\\/\\\/www.bikers.be\\\/nl\\\/evenement\\\/lijst\\\/?shortcode=84d552e2\",\"view_label\":\"Lijst\",\"aria_label\":\"Toon Evenementen in Lijst Bekijk\"},\"month\":{\"view_class\":\"Tribe\\\\Events\\\\Views\\\\V2\\\\Views\\\\Month_View\",\"view_url\":\"https:\\\/\\\/www.bikers.be\\\/nl\\\/evenement\\\/maand\\\/?shortcode=84d552e2\",\"view_label\":\"Maand\",\"aria_label\":\"Toon Evenementen in Maand Bekijk\"},\"photo\":{\"view_class\":\"Tribe\\\\Events\\\\Pro\\\\Views\\\\V2\\\\Views\\\\Photo_View\",\"view_url\":\"https:\\\/\\\/www.bikers.be\\\/nl\\\/evenement\\\/foto\\\/?shortcode=84d552e2\",\"view_label\":\"Foto\",\"aria_label\":\"Toon Evenementen in Foto Bekijk\"}},\"show_latest_past\":true,\"past\":false,\"show_now\":true,\"now_label\":\"Aankomende\",\"now_label_mobile\":\"Aankomende\",\"show_end\":false,\"selected_start_datetime\":\"2026-09-05\",\"selected_start_date_mobile\":\"5\\\/9\\\/2026\",\"selected_start_date_label\":\"5 september\",\"selected_end_datetime\":\"2026-09-27\",\"selected_end_date_mobile\":\"27\\\/9\\\/2026\",\"selected_end_date_label\":\"27 september\",\"datepicker_date\":\"5\\\/9\\\/2026\",\"subscribe_links\":{\"gcal\":{\"label\":\"Google Calendar\",\"single_label\":\"Toevoegen aan Google Calendar\",\"visible\":true,\"block_slug\":\"hasGoogleCalendar\"},\"ical\":{\"label\":\"iCalendar\",\"single_label\":\"Toevoegen aan iCalendar\",\"visible\":true,\"block_slug\":\"hasiCal\"},\"outlook-365\":{\"label\":\"Outlook 365\",\"single_label\":\"Outlook 365\",\"visible\":true,\"block_slug\":\"hasOutlook365\"},\"outlook-live\":{\"label\":\"Outlook Live\",\"single_label\":\"Outlook Live\",\"visible\":true,\"block_slug\":\"hasOutlookLive\"},\"ics\":{\"label\":\".ics bestand exporteren\",\"single_label\":\".ics bestand exporteren\",\"visible\":true,\"block_slug\":null},\"outlook-ics\":{\"label\":\"Outlook .ics bestand exporteren\",\"single_label\":\"Outlook .ics bestand exporteren\",\"visible\":true,\"block_slug\":null}},\"layout\":\"vertical\",\"filterbar_state\":\"open\",\"filters\":[{\"filter_object\":{\"type\":\"select\",\"name\":\"Type evenement\",\"slug\":\"filterbar_category\",\"priority\":1,\"values\":[{\"name\":\"eMTB Race\",\"depth\":0,\"value\":57,\"data\":{\"slug\":\"emtb-race\"},\"class\":\"tribe-parent-cat tribe-events-category-emtb-race\"},{\"name\":\"Grind\",\"depth\":0,\"value\":61,\"data\":{\"slug\":\"grind\"},\"class\":\"tribe-parent-cat tribe-events-category-grind\"},{\"name\":\"Mountainbiken\",\"depth\":0,\"value\":67,\"data\":{\"slug\":\"mountainbiken\"},\"class\":\"tribe-parent-cat tribe-events-category-mountainbiken\"},{\"name\":\"nachtelijk\",\"depth\":0,\"value\":64,\"data\":{\"slug\":\"nachtelijk\"},\"class\":\"tribe-parent-cat tribe-events-category-nachtelijk\"},{\"name\":\"Proef\",\"depth\":0,\"value\":72,\"data\":{\"slug\":\"proef\"},\"class\":\"tribe-parent-cat tribe-events-category-proef\"},{\"name\":\"Strandloop\",\"depth\":0,\"value\":53,\"data\":{\"slug\":\"strandloop\"},\"class\":\"tribe-parent-cat tribe-events-category-strandloop\"},{\"name\":\"Tests Grind\",\"depth\":0,\"value\":70,\"data\":{\"slug\":\"tests-grind\"},\"class\":\"tribe-parent-cat tribe-events-category-tests-grind\"},{\"name\":\"X-Country\",\"depth\":0,\"value\":73,\"data\":{\"slug\":\"x-country\"},\"class\":\"tribe-parent-cat tribe-events-category-x-country\"}],\"free\":null,\"currentValue\":[],\"isActiveFilter\":true,\"queryArgs\":[],\"joinClause\":\"\",\"whereClause\":\"\",\"stack_managed\":false},\"label\":\"Type evenement\",\"selections_count\":\"\",\"selections\":\"\",\"toggle_id\":\"filterbar_category-toggle-99be285e-766e-4f42-8243-616dc0c03b56\",\"container_id\":\"filterbar_category-container-99be285e-766e-4f42-8243-616dc0c03b56\",\"pill_toggle_id\":\"filterbar_category-pill-toggle-99be285e-766e-4f42-8243-616dc0c03b56\",\"is_open\":false,\"name\":\"tribe_eventcategory[]\",\"fields\":[{\"type\":\"dropdown\",\"value\":\"\",\"id\":\"tribe-events-filterbar-518edd29-filterbar_category\",\"name\":\"tribe_eventcategory[]\",\"options\":[{\"text\":\"eMTB Race\",\"id\":\"57\",\"value\":57},{\"text\":\"Grind\",\"id\":\"61\",\"value\":61},{\"text\":\"Mountainbiken\",\"id\":\"67\",\"value\":67},{\"text\":\"nachtelijk\",\"id\":\"64\",\"value\":64},{\"text\":\"Proef\",\"id\":\"72\",\"value\":72},{\"text\":\"Strandloop\",\"id\":\"53\",\"value\":53},{\"text\":\"Tests Grind\",\"id\":\"70\",\"value\":70},{\"text\":\"X-Country\",\"id\":\"73\",\"value\":73}]}],\"type\":\"dropdown\"},{\"filter_object\":{\"type\":\"select\",\"name\":\"Provincie\",\"slug\":\"filterbar_state_province\",\"priority\":2,\"values\":[{\"name\":59310,\"value\":\"8803\"},{\"name\":\"Antwerpen\",\"value\":\"1643-8608-8755-8921-9400-9708-9889-9923-9930\"},{\"name\":\"Anvers\",\"value\":\"7039-7096-7156\"},{\"name\":\"Brabant Wallon\",\"value\":\"1922-7065-8573-9214-9270\"},{\"name\":\"Brabant flamand\",\"value\":\"9694\"},{\"name\":\"Flandre Occidentale\",\"value\":\"7020\"},{\"name\":\"Flandre occidentale\",\"value\":\"8446-9700-9704-9775\"},{\"name\":\"Flandre orientale\",\"value\":\"9779\"},{\"name\":\"France\",\"value\":\"7045-7131\"},{\"name\":\"Hainaut\",\"value\":\"6829-1646-7090-7104-7122-7128-8196-8200-8228-8279-8660-8812-8837-9152-9184-9207-9242-9378-9413-9426-9432-9448-9474-9511-9627-9661-9679-9797-9903-9980-9990\"},{\"name\":\"Limbourg\",\"value\":\"6850-7136-7144\"},{\"name\":\"Limburg\",\"value\":\"8311-9369-9907-9913-9933\"},{\"name\":\"Li\\u00e8ge\",\"value\":\"5019-7017-7025-7028-7042-7053-7059-7062-7078-7081-7101-7107-7141-7207-8191-8715-8719-8833-9436-9672-9720-9853-9917-9956-9986\"},{\"name\":\"Luxembourg\",\"value\":\"6812-6840-7048-7056-7071-7087-7093-7110-7119-7326-7361-8474-8568-8627-8664-8682-8746-8851-8915-9218-9246-9341-9344-9355-9456-9665-9675-9766-9772\"},{\"name\":\"Moselle\",\"value\":\"9444\"},{\"name\":\"Namur\",\"value\":\"6804-6808-6817-1045-7031-7036-7068-7084-7113-7116-7125-7267-7279-7282-8161-8300-8373-8433-8593-8708-8866-8978-9314-9318-9623-9690-9857-9880\"},{\"name\":\"Oost Vlaanderen\",\"value\":\"7312-8246-8274-8987-9063-9266-9273-9406-9417-9488-9949\"},{\"name\":\"Vlaams Brabant\",\"value\":\"6848-8419-9337-9460-9471-9538-9876-9927\"},{\"name\":\"West-Vlaanderen\",\"value\":\"9260-9358-9453-9468-9668-9952\"}],\"free\":null,\"currentValue\":[],\"isActiveFilter\":true,\"queryArgs\":[],\"joinClause\":\"\",\"whereClause\":\"\",\"searched_meta\":[\"_VenueState\",\"_VenueStateProvince\"],\"relation_meta\":\"_EventVenueID\",\"join_name\":\"state_filter\",\"stack_managed\":false},\"label\":\"Provincie\",\"selections_count\":\"\",\"selections\":\"\",\"toggle_id\":\"filterbar_state_province-toggle-99be285e-766e-4f42-8243-616dc0c03b56\",\"container_id\":\"filterbar_state_province-container-99be285e-766e-4f42-8243-616dc0c03b56\",\"pill_toggle_id\":\"filterbar_state_province-pill-toggle-99be285e-766e-4f42-8243-616dc0c03b56\",\"is_open\":false,\"name\":\"tribe_state[]\",\"fields\":[{\"type\":\"dropdown\",\"value\":\"\",\"id\":\"tribe-events-filterbar-82710c77-filterbar_state_province\",\"name\":\"tribe_state[]\",\"options\":[{\"text\":59310,\"id\":\"8803\",\"value\":\"8803\"},{\"text\":\"Antwerpen\",\"id\":\"1643-8608-8755-8921-9400-9708-9889-9923-9930\",\"value\":\"1643-8608-8755-8921-9400-9708-9889-9923-9930\"},{\"text\":\"Anvers\",\"id\":\"7039-7096-7156\",\"value\":\"7039-7096-7156\"},{\"text\":\"Brabant Wallon\",\"id\":\"1922-7065-8573-9214-9270\",\"value\":\"1922-7065-8573-9214-9270\"},{\"text\":\"Brabant flamand\",\"id\":\"9694\",\"value\":\"9694\"},{\"text\":\"Flandre Occidentale\",\"id\":\"7020\",\"value\":\"7020\"},{\"text\":\"Flandre occidentale\",\"id\":\"8446-9700-9704-9775\",\"value\":\"8446-9700-9704-9775\"},{\"text\":\"Flandre orientale\",\"id\":\"9779\",\"value\":\"9779\"},{\"text\":\"France\",\"id\":\"7045-7131\",\"value\":\"7045-7131\"},{\"text\":\"Hainaut\",\"id\":\"6829-1646-7090-7104-7122-7128-8196-8200-8228-8279-8660-8812-8837-9152-9184-9207-9242-9378-9413-9426-9432-9448-9474-9511-9627-9661-9679-9797-9903-9980-9990\",\"value\":\"6829-1646-7090-7104-7122-7128-8196-8200-8228-8279-8660-8812-8837-9152-9184-9207-9242-9378-9413-9426-9432-9448-9474-9511-9627-9661-9679-9797-9903-9980-9990\"},{\"text\":\"Limbourg\",\"id\":\"6850-7136-7144\",\"value\":\"6850-7136-7144\"},{\"text\":\"Limburg\",\"id\":\"8311-9369-9907-9913-9933\",\"value\":\"8311-9369-9907-9913-9933\"},{\"text\":\"Li\\u00e8ge\",\"id\":\"5019-7017-7025-7028-7042-7053-7059-7062-7078-7081-7101-7107-7141-7207-8191-8715-8719-8833-9436-9672-9720-9853-9917-9956-9986\",\"value\":\"5019-7017-7025-7028-7042-7053-7059-7062-7078-7081-7101-7107-7141-7207-8191-8715-8719-8833-9436-9672-9720-9853-9917-9956-9986\"},{\"text\":\"Luxembourg\",\"id\":\"6812-6840-7048-7056-7071-7087-7093-7110-7119-7326-7361-8474-8568-8627-8664-8682-8746-8851-8915-9218-9246-9341-9344-9355-9456-9665-9675-9766-9772\",\"value\":\"6812-6840-7048-7056-7071-7087-7093-7110-7119-7326-7361-8474-8568-8627-8664-8682-8746-8851-8915-9218-9246-9341-9344-9355-9456-9665-9675-9766-9772\"},{\"text\":\"Moselle\",\"id\":\"9444\",\"value\":\"9444\"},{\"text\":\"Namur\",\"id\":\"6804-6808-6817-1045-7031-7036-7068-7084-7113-7116-7125-7267-7279-7282-8161-8300-8373-8433-8593-8708-8866-8978-9314-9318-9623-9690-9857-9880\",\"value\":\"6804-6808-6817-1045-7031-7036-7068-7084-7113-7116-7125-7267-7279-7282-8161-8300-8373-8433-8593-8708-8866-8978-9314-9318-9623-9690-9857-9880\"},{\"text\":\"Oost Vlaanderen\",\"id\":\"7312-8246-8274-8987-9063-9266-9273-9406-9417-9488-9949\",\"value\":\"7312-8246-8274-8987-9063-9266-9273-9406-9417-9488-9949\"},{\"text\":\"Vlaams Brabant\",\"id\":\"6848-8419-9337-9460-9471-9538-9876-9927\",\"value\":\"6848-8419-9337-9460-9471-9538-9876-9927\"},{\"text\":\"West-Vlaanderen\",\"id\":\"9260-9358-9453-9468-9668-9952\",\"value\":\"9260-9358-9453-9468-9668-9952\"}]}],\"type\":\"dropdown\"},{\"filter_object\":{\"type\":\"date\",\"name\":\"Datum\",\"slug\":\"filterbar_date_from\",\"priority\":3,\"values\":[{\"value\":\"\"}],\"free\":null,\"currentValue\":null,\"isActiveFilter\":true,\"queryArgs\":[],\"joinClause\":\"\",\"whereClause\":\"\",\"stack_managed\":false},\"label\":\"Datum\",\"selections_count\":\"\",\"selections\":\"\",\"toggle_id\":\"filterbar_date_from-toggle-99be285e-766e-4f42-8243-616dc0c03b56\",\"container_id\":\"filterbar_date_from-container-99be285e-766e-4f42-8243-616dc0c03b56\",\"pill_toggle_id\":\"filterbar_date_from-pill-toggle-99be285e-766e-4f42-8243-616dc0c03b56\",\"is_open\":false,\"name\":\"tribe_datefrom\",\"fields\":[{\"type\":\"date\",\"label\":\"Datum\",\"value\":null,\"id\":\"tribe-events-filterbar-e2b2fee8-filterbar_date_from\",\"name\":\"tribe_datefrom\"}],\"type\":\"date\"}],\"selected_filters\":[],\"mobile_initial_state_control\":true,\"display_recurring_toggle\":false,\"_context\":{\"slug\":\"list\",\"should_manage_url\":false},\"text\":\"Aan het laden...\",\"classes\":[\"tribe-common-c-loader__dot\",\"tribe-common-c-loader__dot--third\"]}<\/script>\n\n\t\t\n\t\t\n<header  class=\"tribe-events-header tribe-events-header--has-event-search\" >\n\t<div class=\"tribe-events-header__content-title\">\n\t<h1 class=\"screen-reader-text tec-a11y-title-hidden\">Evenementen<\/h1><\/div>\n\n\t\n\t\n\t\n\t<div class=\"tribe-events-c-top-bar tribe-events-header__top-bar\">\n\n\t<nav class=\"tribe-events-c-top-bar__nav tribe-common-a11y-hidden\" aria-label=\"Top evenementen lijst paginering\">\n\t<ul class=\"tribe-events-c-top-bar__nav-list\">\n\t\t<li class=\"tribe-events-c-top-bar__nav-list-item\">\n\t<a\n\t\thref=\"https:\/\/www.bikers.be\/nl\/evenement\/lijst\/?rest_route=%2Fwp%2Fv2%2Fpages%2F1692&#038;shortcode=84d552e2&#038;eventDisplay=past\"\n\t\tclass=\"tribe-common-c-btn-icon tribe-common-c-btn-icon--caret-left tribe-events-c-top-bar__nav-link tribe-events-c-top-bar__nav-link--prev\"\n\t\taria-label=\"Vorige Evenementen\"\n\t\ttitle=\"Vorige Evenementen\"\n\t\tdata-js=\"tribe-events-view-link\"\n\t>\n\t\t<svg\n\t class=\"tribe-common-c-svgicon tribe-common-c-svgicon--caret-left tribe-common-c-btn-icon__icon-svg tribe-events-c-top-bar__nav-link-icon-svg\" \taria-hidden=\"true\"\n\tviewBox=\"0 0 10 16\"\n\txmlns=\"http:\/\/www.w3.org\/2000\/svg\"\n>\n\t<path d=\"M9.7 14.4l-1.5 1.5L.3 8 8.2.1l1.5 1.5L3.3 8l6.4 6.4z\"\/>\n<\/svg>\n\t<\/a>\n<\/li>\n\n\t\t<li class=\"tribe-events-c-top-bar__nav-list-item\">\n\t<button\n\t\tclass=\"tribe-common-c-btn-icon tribe-common-c-btn-icon--caret-right tribe-events-c-top-bar__nav-link tribe-events-c-top-bar__nav-link--next\"\n\t\taria-label=\"Volgende Evenementen\"\n\t\ttitle=\"Volgende Evenementen\"\n\t\tdisabled\n\t>\n\t\t<svg\n\t class=\"tribe-common-c-svgicon tribe-common-c-svgicon--caret-right tribe-common-c-btn-icon__icon-svg tribe-events-c-top-bar__nav-link-icon-svg\" \taria-hidden=\"true\"\n\tviewBox=\"0 0 10 16\"\n\txmlns=\"http:\/\/www.w3.org\/2000\/svg\"\n>\n\t<path d=\"M.3 1.6L1.8.1 9.7 8l-7.9 7.9-1.5-1.5L6.7 8 .3 1.6z\"\/>\n<\/svg>\n\t<\/button>\n<\/li>\n\t<\/ul>\n<\/nav>\n\n\t<a\n\thref=\"https:\/\/www.bikers.be\/nl\/evenement\/lijst\/?rest_route=%2Fwp%2Fv2%2Fpages%2F1692&#038;shortcode=84d552e2\"\n\tclass=\"tribe-common-c-btn-border-small tribe-events-c-top-bar__today-button tribe-common-a11y-hidden\"\n\tdata-js=\"tribe-events-view-link\"\n\taria-description=\"Klik om de datum van vandaag te selecteren\"\n>\n\tVandaag<\/a>\n\n\t<div class=\"tribe-events-c-top-bar__datepicker\">\n\t<button\n\t\tclass=\"tribe-common-c-btn__clear tribe-common-h3 tribe-common-h--alt tribe-events-c-top-bar__datepicker-button\"\n\t\tdata-js=\"tribe-events-top-bar-datepicker-button\"\n\t\ttype=\"button\"\n\t\taria-description=\"Klik om de datumkiezer te openen\"\n\t>\n\t\t<time\n\t\t\tdatetime=\"2026-09-05\"\n\t\t\tclass=\"tribe-events-c-top-bar__datepicker-time\"\n\t\t>\n\t\t\t\t\t\t\t<span class=\"tribe-events-c-top-bar__datepicker-mobile\">\n\t\t\t\t\tAankomende\t\t\t\t<\/span>\n\t\t\t\t<span class=\"tribe-events-c-top-bar__datepicker-desktop tribe-common-a11y-hidden\">\n\t\t\t\t\tAankomende\t\t\t\t<\/span>\n\t\t\t\t\t<\/time>\n\t\t\t\t<svg\n\t class=\"tribe-common-c-svgicon tribe-common-c-svgicon--caret-down tribe-events-c-top-bar__datepicker-button-icon-svg\" \taria-hidden=\"true\"\n\tviewBox=\"0 0 10 7\"\n\txmlns=\"http:\/\/www.w3.org\/2000\/svg\"\n>\n\t<path fill-rule=\"evenodd\" clip-rule=\"evenodd\" d=\"M1.008.609L5 4.6 8.992.61l.958.958L5 6.517.05 1.566l.958-.958z\" class=\"tribe-common-c-svgicon__svg-fill\"\/>\n<\/svg>\n\t<\/button>\n\t<label\n\t\tclass=\"tribe-events-c-top-bar__datepicker-label tribe-common-a11y-visual-hide\"\n\t\tfor=\"tribe-events-top-bar-date\"\n\t>\n\t\tSelecteer een datum.\t<\/label>\n\t<input\n\t\ttype=\"text\"\n\t\tclass=\"tribe-events-c-top-bar__datepicker-input tribe-common-a11y-visual-hide\"\n\t\tdata-js=\"tribe-events-top-bar-date\"\n\t\tid=\"tribe-events-top-bar-date\"\n\t\tname=\"tribe-events-views[tribe-bar-date]\"\n\t\tvalue=\"5\/9\/2026\"\n\t\ttabindex=\"-1\"\n\t\tautocomplete=\"off\"\n\t\treadonly=\"readonly\"\n\t\/>\n\t<div class=\"tribe-events-c-top-bar__datepicker-container\" data-js=\"tribe-events-top-bar-datepicker-container\"><\/div>\n\t<template class=\"tribe-events-c-top-bar__datepicker-template-prev-icon\">\n\t\t<svg\n\t class=\"tribe-common-c-svgicon tribe-common-c-svgicon--caret-left tribe-events-c-top-bar__datepicker-nav-icon-svg\" \taria-hidden=\"true\"\n\tviewBox=\"0 0 10 16\"\n\txmlns=\"http:\/\/www.w3.org\/2000\/svg\"\n>\n\t<path d=\"M9.7 14.4l-1.5 1.5L.3 8 8.2.1l1.5 1.5L3.3 8l6.4 6.4z\"\/>\n<\/svg>\n\t<\/template>\n\t<template class=\"tribe-events-c-top-bar__datepicker-template-next-icon\">\n\t\t<svg\n\t class=\"tribe-common-c-svgicon tribe-common-c-svgicon--caret-right tribe-events-c-top-bar__datepicker-nav-icon-svg\" \taria-hidden=\"true\"\n\tviewBox=\"0 0 10 16\"\n\txmlns=\"http:\/\/www.w3.org\/2000\/svg\"\n>\n\t<path d=\"M.3 1.6L1.8.1 9.7 8l-7.9 7.9-1.5-1.5L6.7 8 .3 1.6z\"\/>\n<\/svg>\n\t<\/template>\n<\/div>\n\n\t\n\t<div class=\"tribe-events-c-top-bar__actions tribe-common-a11y-hidden\">\n\t<\/div>\n\n<\/div>\n<\/header>\n\n\t\t\n\t\t<ul\n\t\t\tclass=\"tribe-events-calendar-list\"\n\t\t\taria-label=\"\n\t\t\tLijst van Evenementen\t\t\t\"\n\t\t>\n\n\t\t\t\t\t\t\t\n\t\t\t\t<li class=\"tribe-events-calendar-list__month-separator\">\n\t<h3>\n\t\t<time\n\t\t\tclass=\"tribe-events-calendar-list__month-separator-text tribe-common-h7 tribe-common-h6--min-medium tribe-common-h--alt\"\n\t\t>\n\t\t\tseptember 2026\t\t<\/time>\n\t<\/h3>\n<\/li>\n\n\t\t\t\t<div  class=\"tribe-common-g-row tribe-events-calendar-list__event-row\" >\n\n\t<div  class=\"tribe-events-calendar-list__event-date-tag tribe-common-g-col post-10002225 tribe_events type-tribe_events status-publish has-post-thumbnail hentry tribe_events_cat-randonnee-vtt cat_randonnee-vtt\"  >\n\t<time class=\"tribe-events-calendar-list__event-date-tag-datetime\" datetime=\"2026-09-27\" aria-hidden=\"true\">\n\t\t<span class=\"tribe-events-calendar-list__event-date-tag-weekday\">\n\t\t\tzo\t\t<\/span>\n\t\t<span class=\"tribe-events-calendar-list__event-date-tag-daynum tribe-common-h5 tribe-common-h4--min-medium\">\n\t\t\t27\t\t<\/span>\n\t<\/time>\n<\/div>\n\n\t<div class=\"tribe-events-calendar-list__event-wrapper tribe-common-g-col\">\n\t\t<article  class=\"tribe-events-calendar-list__event tribe-common-g-row tribe-common-g-row--gutters post-10002225 tribe_events type-tribe_events status-publish has-post-thumbnail hentry tribe_events_cat-randonnee-vtt cat_randonnee-vtt\" >\n\t\t\t<div class=\"tribe-events-calendar-list__event-featured-image-wrapper tribe-common-g-col\">\n\t<img\n\t\tclass=\"tribe-events-calendar-list__event-featured-image\"\n\t\tsrc=\"https:\/\/www.bikers.be\/wp-content\/uploads\/2026\/07\/O2bikers-1000X1000.jpg\"\n\t\t\t\t\t\t\talt=\"\"\n\t\t\t\t\t\t\ttitle=\"O2bikers &#8211; 1000X1000\"\n\t\t\t\tclass=\"tribe-events-calendar-list__event-featured-image\"\n\t\t\t\t\twidth=\"1000\"\n\t\t\theight=\"1000\"\n\t\t\t\/>\n<\/div>\n\n\n\t\t\t<div class=\"tribe-events-calendar-list__event-details tribe-common-g-col\">\n\n\n\n\t\t\t\t<header class=\"tribe-events-calendar-list__event-header hello\">\n\t\t\t\t\t<div class=\"tribe-events-calendar-list__event-datetime-wrapper tribe-common-b2\">\n\t\t<time class=\"tribe-events-calendar-list__event-datetime\" datetime=\"2026-09-27\">\n\t\t<span class=\"tribe-event-date-start\">27 september | 07:30<\/span><span class=\"tribe-event-time\"><\/span>\t<\/time>\n\t<\/div>\n\t\t\t\t\t<h4 class=\"tribe-events-calendar-list__event-title tribe-common-h6 tribe-common-h4--min-medium\">\n\t<a\n\t\thref=\"https:\/\/www.bikers.be\/nl\/evenement\/rando-vtt-mettet-xp-2\/\"\n\t\ttitle=\"RANDO VTT &#8211; BICYCLIC METTET XP CYCLING DAY\"\n\t\trel=\"bookmark\"\n\t\tclass=\"tribe-events-calendar-list__event-title-link tribe-common-anchor-thin\"\n\t>\n\t\tRANDO VTT &#8211; BICYCLIC METTET XP CYCLING DAY\t<\/a>\n<\/h4>\n\t\t\t\t\t\n\t\t\t\t\t<div class=\"custom_tribe_supp_infos\">\n\t\t\t\t\t\t<ul>\n\t\t\t\t\t\t\t<li>Randonn\u00e9e VTT<\/li>\t\t\t\t\t\t<\/ul>\n\t\t\t\t\t<\/div>\n\n\n\t\t\t\t\t<address class=\"tribe-events-calendar-list__event-venue tribe-common-b2\">\n\t<span class=\"tribe-events-calendar-list__event-venue-title tribe-common-b2--bold\">\n\t\tMETTET\t<\/span>\n\t<span class=\"tribe-events-calendar-list__event-venue-address\">\n\t\tMettet XP \u2013 Circuit Jules Tacheny, Mettet, Namur, Belgium\t<\/span>\n\t<\/address>\n\t\t\t\t\t\t\t\t\t\t<div class=\"tribe-events-calendar-list__event-description tribe-common-b2 tribe-common-a11y-hidden\">\n\t<p>Passez par le village \u00e0 chaque boucle et cr\u00e9ez votre d\u00e9fi de 10 \u00e0 70 km.<br \/>\n1 boisson \u00e0 l\u2019arriv\u00e9e et un goodie souvenir de Mettet XP.<\/p>\n<\/div>\n\t\t\t\t\t<div class=\"tribe-events-c-small-cta tribe-common-b3 tribe-events-calendar-list__event-cost\">\n\t<span class=\"tribe-events-c-small-cta__price\">\n\t\t7\u20ac\t<\/span>\n<\/div>\n\t\t\t\t<\/header>\n\n\n\n\t\t\t\t\t\t\t\t\t<div class=\"tribe-events-calendar-list__event-region\">\n\t\t\t\t\t\t<span class=\"tribe-events-calendar-list__event-region-value\">Namur<\/span>\n\t\t\t\t\t<\/div>\n\t\t\t\t\n\t\t\t<\/div>\n\t\t<\/article>\n\t<\/div>\n\n<\/div>\n\n\t\t\t\t\t\t\t\n\t\t\t\t\n\t\t\t\t<div  class=\"tribe-common-g-row tribe-events-calendar-list__event-row\" >\n\n\t<div  class=\"tribe-events-calendar-list__event-date-tag tribe-common-g-col post-10002313 tribe_events type-tribe_events status-publish has-post-thumbnail hentry tribe_events_cat-grand-prix-gravel cat_grand-prix-gravel\"  >\n\t<time class=\"tribe-events-calendar-list__event-date-tag-datetime\" datetime=\"2026-09-27\" aria-hidden=\"true\">\n\t\t<span class=\"tribe-events-calendar-list__event-date-tag-weekday\">\n\t\t\tzo\t\t<\/span>\n\t\t<span class=\"tribe-events-calendar-list__event-date-tag-daynum tribe-common-h5 tribe-common-h4--min-medium\">\n\t\t\t27\t\t<\/span>\n\t<\/time>\n<\/div>\n\n\t<div class=\"tribe-events-calendar-list__event-wrapper tribe-common-g-col\">\n\t\t<article  class=\"tribe-events-calendar-list__event tribe-common-g-row tribe-common-g-row--gutters post-10002313 tribe_events type-tribe_events status-publish has-post-thumbnail hentry tribe_events_cat-grand-prix-gravel cat_grand-prix-gravel\" >\n\t\t\t<div class=\"tribe-events-calendar-list__event-featured-image-wrapper tribe-common-g-col\">\n\t<img\n\t\tclass=\"tribe-events-calendar-list__event-featured-image\"\n\t\tsrc=\"https:\/\/www.bikers.be\/wp-content\/uploads\/2026\/07\/O2bikers-1000X1000.jpg\"\n\t\t\t\t\t\t\talt=\"\"\n\t\t\t\t\t\t\ttitle=\"O2bikers &#8211; 1000X1000\"\n\t\t\t\tclass=\"tribe-events-calendar-list__event-featured-image\"\n\t\t\t\t\twidth=\"1000\"\n\t\t\theight=\"1000\"\n\t\t\t\/>\n<\/div>\n\n\n\t\t\t<div class=\"tribe-events-calendar-list__event-details tribe-common-g-col\">\n\n\n\n\t\t\t\t<header class=\"tribe-events-calendar-list__event-header hello\">\n\t\t\t\t\t<div class=\"tribe-events-calendar-list__event-datetime-wrapper tribe-common-b2\">\n\t\t<time class=\"tribe-events-calendar-list__event-datetime\" datetime=\"2026-09-27\">\n\t\t<span class=\"tribe-event-date-start\">27 september | 07:30<\/span><span class=\"tribe-event-time\"><\/span>\t<\/time>\n\t<\/div>\n\t\t\t\t\t<h4 class=\"tribe-events-calendar-list__event-title tribe-common-h6 tribe-common-h4--min-medium\">\n\t<a\n\t\thref=\"https:\/\/www.bikers.be\/nl\/evenement\/gp-gravel-bicyclic-mettet-xp-cycling-day\/\"\n\t\ttitle=\"GP GRAVEL &#8211; BICYCLIC METTET XP CYCLING DAY\"\n\t\trel=\"bookmark\"\n\t\tclass=\"tribe-events-calendar-list__event-title-link tribe-common-anchor-thin\"\n\t>\n\t\tGP GRAVEL &#8211; BICYCLIC METTET XP CYCLING DAY\t<\/a>\n<\/h4>\n\t\t\t\t\t\n\t\t\t\t\t<div class=\"custom_tribe_supp_infos\">\n\t\t\t\t\t\t<ul>\n\t\t\t\t\t\t\t<li>Grand Prix Gravel<\/li>\t\t\t\t\t\t<\/ul>\n\t\t\t\t\t<\/div>\n\n\n\t\t\t\t\t<address class=\"tribe-events-calendar-list__event-venue tribe-common-b2\">\n\t<span class=\"tribe-events-calendar-list__event-venue-title tribe-common-b2--bold\">\n\t\tMETTET\t<\/span>\n\t<span class=\"tribe-events-calendar-list__event-venue-address\">\n\t\tMettet XP \u2013 Circuit Jules Tacheny, Mettet, Namur, Belgium\t<\/span>\n\t<\/address>\n\t\t\t\t\t\t\t\t\t\t<div class=\"tribe-events-calendar-list__event-description tribe-common-b2 tribe-common-a11y-hidden\">\n\t<p>Passez par le village \u00e0 chaque boucle et cr\u00e9ez votre d\u00e9fi de 10 \u00e0 70 km.<br \/>\n1 boisson \u00e0 l\u2019arriv\u00e9e et un goodie souvenir de Mettet XP.<\/p>\n<\/div>\n\t\t\t\t\t\t\t\t\t<\/header>\n\n\n\n\t\t\t\t\t\t\t\t\t<div class=\"tribe-events-calendar-list__event-region\">\n\t\t\t\t\t\t<span class=\"tribe-events-calendar-list__event-region-value\">Namur<\/span>\n\t\t\t\t\t<\/div>\n\t\t\t\t\n\t\t\t<\/div>\n\t\t<\/article>\n\t<\/div>\n\n<\/div>\n\n\t\t\t\n\t\t<\/ul>\n\n\t\t<nav class=\"tribe-events-calendar-list-nav tribe-events-c-nav\" aria-label=\"Onderkant evenementen lijst paginering\">\n\t<ul class=\"tribe-events-c-nav__list\">\n\t\t<li class=\"tribe-events-c-nav__list-item tribe-events-c-nav__list-item--prev\">\n\t<a\n\t\thref=\"https:\/\/www.bikers.be\/nl\/evenement\/lijst\/?rest_route=%2Fwp%2Fv2%2Fpages%2F1692&#038;shortcode=84d552e2&#038;eventDisplay=past\"\n\t\trel=\"prev\"\n\t\tclass=\"tribe-events-c-nav__prev tribe-common-b2 tribe-common-b1--min-medium\"\n\t\tdata-js=\"tribe-events-view-link\"\n\t\taria-label=\"Vorige Evenementen\"\n\t\ttitle=\"Vorige Evenementen\"\n\t>\n\t\t<svg\n\t class=\"tribe-common-c-svgicon tribe-common-c-svgicon--caret-left tribe-events-c-nav__prev-icon-svg\" \taria-hidden=\"true\"\n\tviewBox=\"0 0 10 16\"\n\txmlns=\"http:\/\/www.w3.org\/2000\/svg\"\n>\n\t<path d=\"M9.7 14.4l-1.5 1.5L.3 8 8.2.1l1.5 1.5L3.3 8l6.4 6.4z\"\/>\n<\/svg>\n\t\t<span class=\"tribe-events-c-nav__prev-label\">\n\t\t\tVorige <span class=\"tribe-events-c-nav__prev-label-plural tribe-common-a11y-visual-hide\">Evenementen<\/span>\t\t<\/span>\n\t<\/a>\n<\/li>\n\n\t\t<li class=\"tribe-events-c-nav__list-item tribe-events-c-nav__list-item--today\">\n\t<a\n\t\thref=\"https:\/\/www.bikers.be\/nl\/evenement\/lijst\/?rest_route=%2Fwp%2Fv2%2Fpages%2F1692&#038;shortcode=84d552e2\"\n\t\tclass=\"tribe-events-c-nav__today tribe-common-b2\"\n\t\tdata-js=\"tribe-events-view-link\"\n\t\taria-label=\"Klik om de datum van vandaag te selecteren\"\n\t\ttitle=\"Klik om de datum van vandaag te selecteren\"\n\t>\n\t\tVandaag\t<\/a>\n<\/li>\n\n\t\t<li class=\"tribe-events-c-nav__list-item tribe-events-c-nav__list-item--next\">\n\t<button\n\t\tclass=\"tribe-events-c-nav__next tribe-common-b2 tribe-common-b1--min-medium\"\n\t\taria-label=\"Volgende Evenementen\"\n\t\ttitle=\"Volgende Evenementen\"\n\t\tdisabled\n\t>\n\t\t<span class=\"tribe-events-c-nav__next-label\">\n\t\t\tVolgende <span class=\"tribe-events-c-nav__next-label-plural tribe-common-a11y-visual-hide\">Evenementen<\/span>\t\t<\/span>\n\t\t<svg\n\t class=\"tribe-common-c-svgicon tribe-common-c-svgicon--caret-right tribe-events-c-nav__next-icon-svg\" \taria-hidden=\"true\"\n\tviewBox=\"0 0 10 16\"\n\txmlns=\"http:\/\/www.w3.org\/2000\/svg\"\n>\n\t<path d=\"M.3 1.6L1.8.1 9.7 8l-7.9 7.9-1.5-1.5L6.7 8 .3 1.6z\"\/>\n<\/svg>\n\t<\/button>\n<\/li>\n\t<\/ul>\n<\/nav>\n\n\t\t<div class=\"tribe-events-c-subscribe-dropdown__container\">\n\t<div class=\"tribe-events-c-subscribe-dropdown\">\n\t\t<div class=\"tribe-common-c-btn-border tribe-events-c-subscribe-dropdown__button\">\n\t\t\t<button\n\t\t\t\tclass=\"tribe-events-c-subscribe-dropdown__button-text tribe-common-c-btn--clear\"\n\t\t\t\taria-expanded=\"false\"\n\t\t\t\taria-controls=\"tribe-events-subscribe-dropdown-content\"\n\t\t\t\taria-label=\"\"\n\t\t\t>\n\t\t\t\tAbonneer op kalender\t\t\t<\/button>\n\t\t\t<svg\n\t class=\"tribe-common-c-svgicon tribe-common-c-svgicon--caret-down tribe-events-c-subscribe-dropdown__button-icon\" \taria-hidden=\"true\"\n\tviewBox=\"0 0 10 7\"\n\txmlns=\"http:\/\/www.w3.org\/2000\/svg\"\n>\n\t<path fill-rule=\"evenodd\" clip-rule=\"evenodd\" d=\"M1.008.609L5 4.6 8.992.61l.958.958L5 6.517.05 1.566l.958-.958z\" class=\"tribe-common-c-svgicon__svg-fill\"\/>\n<\/svg>\n\t\t<\/div>\n\t\t<div id=\"tribe-events-c-subscribe-dropdown-content\" class=\"tribe-events-c-subscribe-dropdown__content\">\n\t\t\t<ul class=\"tribe-events-c-subscribe-dropdown__list\">\n\t\t\t\t\t\t\t\t\t\n<li class=\"tribe-events-c-subscribe-dropdown__list-item tribe-events-c-subscribe-dropdown__list-item--gcal\">\n\t<a\n\t\thref=\"https:\/\/www.google.com\/calendar\/render?cid=webcal%3A%2F%2Fwww.bikers.be%2Fnl%2F%3Fpost_type%3Dtribe_events%26ical%3D1%26eventDisplay%3Dlist%26tribe_events_cat%3Duitgelicht\"\n\t\tclass=\"tribe-events-c-subscribe-dropdown__list-item-link\"\n\t\ttarget=\"_blank\"\n\t\trel=\"noopener noreferrer nofollow noindex\"\n\t>\n\t\tGoogle Calendar\t<\/a>\n<\/li>\n\t\t\t\t\t\t\t\t\t\n<li class=\"tribe-events-c-subscribe-dropdown__list-item tribe-events-c-subscribe-dropdown__list-item--ical\">\n\t<a\n\t\thref=\"webcal:\/\/www.bikers.be\/nl\/?post_type=tribe_events&#038;ical=1&#038;eventDisplay=list&#038;tribe_events_cat=uitgelicht\"\n\t\tclass=\"tribe-events-c-subscribe-dropdown__list-item-link\"\n\t\ttarget=\"_blank\"\n\t\trel=\"noopener noreferrer nofollow noindex\"\n\t>\n\t\tiCalendar\t<\/a>\n<\/li>\n\t\t\t\t\t\t\t\t\t\n<li class=\"tribe-events-c-subscribe-dropdown__list-item tribe-events-c-subscribe-dropdown__list-item--outlook-365\">\n\t<a\n\t\thref=\"https:\/\/outlook.office.com\/owa?path=\/calendar\/action\/compose&#038;rru=addsubscription&#038;url=webcal%3A%2F%2Fwww.bikers.be%2Fnl%2F%3Fpost_type%3Dtribe_events%26ical%3D1%26eventDisplay%3Dlist%26tribe_events_cat%3Duitgelicht&#038;name=O2Bikers+Aanstaande+Evenementen+|+O2Bikers\"\n\t\tclass=\"tribe-events-c-subscribe-dropdown__list-item-link\"\n\t\ttarget=\"_blank\"\n\t\trel=\"noopener noreferrer nofollow noindex\"\n\t>\n\t\tOutlook 365\t<\/a>\n<\/li>\n\t\t\t\t\t\t\t\t\t\n<li class=\"tribe-events-c-subscribe-dropdown__list-item tribe-events-c-subscribe-dropdown__list-item--outlook-live\">\n\t<a\n\t\thref=\"https:\/\/outlook.live.com\/owa?path=\/calendar\/action\/compose&#038;rru=addsubscription&#038;url=webcal%3A%2F%2Fwww.bikers.be%2Fnl%2F%3Fpost_type%3Dtribe_events%26ical%3D1%26eventDisplay%3Dlist%26tribe_events_cat%3Duitgelicht&#038;name=O2Bikers+Aanstaande+Evenementen+|+O2Bikers\"\n\t\tclass=\"tribe-events-c-subscribe-dropdown__list-item-link\"\n\t\ttarget=\"_blank\"\n\t\trel=\"noopener noreferrer nofollow noindex\"\n\t>\n\t\tOutlook Live\t<\/a>\n<\/li>\n\t\t\t\t\t\t\t\t\t\n<li class=\"tribe-events-c-subscribe-dropdown__list-item tribe-events-c-subscribe-dropdown__list-item--ics\">\n\t<a\n\t\thref=\"https:\/\/www.bikers.be\/nl\/evenement\/lijst\/?shortcode=84d552e2&#038;ical=1\"\n\t\tclass=\"tribe-events-c-subscribe-dropdown__list-item-link\"\n\t\ttarget=\"_blank\"\n\t\trel=\"noopener noreferrer nofollow noindex\"\n\t>\n\t\t.ics bestand exporteren\t<\/a>\n<\/li>\n\t\t\t\t\t\t\t\t\t\n<li class=\"tribe-events-c-subscribe-dropdown__list-item tribe-events-c-subscribe-dropdown__list-item--outlook-ics\">\n\t<a\n\t\thref=\"https:\/\/www.bikers.be\/nl\/evenement\/lijst\/?shortcode=84d552e2&#038;outlook-ical=1#038;ical=1\"\n\t\tclass=\"tribe-events-c-subscribe-dropdown__list-item-link\"\n\t\ttarget=\"_blank\"\n\t\trel=\"noopener noreferrer nofollow noindex\"\n\t>\n\t\tOutlook .ics bestand exporteren\t<\/a>\n<\/li>\n\t\t\t\t\t\t\t<\/ul>\n\t\t<\/div>\n\t<\/div>\n<\/div>\n\n\t\t\n\t<\/section>\n<\/div>\n\n<script data-js='tribe-events-view-nonce-data' type='application\/json'>{\"tvn1\":\"3d3436a3d1\",\"tvn2\":\"\"}<\/script>[\/et_pb_code][\/et_pb_column][et_pb_column type=&#8221;1_2&#8243; _builder_version=&#8221;4.27.4&#8243; _module_preset=&#8221;default&#8221; global_colors_info=&#8221;{}&#8221;][\/et_pb_column][\/et_pb_row][\/et_pb_section][et_pb_section fb_built=&#8221;1&#8243; custom_padding_last_edited=&#8221;on|tablet&#8221; _builder_version=&#8221;4.27.4&#8243; _module_preset=&#8221;default&#8221; background_enable_color=&#8221;off&#8221; use_background_color_gradient=&#8221;on&#8221; background_color_gradient_direction=&#8221;-8deg&#8221; background_color_gradient_stops=&#8221;#ffffff 0%|#ffffff 23%|rgba(255,255,255,0.03) 100%&#8221; background_color_gradient_overlays_image=&#8221;on&#8221; background_enable_image=&#8221;off&#8221; background_position=&#8221;top_left&#8221; min_height=&#8221;100vh&#8221; custom_padding=&#8221;0px|6vw|2px|6vw|false|true&#8221; custom_padding_tablet=&#8221;40px||||false|true&#8221; custom_padding_phone=&#8221;60px||||false|true&#8221; global_colors_info=&#8221;{%22gcid-primary-color%22:%91%22background_color%22%93}&#8221;][et_pb_row _builder_version=&#8221;4.27.4&#8243; _module_preset=&#8221;default&#8221; custom_margin=&#8221;0px||||false|false&#8221; custom_padding=&#8221;5px||5px||false|false&#8221; global_colors_info=&#8221;{}&#8221;][et_pb_column type=&#8221;4_4&#8243; _builder_version=&#8221;4.27.4&#8243; _module_preset=&#8221;default&#8221; global_colors_info=&#8221;{}&#8221;][et_pb_code _builder_version=&#8221;4.27.4&#8243; _module_preset=&#8221;default&#8221; custom_margin=&#8221;-110px||||false|false&#8221; custom_margin_tablet=&#8221;0px||||false|false&#8221; custom_margin_phone=&#8221;0px||||false|false&#8221; custom_margin_last_edited=&#8221;on|tablet&#8221; custom_css_free_form=&#8221;||||:root {||    &#8211;width-img: 160px; ||}||||@media (max-width: 768px) {||  :root {||    &#8211;width-img: 80px; ||\t}||}||||\/* Filter bar *\/||||html body #et-boc selector  .tribe-events-c-top-bar {||  display:none;||}||||html body #et-boc selector  .tribe-filter-bar&#8211;vertical.tribe-filter-bar {||    background-color: #f5f5f5 !important;||    padding: 20px !important;||}||||html body #et-boc selector .tribe-filter-bar__form-heading {||  font-size:var(&#8211;H5);||  font-family: &#8216;SpaceGrotesk-Bold&#8217;, Helvetica, Arial, Lucida, sans-serif;||  color: var(&#8211;custom-accent);||}||||html body #et-boc selector .tribe-filter-bar .tribe-filter-bar__filters {||    border-bottom:none;||}||||\/*html body #et-boc selector .tribe-filter-bar__filters .tribe-filter-bar-c-filter&#8211;date .tribe-filter-bar-c-filter__container {||    display: block !important;||}*\/||||||||\/* Datepicker *\/||||html body #et-boc selector .flatpickr-calendar.inline {||  position: relative;||}||||html body .dayContainer {||    max-width: 100%;||    min-width: 100%;||}||||\/* GENERAL *\/||||html body #et-boc .tribe-events .tribe-events-header {||   margin-bottom: 50px;||}||||html body #et-boc .tribe-events .tribe-events-calendar-list {||  gap: 15px;||  display: flex;||  flex-direction: column;||}||||html body #et-boc selector  section.tribe-common-l-container.tribe-events-l-container {||  padding: 0;||  max-width: 100%;||  align-items: flex-start;||}||||||.tribe-events .tribe-events-c-events-bar__search-form {||    padding-right: 10px;||}||||.tribe-events-calendar-list__event-wrapper {||    background: #F5F5F5;||}||||||@media screen and (min-width:890px) {||  nav.tribe-events-calendar-list-nav.tribe-events-c-nav, .tribe-events .tribe-events-c-subscribe-dropdown__container {||    max-width: calc(100% &#8211; 266px);||    margin-left: auto;||}||}||||||\/* EVENTS *\/||||html body #et-boc selector .tribe-events .tribe-events-calendar-list__event-date-tag {||  min-width: var(&#8211;width-img);||  position: absolute;||  z-index: 1;||  background: rgba(0, 0, 0, 0.3);||  height: 100%;||  padding: 8px !important;||  display:flex;||  align-items: center;||  justify-content: center;||}||||html body #et-boc selector .tribe-events .tribe-events-calendar-list__event-wrapper {||  padding:0px !important; ||}||||html body #et-boc selector .tribe-events .tribe-events-calendar-list__event-date-tag-datetime {||  height: auto;||}||html body #et-boc selector .tribe-events-calendar-list__event-venue {||  margin-bottom:0px;||}||||html body #et-boc selector span.tribe-events-calendar-list__event-date-tag-weekday, html body #et-boc selector .tribe-events-calendar-list__event-date-tag-daynum {||    color: #fff !important;||    font-family: &#8216;SpaceGrotesk-Bold&#8217;, Helvetica, Arial, Lucida, sans-serif;||    text-transform: uppercase;||    font-size: 18px !important;||    line-height: 1em;||    opacity: 1;||}||||||html body #et-boc selector .tribe-events-calendar-list__event-date-tag-daynum {||  margin-top:10px;||  font-size: 40px !important;||}||||html body #et-boc selector .tribe-common .tribe-common-g-row {||    margin: 0px !important;||}||||html body #et-boc selector .tribe-common .tribe-events-calendar-list__event-featured-image-wrapper {||  padding: 0;||  position: absolute;||  max-width: var(&#8211;width-img);||  width: 100%;||  height: 100%;||  z-index: 0;||}||||html body #et-boc selector .tribe-common .tribe-events-calendar-list__event-featured-image-wrapper img {||    width: 100%;||    height: 100%;||    object-fit: cover;||}||  ||html body #et-boc selector .tribe-events .tribe-events-calendar-list__month-separator-text {||  color: var(&#8211;custom-accent);||  font-family: &#8216;SpaceGrotesk-Bold&#8217;, Helvetica, Arial, Lucida, sans-serif;||  text-transform: uppercase||}||||html body #et-boc selector .tribe-events .tribe-event-date-start {||  color: var(&#8211;custom-accent);||}||||html body #et-boc selector .tribe-events .tribe-events-calendar-list__month-separator:after {||  background-color: var(&#8211;custom-accent);||}||||html body #et-boc selector .tribe-events-calendar-list__event-row {||  position: relative;||}||||html body #et-boc selector .tribe-events-calendar-list__event-details {||    width: 100%;||    padding: 20px 20px 20px calc(var(&#8211;width-img) + 20px) !important;||}||||html body #et-boc selector .tribe-events-calendar-list__event-header {||  padding: 0px;||}||||html body #et-boc selector .tribe-events-calendar-list__event-region {||  position: absolute;||  top:0;||  right:0;||}||||html body #et-boc selector .tribe-events-calendar-list__event-region-value {||    background: #1a1a1a;||    padding: 4px 10px;||    line-height: 1.2em;||  \tcolor: #fff;||    font-size: 16px;||    font-family: &#8216;SpaceGrotesk-Bold&#8217;, Helvetica, Arial, Lucida, sans-serif;||  text-transform: uppercase;||}||||html body #et-boc selector .tribe-events-calendar-list__event-cost {||  min-width:100%;||  margin-top:0px;||}||html body #et-boc selector .tribe-events-c-small-cta__price {||    font-size: 16px;||    color: var(&#8211;custom-accent);||    font-family: &#8216;SpaceGrotesk-Regular&#8217;, Helvetica, Arial, Lucida, sans-serif;||    padding: 0;||    margin-top: 5px;||    display: inline-block;||}||||||\/* custom fields *\/||||.custom_tribe_supp_infos ul {||  list-style: none;||  margin: 0;||  padding: 0;||  display: flex;||  flex-wrap: wrap;||  gap: 8px;||  margin-bottom:10px !important;||}||||.custom_tribe_supp_infos ul li {||  \tposition: relative;||    font-size: 13px;||    background: var(&#8211;custom-accent);||    border-radius: 90px;||    padding: 0px 10px;||    line-height: 1.8em;||    color: #fff;||    font-family: &#8216;SpaceGrotesk-Bold&#8217;, Helvetica, Arial, Lucida, sans-serif;||}||||||||@media screen and (max-width:890px) {||  html body #et-boc selector .tribe-events .tribe-events-calendar-list__event-wrapper {||    padding: 0px 15px;||  }||  html body #et-boc selector .tribe-events-calendar-list__event-venue {||  \tmargin-bottom:10px;||\t}||  ||  html body #et-boc .tribe-events .tribe-events-header {||    margin-bottom:0px;||  }||  ||  html body #et-boc selector .tribe-events-calendar-list__event-region {||    position: inherit;||  }||  ||  html body #et-boc .selector .tribe-events-calendar-list__event-region-value {||    font-size: 10px;||    width: 100%;||    max-width: fit-content;||    display: block;||  }||  ||  html body #et-boc selector .tribe-events-calendar-list__event-details {||    flex-direction: column-reverse;||    display: flex;||    gap: 10px;||}||}||&#8221; global_colors_info=&#8221;{}&#8221;]<div\n\t class=\"tribe-common tribe-events tribe-events-view tribe-events-view--list tribe-events--has-filter-bar tribe-events--filter-bar-vertical alignwide tribe-events-view--shortcode tribe-events-view--shortcode-b5e78f03\" \tdata-js=\"tribe-events-view\"\n\tdata-view-rest-url=\"https:\/\/www.bikers.be\/nl\/wp-json\/tribe\/views\/v2\/html\"\n\tdata-view-rest-method=\"GET\"\n\tdata-view-manage-url=\"\"\n\t\t\tdata-view-shortcode=\"b5e78f03\"\n\t\t\t\tdata-view-breakpoint-pointer=\"04c726ae-d9ae-492d-bfe5-26110f64efd8\"\n\t>\n\t<section class=\"tribe-common-l-container tribe-events-l-container\">\n\t\t<div\n\tclass=\"tribe-events-view-loader tribe-common-a11y-hidden\"\n\trole=\"alert\"\n\taria-live=\"polite\"\n>\n\t<span class=\"tribe-events-view-loader__text tribe-common-a11y-visual-hide\">\n\t\t40 evenementen gevonden.\t<\/span>\n\t<div class=\"tribe-events-view-loader__dots tribe-common-c-loader\">\n\t\t<svg\n\t class=\"tribe-common-c-svgicon tribe-common-c-svgicon--dot tribe-common-c-loader__dot tribe-common-c-loader__dot--first\" \taria-hidden=\"true\"\n\tviewBox=\"0 0 15 15\"\n\txmlns=\"http:\/\/www.w3.org\/2000\/svg\"\n>\n\t<circle cx=\"7.5\" cy=\"7.5\" r=\"7.5\"\/>\n<\/svg>\n\t\t<svg\n\t class=\"tribe-common-c-svgicon tribe-common-c-svgicon--dot tribe-common-c-loader__dot tribe-common-c-loader__dot--second\" \taria-hidden=\"true\"\n\tviewBox=\"0 0 15 15\"\n\txmlns=\"http:\/\/www.w3.org\/2000\/svg\"\n>\n\t<circle cx=\"7.5\" cy=\"7.5\" r=\"7.5\"\/>\n<\/svg>\n\t\t<svg\n\t class=\"tribe-common-c-svgicon tribe-common-c-svgicon--dot tribe-common-c-loader__dot tribe-common-c-loader__dot--third\" \taria-hidden=\"true\"\n\tviewBox=\"0 0 15 15\"\n\txmlns=\"http:\/\/www.w3.org\/2000\/svg\"\n>\n\t<circle cx=\"7.5\" cy=\"7.5\" r=\"7.5\"\/>\n<\/svg>\n\t<\/div>\n<\/div>\n\n\t\t<script type=\"application\/ld+json\">\r\n[{\"@context\":\"http:\/\/schema.org\",\"@type\":\"Event\",\"name\":\"Run and Bike des APT\",\"description\":\"\",\"url\":\"https:\/\/www.bikers.be\/nl\/evenement\/run-and-bike-des-apt\/\",\"eventAttendanceMode\":\"https:\/\/schema.org\/OfflineEventAttendanceMode\",\"eventStatus\":\"https:\/\/schema.org\/EventScheduled\",\"startDate\":\"2026-09-05T08:00:00+02:00\",\"endDate\":\"2026-09-05T17:00:00+02:00\",\"location\":{\"@type\":\"Place\",\"name\":\"VILLERS-AUX-TOURS\",\"description\":\"\",\"url\":\"https:\/\/www.bikers.be\/locatie\/villers-aux-tours\/\",\"address\":{\"@type\":\"PostalAddress\",\"streetAddress\":\"L\\u2019\\u00c9pi Vert, Rue Saint-Donat 7A\",\"addressLocality\":\"Villers-aux-Tours\",\"addressRegion\":\"Li\\u00e8ge\",\"postalCode\":\"4161\",\"addressCountry\":\"Belgium\"},\"telephone\":\"0474\/78 71 73\",\"sameAs\":\"\"},\"performer\":\"Organization\"},{\"@context\":\"http:\/\/schema.org\",\"@type\":\"Event\",\"name\":\"Newport Gravel day\",\"description\":\"\",\"url\":\"https:\/\/www.bikers.be\/nl\/evenement\/newport-gravel-day\/\",\"eventAttendanceMode\":\"https:\/\/schema.org\/OfflineEventAttendanceMode\",\"eventStatus\":\"https:\/\/schema.org\/EventScheduled\",\"startDate\":\"2026-09-05T08:00:00+02:00\",\"endDate\":\"2026-09-05T17:00:00+02:00\",\"location\":{\"@type\":\"Place\",\"name\":\"NIEUWPOORT\",\"description\":\"\",\"url\":\"https:\/\/www.bikers.be\/locatie\/nieuwpoort\/\",\"address\":{\"@type\":\"PostalAddress\",\"addressRegion\":\"West-Vlaanderen\",\"addressCountry\":\"Belgium\"},\"telephone\":\"\",\"sameAs\":\"\"},\"organizer\":{\"@type\":\"Person\",\"name\":\"Beachbikers\",\"description\":\"\",\"url\":\"\",\"telephone\":\"\",\"email\":\"\",\"sameAs\":\"\"},\"performer\":\"Organization\"},{\"@context\":\"http:\/\/schema.org\",\"@type\":\"Event\",\"name\":\"SLW Classic\",\"description\":\"\",\"url\":\"https:\/\/www.bikers.be\/nl\/evenement\/slw-classic\/\",\"eventAttendanceMode\":\"https:\/\/schema.org\/OfflineEventAttendanceMode\",\"eventStatus\":\"https:\/\/schema.org\/EventScheduled\",\"startDate\":\"2026-09-06T07:30:00+02:00\",\"endDate\":\"2026-09-06T17:00:00+02:00\",\"location\":{\"@type\":\"Place\",\"name\":\"POEDERLEE\",\"description\":\"\",\"url\":\"https:\/\/www.bikers.be\/locatie\/poederlee\/\",\"address\":{\"@type\":\"PostalAddress\",\"streetAddress\":\"voetbalterreinen van KVC Lille United, Heggelaan\",\"addressLocality\":\"Poederlee\",\"addressRegion\":\"Antwerpen\",\"addressCountry\":\"Belgium\"},\"telephone\":\"0477\/35 66 50\",\"sameAs\":\"\"},\"organizer\":{\"@type\":\"Person\",\"name\":\"Het Slijpend Wiel\",\"description\":\"\",\"url\":\"http:\/\/www.hetslijpendwiel.be\",\"telephone\":\"\",\"email\":\"\",\"sameAs\":\"http:\/\/www.hetslijpendwiel.be\"},\"performer\":\"Organization\"},{\"@context\":\"http:\/\/schema.org\",\"@type\":\"Event\",\"name\":\"SLW Classic\",\"description\":\"\",\"url\":\"https:\/\/www.bikers.be\/nl\/evenement\/slw-classic-2\/\",\"eventAttendanceMode\":\"https:\/\/schema.org\/OfflineEventAttendanceMode\",\"eventStatus\":\"https:\/\/schema.org\/EventScheduled\",\"startDate\":\"2026-09-06T07:30:00+02:00\",\"endDate\":\"2026-09-06T17:00:00+02:00\",\"location\":{\"@type\":\"Place\",\"name\":\"POEDERLEE\",\"description\":\"\",\"url\":\"https:\/\/www.bikers.be\/locatie\/poederlee\/\",\"address\":{\"@type\":\"PostalAddress\",\"streetAddress\":\"voetbalterreinen van KVC Lille United, Heggelaan\",\"addressLocality\":\"Poederlee\",\"addressRegion\":\"Antwerpen\",\"addressCountry\":\"Belgium\"},\"telephone\":\"0477\/35 66 50\",\"sameAs\":\"\"},\"organizer\":{\"@type\":\"Person\",\"name\":\"Het Slijpend Wiel\",\"description\":\"\",\"url\":\"http:\/\/www.hetslijpendwiel.be\",\"telephone\":\"\",\"email\":\"\",\"sameAs\":\"http:\/\/www.hetslijpendwiel.be\"},\"performer\":\"Organization\"},{\"@context\":\"http:\/\/schema.org\",\"@type\":\"Event\",\"name\":\"Gravel Ride Olmen\",\"description\":\"\",\"url\":\"https:\/\/www.bikers.be\/nl\/evenement\/gravel-ride-olmen\/\",\"eventAttendanceMode\":\"https:\/\/schema.org\/OfflineEventAttendanceMode\",\"eventStatus\":\"https:\/\/schema.org\/EventScheduled\",\"startDate\":\"2026-09-06T08:00:00+02:00\",\"endDate\":\"2026-09-06T10:00:00+02:00\",\"location\":{\"@type\":\"Place\",\"name\":\"OLMEN\",\"description\":\"\",\"url\":\"https:\/\/www.bikers.be\/locatie\/olmen\/\",\"address\":{\"@type\":\"PostalAddress\",\"streetAddress\":\"Pastorij Olmen Pastorijstraat 1\",\"addressLocality\":\"Olmen\",\"addressRegion\":\"Antwerpen\",\"postalCode\":\"2941\",\"addressCountry\":\"Belgium\"},\"telephone\":\"0472\/90 37 59\",\"sameAs\":\"https:\/\/www.pettigeponys.be\/gravel-ride\"},\"organizer\":{\"@type\":\"Person\",\"name\":\"De Pettige Pony&#8217;s\",\"description\":\"\",\"url\":\"https:\/\/www.pettigeponys.be\/gravel-ride\",\"telephone\":\"\",\"email\":\"\",\"sameAs\":\"https:\/\/www.pettigeponys.be\/gravel-ride\"},\"performer\":\"Organization\"},{\"@context\":\"http:\/\/schema.org\",\"@type\":\"Event\",\"name\":\"Natuurvrienden Haasrode Toertocht\",\"description\":\"\",\"url\":\"https:\/\/www.bikers.be\/nl\/evenement\/natuurvrienden-haasrode-toertocht\/\",\"eventAttendanceMode\":\"https:\/\/schema.org\/OfflineEventAttendanceMode\",\"eventStatus\":\"https:\/\/schema.org\/EventScheduled\",\"startDate\":\"2026-09-06T07:30:00+02:00\",\"endDate\":\"2026-09-06T10:00:00+02:00\",\"location\":{\"@type\":\"Place\",\"name\":\"HAASRODE\",\"description\":\"\",\"url\":\"https:\/\/www.bikers.be\/locatie\/haasrode\/\",\"address\":{\"@type\":\"PostalAddress\",\"streetAddress\":\"Gemeentelijke Basisschool Hazensprong, Armand Verheydenstraat 19\",\"addressLocality\":\"Haasrode\",\"addressRegion\":\"Brabant flamand\",\"postalCode\":\"0474\/84 61 18\",\"addressCountry\":\"Belgium\"},\"telephone\":\"\",\"sameAs\":\"\"},\"organizer\":{\"@type\":\"Person\",\"name\":\"Wielertoeristen club Natuurvrienden Haasrode VZW\",\"description\":\"\",\"url\":\"https:\/\/www.wtcnvh.com\",\"telephone\":\"\",\"email\":\"\",\"sameAs\":\"https:\/\/www.wtcnvh.com\"},\"performer\":\"Organization\"},{\"@context\":\"http:\/\/schema.org\",\"@type\":\"Event\",\"name\":\"Natuurvrienden Haasrode Toertocht\",\"description\":\"\",\"url\":\"https:\/\/www.bikers.be\/nl\/evenement\/natuurvrienden-haasrode-toertocht-2\/\",\"eventAttendanceMode\":\"https:\/\/schema.org\/OfflineEventAttendanceMode\",\"eventStatus\":\"https:\/\/schema.org\/EventScheduled\",\"startDate\":\"2026-09-06T07:30:00+02:00\",\"endDate\":\"2026-09-06T10:00:00+02:00\",\"location\":{\"@type\":\"Place\",\"name\":\"HAASRODE\",\"description\":\"\",\"url\":\"https:\/\/www.bikers.be\/locatie\/haasrode\/\",\"address\":{\"@type\":\"PostalAddress\",\"streetAddress\":\"Gemeentelijke Basisschool Hazensprong, Armand Verheydenstraat 19\",\"addressLocality\":\"Haasrode\",\"addressRegion\":\"Brabant flamand\",\"postalCode\":\"0474\/84 61 18\",\"addressCountry\":\"Belgium\"},\"telephone\":\"\",\"sameAs\":\"\"},\"organizer\":{\"@type\":\"Person\",\"name\":\"Wielertoeristen club Natuurvrienden Haasrode VZW\",\"description\":\"\",\"url\":\"https:\/\/www.wtcnvh.com\",\"telephone\":\"\",\"email\":\"\",\"sameAs\":\"https:\/\/www.wtcnvh.com\"},\"performer\":\"Organization\"},{\"@context\":\"http:\/\/schema.org\",\"@type\":\"Event\",\"name\":\"VTT for Ha\\u00efti &#8211; sos enfants de mariani\",\"description\":\"\",\"url\":\"https:\/\/www.bikers.be\/nl\/evenement\/vtt-for-haiti-sos-enfants-de-mariani\/\",\"eventAttendanceMode\":\"https:\/\/schema.org\/OfflineEventAttendanceMode\",\"eventStatus\":\"https:\/\/schema.org\/EventScheduled\",\"startDate\":\"2026-09-06T08:00:00+02:00\",\"endDate\":\"2026-09-06T12:00:00+02:00\",\"location\":{\"@type\":\"Place\",\"name\":\"JODOIGNE\",\"description\":\"\",\"url\":\"https:\/\/www.bikers.be\/locatie\/hall-sportif-plaine-de-la-gadale-chaussee-de-tirlemont-79\/\",\"address\":{\"@type\":\"PostalAddress\",\"streetAddress\":\"Domaine du Stampia, chauss\\u00e9e de Charleroi 97\",\"addressLocality\":\"Jodoigne\",\"addressRegion\":\"Brabant Wallon\",\"addressCountry\":\"Belgium\"},\"telephone\":\"010\/81 40 50\",\"sameAs\":\"\"},\"performer\":\"Organization\"},{\"@context\":\"http:\/\/schema.org\",\"@type\":\"Event\",\"name\":\"7\\u00b0 Messines Ridge Classic\",\"description\":\"\",\"url\":\"https:\/\/www.bikers.be\/nl\/evenement\/7-messines-ridge-classic\/\",\"eventAttendanceMode\":\"https:\/\/schema.org\/OfflineEventAttendanceMode\",\"eventStatus\":\"https:\/\/schema.org\/EventScheduled\",\"startDate\":\"2026-09-06T07:30:00+02:00\",\"endDate\":\"2026-09-06T11:30:00+02:00\",\"location\":{\"@type\":\"Place\",\"name\":\"MESSEN\",\"description\":\"\",\"url\":\"https:\/\/www.bikers.be\/locatie\/messen\/\",\"address\":{\"@type\":\"PostalAddress\",\"streetAddress\":\"OC &#039;t Oud Schooltje, Korte Mooiestraat 7\",\"addressLocality\":\"Messen\",\"addressRegion\":\"Flandre occidentale\",\"postalCode\":\"8957\",\"addressCountry\":\"Belgium\"},\"telephone\":\"0477 84 50 27\",\"sameAs\":\"\"},\"offers\":{\"@type\":\"Offer\",\"price\":\"5 \\u2013 7\",\"priceCurrency\":\"EUR\",\"url\":\"https:\/\/www.bikers.be\/nl\/evenement\/7-messines-ridge-classic\/\",\"category\":\"primary\",\"availability\":\"inStock\",\"validFrom\":\"1970-01-01T00:00:00+00:00\"},\"performer\":\"Organization\"},{\"@context\":\"http:\/\/schema.org\",\"@type\":\"Event\",\"name\":\"Garnaalrit\",\"description\":\"\",\"url\":\"https:\/\/www.bikers.be\/nl\/evenement\/garnaalrit\/\",\"eventAttendanceMode\":\"https:\/\/schema.org\/OfflineEventAttendanceMode\",\"eventStatus\":\"https:\/\/schema.org\/EventScheduled\",\"startDate\":\"2026-09-06T07:30:00+02:00\",\"endDate\":\"2026-09-06T11:00:00+02:00\",\"location\":{\"@type\":\"Place\",\"name\":\"BOEKHOUTE\",\"description\":\"\",\"url\":\"https:\/\/www.bikers.be\/locatie\/boekhoute\/\",\"address\":{\"@type\":\"PostalAddress\",\"streetAddress\":\"Scoutslokalen MichielDe Ruyter, Vliet 20A\",\"addressLocality\":\"Boekhoute\",\"addressRegion\":\"Flandre occidentale\",\"postalCode\":\"9960\",\"addressCountry\":\"Belgium\"},\"telephone\":\"0476\/551 706\",\"sameAs\":\"\"},\"organizer\":{\"@type\":\"Person\",\"name\":\"WTC NELLYTRAPPERS BOEKHOUTE\",\"description\":\"\",\"url\":\"\",\"telephone\":\"\",\"email\":\"\",\"sameAs\":\"\"},\"performer\":\"Organization\"},{\"@context\":\"http:\/\/schema.org\",\"@type\":\"Event\",\"name\":\"10e Steenbakkers Zomer MTB\",\"description\":\"\",\"url\":\"https:\/\/www.bikers.be\/nl\/evenement\/10e-steenbakkers-zomer-mtb\/\",\"eventAttendanceMode\":\"https:\/\/schema.org\/OfflineEventAttendanceMode\",\"eventStatus\":\"https:\/\/schema.org\/EventScheduled\",\"startDate\":\"2026-09-06T07:30:00+02:00\",\"endDate\":\"2026-09-06T10:00:00+02:00\",\"location\":{\"@type\":\"Place\",\"name\":\"MOEN\",\"description\":\"\",\"url\":\"https:\/\/www.bikers.be\/locatie\/moen\/\",\"address\":{\"@type\":\"PostalAddress\",\"streetAddress\":\"Depot Hein Vanhoutte Moenkouterstraat 14\",\"addressLocality\":\"Moen\",\"addressRegion\":\"Flandre occidentale\",\"postalCode\":\"8552\",\"addressCountry\":\"Belgium\"},\"telephone\":\"\",\"sameAs\":\"\"},\"performer\":\"Organization\"},{\"@context\":\"http:\/\/schema.org\",\"@type\":\"Event\",\"name\":\"Scheve Villa Mountainbike Tour\",\"description\":\"\",\"url\":\"https:\/\/www.bikers.be\/nl\/evenement\/scheve-villa-mountainbike-tour\/\",\"eventAttendanceMode\":\"https:\/\/schema.org\/OfflineEventAttendanceMode\",\"eventStatus\":\"https:\/\/schema.org\/EventScheduled\",\"startDate\":\"2026-09-06T08:00:00+02:00\",\"endDate\":\"2026-09-06T11:00:00+02:00\",\"location\":{\"@type\":\"Place\",\"name\":\"BERLARE\",\"description\":\"\",\"url\":\"https:\/\/www.bikers.be\/locatie\/berlare\/\",\"address\":{\"@type\":\"PostalAddress\",\"streetAddress\":\"Scheve Villa, Donklaan 7\",\"addressLocality\":\"Berlare\",\"addressRegion\":\"Flandre orientale\",\"addressCountry\":\"Belgium\"},\"telephone\":\"\",\"sameAs\":\"\"},\"performer\":\"Organization\"},{\"@context\":\"http:\/\/schema.org\",\"@type\":\"Event\",\"name\":\"Scheve Villa Gravel Tour\",\"description\":\"\",\"url\":\"https:\/\/www.bikers.be\/nl\/evenement\/scheve-villa-gravel-tour\/\",\"eventAttendanceMode\":\"https:\/\/schema.org\/OfflineEventAttendanceMode\",\"eventStatus\":\"https:\/\/schema.org\/EventScheduled\",\"startDate\":\"2026-09-06T08:00:00+02:00\",\"endDate\":\"2026-09-06T09:00:00+02:00\",\"location\":{\"@type\":\"Place\",\"name\":\"BERLARE\",\"description\":\"\",\"url\":\"https:\/\/www.bikers.be\/locatie\/berlare\/\",\"address\":{\"@type\":\"PostalAddress\",\"streetAddress\":\"Scheve Villa, Donklaan 7\",\"addressLocality\":\"Berlare\",\"addressRegion\":\"Flandre orientale\",\"addressCountry\":\"Belgium\"},\"telephone\":\"\",\"sameAs\":\"\"},\"performer\":\"Organization\"},{\"@context\":\"http:\/\/schema.org\",\"@type\":\"Event\",\"name\":\"La Despature\",\"description\":\"\",\"url\":\"https:\/\/www.bikers.be\/nl\/evenement\/la-despature\/\",\"eventAttendanceMode\":\"https:\/\/schema.org\/OfflineEventAttendanceMode\",\"eventStatus\":\"https:\/\/schema.org\/EventScheduled\",\"startDate\":\"2026-09-06T07:00:00+02:00\",\"endDate\":\"2026-09-06T10:00:00+02:00\",\"location\":{\"@type\":\"Place\",\"name\":\"BLEHARIES\",\"description\":\"\",\"url\":\"https:\/\/www.bikers.be\/locatie\/bleharies\/\",\"address\":{\"@type\":\"PostalAddress\",\"streetAddress\":\"Parc Communal de Bl\\u00e9haries - Rue Wibault-Bouchart 11\",\"addressLocality\":\"Brunehaut (Bleharies)\",\"addressRegion\":\"Hainaut\",\"postalCode\":\"7620\",\"addressCountry\":\"Belgium\"},\"telephone\":\"0495\/460 319\",\"sameAs\":\"\"},\"organizer\":{\"@type\":\"Person\",\"name\":\"les 100 amis de bl\\u00e9haries\",\"description\":\"\",\"url\":\"https:\/\/100amisbleharies.e-monsite.com\/\",\"telephone\":\"\",\"email\":\"lau&#114;e&#110;&#116;d&#117;&#109;&#111;&#114;t&#105;&#101;&#114;&#64;hot&#109;&#97;&#105;l.c&#111;m\",\"sameAs\":\"https:\/\/100amisbleharies.e-monsite.com\/\"},\"offers\":{\"@type\":\"Offer\",\"price\":\"5\",\"priceCurrency\":\"EUR\",\"url\":\"https:\/\/www.bikers.be\/nl\/evenement\/la-despature\/\",\"category\":\"primary\",\"availability\":\"inStock\",\"validFrom\":\"2026-07-29T11:26:00+00:00\"},\"performer\":\"Organization\"},{\"@context\":\"http:\/\/schema.org\",\"@type\":\"Event\",\"name\":\"VTT Ducasse de Spiennes\",\"description\":\"\",\"url\":\"https:\/\/www.bikers.be\/nl\/evenement\/vtt-ducasse-de-spiennes\/\",\"eventAttendanceMode\":\"https:\/\/schema.org\/OfflineEventAttendanceMode\",\"eventStatus\":\"https:\/\/schema.org\/EventScheduled\",\"startDate\":\"2026-09-06T07:30:00+02:00\",\"endDate\":\"2026-09-06T11:00:00+02:00\",\"location\":{\"@type\":\"Place\",\"name\":\"SPIENNES\",\"description\":\"\",\"url\":\"https:\/\/www.bikers.be\/locatie\/spiennes\/\",\"address\":{\"@type\":\"PostalAddress\",\"addressLocality\":\"Spiennes\",\"addressRegion\":\"Hainaut\",\"addressCountry\":\"Belgium\"},\"telephone\":\"0492\/73 83 82\",\"sameAs\":\"\"},\"organizer\":{\"@type\":\"Person\",\"name\":\"Comit\\u00e9 des Fetes de Spiennes\",\"description\":\"\",\"url\":\"\",\"telephone\":\"0492\/738382\",\"email\":\"&#103;&#114;&#101;g&#46;&#115;pe&#101;&#64;&#103;ma&#105;&#108;.com\",\"sameAs\":\"\"},\"offers\":{\"@type\":\"Offer\",\"price\":\"5\",\"priceCurrency\":\"EUR\",\"url\":\"https:\/\/www.bikers.be\/nl\/evenement\/vtt-ducasse-de-spiennes\/\",\"category\":\"primary\",\"availability\":\"inStock\",\"validFrom\":\"2026-07-30T11:26:00+00:00\"},\"performer\":\"Organization\"},{\"@context\":\"http:\/\/schema.org\",\"@type\":\"Event\",\"name\":\"32\\u00b0 Transhoussoise\",\"description\":\"\",\"url\":\"https:\/\/www.bikers.be\/nl\/evenement\/32-transhoussoise\/\",\"eventAttendanceMode\":\"https:\/\/schema.org\/OfflineEventAttendanceMode\",\"eventStatus\":\"https:\/\/schema.org\/EventScheduled\",\"startDate\":\"2026-09-06T08:00:00+02:00\",\"endDate\":\"2026-09-06T23:59:00+02:00\",\"location\":{\"@type\":\"Place\",\"name\":\"BARCHON\",\"description\":\"\",\"url\":\"https:\/\/www.bikers.be\/locatie\/fort-de-barchon-rue-du-fort\/\",\"address\":{\"@type\":\"PostalAddress\",\"streetAddress\":\"Fort de Barchon, Rue du Fort\",\"addressLocality\":\"BARCHON\",\"addressRegion\":\"Li\\u00e8ge\",\"postalCode\":\"4671\",\"addressCountry\":\"Belgium\"},\"telephone\":\"\",\"sameAs\":\"\"},\"offers\":{\"@type\":\"Offer\",\"price\":\"9 \\u2013 10\",\"priceCurrency\":\"EUR\",\"url\":\"https:\/\/www.bikers.be\/nl\/evenement\/32-transhoussoise\/\",\"category\":\"primary\",\"availability\":\"inStock\",\"validFrom\":\"2026-04-22T00:00:00+00:00\"},\"performer\":\"Organization\"},{\"@context\":\"http:\/\/schema.org\",\"@type\":\"Event\",\"name\":\"32\\u00b0 Transhoussoise\",\"description\":\"\",\"url\":\"https:\/\/www.bikers.be\/nl\/evenement\/32-transhoussoise-2\/\",\"eventAttendanceMode\":\"https:\/\/schema.org\/OfflineEventAttendanceMode\",\"eventStatus\":\"https:\/\/schema.org\/EventScheduled\",\"startDate\":\"2026-09-06T08:00:00+02:00\",\"endDate\":\"2026-09-06T23:59:00+02:00\",\"location\":{\"@type\":\"Place\",\"name\":\"BARCHON\",\"description\":\"\",\"url\":\"https:\/\/www.bikers.be\/locatie\/fort-de-barchon-rue-du-fort\/\",\"address\":{\"@type\":\"PostalAddress\",\"streetAddress\":\"Fort de Barchon, Rue du Fort\",\"addressLocality\":\"BARCHON\",\"addressRegion\":\"Li\\u00e8ge\",\"postalCode\":\"4671\",\"addressCountry\":\"Belgium\"},\"telephone\":\"\",\"sameAs\":\"\"},\"offers\":{\"@type\":\"Offer\",\"price\":\"9 \\u2013 10\",\"priceCurrency\":\"EUR\",\"url\":\"https:\/\/www.bikers.be\/nl\/evenement\/32-transhoussoise-2\/\",\"category\":\"primary\",\"availability\":\"inStock\",\"validFrom\":\"2026-04-22T00:00:00+00:00\"},\"performer\":\"Organization\"},{\"@context\":\"http:\/\/schema.org\",\"@type\":\"Event\",\"name\":\"La Valopontoise\",\"description\":\"\",\"url\":\"https:\/\/www.bikers.be\/nl\/evenement\/la-valopontoise\/\",\"eventAttendanceMode\":\"https:\/\/schema.org\/OfflineEventAttendanceMode\",\"eventStatus\":\"https:\/\/schema.org\/EventScheduled\",\"startDate\":\"2026-09-06T08:00:00+02:00\",\"endDate\":\"2026-09-06T11:00:00+02:00\",\"location\":{\"@type\":\"Place\",\"name\":\"TROIS-PONTS\",\"description\":\"\",\"url\":\"https:\/\/www.bikers.be\/locatie\/trois-ponts\/\",\"address\":{\"@type\":\"PostalAddress\",\"streetAddress\":\"Val de Wanne, Aisomont 70\",\"addressLocality\":\"Trois-Ponts\",\"addressRegion\":\"Li\\u00e8ge\",\"addressCountry\":\"Belgium\"},\"telephone\":\"080\/68 40 45\",\"sameAs\":\"\"},\"organizer\":{\"@type\":\"Person\",\"name\":\"Royal Office du Tourisme de Trois-Ponts\",\"description\":\"\",\"url\":\"\",\"telephone\":\"\",\"email\":\"tou&#114;&#105;&#115;m&#101;&#64;t&#114;oispon&#116;s.be\",\"sameAs\":\"\"},\"offers\":{\"@type\":\"Offer\",\"price\":\"8\",\"priceCurrency\":\"EUR\",\"url\":\"https:\/\/www.bikers.be\/nl\/evenement\/la-valopontoise\/\",\"category\":\"primary\",\"availability\":\"inStock\",\"validFrom\":\"2026-06-08T11:26:00+00:00\"},\"performer\":\"Organization\"},{\"@context\":\"http:\/\/schema.org\",\"@type\":\"Event\",\"name\":\"Bike &#038; Fun Day\",\"description\":\"\",\"url\":\"https:\/\/www.bikers.be\/nl\/evenement\/bike-fun-day\/\",\"eventAttendanceMode\":\"https:\/\/schema.org\/OfflineEventAttendanceMode\",\"eventStatus\":\"https:\/\/schema.org\/EventScheduled\",\"startDate\":\"2026-09-06T07:30:00+02:00\",\"endDate\":\"2026-09-06T18:30:00+02:00\",\"location\":{\"@type\":\"Place\",\"name\":\"SPA\",\"description\":\"\",\"url\":\"https:\/\/www.bikers.be\/locatie\/spa\/\",\"address\":{\"@type\":\"PostalAddress\",\"streetAddress\":\"Piste de ski, Route de Berinzenne\",\"addressLocality\":\"Spa\",\"addressRegion\":\"Li\\u00e8ge\",\"addressCountry\":\"Belgium\"},\"telephone\":\"0498\/46 24 00\",\"sameAs\":\"\"},\"organizer\":{\"@type\":\"Person\",\"name\":\"Ski Club de Spa\",\"description\":\"\",\"url\":\"\",\"telephone\":\"\",\"email\":\"\",\"sameAs\":\"\"},\"performer\":\"Organization\"},{\"@context\":\"http:\/\/schema.org\",\"@type\":\"Event\",\"name\":\"IND Gravel\",\"description\":\"\",\"url\":\"https:\/\/www.bikers.be\/nl\/evenement\/ind-gravel\/\",\"eventAttendanceMode\":\"https:\/\/schema.org\/OfflineEventAttendanceMode\",\"eventStatus\":\"https:\/\/schema.org\/EventScheduled\",\"startDate\":\"2026-09-06T08:00:00+02:00\",\"endDate\":\"2026-09-06T17:00:00+02:00\",\"location\":{\"@type\":\"Place\",\"name\":\"MALMEDY\",\"description\":\"\",\"url\":\"https:\/\/www.bikers.be\/locatie\/parc-communal-route-de-falize\/\",\"address\":{\"@type\":\"PostalAddress\",\"streetAddress\":\"Institut Notre Dame, Rue Derri\\u00e8re la Gare 12\",\"addressLocality\":\"Malm\\u00e9dy\",\"addressRegion\":\"Li\\u00e8ge\",\"postalCode\":\"4960\",\"addressCountry\":\"Belgium\"},\"telephone\":\"\",\"sameAs\":\"\"},\"organizer\":{\"@type\":\"Person\",\"name\":\"Institut Notre Dame Malm\\u00e9dy\",\"description\":\"\",\"url\":\"\",\"telephone\":\"\",\"email\":\"\",\"sameAs\":\"\"},\"performer\":\"Organization\"},{\"@context\":\"http:\/\/schema.org\",\"@type\":\"Event\",\"name\":\"MTB Zomertocht Pelt\",\"description\":\"\",\"url\":\"https:\/\/www.bikers.be\/nl\/evenement\/mtb-zomertocht-pelt\/\",\"eventAttendanceMode\":\"https:\/\/schema.org\/OfflineEventAttendanceMode\",\"eventStatus\":\"https:\/\/schema.org\/EventScheduled\",\"startDate\":\"2026-09-06T07:30:00+02:00\",\"endDate\":\"2026-09-06T11:00:00+02:00\",\"location\":{\"@type\":\"Place\",\"name\":\"PELT\",\"description\":\"\",\"url\":\"https:\/\/www.bikers.be\/locatie\/pelt\/\",\"address\":{\"@type\":\"PostalAddress\",\"streetAddress\":\"Zaal Holheide, Heikapper 25\",\"addressLocality\":\"Overpelt\",\"addressRegion\":\"Limbourg\",\"postalCode\":\"3900\",\"addressCountry\":\"Belgium\"},\"telephone\":\"0475\/21 27 25\",\"sameAs\":\"\"},\"organizer\":{\"@type\":\"Person\",\"name\":\"PELTERCROSSERS MTB TEAM\",\"description\":\"\",\"url\":\"\",\"telephone\":\"\",\"email\":\"\",\"sameAs\":\"\"},\"performer\":\"Organization\"},{\"@context\":\"http:\/\/schema.org\",\"@type\":\"Event\",\"name\":\"The River By The Traka\",\"description\":\"\",\"url\":\"https:\/\/www.bikers.be\/nl\/evenement\/the-river-by-the-traka\/\",\"eventAttendanceMode\":\"https:\/\/schema.org\/OfflineEventAttendanceMode\",\"eventStatus\":\"https:\/\/schema.org\/EventScheduled\",\"startDate\":\"2026-09-06T10:00:00+02:00\",\"endDate\":\"2026-09-06T23:59:00+02:00\",\"location\":{\"@type\":\"Place\",\"name\":\"BOUILLON\",\"description\":\"\",\"url\":\"https:\/\/www.bikers.be\/locatie\/bouillon\/\",\"address\":{\"@type\":\"PostalAddress\",\"addressLocality\":\"BOUILLON\",\"addressRegion\":\"Luxembourg\",\"postalCode\":\"6830\",\"addressCountry\":\"Belgium\"},\"telephone\":\"\",\"sameAs\":\"\"},\"offers\":{\"@type\":\"Offer\",\"price\":\"70 \\u2013 130\",\"priceCurrency\":\"EUR\",\"url\":\"https:\/\/www.bikers.be\/nl\/evenement\/the-river-by-the-traka\/\",\"category\":\"primary\",\"availability\":\"inStock\",\"validFrom\":\"2026-04-22T00:00:00+00:00\"},\"performer\":\"Organization\"},{\"@context\":\"http:\/\/schema.org\",\"@type\":\"Event\",\"name\":\"La Bastognarde\",\"description\":\"\",\"url\":\"https:\/\/www.bikers.be\/nl\/evenement\/la-bastognarde\/\",\"eventAttendanceMode\":\"https:\/\/schema.org\/OfflineEventAttendanceMode\",\"eventStatus\":\"https:\/\/schema.org\/EventScheduled\",\"startDate\":\"2026-09-06T07:00:00+02:00\",\"endDate\":\"2026-09-06T11:00:00+02:00\",\"location\":{\"@type\":\"Place\",\"name\":\"BASTOGNE\",\"description\":\"\",\"url\":\"https:\/\/www.bikers.be\/locatie\/bastogne\/\",\"address\":{\"@type\":\"PostalAddress\",\"streetAddress\":\"Salle du village de Marvie\",\"addressLocality\":\"Bastogne\",\"addressRegion\":\"Luxembourg\",\"addressCountry\":\"Belgium\"},\"telephone\":\"\",\"sameAs\":\"\"},\"offers\":{\"@type\":\"Offer\",\"price\":\"5\",\"priceCurrency\":\"EUR\",\"url\":\"https:\/\/www.bikers.be\/nl\/evenement\/la-bastognarde\/\",\"category\":\"primary\",\"availability\":\"inStock\",\"validFrom\":\"2026-06-16T11:26:00+00:00\"},\"performer\":\"Organization\"},{\"@context\":\"http:\/\/schema.org\",\"@type\":\"Event\",\"name\":\"La Bastognarde\",\"description\":\"\",\"url\":\"https:\/\/www.bikers.be\/nl\/evenement\/la-bastognarde-2\/\",\"eventAttendanceMode\":\"https:\/\/schema.org\/OfflineEventAttendanceMode\",\"eventStatus\":\"https:\/\/schema.org\/EventScheduled\",\"startDate\":\"2026-09-06T07:00:00+02:00\",\"endDate\":\"2026-09-06T11:00:00+02:00\",\"location\":{\"@type\":\"Place\",\"name\":\"BASTOGNE\",\"description\":\"\",\"url\":\"https:\/\/www.bikers.be\/locatie\/bastogne\/\",\"address\":{\"@type\":\"PostalAddress\",\"streetAddress\":\"Salle du village de Marvie\",\"addressLocality\":\"Bastogne\",\"addressRegion\":\"Luxembourg\",\"addressCountry\":\"Belgium\"},\"telephone\":\"\",\"sameAs\":\"\"},\"offers\":{\"@type\":\"Offer\",\"price\":\"3 \\u2013 8\",\"priceCurrency\":\"EUR\",\"url\":\"https:\/\/www.bikers.be\/nl\/evenement\/la-bastognarde-2\/\",\"category\":\"primary\",\"availability\":\"inStock\",\"validFrom\":\"2026-06-16T11:26:00+00:00\"},\"performer\":\"Organization\"},{\"@context\":\"http:\/\/schema.org\",\"@type\":\"Event\",\"name\":\"L&#8217;Arel B\\u00ebsch\",\"description\":\"\",\"url\":\"https:\/\/www.bikers.be\/nl\/evenement\/larel-besch\/\",\"eventAttendanceMode\":\"https:\/\/schema.org\/OfflineEventAttendanceMode\",\"eventStatus\":\"https:\/\/schema.org\/EventScheduled\",\"startDate\":\"2026-09-06T07:30:00+02:00\",\"endDate\":\"2026-09-06T10:00:00+02:00\",\"location\":{\"@type\":\"Place\",\"name\":\"ARLON\",\"description\":\"\",\"url\":\"https:\/\/www.bikers.be\/locatie\/arlon\/\",\"address\":{\"@type\":\"PostalAddress\",\"streetAddress\":\"ISMA, 33 rue de bastogne\",\"addressLocality\":\"Arlon\",\"addressRegion\":\"Luxembourg\",\"addressCountry\":\"Belgium\"},\"telephone\":\"063\/22 36 10\",\"sameAs\":\"\"},\"performer\":\"Organization\"},{\"@context\":\"http:\/\/schema.org\",\"@type\":\"Event\",\"name\":\"L&#8217;Arel B\\u00ebsch\",\"description\":\"\",\"url\":\"https:\/\/www.bikers.be\/nl\/evenement\/larel-besch-2\/\",\"eventAttendanceMode\":\"https:\/\/schema.org\/OfflineEventAttendanceMode\",\"eventStatus\":\"https:\/\/schema.org\/EventScheduled\",\"startDate\":\"2026-09-06T07:30:00+02:00\",\"endDate\":\"2026-09-06T10:00:00+02:00\",\"location\":{\"@type\":\"Place\",\"name\":\"ARLON\",\"description\":\"\",\"url\":\"https:\/\/www.bikers.be\/locatie\/arlon\/\",\"address\":{\"@type\":\"PostalAddress\",\"streetAddress\":\"ISMA, 33 rue de bastogne\",\"addressLocality\":\"Arlon\",\"addressRegion\":\"Luxembourg\",\"addressCountry\":\"Belgium\"},\"telephone\":\"063\/22 36 10\",\"sameAs\":\"\"},\"performer\":\"Organization\"},{\"@context\":\"http:\/\/schema.org\",\"@type\":\"Event\",\"name\":\"La randonn\\u00e9e des 4 Mines\",\"description\":\"\",\"url\":\"https:\/\/www.bikers.be\/nl\/evenement\/la-randonnee-des-4-mines\/\",\"eventAttendanceMode\":\"https:\/\/schema.org\/OfflineEventAttendanceMode\",\"eventStatus\":\"https:\/\/schema.org\/EventScheduled\",\"startDate\":\"2026-09-06T08:00:00+02:00\",\"endDate\":\"2026-09-06T14:00:00+02:00\",\"location\":{\"@type\":\"Place\",\"name\":\"ALGRANGE\",\"description\":\"\",\"url\":\"https:\/\/www.bikers.be\/locatie\/algrange\/\",\"address\":{\"@type\":\"PostalAddress\",\"streetAddress\":\"Salle Etincelle\",\"addressLocality\":\"Algrange\",\"addressRegion\":\"Moselle\",\"postalCode\":\"57440\",\"addressCountry\":\"France\"},\"telephone\":\"0652424051\",\"sameAs\":\"\"},\"organizer\":{\"@type\":\"Person\",\"name\":\"Funbike Algrange\",\"description\":\"\",\"url\":\"\",\"telephone\":\"\",\"email\":\"r&#111;main.r&#105;ve&#116;&#64;prot&#111;&#110;&#109;&#97;i&#108;.c&#111;m\",\"sameAs\":\"\"},\"offers\":{\"@type\":\"Offer\",\"price\":\"8\",\"priceCurrency\":\"EUR\",\"url\":\"https:\/\/www.bikers.be\/nl\/evenement\/la-randonnee-des-4-mines\/\",\"category\":\"primary\",\"availability\":\"inStock\",\"validFrom\":\"2026-07-30T11:26:00+00:00\"},\"performer\":\"Organization\"},{\"@context\":\"http:\/\/schema.org\",\"@type\":\"Event\",\"name\":\"25\\u00b0 Coteaux du Viroin\",\"description\":\"\",\"url\":\"https:\/\/www.bikers.be\/nl\/evenement\/coteaux-du-viroin\/\",\"eventAttendanceMode\":\"https:\/\/schema.org\/OfflineEventAttendanceMode\",\"eventStatus\":\"https:\/\/schema.org\/EventScheduled\",\"startDate\":\"2026-09-06T08:00:00+02:00\",\"endDate\":\"2026-09-06T17:00:00+02:00\",\"location\":{\"@type\":\"Place\",\"name\":\"OLLOY-SUR-VIROIN\",\"description\":\"\",\"url\":\"https:\/\/www.bikers.be\/locatie\/olloy-sur-viroin\/\",\"address\":{\"@type\":\"PostalAddress\",\"streetAddress\":\"Centre Europ\\u00e9en L. Delobbe, Rue Saint Eloi 27\",\"addressLocality\":\"OLLOY-SUR-VIROIN\",\"addressRegion\":\"Namur\",\"postalCode\":\"5670\",\"addressCountry\":\"Belgium\"},\"telephone\":\"0472\/74 93 15\",\"sameAs\":\"\"},\"organizer\":{\"@type\":\"Person\",\"name\":\"Cats Bikers\",\"description\":\"\",\"url\":\"http:\/\/www.catsbikers.com\",\"telephone\":\"\",\"email\":\"\",\"sameAs\":\"http:\/\/www.catsbikers.com\"},\"performer\":\"Organization\"},{\"@context\":\"http:\/\/schema.org\",\"@type\":\"Event\",\"name\":\"La 212\",\"description\":\"\",\"url\":\"https:\/\/www.bikers.be\/nl\/evenement\/la-212\/\",\"eventAttendanceMode\":\"https:\/\/schema.org\/OfflineEventAttendanceMode\",\"eventStatus\":\"https:\/\/schema.org\/EventScheduled\",\"startDate\":\"2026-09-06T08:00:00+02:00\",\"endDate\":\"2026-09-06T17:00:00+02:00\",\"location\":{\"@type\":\"Place\",\"name\":\"MEUX\",\"description\":\"\",\"url\":\"https:\/\/www.bikers.be\/locatie\/meux\/\",\"address\":{\"@type\":\"PostalAddress\",\"streetAddress\":\"RFC Meux Rue Janquart 14\",\"addressLocality\":\"Meux\",\"addressRegion\":\"Namur\",\"postalCode\":\"5081\",\"addressCountry\":\"Belgium\"},\"telephone\":\"\",\"sameAs\":\"\"},\"performer\":\"Organization\"},{\"@context\":\"http:\/\/schema.org\",\"@type\":\"Event\",\"name\":\"Spy Mammouth Raid\",\"description\":\"\",\"url\":\"https:\/\/www.bikers.be\/nl\/evenement\/spy-mammouth-raid-3\/\",\"eventAttendanceMode\":\"https:\/\/schema.org\/OfflineEventAttendanceMode\",\"eventStatus\":\"https:\/\/schema.org\/EventScheduled\",\"startDate\":\"2026-09-06T08:00:00+02:00\",\"endDate\":\"2026-09-06T17:00:00+02:00\",\"location\":{\"@type\":\"Place\",\"name\":\"SPY\",\"description\":\"\",\"url\":\"https:\/\/www.bikers.be\/locatie\/terrain-de-foot-rue-de-floreffe-2b\/\",\"address\":{\"@type\":\"PostalAddress\",\"streetAddress\":\"Terrain de foot, rue de Floreffe 2b\",\"addressLocality\":\"SPY\",\"addressRegion\":\"Namur\",\"postalCode\":\"5190\",\"addressCountry\":\"Belgium\"},\"telephone\":\"0491\/16 21 16\",\"sameAs\":\"\"},\"performer\":\"Organization\"},{\"@context\":\"http:\/\/schema.org\",\"@type\":\"Event\",\"name\":\"Spy Mammouth Raid\",\"description\":\"\",\"url\":\"https:\/\/www.bikers.be\/nl\/evenement\/spy-mammouth-raid-2\/\",\"eventAttendanceMode\":\"https:\/\/schema.org\/OfflineEventAttendanceMode\",\"eventStatus\":\"https:\/\/schema.org\/EventScheduled\",\"startDate\":\"2026-09-06T08:00:00+02:00\",\"endDate\":\"2026-09-06T17:00:00+02:00\",\"location\":{\"@type\":\"Place\",\"name\":\"SPY\",\"description\":\"\",\"url\":\"https:\/\/www.bikers.be\/locatie\/terrain-de-foot-rue-de-floreffe-2b\/\",\"address\":{\"@type\":\"PostalAddress\",\"streetAddress\":\"Terrain de foot, rue de Floreffe 2b\",\"addressLocality\":\"SPY\",\"addressRegion\":\"Namur\",\"postalCode\":\"5190\",\"addressCountry\":\"Belgium\"},\"telephone\":\"0491\/16 21 16\",\"sameAs\":\"\"},\"performer\":\"Organization\"},{\"@context\":\"http:\/\/schema.org\",\"@type\":\"Event\",\"name\":\"Kiezeltocht Klein-Sinaai\",\"description\":\"\",\"url\":\"https:\/\/www.bikers.be\/nl\/evenement\/kiezeltocht-klein-sinaai\/\",\"eventAttendanceMode\":\"https:\/\/schema.org\/OfflineEventAttendanceMode\",\"eventStatus\":\"https:\/\/schema.org\/EventScheduled\",\"startDate\":\"2026-09-06T08:00:00+02:00\",\"endDate\":\"2026-09-06T11:00:00+02:00\",\"location\":{\"@type\":\"Place\",\"name\":\"STEKENE\",\"description\":\"\",\"url\":\"https:\/\/www.bikers.be\/locatie\/stekene\/\",\"address\":{\"@type\":\"PostalAddress\",\"streetAddress\":\"LES CHAMOIS Ontmoetingscentrum Boudelo, Kasteelstraat 23\",\"addressLocality\":\"Stekene\",\"addressRegion\":\"Oost Vlaanderen\",\"postalCode\":\"9190\",\"addressCountry\":\"Belgium\"},\"telephone\":\"0471\/35 30 39\",\"sameAs\":\"\"},\"performer\":\"Organization\"},{\"@context\":\"http:\/\/schema.org\",\"@type\":\"Event\",\"name\":\"Avond MTB en gravel ride Kristus Koning\",\"description\":\"\",\"url\":\"https:\/\/www.bikers.be\/nl\/evenement\/avond-mtb-en-gravel-ride-kristus-koning\/\",\"eventAttendanceMode\":\"https:\/\/schema.org\/OfflineEventAttendanceMode\",\"eventStatus\":\"https:\/\/schema.org\/EventScheduled\",\"startDate\":\"2026-09-11T16:30:00+02:00\",\"endDate\":\"2026-09-11T22:30:00+02:00\",\"location\":{\"@type\":\"Place\",\"name\":\"BRECHT\",\"description\":\"\",\"url\":\"https:\/\/www.bikers.be\/nl\/locatie\/brecht\/\",\"address\":{\"@type\":\"PostalAddress\",\"streetAddress\":\"Garage Felix, Heiken 86\",\"addressLocality\":\"BRECHT\",\"addressRegion\":\"Anvers\",\"postalCode\":\"2960\",\"addressCountry\":\"Belgium\"},\"telephone\":\"\",\"sameAs\":\"www.stoempers.be\"},\"performer\":\"Organization\"},{\"@context\":\"http:\/\/schema.org\",\"@type\":\"Event\",\"name\":\"Nocturne Des Gripeus\",\"description\":\"\",\"url\":\"https:\/\/www.bikers.be\/nl\/evenement\/nocturne-des-gripeus\/\",\"eventAttendanceMode\":\"https:\/\/schema.org\/OfflineEventAttendanceMode\",\"eventStatus\":\"https:\/\/schema.org\/EventScheduled\",\"startDate\":\"2026-09-11T18:00:00+02:00\",\"endDate\":\"2026-09-11T23:59:00+02:00\",\"location\":{\"@type\":\"Place\",\"name\":\"HAMOIR\",\"description\":\"\",\"url\":\"https:\/\/www.bikers.be\/locatie\/hall-omnisports-rue-du-moulin\/\",\"address\":{\"@type\":\"PostalAddress\",\"streetAddress\":\"Hall omnisports, Rue du Moulin\",\"addressLocality\":\"HAMOIR\",\"addressRegion\":\"Li\\u00e8ge\",\"postalCode\":\"4180\",\"addressCountry\":\"Belgium\"},\"telephone\":\"\",\"sameAs\":\"\"},\"offers\":{\"@type\":\"Offer\",\"price\":\"6 \\u2013 7\",\"priceCurrency\":\"EUR\",\"url\":\"https:\/\/www.bikers.be\/nl\/evenement\/nocturne-des-gripeus\/\",\"category\":\"primary\",\"availability\":\"inStock\",\"validFrom\":\"2026-04-22T00:00:00+00:00\"},\"performer\":\"Organization\"},{\"@context\":\"http:\/\/schema.org\",\"@type\":\"Event\",\"name\":\"17\\u00b0 Ghostbikers VTT-weekend\",\"description\":\"\",\"url\":\"https:\/\/www.bikers.be\/nl\/evenement\/17-ghostbikers-vtt-weekend\/\",\"eventAttendanceMode\":\"https:\/\/schema.org\/OfflineEventAttendanceMode\",\"eventStatus\":\"https:\/\/schema.org\/EventScheduled\",\"startDate\":\"2026-09-11T18:00:00+02:00\",\"endDate\":\"2026-09-11T20:30:00+02:00\",\"location\":{\"@type\":\"Place\",\"name\":\"EVERGEM-SLEIDINGE\",\"description\":\"\",\"url\":\"https:\/\/www.bikers.be\/locatie\/evergem-sleidinge\/\",\"address\":{\"@type\":\"PostalAddress\",\"streetAddress\":\"Chirolokaal Sleidinge, Lovendonk 8\",\"addressLocality\":\"Evergem-Sleidinge\",\"addressRegion\":\"Oost Vlaanderen\",\"postalCode\":\"9940\",\"addressCountry\":\"Belgium\"},\"telephone\":\"0475\/276.907\",\"sameAs\":\"\"},\"performer\":\"Organization\"},{\"@context\":\"http:\/\/schema.org\",\"@type\":\"Event\",\"name\":\"Indian Summer Gravel\",\"description\":\"\",\"url\":\"https:\/\/www.bikers.be\/nl\/evenement\/indian-summer-gravel\/\",\"eventAttendanceMode\":\"https:\/\/schema.org\/OfflineEventAttendanceMode\",\"eventStatus\":\"https:\/\/schema.org\/EventScheduled\",\"startDate\":\"2026-09-12T08:00:00+02:00\",\"endDate\":\"2026-09-12T17:00:00+02:00\",\"location\":{\"@type\":\"Place\",\"name\":\"MEERHOUT\",\"description\":\"\",\"url\":\"https:\/\/www.bikers.be\/locatie\/meerhout\/\",\"address\":{\"@type\":\"PostalAddress\",\"streetAddress\":\"Jeugdhuis De Faar, Sportlaan 18\",\"addressLocality\":\"Meerhout\",\"addressRegion\":\"Antwerpen\",\"postalCode\":\"2450\",\"addressCountry\":\"Belgium\"},\"telephone\":\"\",\"sameAs\":\"\"},\"organizer\":{\"@type\":\"Person\",\"name\":\"L&#8217;\\u00e9tape CC\",\"description\":\"\",\"url\":\"https:\/\/www.facebook.com\/letape.cc\/\",\"telephone\":\"\",\"email\":\"\",\"sameAs\":\"https:\/\/www.facebook.com\/letape.cc\/\"},\"offers\":{\"@type\":\"Offer\",\"price\":\"5 \\u2013 25\",\"priceCurrency\":\"EUR\",\"url\":\"https:\/\/www.bikers.be\/nl\/evenement\/indian-summer-gravel\/\",\"category\":\"primary\",\"availability\":\"inStock\",\"validFrom\":\"1970-01-01T00:00:00+00:00\"},\"performer\":\"Organization\"},{\"@context\":\"http:\/\/schema.org\",\"@type\":\"Event\",\"name\":\"50 ans du Crabe\",\"description\":\"\",\"url\":\"https:\/\/www.bikers.be\/nl\/evenement\/50-ans-du-crabe\/\",\"eventAttendanceMode\":\"https:\/\/schema.org\/OfflineEventAttendanceMode\",\"eventStatus\":\"https:\/\/schema.org\/EventScheduled\",\"startDate\":\"2026-09-12T09:00:00+02:00\",\"endDate\":\"2026-09-12T17:00:00+02:00\",\"location\":{\"@type\":\"Place\",\"name\":\"JODOIGNE\",\"description\":\"\",\"url\":\"https:\/\/www.bikers.be\/locatie\/hall-sportif-plaine-de-la-gadale-chaussee-de-tirlemont-79\/\",\"address\":{\"@type\":\"PostalAddress\",\"streetAddress\":\"Domaine du Stampia, chauss\\u00e9e de Charleroi 97\",\"addressLocality\":\"Jodoigne\",\"addressRegion\":\"Brabant Wallon\",\"addressCountry\":\"Belgium\"},\"telephone\":\"010\/81 40 50\",\"sameAs\":\"\"},\"performer\":\"Organization\"},{\"@context\":\"http:\/\/schema.org\",\"@type\":\"Event\",\"name\":\"Enduro GRG\",\"description\":\"\",\"url\":\"https:\/\/www.bikers.be\/nl\/evenement\/enduro-grg\/\",\"eventAttendanceMode\":\"https:\/\/schema.org\/OfflineEventAttendanceMode\",\"eventStatus\":\"https:\/\/schema.org\/EventScheduled\",\"startDate\":\"2026-09-12T09:15:00+02:00\",\"endDate\":\"2026-09-12T23:59:00+02:00\",\"location\":{\"@type\":\"Place\",\"name\":\"BOUILLON\",\"description\":\"\",\"url\":\"https:\/\/www.bikers.be\/locatie\/parc-des-sepulcrines\/\",\"address\":{\"@type\":\"PostalAddress\",\"streetAddress\":\"Parc des S\\u00e9pulcrines\",\"addressLocality\":\"BOUILLON\",\"addressRegion\":\"Luxembourg\",\"postalCode\":\"6830\",\"addressCountry\":\"Belgium\"},\"telephone\":\"\",\"sameAs\":\"\"},\"offers\":{\"@type\":\"Offer\",\"price\":\"30 \\u2013 55\",\"priceCurrency\":\"EUR\",\"url\":\"https:\/\/www.bikers.be\/nl\/evenement\/enduro-grg\/\",\"category\":\"primary\",\"availability\":\"inStock\",\"validFrom\":\"2026-04-22T00:00:00+00:00\"},\"performer\":\"Organization\"},{\"@context\":\"http:\/\/schema.org\",\"@type\":\"Event\",\"name\":\"17\\u00b0 Ghostbikers VTT-weekend\",\"description\":\"\",\"url\":\"https:\/\/www.bikers.be\/nl\/evenement\/17-ghostbikers-vtt-weekend-2\/\",\"eventAttendanceMode\":\"https:\/\/schema.org\/OfflineEventAttendanceMode\",\"eventStatus\":\"https:\/\/schema.org\/EventScheduled\",\"startDate\":\"2026-09-12T08:00:00+02:00\",\"endDate\":\"2026-09-12T13:00:00+02:00\",\"location\":{\"@type\":\"Place\",\"name\":\"EVERGEM-SLEIDINGE\",\"description\":\"\",\"url\":\"https:\/\/www.bikers.be\/locatie\/evergem-sleidinge\/\",\"address\":{\"@type\":\"PostalAddress\",\"streetAddress\":\"Chirolokaal Sleidinge, Lovendonk 8\",\"addressLocality\":\"Evergem-Sleidinge\",\"addressRegion\":\"Oost Vlaanderen\",\"postalCode\":\"9940\",\"addressCountry\":\"Belgium\"},\"telephone\":\"0475\/276.907\",\"sameAs\":\"\"},\"performer\":\"Organization\"},{\"@context\":\"http:\/\/schema.org\",\"@type\":\"Event\",\"name\":\"Randonn\\u00e9e Roger Wirtz\",\"description\":\"\",\"url\":\"https:\/\/www.bikers.be\/nl\/evenement\/randonnee-roger-wirtz\/\",\"eventAttendanceMode\":\"https:\/\/schema.org\/OfflineEventAttendanceMode\",\"eventStatus\":\"https:\/\/schema.org\/EventScheduled\",\"startDate\":\"2026-09-13T07:30:00+02:00\",\"endDate\":\"2026-09-13T11:00:00+02:00\",\"location\":{\"@type\":\"Place\",\"name\":\"Birkelt Larochette\",\"description\":\"\",\"url\":\"https:\/\/www.bikers.be\/locatie\/birkelt-larochette\/\",\"address\":{\"@type\":\"PostalAddress\",\"streetAddress\":\"Plateau Birkelt\",\"addressLocality\":\"Larochette\",\"postalCode\":\"7633\",\"addressCountry\":\"Luxembourg\"},\"telephone\":\"\",\"sameAs\":\"https:\/\/randonnee.vc-filano.lu\/\"},\"performer\":\"Organization\"}]\r\n<\/script>\n\t\t<script data-js=\"tribe-events-view-data\" type=\"application\/json\">\n\t{\"slug\":\"list\",\"prev_url\":\"https:\\\/\\\/www.bikers.be\\\/nl\\\/evenement\\\/lijst\\\/?rest_route=%2Fwp%2Fv2%2Fpages%2F1692&shortcode=b5e78f03&eventDisplay=past\",\"next_url\":\"https:\\\/\\\/www.bikers.be\\\/nl\\\/evenement\\\/lijst\\\/pagina\\\/2\\\/?shortcode=b5e78f03\",\"view_class\":\"Tribe\\\\Events\\\\Views\\\\V2\\\\Views\\\\List_View\",\"view_slug\":\"list\",\"view_label\":\"Lijst\",\"title\":\"Evenementen van 5 september \\u2013 13 september | O2Bikers\",\"events\":[10002285,10002284,10002295,10002297,10002336,10002291,10002292,10002280,10002293,10002304,10002307,10002305,10002306,10002255,10002260,10001797,10001793,10002096,10002298,10002335,10002308,10001792,10002121,10002122,10002232,10002233,10002259,10001971,10002277,10002319,10002320,10002346,10002325,10001791,10002154,10002328,10002321,10001790,10002155,10002327],\"url\":\"https:\\\/\\\/www.bikers.be\\\/nl\\\/evenement\\\/lijst\\\/?shortcode=b5e78f03\",\"url_event_date\":false,\"bar\":{\"keyword\":\"\",\"date\":\"\"},\"today\":\"2026-09-05 00:00:00\",\"now\":\"2026-09-05 10:24:52\",\"home_url\":\"https:\\\/\\\/www.bikers.be\\\/nl\\\/\",\"rest_url\":\"https:\\\/\\\/www.bikers.be\\\/nl\\\/wp-json\\\/tribe\\\/views\\\/v2\\\/html\",\"rest_method\":\"GET\",\"rest_nonce\":\"\",\"should_manage_url\":false,\"today_url\":\"https:\\\/\\\/www.bikers.be\\\/nl\\\/evenement\\\/lijst\\\/?rest_route=%2Fwp%2Fv2%2Fpages%2F1692&shortcode=b5e78f03\",\"today_title\":\"Klik om de datum van vandaag te selecteren\",\"today_label\":\"Vandaag\",\"prev_label\":\"\",\"next_label\":\"\",\"date_formats\":{\"compact\":\"j\\\/n\\\/Y\",\"month_and_year_compact\":\"n\\\/Y\",\"month_and_year\":\"F Y\",\"time_range_separator\":\" - \",\"date_time_separator\":\" | \"},\"messages\":[],\"start_of_week\":\"1\",\"header_title\":\"\",\"header_title_element\":\"h1\",\"content_title\":\"\",\"show_content_title\":false,\"breadcrumbs\":[],\"backlink\":false,\"before_events\":\"\",\"after_events\":\"\",\"display_events_bar\":true,\"disable_event_search\":false,\"live_refresh\":true,\"ical\":{\"display_link\":true,\"link\":{\"url\":\"https:\\\/\\\/www.bikers.be\\\/nl\\\/evenement\\\/lijst\\\/?shortcode=b5e78f03&#038;ical=1\",\"text\":\"Export Evenementen\",\"title\":\"Gebruik dit om de kalender te kunnen delen met Google Calendar, Apple iCal en andere compatibele apps\"}},\"container_classes\":[\"tribe-common\",\"tribe-events\",\"tribe-events-view\",\"tribe-events-view--list\",\"tribe-events--has-filter-bar\",\"tribe-events--filter-bar-vertical\",\"alignwide\",\"tribe-events-view--shortcode\",\"tribe-events-view--shortcode-b5e78f03\"],\"container_data\":{\"shortcode\":\"b5e78f03\"},\"is_past\":false,\"breakpoints\":{\"xsmall\":500,\"medium\":768,\"full\":960},\"breakpoint_pointer\":\"04c726ae-d9ae-492d-bfe5-26110f64efd8\",\"is_initial_load\":false,\"public_views\":{\"list\":{\"view_class\":\"Tribe\\\\Events\\\\Views\\\\V2\\\\Views\\\\List_View\",\"view_url\":\"https:\\\/\\\/www.bikers.be\\\/nl\\\/evenement\\\/lijst\\\/?shortcode=b5e78f03\",\"view_label\":\"Lijst\",\"aria_label\":\"Toon Evenementen in Lijst Bekijk\"},\"month\":{\"view_class\":\"Tribe\\\\Events\\\\Views\\\\V2\\\\Views\\\\Month_View\",\"view_url\":\"https:\\\/\\\/www.bikers.be\\\/nl\\\/evenement\\\/maand\\\/?shortcode=b5e78f03\",\"view_label\":\"Maand\",\"aria_label\":\"Toon Evenementen in Maand Bekijk\"},\"photo\":{\"view_class\":\"Tribe\\\\Events\\\\Pro\\\\Views\\\\V2\\\\Views\\\\Photo_View\",\"view_url\":\"https:\\\/\\\/www.bikers.be\\\/nl\\\/evenement\\\/foto\\\/?shortcode=b5e78f03\",\"view_label\":\"Foto\",\"aria_label\":\"Toon Evenementen in Foto Bekijk\"}},\"show_latest_past\":true,\"past\":false,\"show_now\":true,\"now_label\":\"Nu\",\"now_label_mobile\":\"Nu\",\"show_end\":true,\"selected_start_datetime\":\"2026-09-05\",\"selected_start_date_mobile\":\"5\\\/9\\\/2026\",\"selected_start_date_label\":\"5 september\",\"selected_end_datetime\":\"2026-09-13\",\"selected_end_date_mobile\":\"13\\\/9\\\/2026\",\"selected_end_date_label\":\"13 september\",\"datepicker_date\":\"5\\\/9\\\/2026\",\"subscribe_links\":{\"gcal\":{\"label\":\"Google Calendar\",\"single_label\":\"Toevoegen aan Google Calendar\",\"visible\":true,\"block_slug\":\"hasGoogleCalendar\"},\"ical\":{\"label\":\"iCalendar\",\"single_label\":\"Toevoegen aan iCalendar\",\"visible\":true,\"block_slug\":\"hasiCal\"},\"outlook-365\":{\"label\":\"Outlook 365\",\"single_label\":\"Outlook 365\",\"visible\":true,\"block_slug\":\"hasOutlook365\"},\"outlook-live\":{\"label\":\"Outlook Live\",\"single_label\":\"Outlook Live\",\"visible\":true,\"block_slug\":\"hasOutlookLive\"},\"ics\":{\"label\":\".ics bestand exporteren\",\"single_label\":\".ics bestand exporteren\",\"visible\":true,\"block_slug\":null},\"outlook-ics\":{\"label\":\"Outlook .ics bestand exporteren\",\"single_label\":\"Outlook .ics bestand exporteren\",\"visible\":true,\"block_slug\":null}},\"layout\":\"vertical\",\"filterbar_state\":\"open\",\"filters\":[{\"filter_object\":{\"type\":\"select\",\"name\":\"Type evenement\",\"slug\":\"filterbar_category\",\"priority\":1,\"values\":[{\"name\":\"eMTB Race\",\"depth\":0,\"value\":57,\"data\":{\"slug\":\"emtb-race\"},\"class\":\"tribe-parent-cat tribe-events-category-emtb-race\"},{\"name\":\"Grind\",\"depth\":0,\"value\":61,\"data\":{\"slug\":\"grind\"},\"class\":\"tribe-parent-cat tribe-events-category-grind\"},{\"name\":\"Mountainbiken\",\"depth\":0,\"value\":67,\"data\":{\"slug\":\"mountainbiken\"},\"class\":\"tribe-parent-cat tribe-events-category-mountainbiken\"},{\"name\":\"nachtelijk\",\"depth\":0,\"value\":64,\"data\":{\"slug\":\"nachtelijk\"},\"class\":\"tribe-parent-cat tribe-events-category-nachtelijk\"},{\"name\":\"Proef\",\"depth\":0,\"value\":72,\"data\":{\"slug\":\"proef\"},\"class\":\"tribe-parent-cat tribe-events-category-proef\"},{\"name\":\"Strandloop\",\"depth\":0,\"value\":53,\"data\":{\"slug\":\"strandloop\"},\"class\":\"tribe-parent-cat tribe-events-category-strandloop\"},{\"name\":\"Tests Grind\",\"depth\":0,\"value\":70,\"data\":{\"slug\":\"tests-grind\"},\"class\":\"tribe-parent-cat tribe-events-category-tests-grind\"},{\"name\":\"X-Country\",\"depth\":0,\"value\":73,\"data\":{\"slug\":\"x-country\"},\"class\":\"tribe-parent-cat tribe-events-category-x-country\"}],\"free\":null,\"currentValue\":[],\"isActiveFilter\":true,\"queryArgs\":[],\"joinClause\":\"\",\"whereClause\":\"\",\"stack_managed\":false},\"label\":\"Type evenement\",\"selections_count\":\"\",\"selections\":\"\",\"toggle_id\":\"filterbar_category-toggle-04c726ae-d9ae-492d-bfe5-26110f64efd8\",\"container_id\":\"filterbar_category-container-04c726ae-d9ae-492d-bfe5-26110f64efd8\",\"pill_toggle_id\":\"filterbar_category-pill-toggle-04c726ae-d9ae-492d-bfe5-26110f64efd8\",\"is_open\":false,\"name\":\"tribe_eventcategory[]\",\"fields\":[{\"type\":\"dropdown\",\"value\":\"\",\"id\":\"tribe-events-filterbar-c8cad2dc-filterbar_category\",\"name\":\"tribe_eventcategory[]\",\"options\":[{\"text\":\"eMTB Race\",\"id\":\"57\",\"value\":57},{\"text\":\"Grind\",\"id\":\"61\",\"value\":61},{\"text\":\"Mountainbiken\",\"id\":\"67\",\"value\":67},{\"text\":\"nachtelijk\",\"id\":\"64\",\"value\":64},{\"text\":\"Proef\",\"id\":\"72\",\"value\":72},{\"text\":\"Strandloop\",\"id\":\"53\",\"value\":53},{\"text\":\"Tests Grind\",\"id\":\"70\",\"value\":70},{\"text\":\"X-Country\",\"id\":\"73\",\"value\":73}]}],\"type\":\"dropdown\"},{\"filter_object\":{\"type\":\"select\",\"name\":\"Provincie\",\"slug\":\"filterbar_state_province\",\"priority\":2,\"values\":[{\"name\":59310,\"value\":\"8803\"},{\"name\":\"Antwerpen\",\"value\":\"1643-8608-8755-8921-9400-9708-9889-9923-9930\"},{\"name\":\"Anvers\",\"value\":\"7039-7096-7156\"},{\"name\":\"Brabant Wallon\",\"value\":\"1922-7065-8573-9214-9270\"},{\"name\":\"Brabant flamand\",\"value\":\"9694\"},{\"name\":\"Flandre Occidentale\",\"value\":\"7020\"},{\"name\":\"Flandre occidentale\",\"value\":\"8446-9700-9704-9775\"},{\"name\":\"Flandre orientale\",\"value\":\"9779\"},{\"name\":\"France\",\"value\":\"7045-7131\"},{\"name\":\"Hainaut\",\"value\":\"6829-1646-7090-7104-7122-7128-8196-8200-8228-8279-8660-8812-8837-9152-9184-9207-9242-9378-9413-9426-9432-9448-9474-9511-9627-9661-9679-9797-9903-9980-9990\"},{\"name\":\"Limbourg\",\"value\":\"6850-7136-7144\"},{\"name\":\"Limburg\",\"value\":\"8311-9369-9907-9913-9933\"},{\"name\":\"Li\\u00e8ge\",\"value\":\"5019-7017-7025-7028-7042-7053-7059-7062-7078-7081-7101-7107-7141-7207-8191-8715-8719-8833-9436-9672-9720-9853-9917-9956-9986\"},{\"name\":\"Luxembourg\",\"value\":\"6812-6840-7048-7056-7071-7087-7093-7110-7119-7326-7361-8474-8568-8627-8664-8682-8746-8851-8915-9218-9246-9341-9344-9355-9456-9665-9675-9766-9772\"},{\"name\":\"Moselle\",\"value\":\"9444\"},{\"name\":\"Namur\",\"value\":\"6804-6808-6817-1045-7031-7036-7068-7084-7113-7116-7125-7267-7279-7282-8161-8300-8373-8433-8593-8708-8866-8978-9314-9318-9623-9690-9857-9880\"},{\"name\":\"Oost Vlaanderen\",\"value\":\"7312-8246-8274-8987-9063-9266-9273-9406-9417-9488-9949\"},{\"name\":\"Vlaams Brabant\",\"value\":\"6848-8419-9337-9460-9471-9538-9876-9927\"},{\"name\":\"West-Vlaanderen\",\"value\":\"9260-9358-9453-9468-9668-9952\"}],\"free\":null,\"currentValue\":[],\"isActiveFilter\":true,\"queryArgs\":[],\"joinClause\":\"\",\"whereClause\":\"\",\"searched_meta\":[\"_VenueState\",\"_VenueStateProvince\"],\"relation_meta\":\"_EventVenueID\",\"join_name\":\"state_filter\",\"stack_managed\":false},\"label\":\"Provincie\",\"selections_count\":\"\",\"selections\":\"\",\"toggle_id\":\"filterbar_state_province-toggle-04c726ae-d9ae-492d-bfe5-26110f64efd8\",\"container_id\":\"filterbar_state_province-container-04c726ae-d9ae-492d-bfe5-26110f64efd8\",\"pill_toggle_id\":\"filterbar_state_province-pill-toggle-04c726ae-d9ae-492d-bfe5-26110f64efd8\",\"is_open\":false,\"name\":\"tribe_state[]\",\"fields\":[{\"type\":\"dropdown\",\"value\":\"\",\"id\":\"tribe-events-filterbar-9f7c273d-filterbar_state_province\",\"name\":\"tribe_state[]\",\"options\":[{\"text\":59310,\"id\":\"8803\",\"value\":\"8803\"},{\"text\":\"Antwerpen\",\"id\":\"1643-8608-8755-8921-9400-9708-9889-9923-9930\",\"value\":\"1643-8608-8755-8921-9400-9708-9889-9923-9930\"},{\"text\":\"Anvers\",\"id\":\"7039-7096-7156\",\"value\":\"7039-7096-7156\"},{\"text\":\"Brabant Wallon\",\"id\":\"1922-7065-8573-9214-9270\",\"value\":\"1922-7065-8573-9214-9270\"},{\"text\":\"Brabant flamand\",\"id\":\"9694\",\"value\":\"9694\"},{\"text\":\"Flandre Occidentale\",\"id\":\"7020\",\"value\":\"7020\"},{\"text\":\"Flandre occidentale\",\"id\":\"8446-9700-9704-9775\",\"value\":\"8446-9700-9704-9775\"},{\"text\":\"Flandre orientale\",\"id\":\"9779\",\"value\":\"9779\"},{\"text\":\"France\",\"id\":\"7045-7131\",\"value\":\"7045-7131\"},{\"text\":\"Hainaut\",\"id\":\"6829-1646-7090-7104-7122-7128-8196-8200-8228-8279-8660-8812-8837-9152-9184-9207-9242-9378-9413-9426-9432-9448-9474-9511-9627-9661-9679-9797-9903-9980-9990\",\"value\":\"6829-1646-7090-7104-7122-7128-8196-8200-8228-8279-8660-8812-8837-9152-9184-9207-9242-9378-9413-9426-9432-9448-9474-9511-9627-9661-9679-9797-9903-9980-9990\"},{\"text\":\"Limbourg\",\"id\":\"6850-7136-7144\",\"value\":\"6850-7136-7144\"},{\"text\":\"Limburg\",\"id\":\"8311-9369-9907-9913-9933\",\"value\":\"8311-9369-9907-9913-9933\"},{\"text\":\"Li\\u00e8ge\",\"id\":\"5019-7017-7025-7028-7042-7053-7059-7062-7078-7081-7101-7107-7141-7207-8191-8715-8719-8833-9436-9672-9720-9853-9917-9956-9986\",\"value\":\"5019-7017-7025-7028-7042-7053-7059-7062-7078-7081-7101-7107-7141-7207-8191-8715-8719-8833-9436-9672-9720-9853-9917-9956-9986\"},{\"text\":\"Luxembourg\",\"id\":\"6812-6840-7048-7056-7071-7087-7093-7110-7119-7326-7361-8474-8568-8627-8664-8682-8746-8851-8915-9218-9246-9341-9344-9355-9456-9665-9675-9766-9772\",\"value\":\"6812-6840-7048-7056-7071-7087-7093-7110-7119-7326-7361-8474-8568-8627-8664-8682-8746-8851-8915-9218-9246-9341-9344-9355-9456-9665-9675-9766-9772\"},{\"text\":\"Moselle\",\"id\":\"9444\",\"value\":\"9444\"},{\"text\":\"Namur\",\"id\":\"6804-6808-6817-1045-7031-7036-7068-7084-7113-7116-7125-7267-7279-7282-8161-8300-8373-8433-8593-8708-8866-8978-9314-9318-9623-9690-9857-9880\",\"value\":\"6804-6808-6817-1045-7031-7036-7068-7084-7113-7116-7125-7267-7279-7282-8161-8300-8373-8433-8593-8708-8866-8978-9314-9318-9623-9690-9857-9880\"},{\"text\":\"Oost Vlaanderen\",\"id\":\"7312-8246-8274-8987-9063-9266-9273-9406-9417-9488-9949\",\"value\":\"7312-8246-8274-8987-9063-9266-9273-9406-9417-9488-9949\"},{\"text\":\"Vlaams Brabant\",\"id\":\"6848-8419-9337-9460-9471-9538-9876-9927\",\"value\":\"6848-8419-9337-9460-9471-9538-9876-9927\"},{\"text\":\"West-Vlaanderen\",\"id\":\"9260-9358-9453-9468-9668-9952\",\"value\":\"9260-9358-9453-9468-9668-9952\"}]}],\"type\":\"dropdown\"},{\"filter_object\":{\"type\":\"date\",\"name\":\"Datum\",\"slug\":\"filterbar_date_from\",\"priority\":3,\"values\":[{\"value\":\"\"}],\"free\":null,\"currentValue\":null,\"isActiveFilter\":true,\"queryArgs\":[],\"joinClause\":\"\",\"whereClause\":\"\",\"stack_managed\":false},\"label\":\"Datum\",\"selections_count\":\"\",\"selections\":\"\",\"toggle_id\":\"filterbar_date_from-toggle-04c726ae-d9ae-492d-bfe5-26110f64efd8\",\"container_id\":\"filterbar_date_from-container-04c726ae-d9ae-492d-bfe5-26110f64efd8\",\"pill_toggle_id\":\"filterbar_date_from-pill-toggle-04c726ae-d9ae-492d-bfe5-26110f64efd8\",\"is_open\":false,\"name\":\"tribe_datefrom\",\"fields\":[{\"type\":\"date\",\"label\":\"Datum\",\"value\":null,\"id\":\"tribe-events-filterbar-502fa490-filterbar_date_from\",\"name\":\"tribe_datefrom\"}],\"type\":\"date\"}],\"selected_filters\":[],\"mobile_initial_state_control\":true,\"display_recurring_toggle\":false,\"_context\":{\"slug\":\"list\",\"should_manage_url\":false},\"text\":\"Aan het laden...\",\"classes\":[\"tribe-common-c-loader__dot\",\"tribe-common-c-loader__dot--third\"]}<\/script>\n\n\t\t\n\t\t\n<header  class=\"tribe-events-header tribe-events-header--has-event-search\" >\n\t<div class=\"tribe-events-header__content-title\">\n\t<h1 class=\"screen-reader-text tec-a11y-title-hidden\">Evenementen<\/h1><\/div>\n\n\t\n\t\n\t<div\n\t class=\"tribe-events-header__events-bar tribe-events-c-events-bar tribe-events-c-events-bar--border\" \tdata-js=\"tribe-events-events-bar\"\n>\n\n\t<h2 class=\"tribe-common-a11y-visual-hide\">\n\t\tEvenementen Zoeken en weergeven navigatie\t<\/h2>\n\n\t\t\t<button\n\tclass=\"tribe-events-c-events-bar__search-button\"\n\taria-controls=\"tribe-events-search-container\"\n\taria-expanded=\"false\"\n\tdata-js=\"tribe-events-search-button\"\n>\n\t<svg\n\t class=\"tribe-common-c-svgicon tribe-common-c-svgicon--search tribe-events-c-events-bar__search-button-icon-svg\" \taria-hidden=\"true\"\n\tviewBox=\"0 0 16 16\"\n\txmlns=\"http:\/\/www.w3.org\/2000\/svg\"\n>\n\t<path fill-rule=\"evenodd\" clip-rule=\"evenodd\" d=\"M11.164 10.133L16 14.97 14.969 16l-4.836-4.836a6.225 6.225 0 01-3.875 1.352 6.24 6.24 0 01-4.427-1.832A6.272 6.272 0 010 6.258 6.24 6.24 0 011.831 1.83 6.272 6.272 0 016.258 0c1.67 0 3.235.658 4.426 1.831a6.272 6.272 0 011.832 4.427c0 1.422-.48 2.773-1.352 3.875zM6.258 1.458c-1.28 0-2.49.498-3.396 1.404-1.866 1.867-1.866 4.925 0 6.791a4.774 4.774 0 003.396 1.405c1.28 0 2.489-.498 3.395-1.405 1.867-1.866 1.867-4.924 0-6.79a4.774 4.774 0 00-3.395-1.405z\"\/>\n<\/svg>\n\t<span class=\"tribe-events-c-events-bar__search-button-text tribe-common-a11y-visual-hide\">\n\t\tZoeken\t<\/span>\n<\/button>\n\n\t\t<div\n\t\t\tclass=\"tribe-events-c-events-bar__search-container\"\n\t\t\tid=\"tribe-events-search-container\"\n\t\t\tdata-js=\"tribe-events-search-container\"\n\t\t>\n\t\t\t<div\n\tclass=\"tribe-events-c-events-bar__search\"\n\tid=\"tribe-events-events-bar-search\"\n\tdata-js=\"tribe-events-events-bar-search\"\n>\n\t<form\n\t\tclass=\"tribe-events-c-search tribe-events-c-events-bar__search-form\"\n\t\tmethod=\"get\"\n\t\tdata-js=\"tribe-events-view-form\"\n\t\trole=\"search\"\n\t>\n\t\t<input type=\"hidden\" name=\"tribe-events-views[url]\" value=\"https:\/\/www.bikers.be\/nl\/evenement\/lijst\/?shortcode=b5e78f03\" \/>\n\n\t\t<div class=\"tribe-events-c-search__input-group\">\n\t\t\t<div\n\tclass=\"tribe-common-form-control-text tribe-events-c-search__input-control tribe-events-c-search__input-control--keyword\"\n\tdata-js=\"tribe-events-events-bar-input-control\"\n>\n\t<label class=\"tribe-common-form-control-text__label\" for=\"tribe-events-events-bar-keyword\">\n\t\tVul een keyword in. Zoek voor Evenementen met keyword.\t<\/label>\n\t<input\n\t\tclass=\"tribe-common-form-control-text__input tribe-events-c-search__input\"\n\t\tdata-js=\"tribe-events-events-bar-input-control-input\"\n\t\ttype=\"text\"\n\t\tid=\"tribe-events-events-bar-keyword\"\n\t\tname=\"tribe-events-views[tribe-bar-search]\"\n\t\tvalue=\"\"\n\t\tplaceholder=\"Zoeken naar evenementen\"\n\t\taria-label=\"Vul een keyword in. Zoek voor evenementen met keyword.\"\n\t\/>\n\t<svg\n\t class=\"tribe-common-c-svgicon tribe-common-c-svgicon--search tribe-events-c-search__input-control-icon-svg\" \taria-hidden=\"true\"\n\tviewBox=\"0 0 16 16\"\n\txmlns=\"http:\/\/www.w3.org\/2000\/svg\"\n>\n\t<path fill-rule=\"evenodd\" clip-rule=\"evenodd\" d=\"M11.164 10.133L16 14.97 14.969 16l-4.836-4.836a6.225 6.225 0 01-3.875 1.352 6.24 6.24 0 01-4.427-1.832A6.272 6.272 0 010 6.258 6.24 6.24 0 011.831 1.83 6.272 6.272 0 016.258 0c1.67 0 3.235.658 4.426 1.831a6.272 6.272 0 011.832 4.427c0 1.422-.48 2.773-1.352 3.875zM6.258 1.458c-1.28 0-2.49.498-3.396 1.404-1.866 1.867-1.866 4.925 0 6.791a4.774 4.774 0 003.396 1.405c1.28 0 2.489-.498 3.395-1.405 1.867-1.866 1.867-4.924 0-6.79a4.774 4.774 0 00-3.395-1.405z\"\/>\n<\/svg>\n<\/div>\n\t\t<\/div>\n\n\t\t<button\n\tclass=\"tribe-common-c-btn tribe-events-c-search__button\"\n\ttype=\"submit\"\n\tname=\"submit-bar\"\n>\n\tZoek naar Evenementen<\/button>\n\t<\/form>\n<\/div>\n\t\t<\/div>\n\t\n\t<div class=\"tribe-events-c-events-bar__filter-button-container\">\n\t<button\n\t\t class=\"tribe-events-c-events-bar__filter-button tribe-events-c-events-bar__filter-button--active\" \t\taria-controls=\"tribe-filter-bar--04c726ae-d9ae-492d-bfe5-26110f64efd8\"\n\t\taria-expanded=\"true\"\n\t\tdata-js=\"tribe-events-filter-button\"\n\t>\n\t\t<svg aria-hidden=\"true\"  class=\"tribe-events-c-events-bar__filter-button-icon tribe-common-c-svgicon tribe-common-c-svgicon--filter\"  viewBox=\"0 0 18 18\" xmlns=\"http:\/\/www.w3.org\/2000\/svg\"><path fill-rule=\"evenodd\" clip-rule=\"evenodd\" d=\"M4.44 1a.775.775 0 10-1.55 0v1.89H1a.775.775 0 000 1.55h1.89v1.893a.775.775 0 001.55 0V4.44H17a.775.775 0 000-1.55H4.44V1zM.224 14.332c0-.428.347-.775.775-.775h12.56v-1.893a.775.775 0 011.55 0v1.893h1.89a.775.775 0 010 1.55h-1.89v1.89a.775.775 0 01-1.55 0v-1.89H.998a.775.775 0 01-.775-.775z\"\/><\/svg>\n\t\t<span class=\"tribe-events-c-events-bar__filter-button-text tribe-common-b2 tribe-common-a11y-visual-hide\">\n\t\t\tVerberg filters\t\t<\/span>\n\t<\/button>\n<\/div>\n<div class=\"tribe-events-c-events-bar__views\">\n\t<h3 class=\"tribe-common-a11y-visual-hide\">\n\t\tEvenement weergaven navigatie\t<\/h3>\n\t<div  class=\"tribe-events-c-view-selector tribe-events-c-view-selector--labels tribe-events-c-view-selector--tabs\"  data-js=\"tribe-events-view-selector\">\n\t\t<button\n\t\t\tclass=\"tribe-events-c-view-selector__button tribe-common-c-btn__clear\"\n\t\t\tdata-js=\"tribe-events-view-selector-button\"\n\t\t\taria-current=\"true\"\n\t\t\taria-description=\"Kalenderweergave selecteren\"\n\t\t>\n\t\t\t<span class=\"tribe-events-c-view-selector__button-icon\">\n\t\t\t\t<svg\n\t class=\"tribe-common-c-svgicon tribe-common-c-svgicon--list tribe-events-c-view-selector__button-icon-svg\" \taria-hidden=\"true\"\n\tviewBox=\"0 0 19 19\"\n\txmlns=\"http:\/\/www.w3.org\/2000\/svg\"\n>\n\t<path fill-rule=\"evenodd\" clip-rule=\"evenodd\" d=\"M.451.432V17.6c0 .238.163.432.364.432H18.12c.2 0 .364-.194.364-.432V.432c0-.239-.163-.432-.364-.432H.815c-.2 0-.364.193-.364.432zm.993.81h16.024V3.56H1.444V1.24zM17.468 3.56H1.444v13.227h16.024V3.56z\" class=\"tribe-common-c-svgicon__svg-fill\"\/>\n\t<g clip-path=\"url(#tribe-events-c-view-selector__button-icon-svg-0)\" class=\"tribe-common-c-svgicon__svg-fill\">\n\t\t<path fill-rule=\"evenodd\" clip-rule=\"evenodd\" d=\"M11.831 4.912v1.825c0 .504.409.913.913.913h1.825a.913.913 0 00.912-.913V4.912A.913.913 0 0014.57 4h-1.825a.912.912 0 00-.913.912z\"\/>\n\t\t<path d=\"M8.028 7.66a.449.449 0 00.446-.448v-.364c0-.246-.2-.448-.446-.448h-4.13a.449.449 0 00-.447.448v.364c0 .246.201.448.447.448h4.13zM9.797 5.26a.449.449 0 00.447-.448v-.364c0-.246-.201-.448-.447-.448h-5.9a.449.449 0 00-.446.448v.364c0 .246.201.448.447.448h5.9z\"\/>\n\t<\/g>\n\t<g clip-path=\"url(#tribe-events-c-view-selector__button-icon-svg-1)\" class=\"tribe-common-c-svgicon__svg-fill\">\n\t\t\t<path fill-rule=\"evenodd\" clip-rule=\"evenodd\" d=\"M11.831 10.912v1.825c0 .505.409.913.913.913h1.825a.913.913 0 00.912-.912v-1.825A.913.913 0 0014.57 10h-1.825a.912.912 0 00-.913.912z\"\/>\n\t\t<path d=\"M8.028 13.66a.449.449 0 00.446-.448v-.364c0-.246-.2-.448-.446-.448h-4.13a.449.449 0 00-.447.448v.364c0 .246.201.448.447.448h4.13zM9.797 11.26a.449.449 0 00.447-.448v-.364c0-.246-.201-.448-.447-.448h-5.9a.449.449 0 00-.446.448v.364c0 .246.201.448.447.448h5.9z\"\/>\n\t<\/g>\n\t<defs>\n\t\t<clipPath id=\"tribe-events-c-view-selector__button-icon-svg-0\">\n\t\t\t<path transform=\"translate(3.451 4)\" d=\"M0 0h13v4H0z\"\/>\n\t\t<\/clipPath>\n\t\t<clipPath id=\"tribe-events-c-view-selector__button-icon-svg-1\">\n\t\t\t<path transform=\"translate(3.451 10)\" d=\"M0 0h13v4H0z\"\/>\n\t\t<\/clipPath>\n\t<\/defs>\n<\/svg>\n\t\t\t<\/span>\n\t\t\t<span class=\"tribe-events-c-view-selector__button-text tribe-common-a11y-visual-hide\">\n\t\t\t\tLijst\t\t\t<\/span>\n\t\t\t<svg\n\t class=\"tribe-common-c-svgicon tribe-common-c-svgicon--caret-down tribe-events-c-view-selector__button-icon-caret-svg\" \taria-hidden=\"true\"\n\tviewBox=\"0 0 10 7\"\n\txmlns=\"http:\/\/www.w3.org\/2000\/svg\"\n>\n\t<path fill-rule=\"evenodd\" clip-rule=\"evenodd\" d=\"M1.008.609L5 4.6 8.992.61l.958.958L5 6.517.05 1.566l.958-.958z\" class=\"tribe-common-c-svgicon__svg-fill\"\/>\n<\/svg>\n\t\t<\/button>\n\t\t<div\n\tclass=\"tribe-events-c-view-selector__content\"\n\tid=\"tribe-events-view-selector-content\"\n\tdata-js=\"tribe-events-view-selector-list-container\"\n>\n\t<ul class=\"tribe-events-c-view-selector__list\">\n\t\t\t\t\t<li\n\t class=\"tribe-events-c-view-selector__list-item tribe-events-c-view-selector__list-item--list tribe-events-c-view-selector__list-item--active\" >\n\t<a\n\t\thref=\"https:\/\/www.bikers.be\/nl\/evenement\/lijst\/?shortcode=b5e78f03\"\n\t\tclass=\"tribe-events-c-view-selector__list-item-link\"\n\t\tdata-js=\"tribe-events-view-link\"\n\t\taria-label=\"Toon Evenementen in Lijst Bekijk\"\n\t\t\t\taria-current=\"true\"\n\t\t\t>\n\t\t<span class=\"tribe-events-c-view-selector__list-item-icon\">\n\t\t\t<svg\n\t class=\"tribe-common-c-svgicon tribe-common-c-svgicon--list tribe-events-c-view-selector__list-item-icon-svg\" \taria-hidden=\"true\"\n\tviewBox=\"0 0 19 19\"\n\txmlns=\"http:\/\/www.w3.org\/2000\/svg\"\n>\n\t<path fill-rule=\"evenodd\" clip-rule=\"evenodd\" d=\"M.451.432V17.6c0 .238.163.432.364.432H18.12c.2 0 .364-.194.364-.432V.432c0-.239-.163-.432-.364-.432H.815c-.2 0-.364.193-.364.432zm.993.81h16.024V3.56H1.444V1.24zM17.468 3.56H1.444v13.227h16.024V3.56z\" class=\"tribe-common-c-svgicon__svg-fill\"\/>\n\t<g clip-path=\"url(#tribe-events-c-view-selector__list-item-icon-svg-0)\" class=\"tribe-common-c-svgicon__svg-fill\">\n\t\t<path fill-rule=\"evenodd\" clip-rule=\"evenodd\" d=\"M11.831 4.912v1.825c0 .504.409.913.913.913h1.825a.913.913 0 00.912-.913V4.912A.913.913 0 0014.57 4h-1.825a.912.912 0 00-.913.912z\"\/>\n\t\t<path d=\"M8.028 7.66a.449.449 0 00.446-.448v-.364c0-.246-.2-.448-.446-.448h-4.13a.449.449 0 00-.447.448v.364c0 .246.201.448.447.448h4.13zM9.797 5.26a.449.449 0 00.447-.448v-.364c0-.246-.201-.448-.447-.448h-5.9a.449.449 0 00-.446.448v.364c0 .246.201.448.447.448h5.9z\"\/>\n\t<\/g>\n\t<g clip-path=\"url(#tribe-events-c-view-selector__list-item-icon-svg-1)\" class=\"tribe-common-c-svgicon__svg-fill\">\n\t\t\t<path fill-rule=\"evenodd\" clip-rule=\"evenodd\" d=\"M11.831 10.912v1.825c0 .505.409.913.913.913h1.825a.913.913 0 00.912-.912v-1.825A.913.913 0 0014.57 10h-1.825a.912.912 0 00-.913.912z\"\/>\n\t\t<path d=\"M8.028 13.66a.449.449 0 00.446-.448v-.364c0-.246-.2-.448-.446-.448h-4.13a.449.449 0 00-.447.448v.364c0 .246.201.448.447.448h4.13zM9.797 11.26a.449.449 0 00.447-.448v-.364c0-.246-.201-.448-.447-.448h-5.9a.449.449 0 00-.446.448v.364c0 .246.201.448.447.448h5.9z\"\/>\n\t<\/g>\n\t<defs>\n\t\t<clipPath id=\"tribe-events-c-view-selector__list-item-icon-svg-0\">\n\t\t\t<path transform=\"translate(3.451 4)\" d=\"M0 0h13v4H0z\"\/>\n\t\t<\/clipPath>\n\t\t<clipPath id=\"tribe-events-c-view-selector__list-item-icon-svg-1\">\n\t\t\t<path transform=\"translate(3.451 10)\" d=\"M0 0h13v4H0z\"\/>\n\t\t<\/clipPath>\n\t<\/defs>\n<\/svg>\n\t\t<\/span>\n\t\t<span class=\"tribe-events-c-view-selector__list-item-text\">\n\t\t\tLijst\t\t<\/span>\n\t<\/a>\n<\/li>\n\t\t\t\t\t<li\n\t class=\"tribe-events-c-view-selector__list-item tribe-events-c-view-selector__list-item--month\" >\n\t<a\n\t\thref=\"https:\/\/www.bikers.be\/nl\/evenement\/maand\/?shortcode=b5e78f03\"\n\t\tclass=\"tribe-events-c-view-selector__list-item-link\"\n\t\tdata-js=\"tribe-events-view-link\"\n\t\taria-label=\"Toon Evenementen in Maand Bekijk\"\n\t\t\t>\n\t\t<span class=\"tribe-events-c-view-selector__list-item-icon\">\n\t\t\t<svg\n\t class=\"tribe-common-c-svgicon tribe-common-c-svgicon--month tribe-events-c-view-selector__list-item-icon-svg\" \taria-hidden=\"true\"\n\tviewBox=\"0 0 18 19\"\n\txmlns=\"http:\/\/www.w3.org\/2000\/svg\"\n>\n\t<path fill-rule=\"evenodd\" clip-rule=\"evenodd\" d=\"M0 .991v17.04c0 .236.162.428.361.428h17.175c.2 0 .361-.192.361-.429V.991c0-.237-.162-.428-.361-.428H.36C.161.563 0 .754 0 .99zm.985.803H16.89v2.301H.985v-2.3zM16.89 5.223H.985v12H16.89v-12zM6.31 7.366v.857c0 .237.192.429.429.429h.857a.429.429 0 00.428-.429v-.857a.429.429 0 00-.428-.429H6.74a.429.429 0 00-.429.429zm3.429.857v-.857c0-.237.191-.429.428-.429h.857c.237 0 .429.192.429.429v.857a.429.429 0 01-.429.429h-.857a.429.429 0 01-.428-.429zm3.428-.857v.857c0 .237.192.429.429.429h.857a.429.429 0 00.428-.429v-.857a.429.429 0 00-.428-.429h-.857a.429.429 0 00-.429.429zm-6.857 4.286v-.858c0-.236.192-.428.429-.428h.857c.236 0 .428.192.428.428v.858a.429.429 0 01-.428.428H6.74a.429.429 0 01-.429-.428zm3.429-.858v.858c0 .236.191.428.428.428h.857a.429.429 0 00.429-.428v-.858a.429.429 0 00-.429-.428h-.857a.428.428 0 00-.428.428zm3.428.858v-.858c0-.236.192-.428.429-.428h.857c.236 0 .428.192.428.428v.858a.429.429 0 01-.428.428h-.857a.429.429 0 01-.429-.428zm-10.286-.858v.858c0 .236.192.428.429.428h.857a.429.429 0 00.429-.428v-.858a.429.429 0 00-.429-.428h-.857a.429.429 0 00-.429.428zm0 4.286v-.857c0-.237.192-.429.429-.429h.857c.237 0 .429.192.429.429v.857a.429.429 0 01-.429.429h-.857a.429.429 0 01-.429-.429zm3.429-.857v.857c0 .237.192.429.429.429h.857a.429.429 0 00.428-.429v-.857a.429.429 0 00-.428-.429H6.74a.429.429 0 00-.429.429zm3.429.857v-.857c0-.237.191-.429.428-.429h.857c.237 0 .429.192.429.429v.857a.429.429 0 01-.429.429h-.857a.429.429 0 01-.428-.429z\" class=\"tribe-common-c-svgicon__svg-fill\"\/>\n<\/svg>\n\t\t<\/span>\n\t\t<span class=\"tribe-events-c-view-selector__list-item-text\">\n\t\t\tMaand\t\t<\/span>\n\t<\/a>\n<\/li>\n\t\t\t\t\t<li\n\t class=\"tribe-events-c-view-selector__list-item tribe-events-c-view-selector__list-item--photo\" >\n\t<a\n\t\thref=\"https:\/\/www.bikers.be\/nl\/evenement\/foto\/?shortcode=b5e78f03\"\n\t\tclass=\"tribe-events-c-view-selector__list-item-link\"\n\t\tdata-js=\"tribe-events-view-link\"\n\t\taria-label=\"Toon Evenementen in Foto Bekijk\"\n\t\t\t>\n\t\t<span class=\"tribe-events-c-view-selector__list-item-icon\">\n\t\t\t<svg\n\t class=\"tribe-common-c-svgicon tribe-common-c-svgicon--photo tribe-events-c-view-selector__list-item-icon-svg\" \taria-hidden=\"true\"\n\tviewBox=\"0 0 19 18\"\n\txmlns=\"http:\/\/www.w3.org\/2000\/svg\"\n>\n\t<path fill-rule=\"evenodd\" clip-rule=\"evenodd\" d=\"M17.536 0H.539a.484.484 0 00-.495.483v17.034c0 .27.218.483.495.483h16.997a.484.484 0 00.495-.483V.483A.484.484 0 0017.536 0zm-.515.986V13.73l-1.907-2.938c-.555-.58-1.584-.58-2.139 0l-1.327 1.41-3.841-4.31a1.548 1.548 0 00-1.169-.502c-.435 0-.871.193-1.148.522l-4.436 4.929V.986h15.967zM1.054 14.329v2.705h15.987v-1.835l-2.66-3.73c-.178-.175-.495-.175-.653 0l-1.703 1.816c-.1.097-.218.174-.377.155a.569.569 0 01-.376-.174L7.054 8.53a.577.577 0 00-.416-.174.504.504 0 00-.396.174l-5.188 5.798z\" class=\"tribe-common-c-svgicon__svg-fill\"\/><path fill-rule=\"evenodd\" clip-rule=\"evenodd\" d=\"M14.682 5.875c0 1.043-.825 1.875-1.82 1.875-.993 0-1.818-.832-1.818-1.875C11.044 4.83 11.85 4 12.863 4c1.012 0 1.819.831 1.819 1.875zm-.957 0c0-.483-.393-.89-.862-.89s-.863.407-.863.89c0 .483.394.889.863.889s.862-.406.862-.89z\" class=\"tribe-common-c-svgicon__svg-fill\"\/>\n<\/svg>\n\t\t<\/span>\n\t\t<span class=\"tribe-events-c-view-selector__list-item-text\">\n\t\t\tFoto\t\t<\/span>\n\t<\/a>\n<\/li>\n\t\t\t<\/ul>\n<\/div>\n\t<\/div>\n<\/div>\n\n<\/div>\n\n\t<div class=\"tribe-events-c-top-bar tribe-events-header__top-bar\">\n\n\t<nav class=\"tribe-events-c-top-bar__nav tribe-common-a11y-hidden\" aria-label=\"Top evenementen lijst paginering\">\n\t<ul class=\"tribe-events-c-top-bar__nav-list\">\n\t\t<li class=\"tribe-events-c-top-bar__nav-list-item\">\n\t<a\n\t\thref=\"https:\/\/www.bikers.be\/nl\/evenement\/lijst\/?rest_route=%2Fwp%2Fv2%2Fpages%2F1692&#038;shortcode=b5e78f03&#038;eventDisplay=past\"\n\t\tclass=\"tribe-common-c-btn-icon tribe-common-c-btn-icon--caret-left tribe-events-c-top-bar__nav-link tribe-events-c-top-bar__nav-link--prev\"\n\t\taria-label=\"Vorige Evenementen\"\n\t\ttitle=\"Vorige Evenementen\"\n\t\tdata-js=\"tribe-events-view-link\"\n\t>\n\t\t<svg\n\t class=\"tribe-common-c-svgicon tribe-common-c-svgicon--caret-left tribe-common-c-btn-icon__icon-svg tribe-events-c-top-bar__nav-link-icon-svg\" \taria-hidden=\"true\"\n\tviewBox=\"0 0 10 16\"\n\txmlns=\"http:\/\/www.w3.org\/2000\/svg\"\n>\n\t<path d=\"M9.7 14.4l-1.5 1.5L.3 8 8.2.1l1.5 1.5L3.3 8l6.4 6.4z\"\/>\n<\/svg>\n\t<\/a>\n<\/li>\n\n\t\t<li class=\"tribe-events-c-top-bar__nav-list-item\">\n\t<a\n\t\thref=\"https:\/\/www.bikers.be\/nl\/evenement\/lijst\/pagina\/2\/?shortcode=b5e78f03\"\n\t\tclass=\"tribe-common-c-btn-icon tribe-common-c-btn-icon--caret-right tribe-events-c-top-bar__nav-link tribe-events-c-top-bar__nav-link--next\"\n\t\taria-label=\"Volgende Evenementen\"\n\t\ttitle=\"Volgende Evenementen\"\n\t\tdata-js=\"tribe-events-view-link\"\n\t>\n\t\t<svg\n\t class=\"tribe-common-c-svgicon tribe-common-c-svgicon--caret-right tribe-common-c-btn-icon__icon-svg tribe-events-c-top-bar__nav-link-icon-svg\" \taria-hidden=\"true\"\n\tviewBox=\"0 0 10 16\"\n\txmlns=\"http:\/\/www.w3.org\/2000\/svg\"\n>\n\t<path d=\"M.3 1.6L1.8.1 9.7 8l-7.9 7.9-1.5-1.5L6.7 8 .3 1.6z\"\/>\n<\/svg>\n\t<\/a>\n<\/li>\n\t<\/ul>\n<\/nav>\n\n\t<a\n\thref=\"https:\/\/www.bikers.be\/nl\/evenement\/lijst\/?rest_route=%2Fwp%2Fv2%2Fpages%2F1692&#038;shortcode=b5e78f03\"\n\tclass=\"tribe-common-c-btn-border-small tribe-events-c-top-bar__today-button tribe-common-a11y-hidden\"\n\tdata-js=\"tribe-events-view-link\"\n\taria-description=\"Klik om de datum van vandaag te selecteren\"\n>\n\tVandaag<\/a>\n\n\t<div class=\"tribe-events-c-top-bar__datepicker\">\n\t<button\n\t\tclass=\"tribe-common-c-btn__clear tribe-common-h3 tribe-common-h--alt tribe-events-c-top-bar__datepicker-button\"\n\t\tdata-js=\"tribe-events-top-bar-datepicker-button\"\n\t\ttype=\"button\"\n\t\taria-description=\"Klik om de datumkiezer te openen\"\n\t>\n\t\t<time\n\t\t\tdatetime=\"2026-09-05\"\n\t\t\tclass=\"tribe-events-c-top-bar__datepicker-time\"\n\t\t>\n\t\t\t\t\t\t\t<span class=\"tribe-events-c-top-bar__datepicker-mobile\">\n\t\t\t\t\tNu\t\t\t\t<\/span>\n\t\t\t\t<span class=\"tribe-events-c-top-bar__datepicker-desktop tribe-common-a11y-hidden\">\n\t\t\t\t\tNu\t\t\t\t<\/span>\n\t\t\t\t\t<\/time>\n\t\t\t\t\t<span class=\"tribe-events-c-top-bar__datepicker-separator\"> - <\/span>\n\t\t\t<time\n\t\t\t\tdatetime=\"2026-09-13\"\n\t\t\t\tclass=\"tribe-events-c-top-bar__datepicker-time\"\n\t\t\t>\n\t\t\t\t<span class=\"tribe-events-c-top-bar__datepicker-mobile\">\n\t\t\t\t\t13\/9\/2026\t\t\t\t<\/span>\n\t\t\t\t<span class=\"tribe-events-c-top-bar__datepicker-desktop tribe-common-a11y-hidden\">\n\t\t\t\t\t13 september\t\t\t\t<\/span>\n\t\t\t<\/time>\n\t\t\t\t<svg\n\t class=\"tribe-common-c-svgicon tribe-common-c-svgicon--caret-down tribe-events-c-top-bar__datepicker-button-icon-svg\" \taria-hidden=\"true\"\n\tviewBox=\"0 0 10 7\"\n\txmlns=\"http:\/\/www.w3.org\/2000\/svg\"\n>\n\t<path fill-rule=\"evenodd\" clip-rule=\"evenodd\" d=\"M1.008.609L5 4.6 8.992.61l.958.958L5 6.517.05 1.566l.958-.958z\" class=\"tribe-common-c-svgicon__svg-fill\"\/>\n<\/svg>\n\t<\/button>\n\t<label\n\t\tclass=\"tribe-events-c-top-bar__datepicker-label tribe-common-a11y-visual-hide\"\n\t\tfor=\"tribe-events-top-bar-date\"\n\t>\n\t\tSelecteer een datum.\t<\/label>\n\t<input\n\t\ttype=\"text\"\n\t\tclass=\"tribe-events-c-top-bar__datepicker-input tribe-common-a11y-visual-hide\"\n\t\tdata-js=\"tribe-events-top-bar-date\"\n\t\tid=\"tribe-events-top-bar-date\"\n\t\tname=\"tribe-events-views[tribe-bar-date]\"\n\t\tvalue=\"5\/9\/2026\"\n\t\ttabindex=\"-1\"\n\t\tautocomplete=\"off\"\n\t\treadonly=\"readonly\"\n\t\/>\n\t<div class=\"tribe-events-c-top-bar__datepicker-container\" data-js=\"tribe-events-top-bar-datepicker-container\"><\/div>\n\t<template class=\"tribe-events-c-top-bar__datepicker-template-prev-icon\">\n\t\t<svg\n\t class=\"tribe-common-c-svgicon tribe-common-c-svgicon--caret-left tribe-events-c-top-bar__datepicker-nav-icon-svg\" \taria-hidden=\"true\"\n\tviewBox=\"0 0 10 16\"\n\txmlns=\"http:\/\/www.w3.org\/2000\/svg\"\n>\n\t<path d=\"M9.7 14.4l-1.5 1.5L.3 8 8.2.1l1.5 1.5L3.3 8l6.4 6.4z\"\/>\n<\/svg>\n\t<\/template>\n\t<template class=\"tribe-events-c-top-bar__datepicker-template-next-icon\">\n\t\t<svg\n\t class=\"tribe-common-c-svgicon tribe-common-c-svgicon--caret-right tribe-events-c-top-bar__datepicker-nav-icon-svg\" \taria-hidden=\"true\"\n\tviewBox=\"0 0 10 16\"\n\txmlns=\"http:\/\/www.w3.org\/2000\/svg\"\n>\n\t<path d=\"M.3 1.6L1.8.1 9.7 8l-7.9 7.9-1.5-1.5L6.7 8 .3 1.6z\"\/>\n<\/svg>\n\t<\/template>\n<\/div>\n\n\t\n\t<div class=\"tribe-events-c-top-bar__actions tribe-common-a11y-hidden\">\n\t<\/div>\n\n<\/div>\n<\/header>\n\n\t\t<div\n\t class=\"tribe-filter-bar tribe-filter-bar--vertical tribe-filter-bar--open\" \tid=\"tribe-filter-bar--04c726ae-d9ae-492d-bfe5-26110f64efd8\"\n\tdata-js=\"tribe-filter-bar\"\n\tdata-mobile-initial-state-control=\"true\"\n\taria-hidden=\"false\"\n>\n\t<form\n\t\tclass=\"tribe-filter-bar__form\"\n\t\tmethod=\"post\"\n\t\taction=\"\"\n\t\taria-labelledby=\"tribe-filter-bar__form-heading--04c726ae-d9ae-492d-bfe5-26110f64efd8\"\n\t\taria-describedby=\"tribe-filter-bar__form-description--04c726ae-d9ae-492d-bfe5-26110f64efd8\"\n\t>\n\n\t\t<h2\n\t\t\tclass=\"tribe-filter-bar__form-heading tribe-common-h5 tribe-common-h--alt tribe-common-a11y-visual-hide\"\n\t\t\tid=\"tribe-filter-bar__form-heading--04c726ae-d9ae-492d-bfe5-26110f64efd8\"\n\t\t>\n\t\t\tFilters\t\t<\/h2>\n\n\t\t<p\n\t\t\tclass=\"tribe-filter-bar__form-description tribe-common-a11y-visual-hide\"\n\t\t\tid=\"tribe-filter-bar__form-description--04c726ae-d9ae-492d-bfe5-26110f64efd8\"\n\t\t>\n\t\t\tAls u \u00e9\u00e9n van de invoergegevens wijzigt, wordt de lijst met gebeurtenissen vernieuwd met de gefilterde resultaten.\t\t<\/p>\n\n\t\t\n\t\t<div class=\"tribe-filter-bar__actions\">\n\t<button\n\t\tclass=\"tribe-filter-bar__action-done tribe-common-c-btn-border tribe-common-c-btn-border--secondary\"\n\t\tdata-js=\"tribe-filter-bar__action-done\"\n\t\ttype=\"button\"\n\t\taria-controls=\"tribe-filter-bar--04c726ae-d9ae-492d-bfe5-26110f64efd8\"\n\t\taria-expanded=\"true\"\n\t>\n\t\tToon selectie\t<\/button>\n\t<button\n\t class=\"tribe-filter-bar-c-clear-button tribe-common-c-btn-border tribe-common-c-btn-border--alt tribe-filter-bar__action-clear\" \ttype=\"reset\"\n\tdata-js=\"tribe-filter-bar-c-clear-button\"\n>\n\t<svg\n\t class=\"tribe-common-c-svgicon tribe-common-c-svgicon--reset tribe-filter-bar-c-clear-button__reset-icon\" \taria-hidden=\"true\"\n\tviewBox=\"0 0 14 14\"\n\txmlns=\"http:\/\/www.w3.org\/2000\/svg\"\n>\n\t<path d=\"M12.268 7.5a5.633 5.633 0 11-.886-3.033M11.4 1v3.467H7.934\" stroke-width=\"1.5\" stroke-linecap=\"round\" stroke-linejoin=\"round\"\/>\n<\/svg>\n\t<span class=\"tribe-filter-bar-c-clear-button__text\">\n\t\tWis filters\t<\/span>\n<\/button>\n<\/div>\n\n\t\t<div\n\tclass=\"tribe-filter-bar__filters-container\"\n\tdata-js=\"tribe-filter-bar-filters-container\"\n>\n\t<div class=\"tribe-filter-bar__filters\">\n\n\t\t\t\t\t<div  class=\"tribe-filter-bar-c-filter tribe-filter-bar-c-filter--accordion tribe-filter-bar-c-filter--dropdown\" >\n\t<div class=\"tribe-filter-bar-c-filter__toggle-wrapper\">\n\t\t<h3 class=\"tribe-filter-bar-c-filter__toggle-heading\">\n\t\t\t<button\n\t\t\t\tclass=\"tribe-filter-bar-c-filter__toggle tribe-common-b1 tribe-common-b2--min-medium\"\n\t\t\t\tid=\"filterbar_category-toggle-04c726ae-d9ae-492d-bfe5-26110f64efd8\"\n\t\t\t\ttype=\"button\"\n\t\t\t\taria-controls=\"filterbar_category-container-04c726ae-d9ae-492d-bfe5-26110f64efd8\"\n\t\t\t\taria-expanded=\"false\"\n\t\t\t\tdata-js=\"tribe-events-accordion-trigger tribe-filter-bar-c-filter-toggle\"\n\t\t\t>\n\t\t\t<div class=\"tribe-filter-bar-c-filter__toggle-text\">\n\t\t\t\t<span class=\"tribe-filter-bar-c-filter__toggle-label\">Type evenement<\/span><span class=\"tribe-filter-bar-c-filter__toggle-label-colon\">:<\/span>\n\t\t\t\t\t\t\t\t<span class=\"tribe-filter-bar-c-filter__toggle-selections\">\n\t\t\t\t\t\t\t\t\t<\/span>\n\t\t\t<\/div>\n\n\t\t\t<span class=\"tribe-filter-bar-c-filter__toggle-icon tribe-filter-bar-c-filter__toggle-icon--plus\">\n\t\t\t\t<svg\n\t class=\"tribe-common-c-svgicon tribe-common-c-svgicon--plus tribe-filter-bar-c-filter__toggle-plus-icon\" \taria-hidden=\"true\"\n\tviewBox=\"0 0 12 12\"\n\txmlns=\"http:\/\/www.w3.org\/2000\/svg\"\n>\n\t<path d=\"M11 5.881H1M5.88 1v10\" stroke-width=\"2\" stroke-linecap=\"square\"\/>\n<\/svg>\n\t\t\t\t<span class=\"tribe-filter-bar-c-filter__toggle-icon-text tribe-common-a11y-visual-hide\">\n\t\t\t\t\tOpen filters\t\t\t\t<\/span>\n\t\t\t<\/span>\n\n\t\t\t<span class=\"tribe-filter-bar-c-filter__toggle-icon tribe-filter-bar-c-filter__toggle-icon--minus\">\n\t\t\t\t<svg\n\t class=\"tribe-common-c-svgicon tribe-common-c-svgicon--minus tribe-filter-bar-c-filter__toggle-minus-icon\" \taria-hidden=\"true\"\n\tviewBox=\"0 0 12 3\"\n\txmlns=\"http:\/\/www.w3.org\/2000\/svg\"\n>\n\t<path d=\"M11 1.88H1\" stroke-width=\"2\" stroke-linecap=\"square\"\/>\n<\/svg>\n\t\t\t\t<span class=\"tribe-filter-bar-c-filter__toggle-icon-text tribe-common-a11y-visual-hide\">\n\t\t\t\t\tSluit filters\t\t\t\t<\/span>\n\t\t\t<\/span>\n\t\t\t<\/button>\n\t\t<\/h3>\n\t\t\t<\/div>\n\n\n\t<div\n\t\tclass=\"tribe-filter-bar-c-filter__container\"\n\t\tid=\"filterbar_category-container-04c726ae-d9ae-492d-bfe5-26110f64efd8\"\n\t\taria-hidden=\"true\"\n\t\taria-labelledby=\"filterbar_category-toggle-04c726ae-d9ae-492d-bfe5-26110f64efd8\"\n\t>\n\t\t<fieldset class=\"tribe-filter-bar-c-filter__filters-fieldset\">\n\t\t\t<legend class=\"tribe-filter-bar-c-filter__filters-legend tribe-common-h6 tribe-common-h--alt tribe-common-a11y-visual-hide\">\n\t\t\t\tType evenement\t\t\t<\/legend>\n\n\t\t\t\n\t\t\t<div class=\"tribe-filter-bar-c-filter__filter-fields\">\n\t\t\t\t<div  class=\"tribe-filter-bar-c-dropdown\" >\n\t<input\n\t\tclass=\"tribe-filter-bar-c-dropdown__input\"\n\t\tid=\"tribe-events-filterbar-c8cad2dc-filterbar_category\"\n\t\tdata-js=\"tribe-filter-bar-c-dropdown-input\"\n\t\tname=\"tribe_eventcategory[]\"\n\t\ttype=\"hidden\"\n\t\tvalue=\"\"\n\t\tdata-allow-html\n\t\tdata-dropdown-css-width=\"false\"\n\t\tdata-options=\"[{&quot;text&quot;:&quot;eMTB Race&quot;,&quot;id&quot;:&quot;57&quot;,&quot;value&quot;:57},{&quot;text&quot;:&quot;Grind&quot;,&quot;id&quot;:&quot;61&quot;,&quot;value&quot;:61},{&quot;text&quot;:&quot;Mountainbiken&quot;,&quot;id&quot;:&quot;67&quot;,&quot;value&quot;:67},{&quot;text&quot;:&quot;nachtelijk&quot;,&quot;id&quot;:&quot;64&quot;,&quot;value&quot;:64},{&quot;text&quot;:&quot;Proef&quot;,&quot;id&quot;:&quot;72&quot;,&quot;value&quot;:72},{&quot;text&quot;:&quot;Strandloop&quot;,&quot;id&quot;:&quot;53&quot;,&quot;value&quot;:53},{&quot;text&quot;:&quot;Tests Grind&quot;,&quot;id&quot;:&quot;70&quot;,&quot;value&quot;:70},{&quot;text&quot;:&quot;X-Country&quot;,&quot;id&quot;:&quot;73&quot;,&quot;value&quot;:73}]\"\n\t\tdata-attach-container\n\t\tplaceholder=\"Selecteer\"\n\t\tstyle=\"width: 100%;\" \t\/>\n<\/div>\n\t\t\t<\/div>\n\t\t<\/fieldset>\n\t<\/div>\n<\/div>\n\t\t\t\t\t<div  class=\"tribe-filter-bar-c-filter tribe-filter-bar-c-filter--accordion tribe-filter-bar-c-filter--dropdown\" >\n\t<div class=\"tribe-filter-bar-c-filter__toggle-wrapper\">\n\t\t<h3 class=\"tribe-filter-bar-c-filter__toggle-heading\">\n\t\t\t<button\n\t\t\t\tclass=\"tribe-filter-bar-c-filter__toggle tribe-common-b1 tribe-common-b2--min-medium\"\n\t\t\t\tid=\"filterbar_state_province-toggle-04c726ae-d9ae-492d-bfe5-26110f64efd8\"\n\t\t\t\ttype=\"button\"\n\t\t\t\taria-controls=\"filterbar_state_province-container-04c726ae-d9ae-492d-bfe5-26110f64efd8\"\n\t\t\t\taria-expanded=\"false\"\n\t\t\t\tdata-js=\"tribe-events-accordion-trigger tribe-filter-bar-c-filter-toggle\"\n\t\t\t>\n\t\t\t<div class=\"tribe-filter-bar-c-filter__toggle-text\">\n\t\t\t\t<span class=\"tribe-filter-bar-c-filter__toggle-label\">Provincie<\/span><span class=\"tribe-filter-bar-c-filter__toggle-label-colon\">:<\/span>\n\t\t\t\t\t\t\t\t<span class=\"tribe-filter-bar-c-filter__toggle-selections\">\n\t\t\t\t\t\t\t\t\t<\/span>\n\t\t\t<\/div>\n\n\t\t\t<span class=\"tribe-filter-bar-c-filter__toggle-icon tribe-filter-bar-c-filter__toggle-icon--plus\">\n\t\t\t\t<svg\n\t class=\"tribe-common-c-svgicon tribe-common-c-svgicon--plus tribe-filter-bar-c-filter__toggle-plus-icon\" \taria-hidden=\"true\"\n\tviewBox=\"0 0 12 12\"\n\txmlns=\"http:\/\/www.w3.org\/2000\/svg\"\n>\n\t<path d=\"M11 5.881H1M5.88 1v10\" stroke-width=\"2\" stroke-linecap=\"square\"\/>\n<\/svg>\n\t\t\t\t<span class=\"tribe-filter-bar-c-filter__toggle-icon-text tribe-common-a11y-visual-hide\">\n\t\t\t\t\tOpen filters\t\t\t\t<\/span>\n\t\t\t<\/span>\n\n\t\t\t<span class=\"tribe-filter-bar-c-filter__toggle-icon tribe-filter-bar-c-filter__toggle-icon--minus\">\n\t\t\t\t<svg\n\t class=\"tribe-common-c-svgicon tribe-common-c-svgicon--minus tribe-filter-bar-c-filter__toggle-minus-icon\" \taria-hidden=\"true\"\n\tviewBox=\"0 0 12 3\"\n\txmlns=\"http:\/\/www.w3.org\/2000\/svg\"\n>\n\t<path d=\"M11 1.88H1\" stroke-width=\"2\" stroke-linecap=\"square\"\/>\n<\/svg>\n\t\t\t\t<span class=\"tribe-filter-bar-c-filter__toggle-icon-text tribe-common-a11y-visual-hide\">\n\t\t\t\t\tSluit filters\t\t\t\t<\/span>\n\t\t\t<\/span>\n\t\t\t<\/button>\n\t\t<\/h3>\n\t\t\t<\/div>\n\n\n\t<div\n\t\tclass=\"tribe-filter-bar-c-filter__container\"\n\t\tid=\"filterbar_state_province-container-04c726ae-d9ae-492d-bfe5-26110f64efd8\"\n\t\taria-hidden=\"true\"\n\t\taria-labelledby=\"filterbar_state_province-toggle-04c726ae-d9ae-492d-bfe5-26110f64efd8\"\n\t>\n\t\t<fieldset class=\"tribe-filter-bar-c-filter__filters-fieldset\">\n\t\t\t<legend class=\"tribe-filter-bar-c-filter__filters-legend tribe-common-h6 tribe-common-h--alt tribe-common-a11y-visual-hide\">\n\t\t\t\tProvincie\t\t\t<\/legend>\n\n\t\t\t\n\t\t\t<div class=\"tribe-filter-bar-c-filter__filter-fields\">\n\t\t\t\t<div  class=\"tribe-filter-bar-c-dropdown\" >\n\t<input\n\t\tclass=\"tribe-filter-bar-c-dropdown__input\"\n\t\tid=\"tribe-events-filterbar-9f7c273d-filterbar_state_province\"\n\t\tdata-js=\"tribe-filter-bar-c-dropdown-input\"\n\t\tname=\"tribe_state[]\"\n\t\ttype=\"hidden\"\n\t\tvalue=\"\"\n\t\tdata-allow-html\n\t\tdata-dropdown-css-width=\"false\"\n\t\tdata-options=\"[{&quot;text&quot;:59310,&quot;id&quot;:&quot;8803&quot;,&quot;value&quot;:&quot;8803&quot;},{&quot;text&quot;:&quot;Antwerpen&quot;,&quot;id&quot;:&quot;1643-8608-8755-8921-9400-9708-9889-9923-9930&quot;,&quot;value&quot;:&quot;1643-8608-8755-8921-9400-9708-9889-9923-9930&quot;},{&quot;text&quot;:&quot;Anvers&quot;,&quot;id&quot;:&quot;7039-7096-7156&quot;,&quot;value&quot;:&quot;7039-7096-7156&quot;},{&quot;text&quot;:&quot;Brabant Wallon&quot;,&quot;id&quot;:&quot;1922-7065-8573-9214-9270&quot;,&quot;value&quot;:&quot;1922-7065-8573-9214-9270&quot;},{&quot;text&quot;:&quot;Brabant flamand&quot;,&quot;id&quot;:&quot;9694&quot;,&quot;value&quot;:&quot;9694&quot;},{&quot;text&quot;:&quot;Flandre Occidentale&quot;,&quot;id&quot;:&quot;7020&quot;,&quot;value&quot;:&quot;7020&quot;},{&quot;text&quot;:&quot;Flandre occidentale&quot;,&quot;id&quot;:&quot;8446-9700-9704-9775&quot;,&quot;value&quot;:&quot;8446-9700-9704-9775&quot;},{&quot;text&quot;:&quot;Flandre orientale&quot;,&quot;id&quot;:&quot;9779&quot;,&quot;value&quot;:&quot;9779&quot;},{&quot;text&quot;:&quot;France&quot;,&quot;id&quot;:&quot;7045-7131&quot;,&quot;value&quot;:&quot;7045-7131&quot;},{&quot;text&quot;:&quot;Hainaut&quot;,&quot;id&quot;:&quot;6829-1646-7090-7104-7122-7128-8196-8200-8228-8279-8660-8812-8837-9152-9184-9207-9242-9378-9413-9426-9432-9448-9474-9511-9627-9661-9679-9797-9903-9980-9990&quot;,&quot;value&quot;:&quot;6829-1646-7090-7104-7122-7128-8196-8200-8228-8279-8660-8812-8837-9152-9184-9207-9242-9378-9413-9426-9432-9448-9474-9511-9627-9661-9679-9797-9903-9980-9990&quot;},{&quot;text&quot;:&quot;Limbourg&quot;,&quot;id&quot;:&quot;6850-7136-7144&quot;,&quot;value&quot;:&quot;6850-7136-7144&quot;},{&quot;text&quot;:&quot;Limburg&quot;,&quot;id&quot;:&quot;8311-9369-9907-9913-9933&quot;,&quot;value&quot;:&quot;8311-9369-9907-9913-9933&quot;},{&quot;text&quot;:&quot;Li\\u00e8ge&quot;,&quot;id&quot;:&quot;5019-7017-7025-7028-7042-7053-7059-7062-7078-7081-7101-7107-7141-7207-8191-8715-8719-8833-9436-9672-9720-9853-9917-9956-9986&quot;,&quot;value&quot;:&quot;5019-7017-7025-7028-7042-7053-7059-7062-7078-7081-7101-7107-7141-7207-8191-8715-8719-8833-9436-9672-9720-9853-9917-9956-9986&quot;},{&quot;text&quot;:&quot;Luxembourg&quot;,&quot;id&quot;:&quot;6812-6840-7048-7056-7071-7087-7093-7110-7119-7326-7361-8474-8568-8627-8664-8682-8746-8851-8915-9218-9246-9341-9344-9355-9456-9665-9675-9766-9772&quot;,&quot;value&quot;:&quot;6812-6840-7048-7056-7071-7087-7093-7110-7119-7326-7361-8474-8568-8627-8664-8682-8746-8851-8915-9218-9246-9341-9344-9355-9456-9665-9675-9766-9772&quot;},{&quot;text&quot;:&quot;Moselle&quot;,&quot;id&quot;:&quot;9444&quot;,&quot;value&quot;:&quot;9444&quot;},{&quot;text&quot;:&quot;Namur&quot;,&quot;id&quot;:&quot;6804-6808-6817-1045-7031-7036-7068-7084-7113-7116-7125-7267-7279-7282-8161-8300-8373-8433-8593-8708-8866-8978-9314-9318-9623-9690-9857-9880&quot;,&quot;value&quot;:&quot;6804-6808-6817-1045-7031-7036-7068-7084-7113-7116-7125-7267-7279-7282-8161-8300-8373-8433-8593-8708-8866-8978-9314-9318-9623-9690-9857-9880&quot;},{&quot;text&quot;:&quot;Oost Vlaanderen&quot;,&quot;id&quot;:&quot;7312-8246-8274-8987-9063-9266-9273-9406-9417-9488-9949&quot;,&quot;value&quot;:&quot;7312-8246-8274-8987-9063-9266-9273-9406-9417-9488-9949&quot;},{&quot;text&quot;:&quot;Vlaams Brabant&quot;,&quot;id&quot;:&quot;6848-8419-9337-9460-9471-9538-9876-9927&quot;,&quot;value&quot;:&quot;6848-8419-9337-9460-9471-9538-9876-9927&quot;},{&quot;text&quot;:&quot;West-Vlaanderen&quot;,&quot;id&quot;:&quot;9260-9358-9453-9468-9668-9952&quot;,&quot;value&quot;:&quot;9260-9358-9453-9468-9668-9952&quot;}]\"\n\t\tdata-attach-container\n\t\tplaceholder=\"Selecteer\"\n\t\tstyle=\"width: 100%;\" \t\/>\n<\/div>\n\t\t\t<\/div>\n\t\t<\/fieldset>\n\t<\/div>\n<\/div>\n\t\t\t\t\t<div  class=\"tribe-filter-bar-c-filter tribe-filter-bar-c-filter--accordion tribe-filter-bar-c-filter--date\" >\n\t<div class=\"tribe-filter-bar-c-filter__toggle-wrapper\">\n\t\t<h3 class=\"tribe-filter-bar-c-filter__toggle-heading\">\n\t\t\t<button\n\t\t\t\tclass=\"tribe-filter-bar-c-filter__toggle tribe-common-b1 tribe-common-b2--min-medium\"\n\t\t\t\tid=\"filterbar_date_from-toggle-04c726ae-d9ae-492d-bfe5-26110f64efd8\"\n\t\t\t\ttype=\"button\"\n\t\t\t\taria-controls=\"filterbar_date_from-container-04c726ae-d9ae-492d-bfe5-26110f64efd8\"\n\t\t\t\taria-expanded=\"false\"\n\t\t\t\tdata-js=\"tribe-events-accordion-trigger tribe-filter-bar-c-filter-toggle\"\n\t\t\t>\n\t\t\t<div class=\"tribe-filter-bar-c-filter__toggle-text\">\n\t\t\t\t<span class=\"tribe-filter-bar-c-filter__toggle-label\">Datum<\/span><span class=\"tribe-filter-bar-c-filter__toggle-label-colon\">:<\/span>\n\t\t\t\t\t\t\t\t<span class=\"tribe-filter-bar-c-filter__toggle-selections\">\n\t\t\t\t\t\t\t\t\t<\/span>\n\t\t\t<\/div>\n\n\t\t\t<span class=\"tribe-filter-bar-c-filter__toggle-icon tribe-filter-bar-c-filter__toggle-icon--plus\">\n\t\t\t\t<svg\n\t class=\"tribe-common-c-svgicon tribe-common-c-svgicon--plus tribe-filter-bar-c-filter__toggle-plus-icon\" \taria-hidden=\"true\"\n\tviewBox=\"0 0 12 12\"\n\txmlns=\"http:\/\/www.w3.org\/2000\/svg\"\n>\n\t<path d=\"M11 5.881H1M5.88 1v10\" stroke-width=\"2\" stroke-linecap=\"square\"\/>\n<\/svg>\n\t\t\t\t<span class=\"tribe-filter-bar-c-filter__toggle-icon-text tribe-common-a11y-visual-hide\">\n\t\t\t\t\tOpen filters\t\t\t\t<\/span>\n\t\t\t<\/span>\n\n\t\t\t<span class=\"tribe-filter-bar-c-filter__toggle-icon tribe-filter-bar-c-filter__toggle-icon--minus\">\n\t\t\t\t<svg\n\t class=\"tribe-common-c-svgicon tribe-common-c-svgicon--minus tribe-filter-bar-c-filter__toggle-minus-icon\" \taria-hidden=\"true\"\n\tviewBox=\"0 0 12 3\"\n\txmlns=\"http:\/\/www.w3.org\/2000\/svg\"\n>\n\t<path d=\"M11 1.88H1\" stroke-width=\"2\" stroke-linecap=\"square\"\/>\n<\/svg>\n\t\t\t\t<span class=\"tribe-filter-bar-c-filter__toggle-icon-text tribe-common-a11y-visual-hide\">\n\t\t\t\t\tSluit filters\t\t\t\t<\/span>\n\t\t\t<\/span>\n\t\t\t<\/button>\n\t\t<\/h3>\n\t\t\t<\/div>\n\n\n\t<div\n\t\tclass=\"tribe-filter-bar-c-filter__container\"\n\t\tid=\"filterbar_date_from-container-04c726ae-d9ae-492d-bfe5-26110f64efd8\"\n\t\taria-hidden=\"true\"\n\t\taria-labelledby=\"filterbar_date_from-toggle-04c726ae-d9ae-492d-bfe5-26110f64efd8\"\n\t>\n\t\t<fieldset class=\"tribe-filter-bar-c-filter__filters-fieldset\">\n\t\t\t<legend class=\"tribe-filter-bar-c-filter__filters-legend tribe-common-h6 tribe-common-h--alt tribe-common-a11y-visual-hide\">\n\t\t\t\tDatum\t\t\t<\/legend>\n\n\t\t\t\n\t\t\t<div class=\"tribe-filter-bar-c-filter__filter-fields\">\n\t\t\t\t\n<div\n\tclass=\"tribe-filter-bar-c-date\"\n>\n\t<input\n\t\tclass=\"tribe-filter-bar-c-date__input\"\n\t\tid=\"tribe-events-filterbar-502fa490-filterbar_date_from\"\n\t\tname=\"tribe_datefrom\"\n\t\ttype=\"date\"\n\t\tvalue=\"\"\n\t\tdata-js=\"tribe-filter-bar-c-date-input\"\n\t\/>\n<\/div>\n\t\t\t<\/div>\n\t\t<\/fieldset>\n\t<\/div>\n<\/div>\n\t\t\t<\/div>\n<\/div>\n\n\t\t\n\t<\/form>\n<\/div>\n\n\n\t\t<ul\n\t\t\tclass=\"tribe-events-calendar-list\"\n\t\t\taria-label=\"\n\t\t\tLijst van Evenementen\t\t\t\"\n\t\t>\n\n\t\t\t\t\t\t\t\n\t\t\t\t<li class=\"tribe-events-calendar-list__month-separator\">\n\t<h3>\n\t\t<time\n\t\t\tclass=\"tribe-events-calendar-list__month-separator-text tribe-common-h7 tribe-common-h6--min-medium tribe-common-h--alt\"\n\t\t>\n\t\t\tseptember 2026\t\t<\/time>\n\t<\/h3>\n<\/li>\n\n\t\t\t\t<div  class=\"tribe-common-g-row tribe-events-calendar-list__event-row\" >\n\n\t<div  class=\"tribe-events-calendar-list__event-date-tag tribe-common-g-col post-10002285 tribe_events type-tribe_events status-publish hentry tribe_events_cat-run-bike cat_run-bike\"  >\n\t<time class=\"tribe-events-calendar-list__event-date-tag-datetime\" datetime=\"2026-09-05\" aria-hidden=\"true\">\n\t\t<span class=\"tribe-events-calendar-list__event-date-tag-weekday\">\n\t\t\tza\t\t<\/span>\n\t\t<span class=\"tribe-events-calendar-list__event-date-tag-daynum tribe-common-h5 tribe-common-h4--min-medium\">\n\t\t\t5\t\t<\/span>\n\t<\/time>\n<\/div>\n\n\t<div class=\"tribe-events-calendar-list__event-wrapper tribe-common-g-col\">\n\t\t<article  class=\"tribe-events-calendar-list__event tribe-common-g-row tribe-common-g-row--gutters post-10002285 tribe_events type-tribe_events status-publish hentry tribe_events_cat-run-bike cat_run-bike\" >\n\t\t\t\n\n\t\t\t<div class=\"tribe-events-calendar-list__event-details tribe-common-g-col\">\n\n\n\n\t\t\t\t<header class=\"tribe-events-calendar-list__event-header hello\">\n\t\t\t\t\t<div class=\"tribe-events-calendar-list__event-datetime-wrapper tribe-common-b2\">\n\t\t<time class=\"tribe-events-calendar-list__event-datetime\" datetime=\"2026-09-05\">\n\t\t<span class=\"tribe-event-date-start\">5 september | 08:00<\/span><span class=\"tribe-event-time\"><\/span>\t<\/time>\n\t<\/div>\n\t\t\t\t\t<h4 class=\"tribe-events-calendar-list__event-title tribe-common-h6 tribe-common-h4--min-medium\">\n\t<a\n\t\thref=\"https:\/\/www.bikers.be\/nl\/evenement\/run-and-bike-des-apt\/\"\n\t\ttitle=\"Run and Bike des APT\"\n\t\trel=\"bookmark\"\n\t\tclass=\"tribe-events-calendar-list__event-title-link tribe-common-anchor-thin\"\n\t>\n\t\tRun and Bike des APT\t<\/a>\n<\/h4>\n\t\t\t\t\t\n\t\t\t\t\t<div class=\"custom_tribe_supp_infos\">\n\t\t\t\t\t\t<ul>\n\t\t\t\t\t\t\t<li>Run &amp; Bike<\/li>\t\t\t\t\t\t<\/ul>\n\t\t\t\t\t<\/div>\n\n\n\t\t\t\t\t<address class=\"tribe-events-calendar-list__event-venue tribe-common-b2\">\n\t<span class=\"tribe-events-calendar-list__event-venue-title tribe-common-b2--bold\">\n\t\tVILLERS-AUX-TOURS\t<\/span>\n\t<span class=\"tribe-events-calendar-list__event-venue-address\">\n\t\tL\u2019\u00c9pi Vert, Rue Saint-Donat 7A, Villers-aux-Tours, Li\u00e8ge, Belgium\t<\/span>\n\t<\/address>\n\t\t\t\t\t\t\t\t\t\t\t\t\t\t\t\t\t\t\t<\/header>\n\n\n\n\t\t\t\t\t\t\t\t\t<div class=\"tribe-events-calendar-list__event-region\">\n\t\t\t\t\t\t<span class=\"tribe-events-calendar-list__event-region-value\">Li\u00e8ge<\/span>\n\t\t\t\t\t<\/div>\n\t\t\t\t\n\t\t\t<\/div>\n\t\t<\/article>\n\t<\/div>\n\n<\/div>\n\n\t\t\t\t\t\t\t\n\t\t\t\t\n\t\t\t\t<div  class=\"tribe-common-g-row tribe-events-calendar-list__event-row\" >\n\n\t<div  class=\"tribe-events-calendar-list__event-date-tag tribe-common-g-col post-10002284 tribe_events type-tribe_events status-publish hentry tribe_events_cat-gravel cat_gravel\"  >\n\t<time class=\"tribe-events-calendar-list__event-date-tag-datetime\" datetime=\"2026-09-05\" aria-hidden=\"true\">\n\t\t<span class=\"tribe-events-calendar-list__event-date-tag-weekday\">\n\t\t\tza\t\t<\/span>\n\t\t<span class=\"tribe-events-calendar-list__event-date-tag-daynum tribe-common-h5 tribe-common-h4--min-medium\">\n\t\t\t5\t\t<\/span>\n\t<\/time>\n<\/div>\n\n\t<div class=\"tribe-events-calendar-list__event-wrapper tribe-common-g-col\">\n\t\t<article  class=\"tribe-events-calendar-list__event tribe-common-g-row tribe-common-g-row--gutters post-10002284 tribe_events type-tribe_events status-publish hentry tribe_events_cat-gravel cat_gravel\" >\n\t\t\t\n\n\t\t\t<div class=\"tribe-events-calendar-list__event-details tribe-common-g-col\">\n\n\n\n\t\t\t\t<header class=\"tribe-events-calendar-list__event-header hello\">\n\t\t\t\t\t<div class=\"tribe-events-calendar-list__event-datetime-wrapper tribe-common-b2\">\n\t\t<time class=\"tribe-events-calendar-list__event-datetime\" datetime=\"2026-09-05\">\n\t\t<span class=\"tribe-event-date-start\">5 september | 08:00<\/span><span class=\"tribe-event-time\"><\/span>\t<\/time>\n\t<\/div>\n\t\t\t\t\t<h4 class=\"tribe-events-calendar-list__event-title tribe-common-h6 tribe-common-h4--min-medium\">\n\t<a\n\t\thref=\"https:\/\/www.bikers.be\/nl\/evenement\/newport-gravel-day\/\"\n\t\ttitle=\"Newport Gravel day\"\n\t\trel=\"bookmark\"\n\t\tclass=\"tribe-events-calendar-list__event-title-link tribe-common-anchor-thin\"\n\t>\n\t\tNewport Gravel day\t<\/a>\n<\/h4>\n\t\t\t\t\t\n\t\t\t\t\t<div class=\"custom_tribe_supp_infos\">\n\t\t\t\t\t\t<ul>\n\t\t\t\t\t\t\t<li>Gravel<\/li>\t\t\t\t\t\t<\/ul>\n\t\t\t\t\t<\/div>\n\n\n\t\t\t\t\t<address class=\"tribe-events-calendar-list__event-venue tribe-common-b2\">\n\t<span class=\"tribe-events-calendar-list__event-venue-title tribe-common-b2--bold\">\n\t\tNIEUWPOORT\t<\/span>\n\t<span class=\"tribe-events-calendar-list__event-venue-address\">\n\t\tWest-Vlaanderen, Belgium\t<\/span>\n\t<\/address>\n\t\t\t\t\t\t\t\t\t\t\t\t\t\t\t\t\t\t\t<\/header>\n\n\n\n\t\t\t\t\t\t\t\t\t<div class=\"tribe-events-calendar-list__event-region\">\n\t\t\t\t\t\t<span class=\"tribe-events-calendar-list__event-region-value\">West-Vlaanderen<\/span>\n\t\t\t\t\t<\/div>\n\t\t\t\t\n\t\t\t<\/div>\n\t\t<\/article>\n\t<\/div>\n\n<\/div>\n\n\t\t\t\t\t\t\t\n\t\t\t\t\n\t\t\t\t<div  class=\"tribe-common-g-row tribe-events-calendar-list__event-row\" >\n\n\t<div  class=\"tribe-events-calendar-list__event-date-tag tribe-common-g-col post-10002295 tribe_events type-tribe_events status-publish hentry tribe_events_cat-randonnee-vtt cat_randonnee-vtt\"  >\n\t<time class=\"tribe-events-calendar-list__event-date-tag-datetime\" datetime=\"2026-09-06\" aria-hidden=\"true\">\n\t\t<span class=\"tribe-events-calendar-list__event-date-tag-weekday\">\n\t\t\tzo\t\t<\/span>\n\t\t<span class=\"tribe-events-calendar-list__event-date-tag-daynum tribe-common-h5 tribe-common-h4--min-medium\">\n\t\t\t6\t\t<\/span>\n\t<\/time>\n<\/div>\n\n\t<div class=\"tribe-events-calendar-list__event-wrapper tribe-common-g-col\">\n\t\t<article  class=\"tribe-events-calendar-list__event tribe-common-g-row tribe-common-g-row--gutters post-10002295 tribe_events type-tribe_events status-publish hentry tribe_events_cat-randonnee-vtt cat_randonnee-vtt\" >\n\t\t\t\n\n\t\t\t<div class=\"tribe-events-calendar-list__event-details tribe-common-g-col\">\n\n\n\n\t\t\t\t<header class=\"tribe-events-calendar-list__event-header hello\">\n\t\t\t\t\t<div class=\"tribe-events-calendar-list__event-datetime-wrapper tribe-common-b2\">\n\t\t<time class=\"tribe-events-calendar-list__event-datetime\" datetime=\"2026-09-06\">\n\t\t<span class=\"tribe-event-date-start\">6 september | 07:30<\/span><span class=\"tribe-event-time\"><\/span>\t<\/time>\n\t<\/div>\n\t\t\t\t\t<h4 class=\"tribe-events-calendar-list__event-title tribe-common-h6 tribe-common-h4--min-medium\">\n\t<a\n\t\thref=\"https:\/\/www.bikers.be\/nl\/evenement\/slw-classic\/\"\n\t\ttitle=\"SLW Classic\"\n\t\trel=\"bookmark\"\n\t\tclass=\"tribe-events-calendar-list__event-title-link tribe-common-anchor-thin\"\n\t>\n\t\tSLW Classic\t<\/a>\n<\/h4>\n\t\t\t\t\t\n\t\t\t\t\t<div class=\"custom_tribe_supp_infos\">\n\t\t\t\t\t\t<ul>\n\t\t\t\t\t\t\t<li>Randonn\u00e9e VTT<\/li>\t\t\t\t\t\t<\/ul>\n\t\t\t\t\t<\/div>\n\n\n\t\t\t\t\t<address class=\"tribe-events-calendar-list__event-venue tribe-common-b2\">\n\t<span class=\"tribe-events-calendar-list__event-venue-title tribe-common-b2--bold\">\n\t\tPOEDERLEE\t<\/span>\n\t<span class=\"tribe-events-calendar-list__event-venue-address\">\n\t\tvoetbalterreinen van KVC Lille United, Heggelaan, Poederlee, Antwerpen, Belgium\t<\/span>\n\t<\/address>\n\t\t\t\t\t\t\t\t\t\t\t\t\t\t\t\t\t\t\t<\/header>\n\n\n\n\t\t\t\t\t\t\t\t\t<div class=\"tribe-events-calendar-list__event-region\">\n\t\t\t\t\t\t<span class=\"tribe-events-calendar-list__event-region-value\">Antwerpen<\/span>\n\t\t\t\t\t<\/div>\n\t\t\t\t\n\t\t\t<\/div>\n\t\t<\/article>\n\t<\/div>\n\n<\/div>\n\n\t\t\t\t\t\t\t\n\t\t\t\t\n\t\t\t\t<div  class=\"tribe-common-g-row tribe-events-calendar-list__event-row\" >\n\n\t<div  class=\"tribe-events-calendar-list__event-date-tag tribe-common-g-col post-10002297 tribe_events type-tribe_events status-publish hentry tribe_events_cat-gravel cat_gravel\"  >\n\t<time class=\"tribe-events-calendar-list__event-date-tag-datetime\" datetime=\"2026-09-06\" aria-hidden=\"true\">\n\t\t<span class=\"tribe-events-calendar-list__event-date-tag-weekday\">\n\t\t\tzo\t\t<\/span>\n\t\t<span class=\"tribe-events-calendar-list__event-date-tag-daynum tribe-common-h5 tribe-common-h4--min-medium\">\n\t\t\t6\t\t<\/span>\n\t<\/time>\n<\/div>\n\n\t<div class=\"tribe-events-calendar-list__event-wrapper tribe-common-g-col\">\n\t\t<article  class=\"tribe-events-calendar-list__event tribe-common-g-row tribe-common-g-row--gutters post-10002297 tribe_events type-tribe_events status-publish hentry tribe_events_cat-gravel cat_gravel\" >\n\t\t\t\n\n\t\t\t<div class=\"tribe-events-calendar-list__event-details tribe-common-g-col\">\n\n\n\n\t\t\t\t<header class=\"tribe-events-calendar-list__event-header hello\">\n\t\t\t\t\t<div class=\"tribe-events-calendar-list__event-datetime-wrapper tribe-common-b2\">\n\t\t<time class=\"tribe-events-calendar-list__event-datetime\" datetime=\"2026-09-06\">\n\t\t<span class=\"tribe-event-date-start\">6 september | 07:30<\/span><span class=\"tribe-event-time\"><\/span>\t<\/time>\n\t<\/div>\n\t\t\t\t\t<h4 class=\"tribe-events-calendar-list__event-title tribe-common-h6 tribe-common-h4--min-medium\">\n\t<a\n\t\thref=\"https:\/\/www.bikers.be\/nl\/evenement\/slw-classic-2\/\"\n\t\ttitle=\"SLW Classic\"\n\t\trel=\"bookmark\"\n\t\tclass=\"tribe-events-calendar-list__event-title-link tribe-common-anchor-thin\"\n\t>\n\t\tSLW Classic\t<\/a>\n<\/h4>\n\t\t\t\t\t\n\t\t\t\t\t<div class=\"custom_tribe_supp_infos\">\n\t\t\t\t\t\t<ul>\n\t\t\t\t\t\t\t<li>Gravel<\/li>\t\t\t\t\t\t<\/ul>\n\t\t\t\t\t<\/div>\n\n\n\t\t\t\t\t<address class=\"tribe-events-calendar-list__event-venue tribe-common-b2\">\n\t<span class=\"tribe-events-calendar-list__event-venue-title tribe-common-b2--bold\">\n\t\tPOEDERLEE\t<\/span>\n\t<span class=\"tribe-events-calendar-list__event-venue-address\">\n\t\tvoetbalterreinen van KVC Lille United, Heggelaan, Poederlee, Antwerpen, Belgium\t<\/span>\n\t<\/address>\n\t\t\t\t\t\t\t\t\t\t\t\t\t\t\t\t\t\t\t<\/header>\n\n\n\n\t\t\t\t\t\t\t\t\t<div class=\"tribe-events-calendar-list__event-region\">\n\t\t\t\t\t\t<span class=\"tribe-events-calendar-list__event-region-value\">Antwerpen<\/span>\n\t\t\t\t\t<\/div>\n\t\t\t\t\n\t\t\t<\/div>\n\t\t<\/article>\n\t<\/div>\n\n<\/div>\n\n\t\t\t\t\t\t\t\n\t\t\t\t\n\t\t\t\t<div  class=\"tribe-common-g-row tribe-events-calendar-list__event-row\" >\n\n\t<div  class=\"tribe-events-calendar-list__event-date-tag tribe-common-g-col post-10002336 tribe_events type-tribe_events status-publish hentry tribe_events_cat-gravel cat_gravel\"  >\n\t<time class=\"tribe-events-calendar-list__event-date-tag-datetime\" datetime=\"2026-09-06\" aria-hidden=\"true\">\n\t\t<span class=\"tribe-events-calendar-list__event-date-tag-weekday\">\n\t\t\tzo\t\t<\/span>\n\t\t<span class=\"tribe-events-calendar-list__event-date-tag-daynum tribe-common-h5 tribe-common-h4--min-medium\">\n\t\t\t6\t\t<\/span>\n\t<\/time>\n<\/div>\n\n\t<div class=\"tribe-events-calendar-list__event-wrapper tribe-common-g-col\">\n\t\t<article  class=\"tribe-events-calendar-list__event tribe-common-g-row tribe-common-g-row--gutters post-10002336 tribe_events type-tribe_events status-publish hentry tribe_events_cat-gravel cat_gravel\" >\n\t\t\t\n\n\t\t\t<div class=\"tribe-events-calendar-list__event-details tribe-common-g-col\">\n\n\n\n\t\t\t\t<header class=\"tribe-events-calendar-list__event-header hello\">\n\t\t\t\t\t<div class=\"tribe-events-calendar-list__event-datetime-wrapper tribe-common-b2\">\n\t\t<time class=\"tribe-events-calendar-list__event-datetime\" datetime=\"2026-09-06\">\n\t\t<span class=\"tribe-event-date-start\">6 september | 08:00<\/span><span class=\"tribe-event-time\"><\/span>\t<\/time>\n\t<\/div>\n\t\t\t\t\t<h4 class=\"tribe-events-calendar-list__event-title tribe-common-h6 tribe-common-h4--min-medium\">\n\t<a\n\t\thref=\"https:\/\/www.bikers.be\/nl\/evenement\/gravel-ride-olmen\/\"\n\t\ttitle=\"Gravel Ride Olmen\"\n\t\trel=\"bookmark\"\n\t\tclass=\"tribe-events-calendar-list__event-title-link tribe-common-anchor-thin\"\n\t>\n\t\tGravel Ride Olmen\t<\/a>\n<\/h4>\n\t\t\t\t\t\n\t\t\t\t\t<div class=\"custom_tribe_supp_infos\">\n\t\t\t\t\t\t<ul>\n\t\t\t\t\t\t\t<li>Gravel<\/li>\t\t\t\t\t\t<\/ul>\n\t\t\t\t\t<\/div>\n\n\n\t\t\t\t\t<address class=\"tribe-events-calendar-list__event-venue tribe-common-b2\">\n\t<span class=\"tribe-events-calendar-list__event-venue-title tribe-common-b2--bold\">\n\t\tOLMEN\t<\/span>\n\t<span class=\"tribe-events-calendar-list__event-venue-address\">\n\t\tPastorij Olmen Pastorijstraat 1, Olmen, Antwerpen, Belgium\t<\/span>\n\t<\/address>\n\t\t\t\t\t\t\t\t\t\t\t\t\t\t\t\t\t\t\t<\/header>\n\n\n\n\t\t\t\t\t\t\t\t\t<div class=\"tribe-events-calendar-list__event-region\">\n\t\t\t\t\t\t<span class=\"tribe-events-calendar-list__event-region-value\">Antwerpen<\/span>\n\t\t\t\t\t<\/div>\n\t\t\t\t\n\t\t\t<\/div>\n\t\t<\/article>\n\t<\/div>\n\n<\/div>\n\n\t\t\t\t\t\t\t\n\t\t\t\t\n\t\t\t\t<div  class=\"tribe-common-g-row tribe-events-calendar-list__event-row\" >\n\n\t<div  class=\"tribe-events-calendar-list__event-date-tag tribe-common-g-col post-10002291 tribe_events type-tribe_events status-publish hentry tribe_events_cat-randonnee-vtt cat_randonnee-vtt\"  >\n\t<time class=\"tribe-events-calendar-list__event-date-tag-datetime\" datetime=\"2026-09-06\" aria-hidden=\"true\">\n\t\t<span class=\"tribe-events-calendar-list__event-date-tag-weekday\">\n\t\t\tzo\t\t<\/span>\n\t\t<span class=\"tribe-events-calendar-list__event-date-tag-daynum tribe-common-h5 tribe-common-h4--min-medium\">\n\t\t\t6\t\t<\/span>\n\t<\/time>\n<\/div>\n\n\t<div class=\"tribe-events-calendar-list__event-wrapper tribe-common-g-col\">\n\t\t<article  class=\"tribe-events-calendar-list__event tribe-common-g-row tribe-common-g-row--gutters post-10002291 tribe_events type-tribe_events status-publish hentry tribe_events_cat-randonnee-vtt cat_randonnee-vtt\" >\n\t\t\t\n\n\t\t\t<div class=\"tribe-events-calendar-list__event-details tribe-common-g-col\">\n\n\n\n\t\t\t\t<header class=\"tribe-events-calendar-list__event-header hello\">\n\t\t\t\t\t<div class=\"tribe-events-calendar-list__event-datetime-wrapper tribe-common-b2\">\n\t\t<time class=\"tribe-events-calendar-list__event-datetime\" datetime=\"2026-09-06\">\n\t\t<span class=\"tribe-event-date-start\">6 september | 07:30<\/span><span class=\"tribe-event-time\"><\/span>\t<\/time>\n\t<\/div>\n\t\t\t\t\t<h4 class=\"tribe-events-calendar-list__event-title tribe-common-h6 tribe-common-h4--min-medium\">\n\t<a\n\t\thref=\"https:\/\/www.bikers.be\/nl\/evenement\/natuurvrienden-haasrode-toertocht\/\"\n\t\ttitle=\"Natuurvrienden Haasrode Toertocht\"\n\t\trel=\"bookmark\"\n\t\tclass=\"tribe-events-calendar-list__event-title-link tribe-common-anchor-thin\"\n\t>\n\t\tNatuurvrienden Haasrode Toertocht\t<\/a>\n<\/h4>\n\t\t\t\t\t\n\t\t\t\t\t<div class=\"custom_tribe_supp_infos\">\n\t\t\t\t\t\t<ul>\n\t\t\t\t\t\t\t<li>Randonn\u00e9e VTT<\/li>\t\t\t\t\t\t<\/ul>\n\t\t\t\t\t<\/div>\n\n\n\t\t\t\t\t<address class=\"tribe-events-calendar-list__event-venue tribe-common-b2\">\n\t<span class=\"tribe-events-calendar-list__event-venue-title tribe-common-b2--bold\">\n\t\tHAASRODE\t<\/span>\n\t<span class=\"tribe-events-calendar-list__event-venue-address\">\n\t\tGemeentelijke Basisschool Hazensprong, Armand Verheydenstraat 19, Haasrode, Brabant flamand, Belgium\t<\/span>\n\t<\/address>\n\t\t\t\t\t\t\t\t\t\t\t\t\t\t\t\t\t\t\t<\/header>\n\n\n\n\t\t\t\t\t\t\t\t\t<div class=\"tribe-events-calendar-list__event-region\">\n\t\t\t\t\t\t<span class=\"tribe-events-calendar-list__event-region-value\">Brabant flamand<\/span>\n\t\t\t\t\t<\/div>\n\t\t\t\t\n\t\t\t<\/div>\n\t\t<\/article>\n\t<\/div>\n\n<\/div>\n\n\t\t\t\t\t\t\t\n\t\t\t\t\n\t\t\t\t<div  class=\"tribe-common-g-row tribe-events-calendar-list__event-row\" >\n\n\t<div  class=\"tribe-events-calendar-list__event-date-tag tribe-common-g-col post-10002292 tribe_events type-tribe_events status-publish hentry tribe_events_cat-gravel cat_gravel\"  >\n\t<time class=\"tribe-events-calendar-list__event-date-tag-datetime\" datetime=\"2026-09-06\" aria-hidden=\"true\">\n\t\t<span class=\"tribe-events-calendar-list__event-date-tag-weekday\">\n\t\t\tzo\t\t<\/span>\n\t\t<span class=\"tribe-events-calendar-list__event-date-tag-daynum tribe-common-h5 tribe-common-h4--min-medium\">\n\t\t\t6\t\t<\/span>\n\t<\/time>\n<\/div>\n\n\t<div class=\"tribe-events-calendar-list__event-wrapper tribe-common-g-col\">\n\t\t<article  class=\"tribe-events-calendar-list__event tribe-common-g-row tribe-common-g-row--gutters post-10002292 tribe_events type-tribe_events status-publish hentry tribe_events_cat-gravel cat_gravel\" >\n\t\t\t\n\n\t\t\t<div class=\"tribe-events-calendar-list__event-details tribe-common-g-col\">\n\n\n\n\t\t\t\t<header class=\"tribe-events-calendar-list__event-header hello\">\n\t\t\t\t\t<div class=\"tribe-events-calendar-list__event-datetime-wrapper tribe-common-b2\">\n\t\t<time class=\"tribe-events-calendar-list__event-datetime\" datetime=\"2026-09-06\">\n\t\t<span class=\"tribe-event-date-start\">6 september | 07:30<\/span><span class=\"tribe-event-time\"><\/span>\t<\/time>\n\t<\/div>\n\t\t\t\t\t<h4 class=\"tribe-events-calendar-list__event-title tribe-common-h6 tribe-common-h4--min-medium\">\n\t<a\n\t\thref=\"https:\/\/www.bikers.be\/nl\/evenement\/natuurvrienden-haasrode-toertocht-2\/\"\n\t\ttitle=\"Natuurvrienden Haasrode Toertocht\"\n\t\trel=\"bookmark\"\n\t\tclass=\"tribe-events-calendar-list__event-title-link tribe-common-anchor-thin\"\n\t>\n\t\tNatuurvrienden Haasrode Toertocht\t<\/a>\n<\/h4>\n\t\t\t\t\t\n\t\t\t\t\t<div class=\"custom_tribe_supp_infos\">\n\t\t\t\t\t\t<ul>\n\t\t\t\t\t\t\t<li>Gravel<\/li>\t\t\t\t\t\t<\/ul>\n\t\t\t\t\t<\/div>\n\n\n\t\t\t\t\t<address class=\"tribe-events-calendar-list__event-venue tribe-common-b2\">\n\t<span class=\"tribe-events-calendar-list__event-venue-title tribe-common-b2--bold\">\n\t\tHAASRODE\t<\/span>\n\t<span class=\"tribe-events-calendar-list__event-venue-address\">\n\t\tGemeentelijke Basisschool Hazensprong, Armand Verheydenstraat 19, Haasrode, Brabant flamand, Belgium\t<\/span>\n\t<\/address>\n\t\t\t\t\t\t\t\t\t\t\t\t\t\t\t\t\t\t\t<\/header>\n\n\n\n\t\t\t\t\t\t\t\t\t<div class=\"tribe-events-calendar-list__event-region\">\n\t\t\t\t\t\t<span class=\"tribe-events-calendar-list__event-region-value\">Brabant flamand<\/span>\n\t\t\t\t\t<\/div>\n\t\t\t\t\n\t\t\t<\/div>\n\t\t<\/article>\n\t<\/div>\n\n<\/div>\n\n\t\t\t\t\t\t\t\n\t\t\t\t\n\t\t\t\t<div  class=\"tribe-common-g-row tribe-events-calendar-list__event-row\" >\n\n\t<div  class=\"tribe-events-calendar-list__event-date-tag tribe-common-g-col post-10002280 tribe_events type-tribe_events status-publish hentry\"  >\n\t<time class=\"tribe-events-calendar-list__event-date-tag-datetime\" datetime=\"2026-09-06\" aria-hidden=\"true\">\n\t\t<span class=\"tribe-events-calendar-list__event-date-tag-weekday\">\n\t\t\tzo\t\t<\/span>\n\t\t<span class=\"tribe-events-calendar-list__event-date-tag-daynum tribe-common-h5 tribe-common-h4--min-medium\">\n\t\t\t6\t\t<\/span>\n\t<\/time>\n<\/div>\n\n\t<div class=\"tribe-events-calendar-list__event-wrapper tribe-common-g-col\">\n\t\t<article  class=\"tribe-events-calendar-list__event tribe-common-g-row tribe-common-g-row--gutters post-10002280 tribe_events type-tribe_events status-publish hentry\" >\n\t\t\t\n\n\t\t\t<div class=\"tribe-events-calendar-list__event-details tribe-common-g-col\">\n\n\n\n\t\t\t\t<header class=\"tribe-events-calendar-list__event-header hello\">\n\t\t\t\t\t<div class=\"tribe-events-calendar-list__event-datetime-wrapper tribe-common-b2\">\n\t\t<time class=\"tribe-events-calendar-list__event-datetime\" datetime=\"2026-09-06\">\n\t\t<span class=\"tribe-event-date-start\">6 september | 08:00<\/span><span class=\"tribe-event-time\"><\/span>\t<\/time>\n\t<\/div>\n\t\t\t\t\t<h4 class=\"tribe-events-calendar-list__event-title tribe-common-h6 tribe-common-h4--min-medium\">\n\t<a\n\t\thref=\"https:\/\/www.bikers.be\/nl\/evenement\/vtt-for-haiti-sos-enfants-de-mariani\/\"\n\t\ttitle=\"VTT for Ha\u00efti &#8211; sos enfants de mariani\"\n\t\trel=\"bookmark\"\n\t\tclass=\"tribe-events-calendar-list__event-title-link tribe-common-anchor-thin\"\n\t>\n\t\tVTT for Ha\u00efti &#8211; sos enfants de mariani\t<\/a>\n<\/h4>\n\t\t\t\t\t\n\t\t\t\t\t<div class=\"custom_tribe_supp_infos\">\n\t\t\t\t\t\t<ul>\n\t\t\t\t\t\t\t\t\t\t\t\t\t<\/ul>\n\t\t\t\t\t<\/div>\n\n\n\t\t\t\t\t<address class=\"tribe-events-calendar-list__event-venue tribe-common-b2\">\n\t<span class=\"tribe-events-calendar-list__event-venue-title tribe-common-b2--bold\">\n\t\tJODOIGNE\t<\/span>\n\t<span class=\"tribe-events-calendar-list__event-venue-address\">\n\t\tDomaine du Stampia, chauss\u00e9e de Charleroi 97, Jodoigne, Brabant Wallon, Belgium\t<\/span>\n\t<\/address>\n\t\t\t\t\t\t\t\t\t\t\t\t\t\t\t\t\t\t\t<\/header>\n\n\n\n\t\t\t\t\t\t\t\t\t<div class=\"tribe-events-calendar-list__event-region\">\n\t\t\t\t\t\t<span class=\"tribe-events-calendar-list__event-region-value\">Brabant Wallon<\/span>\n\t\t\t\t\t<\/div>\n\t\t\t\t\n\t\t\t<\/div>\n\t\t<\/article>\n\t<\/div>\n\n<\/div>\n\n\t\t\t\t\t\t\t\n\t\t\t\t\n\t\t\t\t<div  class=\"tribe-common-g-row tribe-events-calendar-list__event-row\" >\n\n\t<div  class=\"tribe-events-calendar-list__event-date-tag tribe-common-g-col post-10002293 tribe_events type-tribe_events status-publish hentry tribe_events_cat-randonnee-vtt cat_randonnee-vtt\"  >\n\t<time class=\"tribe-events-calendar-list__event-date-tag-datetime\" datetime=\"2026-09-06\" aria-hidden=\"true\">\n\t\t<span class=\"tribe-events-calendar-list__event-date-tag-weekday\">\n\t\t\tzo\t\t<\/span>\n\t\t<span class=\"tribe-events-calendar-list__event-date-tag-daynum tribe-common-h5 tribe-common-h4--min-medium\">\n\t\t\t6\t\t<\/span>\n\t<\/time>\n<\/div>\n\n\t<div class=\"tribe-events-calendar-list__event-wrapper tribe-common-g-col\">\n\t\t<article  class=\"tribe-events-calendar-list__event tribe-common-g-row tribe-common-g-row--gutters post-10002293 tribe_events type-tribe_events status-publish hentry tribe_events_cat-randonnee-vtt cat_randonnee-vtt\" >\n\t\t\t\n\n\t\t\t<div class=\"tribe-events-calendar-list__event-details tribe-common-g-col\">\n\n\n\n\t\t\t\t<header class=\"tribe-events-calendar-list__event-header hello\">\n\t\t\t\t\t<div class=\"tribe-events-calendar-list__event-datetime-wrapper tribe-common-b2\">\n\t\t<time class=\"tribe-events-calendar-list__event-datetime\" datetime=\"2026-09-06\">\n\t\t<span class=\"tribe-event-date-start\">6 september | 07:30<\/span><span class=\"tribe-event-time\"><\/span>\t<\/time>\n\t<\/div>\n\t\t\t\t\t<h4 class=\"tribe-events-calendar-list__event-title tribe-common-h6 tribe-common-h4--min-medium\">\n\t<a\n\t\thref=\"https:\/\/www.bikers.be\/nl\/evenement\/7-messines-ridge-classic\/\"\n\t\ttitle=\"7\u00b0 Messines Ridge Classic\"\n\t\trel=\"bookmark\"\n\t\tclass=\"tribe-events-calendar-list__event-title-link tribe-common-anchor-thin\"\n\t>\n\t\t7\u00b0 Messines Ridge Classic\t<\/a>\n<\/h4>\n\t\t\t\t\t\n\t\t\t\t\t<div class=\"custom_tribe_supp_infos\">\n\t\t\t\t\t\t<ul>\n\t\t\t\t\t\t\t<li>Randonn\u00e9e VTT<\/li>\t\t\t\t\t\t<\/ul>\n\t\t\t\t\t<\/div>\n\n\n\t\t\t\t\t<address class=\"tribe-events-calendar-list__event-venue tribe-common-b2\">\n\t<span class=\"tribe-events-calendar-list__event-venue-title tribe-common-b2--bold\">\n\t\tMESSEN\t<\/span>\n\t<span class=\"tribe-events-calendar-list__event-venue-address\">\n\t\tOC &#039;t Oud Schooltje, Korte Mooiestraat 7, Messen, Flandre occidentale, Belgium\t<\/span>\n\t<\/address>\n\t\t\t\t\t\t\t\t\t\t\t\t\t\t\t<div class=\"tribe-events-c-small-cta tribe-common-b3 tribe-events-calendar-list__event-cost\">\n\t<span class=\"tribe-events-c-small-cta__price\">\n\t\t5\u20ac \u2013 7\u20ac\t<\/span>\n<\/div>\n\t\t\t\t<\/header>\n\n\n\n\t\t\t\t\t\t\t\t\t<div class=\"tribe-events-calendar-list__event-region\">\n\t\t\t\t\t\t<span class=\"tribe-events-calendar-list__event-region-value\">Flandre occidentale<\/span>\n\t\t\t\t\t<\/div>\n\t\t\t\t\n\t\t\t<\/div>\n\t\t<\/article>\n\t<\/div>\n\n<\/div>\n\n\t\t\t\t\t\t\t\n\t\t\t\t\n\t\t\t\t<div  class=\"tribe-common-g-row tribe-events-calendar-list__event-row\" >\n\n\t<div  class=\"tribe-events-calendar-list__event-date-tag tribe-common-g-col post-10002304 tribe_events type-tribe_events status-publish hentry tribe_events_cat-gravel tribe_events_cat-randonnee-vtt cat_gravel cat_randonnee-vtt\"  >\n\t<time class=\"tribe-events-calendar-list__event-date-tag-datetime\" datetime=\"2026-09-06\" aria-hidden=\"true\">\n\t\t<span class=\"tribe-events-calendar-list__event-date-tag-weekday\">\n\t\t\tzo\t\t<\/span>\n\t\t<span class=\"tribe-events-calendar-list__event-date-tag-daynum tribe-common-h5 tribe-common-h4--min-medium\">\n\t\t\t6\t\t<\/span>\n\t<\/time>\n<\/div>\n\n\t<div class=\"tribe-events-calendar-list__event-wrapper tribe-common-g-col\">\n\t\t<article  class=\"tribe-events-calendar-list__event tribe-common-g-row tribe-common-g-row--gutters post-10002304 tribe_events type-tribe_events status-publish hentry tribe_events_cat-gravel tribe_events_cat-randonnee-vtt cat_gravel cat_randonnee-vtt\" >\n\t\t\t\n\n\t\t\t<div class=\"tribe-events-calendar-list__event-details tribe-common-g-col\">\n\n\n\n\t\t\t\t<header class=\"tribe-events-calendar-list__event-header hello\">\n\t\t\t\t\t<div class=\"tribe-events-calendar-list__event-datetime-wrapper tribe-common-b2\">\n\t\t<time class=\"tribe-events-calendar-list__event-datetime\" datetime=\"2026-09-06\">\n\t\t<span class=\"tribe-event-date-start\">6 september | 07:30<\/span><span class=\"tribe-event-time\"><\/span>\t<\/time>\n\t<\/div>\n\t\t\t\t\t<h4 class=\"tribe-events-calendar-list__event-title tribe-common-h6 tribe-common-h4--min-medium\">\n\t<a\n\t\thref=\"https:\/\/www.bikers.be\/nl\/evenement\/garnaalrit\/\"\n\t\ttitle=\"Garnaalrit\"\n\t\trel=\"bookmark\"\n\t\tclass=\"tribe-events-calendar-list__event-title-link tribe-common-anchor-thin\"\n\t>\n\t\tGarnaalrit\t<\/a>\n<\/h4>\n\t\t\t\t\t\n\t\t\t\t\t<div class=\"custom_tribe_supp_infos\">\n\t\t\t\t\t\t<ul>\n\t\t\t\t\t\t\t<li>Gravel, Randonn\u00e9e VTT<\/li>\t\t\t\t\t\t<\/ul>\n\t\t\t\t\t<\/div>\n\n\n\t\t\t\t\t<address class=\"tribe-events-calendar-list__event-venue tribe-common-b2\">\n\t<span class=\"tribe-events-calendar-list__event-venue-title tribe-common-b2--bold\">\n\t\tBOEKHOUTE\t<\/span>\n\t<span class=\"tribe-events-calendar-list__event-venue-address\">\n\t\tScoutslokalen MichielDe Ruyter, Vliet 20A, Boekhoute, Flandre occidentale, Belgium\t<\/span>\n\t<\/address>\n\t\t\t\t\t\t\t\t\t\t\t\t\t\t\t\t\t\t\t<\/header>\n\n\n\n\t\t\t\t\t\t\t\t\t<div class=\"tribe-events-calendar-list__event-region\">\n\t\t\t\t\t\t<span class=\"tribe-events-calendar-list__event-region-value\">Flandre occidentale<\/span>\n\t\t\t\t\t<\/div>\n\t\t\t\t\n\t\t\t<\/div>\n\t\t<\/article>\n\t<\/div>\n\n<\/div>\n\n\t\t\t\t\t\t\t\n\t\t\t\t\n\t\t\t\t<div  class=\"tribe-common-g-row tribe-events-calendar-list__event-row\" >\n\n\t<div  class=\"tribe-events-calendar-list__event-date-tag tribe-common-g-col post-10002307 tribe_events type-tribe_events status-publish hentry tribe_events_cat-randonnee-vtt cat_randonnee-vtt\"  >\n\t<time class=\"tribe-events-calendar-list__event-date-tag-datetime\" datetime=\"2026-09-06\" aria-hidden=\"true\">\n\t\t<span class=\"tribe-events-calendar-list__event-date-tag-weekday\">\n\t\t\tzo\t\t<\/span>\n\t\t<span class=\"tribe-events-calendar-list__event-date-tag-daynum tribe-common-h5 tribe-common-h4--min-medium\">\n\t\t\t6\t\t<\/span>\n\t<\/time>\n<\/div>\n\n\t<div class=\"tribe-events-calendar-list__event-wrapper tribe-common-g-col\">\n\t\t<article  class=\"tribe-events-calendar-list__event tribe-common-g-row tribe-common-g-row--gutters post-10002307 tribe_events type-tribe_events status-publish hentry tribe_events_cat-randonnee-vtt cat_randonnee-vtt\" >\n\t\t\t\n\n\t\t\t<div class=\"tribe-events-calendar-list__event-details tribe-common-g-col\">\n\n\n\n\t\t\t\t<header class=\"tribe-events-calendar-list__event-header hello\">\n\t\t\t\t\t<div class=\"tribe-events-calendar-list__event-datetime-wrapper tribe-common-b2\">\n\t\t<time class=\"tribe-events-calendar-list__event-datetime\" datetime=\"2026-09-06\">\n\t\t<span class=\"tribe-event-date-start\">6 september | 07:30<\/span><span class=\"tribe-event-time\"><\/span>\t<\/time>\n\t<\/div>\n\t\t\t\t\t<h4 class=\"tribe-events-calendar-list__event-title tribe-common-h6 tribe-common-h4--min-medium\">\n\t<a\n\t\thref=\"https:\/\/www.bikers.be\/nl\/evenement\/10e-steenbakkers-zomer-mtb\/\"\n\t\ttitle=\"10e Steenbakkers Zomer MTB\"\n\t\trel=\"bookmark\"\n\t\tclass=\"tribe-events-calendar-list__event-title-link tribe-common-anchor-thin\"\n\t>\n\t\t10e Steenbakkers Zomer MTB\t<\/a>\n<\/h4>\n\t\t\t\t\t\n\t\t\t\t\t<div class=\"custom_tribe_supp_infos\">\n\t\t\t\t\t\t<ul>\n\t\t\t\t\t\t\t<li>Randonn\u00e9e VTT<\/li>\t\t\t\t\t\t<\/ul>\n\t\t\t\t\t<\/div>\n\n\n\t\t\t\t\t<address class=\"tribe-events-calendar-list__event-venue tribe-common-b2\">\n\t<span class=\"tribe-events-calendar-list__event-venue-title tribe-common-b2--bold\">\n\t\tMOEN\t<\/span>\n\t<span class=\"tribe-events-calendar-list__event-venue-address\">\n\t\tDepot Hein Vanhoutte Moenkouterstraat 14, Moen, Flandre occidentale, Belgium\t<\/span>\n\t<\/address>\n\t\t\t\t\t\t\t\t\t\t\t\t\t\t\t\t\t\t\t<\/header>\n\n\n\n\t\t\t\t\t\t\t\t\t<div class=\"tribe-events-calendar-list__event-region\">\n\t\t\t\t\t\t<span class=\"tribe-events-calendar-list__event-region-value\">Flandre occidentale<\/span>\n\t\t\t\t\t<\/div>\n\t\t\t\t\n\t\t\t<\/div>\n\t\t<\/article>\n\t<\/div>\n\n<\/div>\n\n\t\t\t\t\t\t\t\n\t\t\t\t\n\t\t\t\t<div  class=\"tribe-common-g-row tribe-events-calendar-list__event-row\" >\n\n\t<div  class=\"tribe-events-calendar-list__event-date-tag tribe-common-g-col post-10002305 tribe_events type-tribe_events status-publish hentry tribe_events_cat-randonnee-vtt cat_randonnee-vtt\"  >\n\t<time class=\"tribe-events-calendar-list__event-date-tag-datetime\" datetime=\"2026-09-06\" aria-hidden=\"true\">\n\t\t<span class=\"tribe-events-calendar-list__event-date-tag-weekday\">\n\t\t\tzo\t\t<\/span>\n\t\t<span class=\"tribe-events-calendar-list__event-date-tag-daynum tribe-common-h5 tribe-common-h4--min-medium\">\n\t\t\t6\t\t<\/span>\n\t<\/time>\n<\/div>\n\n\t<div class=\"tribe-events-calendar-list__event-wrapper tribe-common-g-col\">\n\t\t<article  class=\"tribe-events-calendar-list__event tribe-common-g-row tribe-common-g-row--gutters post-10002305 tribe_events type-tribe_events status-publish hentry tribe_events_cat-randonnee-vtt cat_randonnee-vtt\" >\n\t\t\t\n\n\t\t\t<div class=\"tribe-events-calendar-list__event-details tribe-common-g-col\">\n\n\n\n\t\t\t\t<header class=\"tribe-events-calendar-list__event-header hello\">\n\t\t\t\t\t<div class=\"tribe-events-calendar-list__event-datetime-wrapper tribe-common-b2\">\n\t\t<time class=\"tribe-events-calendar-list__event-datetime\" datetime=\"2026-09-06\">\n\t\t<span class=\"tribe-event-date-start\">6 september | 08:00<\/span><span class=\"tribe-event-time\"><\/span>\t<\/time>\n\t<\/div>\n\t\t\t\t\t<h4 class=\"tribe-events-calendar-list__event-title tribe-common-h6 tribe-common-h4--min-medium\">\n\t<a\n\t\thref=\"https:\/\/www.bikers.be\/nl\/evenement\/scheve-villa-mountainbike-tour\/\"\n\t\ttitle=\"Scheve Villa Mountainbike Tour\"\n\t\trel=\"bookmark\"\n\t\tclass=\"tribe-events-calendar-list__event-title-link tribe-common-anchor-thin\"\n\t>\n\t\tScheve Villa Mountainbike Tour\t<\/a>\n<\/h4>\n\t\t\t\t\t\n\t\t\t\t\t<div class=\"custom_tribe_supp_infos\">\n\t\t\t\t\t\t<ul>\n\t\t\t\t\t\t\t<li>Randonn\u00e9e VTT<\/li>\t\t\t\t\t\t<\/ul>\n\t\t\t\t\t<\/div>\n\n\n\t\t\t\t\t<address class=\"tribe-events-calendar-list__event-venue tribe-common-b2\">\n\t<span class=\"tribe-events-calendar-list__event-venue-title tribe-common-b2--bold\">\n\t\tBERLARE\t<\/span>\n\t<span class=\"tribe-events-calendar-list__event-venue-address\">\n\t\tScheve Villa, Donklaan 7, Berlare, Flandre orientale, Belgium\t<\/span>\n\t<\/address>\n\t\t\t\t\t\t\t\t\t\t\t\t\t\t\t\t\t\t\t<\/header>\n\n\n\n\t\t\t\t\t\t\t\t\t<div class=\"tribe-events-calendar-list__event-region\">\n\t\t\t\t\t\t<span class=\"tribe-events-calendar-list__event-region-value\">Flandre orientale<\/span>\n\t\t\t\t\t<\/div>\n\t\t\t\t\n\t\t\t<\/div>\n\t\t<\/article>\n\t<\/div>\n\n<\/div>\n\n\t\t\t\t\t\t\t\n\t\t\t\t\n\t\t\t\t<div  class=\"tribe-common-g-row tribe-events-calendar-list__event-row\" >\n\n\t<div  class=\"tribe-events-calendar-list__event-date-tag tribe-common-g-col post-10002306 tribe_events type-tribe_events status-publish hentry tribe_events_cat-gravel cat_gravel\"  >\n\t<time class=\"tribe-events-calendar-list__event-date-tag-datetime\" datetime=\"2026-09-06\" aria-hidden=\"true\">\n\t\t<span class=\"tribe-events-calendar-list__event-date-tag-weekday\">\n\t\t\tzo\t\t<\/span>\n\t\t<span class=\"tribe-events-calendar-list__event-date-tag-daynum tribe-common-h5 tribe-common-h4--min-medium\">\n\t\t\t6\t\t<\/span>\n\t<\/time>\n<\/div>\n\n\t<div class=\"tribe-events-calendar-list__event-wrapper tribe-common-g-col\">\n\t\t<article  class=\"tribe-events-calendar-list__event tribe-common-g-row tribe-common-g-row--gutters post-10002306 tribe_events type-tribe_events status-publish hentry tribe_events_cat-gravel cat_gravel\" >\n\t\t\t\n\n\t\t\t<div class=\"tribe-events-calendar-list__event-details tribe-common-g-col\">\n\n\n\n\t\t\t\t<header class=\"tribe-events-calendar-list__event-header hello\">\n\t\t\t\t\t<div class=\"tribe-events-calendar-list__event-datetime-wrapper tribe-common-b2\">\n\t\t<time class=\"tribe-events-calendar-list__event-datetime\" datetime=\"2026-09-06\">\n\t\t<span class=\"tribe-event-date-start\">6 september | 08:00<\/span><span class=\"tribe-event-time\"><\/span>\t<\/time>\n\t<\/div>\n\t\t\t\t\t<h4 class=\"tribe-events-calendar-list__event-title tribe-common-h6 tribe-common-h4--min-medium\">\n\t<a\n\t\thref=\"https:\/\/www.bikers.be\/nl\/evenement\/scheve-villa-gravel-tour\/\"\n\t\ttitle=\"Scheve Villa Gravel Tour\"\n\t\trel=\"bookmark\"\n\t\tclass=\"tribe-events-calendar-list__event-title-link tribe-common-anchor-thin\"\n\t>\n\t\tScheve Villa Gravel Tour\t<\/a>\n<\/h4>\n\t\t\t\t\t\n\t\t\t\t\t<div class=\"custom_tribe_supp_infos\">\n\t\t\t\t\t\t<ul>\n\t\t\t\t\t\t\t<li>Gravel<\/li>\t\t\t\t\t\t<\/ul>\n\t\t\t\t\t<\/div>\n\n\n\t\t\t\t\t<address class=\"tribe-events-calendar-list__event-venue tribe-common-b2\">\n\t<span class=\"tribe-events-calendar-list__event-venue-title tribe-common-b2--bold\">\n\t\tBERLARE\t<\/span>\n\t<span class=\"tribe-events-calendar-list__event-venue-address\">\n\t\tScheve Villa, Donklaan 7, Berlare, Flandre orientale, Belgium\t<\/span>\n\t<\/address>\n\t\t\t\t\t\t\t\t\t\t\t\t\t\t\t\t\t\t\t<\/header>\n\n\n\n\t\t\t\t\t\t\t\t\t<div class=\"tribe-events-calendar-list__event-region\">\n\t\t\t\t\t\t<span class=\"tribe-events-calendar-list__event-region-value\">Flandre orientale<\/span>\n\t\t\t\t\t<\/div>\n\t\t\t\t\n\t\t\t<\/div>\n\t\t<\/article>\n\t<\/div>\n\n<\/div>\n\n\t\t\t\t\t\t\t\n\t\t\t\t\n\t\t\t\t<div  class=\"tribe-common-g-row tribe-events-calendar-list__event-row\" >\n\n\t<div  class=\"tribe-events-calendar-list__event-date-tag tribe-common-g-col post-10002255 tribe_events type-tribe_events status-publish hentry tribe_events_cat-randonnee-vtt cat_randonnee-vtt\"  >\n\t<time class=\"tribe-events-calendar-list__event-date-tag-datetime\" datetime=\"2026-09-06\" aria-hidden=\"true\">\n\t\t<span class=\"tribe-events-calendar-list__event-date-tag-weekday\">\n\t\t\tzo\t\t<\/span>\n\t\t<span class=\"tribe-events-calendar-list__event-date-tag-daynum tribe-common-h5 tribe-common-h4--min-medium\">\n\t\t\t6\t\t<\/span>\n\t<\/time>\n<\/div>\n\n\t<div class=\"tribe-events-calendar-list__event-wrapper tribe-common-g-col\">\n\t\t<article  class=\"tribe-events-calendar-list__event tribe-common-g-row tribe-common-g-row--gutters post-10002255 tribe_events type-tribe_events status-publish hentry tribe_events_cat-randonnee-vtt cat_randonnee-vtt\" >\n\t\t\t\n\n\t\t\t<div class=\"tribe-events-calendar-list__event-details tribe-common-g-col\">\n\n\n\n\t\t\t\t<header class=\"tribe-events-calendar-list__event-header hello\">\n\t\t\t\t\t<div class=\"tribe-events-calendar-list__event-datetime-wrapper tribe-common-b2\">\n\t\t<time class=\"tribe-events-calendar-list__event-datetime\" datetime=\"2026-09-06\">\n\t\t<span class=\"tribe-event-date-start\">6 september | 07:00<\/span><span class=\"tribe-event-time\"><\/span>\t<\/time>\n\t<\/div>\n\t\t\t\t\t<h4 class=\"tribe-events-calendar-list__event-title tribe-common-h6 tribe-common-h4--min-medium\">\n\t<a\n\t\thref=\"https:\/\/www.bikers.be\/nl\/evenement\/la-despature\/\"\n\t\ttitle=\"La Despature\"\n\t\trel=\"bookmark\"\n\t\tclass=\"tribe-events-calendar-list__event-title-link tribe-common-anchor-thin\"\n\t>\n\t\tLa Despature\t<\/a>\n<\/h4>\n\t\t\t\t\t\n\t\t\t\t\t<div class=\"custom_tribe_supp_infos\">\n\t\t\t\t\t\t<ul>\n\t\t\t\t\t\t\t<li>Randonn\u00e9e VTT<\/li>\t\t\t\t\t\t<\/ul>\n\t\t\t\t\t<\/div>\n\n\n\t\t\t\t\t<address class=\"tribe-events-calendar-list__event-venue tribe-common-b2\">\n\t<span class=\"tribe-events-calendar-list__event-venue-title tribe-common-b2--bold\">\n\t\tBLEHARIES\t<\/span>\n\t<span class=\"tribe-events-calendar-list__event-venue-address\">\n\t\tParc Communal de Bl\u00e9haries - Rue Wibault-Bouchart 11, Brunehaut (Bleharies), Hainaut, Belgium\t<\/span>\n\t<\/address>\n\t\t\t\t\t\t\t\t\t\t\t\t\t\t\t<div class=\"tribe-events-c-small-cta tribe-common-b3 tribe-events-calendar-list__event-cost\">\n\t<span class=\"tribe-events-c-small-cta__price\">\n\t\t5\u20ac\t<\/span>\n<\/div>\n\t\t\t\t<\/header>\n\n\n\n\t\t\t\t\t\t\t\t\t<div class=\"tribe-events-calendar-list__event-region\">\n\t\t\t\t\t\t<span class=\"tribe-events-calendar-list__event-region-value\">Hainaut<\/span>\n\t\t\t\t\t<\/div>\n\t\t\t\t\n\t\t\t<\/div>\n\t\t<\/article>\n\t<\/div>\n\n<\/div>\n\n\t\t\t\t\t\t\t\n\t\t\t\t\n\t\t\t\t<div  class=\"tribe-common-g-row tribe-events-calendar-list__event-row\" >\n\n\t<div  class=\"tribe-events-calendar-list__event-date-tag tribe-common-g-col post-10002260 tribe_events type-tribe_events status-publish hentry tribe_events_cat-randonnee-vtt cat_randonnee-vtt\"  >\n\t<time class=\"tribe-events-calendar-list__event-date-tag-datetime\" datetime=\"2026-09-06\" aria-hidden=\"true\">\n\t\t<span class=\"tribe-events-calendar-list__event-date-tag-weekday\">\n\t\t\tzo\t\t<\/span>\n\t\t<span class=\"tribe-events-calendar-list__event-date-tag-daynum tribe-common-h5 tribe-common-h4--min-medium\">\n\t\t\t6\t\t<\/span>\n\t<\/time>\n<\/div>\n\n\t<div class=\"tribe-events-calendar-list__event-wrapper tribe-common-g-col\">\n\t\t<article  class=\"tribe-events-calendar-list__event tribe-common-g-row tribe-common-g-row--gutters post-10002260 tribe_events type-tribe_events status-publish hentry tribe_events_cat-randonnee-vtt cat_randonnee-vtt\" >\n\t\t\t\n\n\t\t\t<div class=\"tribe-events-calendar-list__event-details tribe-common-g-col\">\n\n\n\n\t\t\t\t<header class=\"tribe-events-calendar-list__event-header hello\">\n\t\t\t\t\t<div class=\"tribe-events-calendar-list__event-datetime-wrapper tribe-common-b2\">\n\t\t<time class=\"tribe-events-calendar-list__event-datetime\" datetime=\"2026-09-06\">\n\t\t<span class=\"tribe-event-date-start\">6 september | 07:30<\/span><span class=\"tribe-event-time\"><\/span>\t<\/time>\n\t<\/div>\n\t\t\t\t\t<h4 class=\"tribe-events-calendar-list__event-title tribe-common-h6 tribe-common-h4--min-medium\">\n\t<a\n\t\thref=\"https:\/\/www.bikers.be\/nl\/evenement\/vtt-ducasse-de-spiennes\/\"\n\t\ttitle=\"VTT Ducasse de Spiennes\"\n\t\trel=\"bookmark\"\n\t\tclass=\"tribe-events-calendar-list__event-title-link tribe-common-anchor-thin\"\n\t>\n\t\tVTT Ducasse de Spiennes\t<\/a>\n<\/h4>\n\t\t\t\t\t\n\t\t\t\t\t<div class=\"custom_tribe_supp_infos\">\n\t\t\t\t\t\t<ul>\n\t\t\t\t\t\t\t<li>Randonn\u00e9e VTT<\/li>\t\t\t\t\t\t<\/ul>\n\t\t\t\t\t<\/div>\n\n\n\t\t\t\t\t<address class=\"tribe-events-calendar-list__event-venue tribe-common-b2\">\n\t<span class=\"tribe-events-calendar-list__event-venue-title tribe-common-b2--bold\">\n\t\tSPIENNES\t<\/span>\n\t<span class=\"tribe-events-calendar-list__event-venue-address\">\n\t\tSpiennes, Hainaut, Belgium\t<\/span>\n\t<\/address>\n\t\t\t\t\t\t\t\t\t\t\t\t\t\t\t<div class=\"tribe-events-c-small-cta tribe-common-b3 tribe-events-calendar-list__event-cost\">\n\t<span class=\"tribe-events-c-small-cta__price\">\n\t\t5\u20ac\t<\/span>\n<\/div>\n\t\t\t\t<\/header>\n\n\n\n\t\t\t\t\t\t\t\t\t<div class=\"tribe-events-calendar-list__event-region\">\n\t\t\t\t\t\t<span class=\"tribe-events-calendar-list__event-region-value\">Hainaut<\/span>\n\t\t\t\t\t<\/div>\n\t\t\t\t\n\t\t\t<\/div>\n\t\t<\/article>\n\t<\/div>\n\n<\/div>\n\n\t\t\t\t\t\t\t\n\t\t\t\t\n\t\t\t\t<div  class=\"tribe-common-g-row tribe-events-calendar-list__event-row\" >\n\n\t<div  class=\"tribe-events-calendar-list__event-date-tag tribe-common-g-col post-10001797 tribe_events type-tribe_events status-publish hentry tribe_events_cat-randonnee-vtt cat_randonnee-vtt\"  >\n\t<time class=\"tribe-events-calendar-list__event-date-tag-datetime\" datetime=\"2026-09-06\" aria-hidden=\"true\">\n\t\t<span class=\"tribe-events-calendar-list__event-date-tag-weekday\">\n\t\t\tzo\t\t<\/span>\n\t\t<span class=\"tribe-events-calendar-list__event-date-tag-daynum tribe-common-h5 tribe-common-h4--min-medium\">\n\t\t\t6\t\t<\/span>\n\t<\/time>\n<\/div>\n\n\t<div class=\"tribe-events-calendar-list__event-wrapper tribe-common-g-col\">\n\t\t<article  class=\"tribe-events-calendar-list__event tribe-common-g-row tribe-common-g-row--gutters post-10001797 tribe_events type-tribe_events status-publish hentry tribe_events_cat-randonnee-vtt cat_randonnee-vtt\" >\n\t\t\t\n\n\t\t\t<div class=\"tribe-events-calendar-list__event-details tribe-common-g-col\">\n\n\n\n\t\t\t\t<header class=\"tribe-events-calendar-list__event-header hello\">\n\t\t\t\t\t<div class=\"tribe-events-calendar-list__event-datetime-wrapper tribe-common-b2\">\n\t\t<time class=\"tribe-events-calendar-list__event-datetime\" datetime=\"2026-09-06\">\n\t\t<span class=\"tribe-event-date-start\">6 september | 08:00<\/span><span class=\"tribe-event-time\"><\/span>\t<\/time>\n\t<\/div>\n\t\t\t\t\t<h4 class=\"tribe-events-calendar-list__event-title tribe-common-h6 tribe-common-h4--min-medium\">\n\t<a\n\t\thref=\"https:\/\/www.bikers.be\/nl\/evenement\/32-transhoussoise\/\"\n\t\ttitle=\"32\u00b0 Transhoussoise\"\n\t\trel=\"bookmark\"\n\t\tclass=\"tribe-events-calendar-list__event-title-link tribe-common-anchor-thin\"\n\t>\n\t\t32\u00b0 Transhoussoise\t<\/a>\n<\/h4>\n\t\t\t\t\t\n\t\t\t\t\t<div class=\"custom_tribe_supp_infos\">\n\t\t\t\t\t\t<ul>\n\t\t\t\t\t\t\t<li>Randonn\u00e9e VTT<\/li>\t\t\t\t\t\t<\/ul>\n\t\t\t\t\t<\/div>\n\n\n\t\t\t\t\t<address class=\"tribe-events-calendar-list__event-venue tribe-common-b2\">\n\t<span class=\"tribe-events-calendar-list__event-venue-title tribe-common-b2--bold\">\n\t\tBARCHON\t<\/span>\n\t<span class=\"tribe-events-calendar-list__event-venue-address\">\n\t\tFort de Barchon, Rue du Fort, BARCHON, Li\u00e8ge, Belgium\t<\/span>\n\t<\/address>\n\t\t\t\t\t\t\t\t\t\t\t\t\t\t\t<div class=\"tribe-events-c-small-cta tribe-common-b3 tribe-events-calendar-list__event-cost\">\n\t<span class=\"tribe-events-c-small-cta__price\">\n\t\t9\u20ac \u2013 10\u20ac\t<\/span>\n<\/div>\n\t\t\t\t<\/header>\n\n\n\n\t\t\t\t\t\t\t\t\t<div class=\"tribe-events-calendar-list__event-region\">\n\t\t\t\t\t\t<span class=\"tribe-events-calendar-list__event-region-value\">Li\u00e8ge<\/span>\n\t\t\t\t\t<\/div>\n\t\t\t\t\n\t\t\t<\/div>\n\t\t<\/article>\n\t<\/div>\n\n<\/div>\n\n\t\t\t\t\t\t\t\n\t\t\t\t\n\t\t\t\t<div  class=\"tribe-common-g-row tribe-events-calendar-list__event-row\" >\n\n\t<div  class=\"tribe-events-calendar-list__event-date-tag tribe-common-g-col post-10001793 tribe_events type-tribe_events status-publish hentry tribe_events_cat-gravel cat_gravel\"  >\n\t<time class=\"tribe-events-calendar-list__event-date-tag-datetime\" datetime=\"2026-09-06\" aria-hidden=\"true\">\n\t\t<span class=\"tribe-events-calendar-list__event-date-tag-weekday\">\n\t\t\tzo\t\t<\/span>\n\t\t<span class=\"tribe-events-calendar-list__event-date-tag-daynum tribe-common-h5 tribe-common-h4--min-medium\">\n\t\t\t6\t\t<\/span>\n\t<\/time>\n<\/div>\n\n\t<div class=\"tribe-events-calendar-list__event-wrapper tribe-common-g-col\">\n\t\t<article  class=\"tribe-events-calendar-list__event tribe-common-g-row tribe-common-g-row--gutters post-10001793 tribe_events type-tribe_events status-publish hentry tribe_events_cat-gravel cat_gravel\" >\n\t\t\t\n\n\t\t\t<div class=\"tribe-events-calendar-list__event-details tribe-common-g-col\">\n\n\n\n\t\t\t\t<header class=\"tribe-events-calendar-list__event-header hello\">\n\t\t\t\t\t<div class=\"tribe-events-calendar-list__event-datetime-wrapper tribe-common-b2\">\n\t\t<time class=\"tribe-events-calendar-list__event-datetime\" datetime=\"2026-09-06\">\n\t\t<span class=\"tribe-event-date-start\">6 september | 08:00<\/span><span class=\"tribe-event-time\"><\/span>\t<\/time>\n\t<\/div>\n\t\t\t\t\t<h4 class=\"tribe-events-calendar-list__event-title tribe-common-h6 tribe-common-h4--min-medium\">\n\t<a\n\t\thref=\"https:\/\/www.bikers.be\/nl\/evenement\/32-transhoussoise-2\/\"\n\t\ttitle=\"32\u00b0 Transhoussoise\"\n\t\trel=\"bookmark\"\n\t\tclass=\"tribe-events-calendar-list__event-title-link tribe-common-anchor-thin\"\n\t>\n\t\t32\u00b0 Transhoussoise\t<\/a>\n<\/h4>\n\t\t\t\t\t\n\t\t\t\t\t<div class=\"custom_tribe_supp_infos\">\n\t\t\t\t\t\t<ul>\n\t\t\t\t\t\t\t<li>Gravel<\/li>\t\t\t\t\t\t<\/ul>\n\t\t\t\t\t<\/div>\n\n\n\t\t\t\t\t<address class=\"tribe-events-calendar-list__event-venue tribe-common-b2\">\n\t<span class=\"tribe-events-calendar-list__event-venue-title tribe-common-b2--bold\">\n\t\tBARCHON\t<\/span>\n\t<span class=\"tribe-events-calendar-list__event-venue-address\">\n\t\tFort de Barchon, Rue du Fort, BARCHON, Li\u00e8ge, Belgium\t<\/span>\n\t<\/address>\n\t\t\t\t\t\t\t\t\t\t\t\t\t\t\t<div class=\"tribe-events-c-small-cta tribe-common-b3 tribe-events-calendar-list__event-cost\">\n\t<span class=\"tribe-events-c-small-cta__price\">\n\t\t9\u20ac \u2013 10\u20ac\t<\/span>\n<\/div>\n\t\t\t\t<\/header>\n\n\n\n\t\t\t\t\t\t\t\t\t<div class=\"tribe-events-calendar-list__event-region\">\n\t\t\t\t\t\t<span class=\"tribe-events-calendar-list__event-region-value\">Li\u00e8ge<\/span>\n\t\t\t\t\t<\/div>\n\t\t\t\t\n\t\t\t<\/div>\n\t\t<\/article>\n\t<\/div>\n\n<\/div>\n\n\t\t\t\t\t\t\t\n\t\t\t\t\n\t\t\t\t<div  class=\"tribe-common-g-row tribe-events-calendar-list__event-row\" >\n\n\t<div  class=\"tribe-events-calendar-list__event-date-tag tribe-common-g-col post-10002096 tribe_events type-tribe_events status-publish hentry tribe_events_cat-randonnee-vtt cat_randonnee-vtt\"  >\n\t<time class=\"tribe-events-calendar-list__event-date-tag-datetime\" datetime=\"2026-09-06\" aria-hidden=\"true\">\n\t\t<span class=\"tribe-events-calendar-list__event-date-tag-weekday\">\n\t\t\tzo\t\t<\/span>\n\t\t<span class=\"tribe-events-calendar-list__event-date-tag-daynum tribe-common-h5 tribe-common-h4--min-medium\">\n\t\t\t6\t\t<\/span>\n\t<\/time>\n<\/div>\n\n\t<div class=\"tribe-events-calendar-list__event-wrapper tribe-common-g-col\">\n\t\t<article  class=\"tribe-events-calendar-list__event tribe-common-g-row tribe-common-g-row--gutters post-10002096 tribe_events type-tribe_events status-publish hentry tribe_events_cat-randonnee-vtt cat_randonnee-vtt\" >\n\t\t\t\n\n\t\t\t<div class=\"tribe-events-calendar-list__event-details tribe-common-g-col\">\n\n\n\n\t\t\t\t<header class=\"tribe-events-calendar-list__event-header hello\">\n\t\t\t\t\t<div class=\"tribe-events-calendar-list__event-datetime-wrapper tribe-common-b2\">\n\t\t<time class=\"tribe-events-calendar-list__event-datetime\" datetime=\"2026-09-06\">\n\t\t<span class=\"tribe-event-date-start\">6 september | 08:00<\/span><span class=\"tribe-event-time\"><\/span>\t<\/time>\n\t<\/div>\n\t\t\t\t\t<h4 class=\"tribe-events-calendar-list__event-title tribe-common-h6 tribe-common-h4--min-medium\">\n\t<a\n\t\thref=\"https:\/\/www.bikers.be\/nl\/evenement\/la-valopontoise\/\"\n\t\ttitle=\"La Valopontoise\"\n\t\trel=\"bookmark\"\n\t\tclass=\"tribe-events-calendar-list__event-title-link tribe-common-anchor-thin\"\n\t>\n\t\tLa Valopontoise\t<\/a>\n<\/h4>\n\t\t\t\t\t\n\t\t\t\t\t<div class=\"custom_tribe_supp_infos\">\n\t\t\t\t\t\t<ul>\n\t\t\t\t\t\t\t<li>Randonn\u00e9e VTT<\/li>\t\t\t\t\t\t<\/ul>\n\t\t\t\t\t<\/div>\n\n\n\t\t\t\t\t<address class=\"tribe-events-calendar-list__event-venue tribe-common-b2\">\n\t<span class=\"tribe-events-calendar-list__event-venue-title tribe-common-b2--bold\">\n\t\tTROIS-PONTS\t<\/span>\n\t<span class=\"tribe-events-calendar-list__event-venue-address\">\n\t\tVal de Wanne, Aisomont 70, Trois-Ponts, Li\u00e8ge, Belgium\t<\/span>\n\t<\/address>\n\t\t\t\t\t\t\t\t\t\t\t\t\t\t\t<div class=\"tribe-events-c-small-cta tribe-common-b3 tribe-events-calendar-list__event-cost\">\n\t<span class=\"tribe-events-c-small-cta__price\">\n\t\t8\u20ac\t<\/span>\n<\/div>\n\t\t\t\t<\/header>\n\n\n\n\t\t\t\t\t\t\t\t\t<div class=\"tribe-events-calendar-list__event-region\">\n\t\t\t\t\t\t<span class=\"tribe-events-calendar-list__event-region-value\">Li\u00e8ge<\/span>\n\t\t\t\t\t<\/div>\n\t\t\t\t\n\t\t\t<\/div>\n\t\t<\/article>\n\t<\/div>\n\n<\/div>\n\n\t\t\t\t\t\t\t\n\t\t\t\t\n\t\t\t\t<div  class=\"tribe-common-g-row tribe-events-calendar-list__event-row\" >\n\n\t<div  class=\"tribe-events-calendar-list__event-date-tag tribe-common-g-col post-10002298 tribe_events type-tribe_events status-publish hentry tribe_events_cat-enduro tribe_events_cat-gravel tribe_events_cat-randonnee-vtt tribe_events_cat-tests-vtt cat_enduro cat_gravel cat_randonnee-vtt cat_tests-vtt\"  >\n\t<time class=\"tribe-events-calendar-list__event-date-tag-datetime\" datetime=\"2026-09-06\" aria-hidden=\"true\">\n\t\t<span class=\"tribe-events-calendar-list__event-date-tag-weekday\">\n\t\t\tzo\t\t<\/span>\n\t\t<span class=\"tribe-events-calendar-list__event-date-tag-daynum tribe-common-h5 tribe-common-h4--min-medium\">\n\t\t\t6\t\t<\/span>\n\t<\/time>\n<\/div>\n\n\t<div class=\"tribe-events-calendar-list__event-wrapper tribe-common-g-col\">\n\t\t<article  class=\"tribe-events-calendar-list__event tribe-common-g-row tribe-common-g-row--gutters post-10002298 tribe_events type-tribe_events status-publish hentry tribe_events_cat-enduro tribe_events_cat-gravel tribe_events_cat-randonnee-vtt tribe_events_cat-tests-vtt cat_enduro cat_gravel cat_randonnee-vtt cat_tests-vtt\" >\n\t\t\t\n\n\t\t\t<div class=\"tribe-events-calendar-list__event-details tribe-common-g-col\">\n\n\n\n\t\t\t\t<header class=\"tribe-events-calendar-list__event-header hello\">\n\t\t\t\t\t<div class=\"tribe-events-calendar-list__event-datetime-wrapper tribe-common-b2\">\n\t\t<time class=\"tribe-events-calendar-list__event-datetime\" datetime=\"2026-09-06\">\n\t\t<span class=\"tribe-event-date-start\">6 september | 07:30<\/span><span class=\"tribe-event-time\"><\/span>\t<\/time>\n\t<\/div>\n\t\t\t\t\t<h4 class=\"tribe-events-calendar-list__event-title tribe-common-h6 tribe-common-h4--min-medium\">\n\t<a\n\t\thref=\"https:\/\/www.bikers.be\/nl\/evenement\/bike-fun-day\/\"\n\t\ttitle=\"Bike &#038; Fun Day\"\n\t\trel=\"bookmark\"\n\t\tclass=\"tribe-events-calendar-list__event-title-link tribe-common-anchor-thin\"\n\t>\n\t\tBike &#038; Fun Day\t<\/a>\n<\/h4>\n\t\t\t\t\t\n\t\t\t\t\t<div class=\"custom_tribe_supp_infos\">\n\t\t\t\t\t\t<ul>\n\t\t\t\t\t\t\t<li>Enduro, Gravel, Randonn\u00e9e VTT, Tests VTT<\/li>\t\t\t\t\t\t<\/ul>\n\t\t\t\t\t<\/div>\n\n\n\t\t\t\t\t<address class=\"tribe-events-calendar-list__event-venue tribe-common-b2\">\n\t<span class=\"tribe-events-calendar-list__event-venue-title tribe-common-b2--bold\">\n\t\tSPA\t<\/span>\n\t<span class=\"tribe-events-calendar-list__event-venue-address\">\n\t\tPiste de ski, Route de Berinzenne, Spa, Li\u00e8ge, Belgium\t<\/span>\n\t<\/address>\n\t\t\t\t\t\t\t\t\t\t\t\t\t\t\t\t\t\t\t<\/header>\n\n\n\n\t\t\t\t\t\t\t\t\t<div class=\"tribe-events-calendar-list__event-region\">\n\t\t\t\t\t\t<span class=\"tribe-events-calendar-list__event-region-value\">Li\u00e8ge<\/span>\n\t\t\t\t\t<\/div>\n\t\t\t\t\n\t\t\t<\/div>\n\t\t<\/article>\n\t<\/div>\n\n<\/div>\n\n\t\t\t\t\t\t\t\n\t\t\t\t\n\t\t\t\t<div  class=\"tribe-common-g-row tribe-events-calendar-list__event-row\" >\n\n\t<div  class=\"tribe-events-calendar-list__event-date-tag tribe-common-g-col post-10002335 tribe_events type-tribe_events status-publish hentry tribe_events_cat-gravel tribe_events_cat-randonnee-vtt cat_gravel cat_randonnee-vtt\"  >\n\t<time class=\"tribe-events-calendar-list__event-date-tag-datetime\" datetime=\"2026-09-06\" aria-hidden=\"true\">\n\t\t<span class=\"tribe-events-calendar-list__event-date-tag-weekday\">\n\t\t\tzo\t\t<\/span>\n\t\t<span class=\"tribe-events-calendar-list__event-date-tag-daynum tribe-common-h5 tribe-common-h4--min-medium\">\n\t\t\t6\t\t<\/span>\n\t<\/time>\n<\/div>\n\n\t<div class=\"tribe-events-calendar-list__event-wrapper tribe-common-g-col\">\n\t\t<article  class=\"tribe-events-calendar-list__event tribe-common-g-row tribe-common-g-row--gutters post-10002335 tribe_events type-tribe_events status-publish hentry tribe_events_cat-gravel tribe_events_cat-randonnee-vtt cat_gravel cat_randonnee-vtt\" >\n\t\t\t\n\n\t\t\t<div class=\"tribe-events-calendar-list__event-details tribe-common-g-col\">\n\n\n\n\t\t\t\t<header class=\"tribe-events-calendar-list__event-header hello\">\n\t\t\t\t\t<div class=\"tribe-events-calendar-list__event-datetime-wrapper tribe-common-b2\">\n\t\t<time class=\"tribe-events-calendar-list__event-datetime\" datetime=\"2026-09-06\">\n\t\t<span class=\"tribe-event-date-start\">6 september | 08:00<\/span><span class=\"tribe-event-time\"><\/span>\t<\/time>\n\t<\/div>\n\t\t\t\t\t<h4 class=\"tribe-events-calendar-list__event-title tribe-common-h6 tribe-common-h4--min-medium\">\n\t<a\n\t\thref=\"https:\/\/www.bikers.be\/nl\/evenement\/ind-gravel\/\"\n\t\ttitle=\"IND Gravel\"\n\t\trel=\"bookmark\"\n\t\tclass=\"tribe-events-calendar-list__event-title-link tribe-common-anchor-thin\"\n\t>\n\t\tIND Gravel\t<\/a>\n<\/h4>\n\t\t\t\t\t\n\t\t\t\t\t<div class=\"custom_tribe_supp_infos\">\n\t\t\t\t\t\t<ul>\n\t\t\t\t\t\t\t<li>Gravel, Randonn\u00e9e VTT<\/li>\t\t\t\t\t\t<\/ul>\n\t\t\t\t\t<\/div>\n\n\n\t\t\t\t\t<address class=\"tribe-events-calendar-list__event-venue tribe-common-b2\">\n\t<span class=\"tribe-events-calendar-list__event-venue-title tribe-common-b2--bold\">\n\t\tMALMEDY\t<\/span>\n\t<span class=\"tribe-events-calendar-list__event-venue-address\">\n\t\tInstitut Notre Dame, Rue Derri\u00e8re la Gare 12, Malm\u00e9dy, Li\u00e8ge, Belgium\t<\/span>\n\t<\/address>\n\t\t\t\t\t\t\t\t\t\t\t\t\t\t\t\t\t\t\t<\/header>\n\n\n\n\t\t\t\t\t\t\t\t\t<div class=\"tribe-events-calendar-list__event-region\">\n\t\t\t\t\t\t<span class=\"tribe-events-calendar-list__event-region-value\">Li\u00e8ge<\/span>\n\t\t\t\t\t<\/div>\n\t\t\t\t\n\t\t\t<\/div>\n\t\t<\/article>\n\t<\/div>\n\n<\/div>\n\n\t\t\t\t\t\t\t\n\t\t\t\t\n\t\t\t\t<div  class=\"tribe-common-g-row tribe-events-calendar-list__event-row\" >\n\n\t<div  class=\"tribe-events-calendar-list__event-date-tag tribe-common-g-col post-10002308 tribe_events type-tribe_events status-publish hentry tribe_events_cat-randonnee-vtt cat_randonnee-vtt\"  >\n\t<time class=\"tribe-events-calendar-list__event-date-tag-datetime\" datetime=\"2026-09-06\" aria-hidden=\"true\">\n\t\t<span class=\"tribe-events-calendar-list__event-date-tag-weekday\">\n\t\t\tzo\t\t<\/span>\n\t\t<span class=\"tribe-events-calendar-list__event-date-tag-daynum tribe-common-h5 tribe-common-h4--min-medium\">\n\t\t\t6\t\t<\/span>\n\t<\/time>\n<\/div>\n\n\t<div class=\"tribe-events-calendar-list__event-wrapper tribe-common-g-col\">\n\t\t<article  class=\"tribe-events-calendar-list__event tribe-common-g-row tribe-common-g-row--gutters post-10002308 tribe_events type-tribe_events status-publish hentry tribe_events_cat-randonnee-vtt cat_randonnee-vtt\" >\n\t\t\t\n\n\t\t\t<div class=\"tribe-events-calendar-list__event-details tribe-common-g-col\">\n\n\n\n\t\t\t\t<header class=\"tribe-events-calendar-list__event-header hello\">\n\t\t\t\t\t<div class=\"tribe-events-calendar-list__event-datetime-wrapper tribe-common-b2\">\n\t\t<time class=\"tribe-events-calendar-list__event-datetime\" datetime=\"2026-09-06\">\n\t\t<span class=\"tribe-event-date-start\">6 september | 07:30<\/span><span class=\"tribe-event-time\"><\/span>\t<\/time>\n\t<\/div>\n\t\t\t\t\t<h4 class=\"tribe-events-calendar-list__event-title tribe-common-h6 tribe-common-h4--min-medium\">\n\t<a\n\t\thref=\"https:\/\/www.bikers.be\/nl\/evenement\/mtb-zomertocht-pelt\/\"\n\t\ttitle=\"MTB Zomertocht Pelt\"\n\t\trel=\"bookmark\"\n\t\tclass=\"tribe-events-calendar-list__event-title-link tribe-common-anchor-thin\"\n\t>\n\t\tMTB Zomertocht Pelt\t<\/a>\n<\/h4>\n\t\t\t\t\t\n\t\t\t\t\t<div class=\"custom_tribe_supp_infos\">\n\t\t\t\t\t\t<ul>\n\t\t\t\t\t\t\t<li>Randonn\u00e9e VTT<\/li>\t\t\t\t\t\t<\/ul>\n\t\t\t\t\t<\/div>\n\n\n\t\t\t\t\t<address class=\"tribe-events-calendar-list__event-venue tribe-common-b2\">\n\t<span class=\"tribe-events-calendar-list__event-venue-title tribe-common-b2--bold\">\n\t\tPELT\t<\/span>\n\t<span class=\"tribe-events-calendar-list__event-venue-address\">\n\t\tZaal Holheide, Heikapper 25, Overpelt, Limbourg, Belgium\t<\/span>\n\t<\/address>\n\t\t\t\t\t\t\t\t\t\t\t\t\t\t\t\t\t\t\t<\/header>\n\n\n\n\t\t\t\t\t\t\t\t\t<div class=\"tribe-events-calendar-list__event-region\">\n\t\t\t\t\t\t<span class=\"tribe-events-calendar-list__event-region-value\">Limbourg<\/span>\n\t\t\t\t\t<\/div>\n\t\t\t\t\n\t\t\t<\/div>\n\t\t<\/article>\n\t<\/div>\n\n<\/div>\n\n\t\t\t\t\t\t\t\n\t\t\t\t\n\t\t\t\t<div  class=\"tribe-common-g-row tribe-events-calendar-list__event-row\" >\n\n\t<div  class=\"tribe-events-calendar-list__event-date-tag tribe-common-g-col post-10001792 tribe_events type-tribe_events status-publish hentry tribe_events_cat-randonnee-vtt cat_randonnee-vtt\"  >\n\t<time class=\"tribe-events-calendar-list__event-date-tag-datetime\" datetime=\"2026-09-06\" aria-hidden=\"true\">\n\t\t<span class=\"tribe-events-calendar-list__event-date-tag-weekday\">\n\t\t\tzo\t\t<\/span>\n\t\t<span class=\"tribe-events-calendar-list__event-date-tag-daynum tribe-common-h5 tribe-common-h4--min-medium\">\n\t\t\t6\t\t<\/span>\n\t<\/time>\n<\/div>\n\n\t<div class=\"tribe-events-calendar-list__event-wrapper tribe-common-g-col\">\n\t\t<article  class=\"tribe-events-calendar-list__event tribe-common-g-row tribe-common-g-row--gutters post-10001792 tribe_events type-tribe_events status-publish hentry tribe_events_cat-randonnee-vtt cat_randonnee-vtt\" >\n\t\t\t\n\n\t\t\t<div class=\"tribe-events-calendar-list__event-details tribe-common-g-col\">\n\n\n\n\t\t\t\t<header class=\"tribe-events-calendar-list__event-header hello\">\n\t\t\t\t\t<div class=\"tribe-events-calendar-list__event-datetime-wrapper tribe-common-b2\">\n\t\t<time class=\"tribe-events-calendar-list__event-datetime\" datetime=\"2026-09-06\">\n\t\t<span class=\"tribe-event-date-start\">6 september | 10:00<\/span><span class=\"tribe-event-time\"><\/span>\t<\/time>\n\t<\/div>\n\t\t\t\t\t<h4 class=\"tribe-events-calendar-list__event-title tribe-common-h6 tribe-common-h4--min-medium\">\n\t<a\n\t\thref=\"https:\/\/www.bikers.be\/nl\/evenement\/the-river-by-the-traka\/\"\n\t\ttitle=\"The River By The Traka\"\n\t\trel=\"bookmark\"\n\t\tclass=\"tribe-events-calendar-list__event-title-link tribe-common-anchor-thin\"\n\t>\n\t\tThe River By The Traka\t<\/a>\n<\/h4>\n\t\t\t\t\t\n\t\t\t\t\t<div class=\"custom_tribe_supp_infos\">\n\t\t\t\t\t\t<ul>\n\t\t\t\t\t\t\t<li>Randonn\u00e9e VTT<\/li>\t\t\t\t\t\t<\/ul>\n\t\t\t\t\t<\/div>\n\n\n\t\t\t\t\t<address class=\"tribe-events-calendar-list__event-venue tribe-common-b2\">\n\t<span class=\"tribe-events-calendar-list__event-venue-title tribe-common-b2--bold\">\n\t\tBOUILLON\t<\/span>\n\t<span class=\"tribe-events-calendar-list__event-venue-address\">\n\t\tBOUILLON, Luxembourg, Belgium\t<\/span>\n\t<\/address>\n\t\t\t\t\t\t\t\t\t\t\t\t\t\t\t<div class=\"tribe-events-c-small-cta tribe-common-b3 tribe-events-calendar-list__event-cost\">\n\t<span class=\"tribe-events-c-small-cta__price\">\n\t\t70\u20ac \u2013 130\u20ac\t<\/span>\n<\/div>\n\t\t\t\t<\/header>\n\n\n\n\t\t\t\t\t\t\t\t\t<div class=\"tribe-events-calendar-list__event-region\">\n\t\t\t\t\t\t<span class=\"tribe-events-calendar-list__event-region-value\">Luxembourg<\/span>\n\t\t\t\t\t<\/div>\n\t\t\t\t\n\t\t\t<\/div>\n\t\t<\/article>\n\t<\/div>\n\n<\/div>\n\n\t\t\t\t\t\t\t\n\t\t\t\t\n\t\t\t\t<div  class=\"tribe-common-g-row tribe-events-calendar-list__event-row\" >\n\n\t<div  class=\"tribe-events-calendar-list__event-date-tag tribe-common-g-col post-10002121 tribe_events type-tribe_events status-publish hentry tribe_events_cat-gravel cat_gravel\"  >\n\t<time class=\"tribe-events-calendar-list__event-date-tag-datetime\" datetime=\"2026-09-06\" aria-hidden=\"true\">\n\t\t<span class=\"tribe-events-calendar-list__event-date-tag-weekday\">\n\t\t\tzo\t\t<\/span>\n\t\t<span class=\"tribe-events-calendar-list__event-date-tag-daynum tribe-common-h5 tribe-common-h4--min-medium\">\n\t\t\t6\t\t<\/span>\n\t<\/time>\n<\/div>\n\n\t<div class=\"tribe-events-calendar-list__event-wrapper tribe-common-g-col\">\n\t\t<article  class=\"tribe-events-calendar-list__event tribe-common-g-row tribe-common-g-row--gutters post-10002121 tribe_events type-tribe_events status-publish hentry tribe_events_cat-gravel cat_gravel\" >\n\t\t\t\n\n\t\t\t<div class=\"tribe-events-calendar-list__event-details tribe-common-g-col\">\n\n\n\n\t\t\t\t<header class=\"tribe-events-calendar-list__event-header hello\">\n\t\t\t\t\t<div class=\"tribe-events-calendar-list__event-datetime-wrapper tribe-common-b2\">\n\t\t<time class=\"tribe-events-calendar-list__event-datetime\" datetime=\"2026-09-06\">\n\t\t<span class=\"tribe-event-date-start\">6 september | 07:00<\/span><span class=\"tribe-event-time\"><\/span>\t<\/time>\n\t<\/div>\n\t\t\t\t\t<h4 class=\"tribe-events-calendar-list__event-title tribe-common-h6 tribe-common-h4--min-medium\">\n\t<a\n\t\thref=\"https:\/\/www.bikers.be\/nl\/evenement\/la-bastognarde\/\"\n\t\ttitle=\"La Bastognarde\"\n\t\trel=\"bookmark\"\n\t\tclass=\"tribe-events-calendar-list__event-title-link tribe-common-anchor-thin\"\n\t>\n\t\tLa Bastognarde\t<\/a>\n<\/h4>\n\t\t\t\t\t\n\t\t\t\t\t<div class=\"custom_tribe_supp_infos\">\n\t\t\t\t\t\t<ul>\n\t\t\t\t\t\t\t<li>Gravel<\/li>\t\t\t\t\t\t<\/ul>\n\t\t\t\t\t<\/div>\n\n\n\t\t\t\t\t<address class=\"tribe-events-calendar-list__event-venue tribe-common-b2\">\n\t<span class=\"tribe-events-calendar-list__event-venue-title tribe-common-b2--bold\">\n\t\tBASTOGNE\t<\/span>\n\t<span class=\"tribe-events-calendar-list__event-venue-address\">\n\t\tSalle du village de Marvie, Bastogne, Luxembourg, Belgium\t<\/span>\n\t<\/address>\n\t\t\t\t\t\t\t\t\t\t\t\t\t\t\t<div class=\"tribe-events-c-small-cta tribe-common-b3 tribe-events-calendar-list__event-cost\">\n\t<span class=\"tribe-events-c-small-cta__price\">\n\t\t5\u20ac\t<\/span>\n<\/div>\n\t\t\t\t<\/header>\n\n\n\n\t\t\t\t\t\t\t\t\t<div class=\"tribe-events-calendar-list__event-region\">\n\t\t\t\t\t\t<span class=\"tribe-events-calendar-list__event-region-value\">Luxembourg<\/span>\n\t\t\t\t\t<\/div>\n\t\t\t\t\n\t\t\t<\/div>\n\t\t<\/article>\n\t<\/div>\n\n<\/div>\n\n\t\t\t\t\t\t\t\n\t\t\t\t\n\t\t\t\t<div  class=\"tribe-common-g-row tribe-events-calendar-list__event-row\" >\n\n\t<div  class=\"tribe-events-calendar-list__event-date-tag tribe-common-g-col post-10002122 tribe_events type-tribe_events status-publish hentry tribe_events_cat-randonnee-vtt cat_randonnee-vtt\"  >\n\t<time class=\"tribe-events-calendar-list__event-date-tag-datetime\" datetime=\"2026-09-06\" aria-hidden=\"true\">\n\t\t<span class=\"tribe-events-calendar-list__event-date-tag-weekday\">\n\t\t\tzo\t\t<\/span>\n\t\t<span class=\"tribe-events-calendar-list__event-date-tag-daynum tribe-common-h5 tribe-common-h4--min-medium\">\n\t\t\t6\t\t<\/span>\n\t<\/time>\n<\/div>\n\n\t<div class=\"tribe-events-calendar-list__event-wrapper tribe-common-g-col\">\n\t\t<article  class=\"tribe-events-calendar-list__event tribe-common-g-row tribe-common-g-row--gutters post-10002122 tribe_events type-tribe_events status-publish hentry tribe_events_cat-randonnee-vtt cat_randonnee-vtt\" >\n\t\t\t\n\n\t\t\t<div class=\"tribe-events-calendar-list__event-details tribe-common-g-col\">\n\n\n\n\t\t\t\t<header class=\"tribe-events-calendar-list__event-header hello\">\n\t\t\t\t\t<div class=\"tribe-events-calendar-list__event-datetime-wrapper tribe-common-b2\">\n\t\t<time class=\"tribe-events-calendar-list__event-datetime\" datetime=\"2026-09-06\">\n\t\t<span class=\"tribe-event-date-start\">6 september | 07:00<\/span><span class=\"tribe-event-time\"><\/span>\t<\/time>\n\t<\/div>\n\t\t\t\t\t<h4 class=\"tribe-events-calendar-list__event-title tribe-common-h6 tribe-common-h4--min-medium\">\n\t<a\n\t\thref=\"https:\/\/www.bikers.be\/nl\/evenement\/la-bastognarde-2\/\"\n\t\ttitle=\"La Bastognarde\"\n\t\trel=\"bookmark\"\n\t\tclass=\"tribe-events-calendar-list__event-title-link tribe-common-anchor-thin\"\n\t>\n\t\tLa Bastognarde\t<\/a>\n<\/h4>\n\t\t\t\t\t\n\t\t\t\t\t<div class=\"custom_tribe_supp_infos\">\n\t\t\t\t\t\t<ul>\n\t\t\t\t\t\t\t<li>Randonn\u00e9e VTT<\/li>\t\t\t\t\t\t<\/ul>\n\t\t\t\t\t<\/div>\n\n\n\t\t\t\t\t<address class=\"tribe-events-calendar-list__event-venue tribe-common-b2\">\n\t<span class=\"tribe-events-calendar-list__event-venue-title tribe-common-b2--bold\">\n\t\tBASTOGNE\t<\/span>\n\t<span class=\"tribe-events-calendar-list__event-venue-address\">\n\t\tSalle du village de Marvie, Bastogne, Luxembourg, Belgium\t<\/span>\n\t<\/address>\n\t\t\t\t\t\t\t\t\t\t\t\t\t\t\t<div class=\"tribe-events-c-small-cta tribe-common-b3 tribe-events-calendar-list__event-cost\">\n\t<span class=\"tribe-events-c-small-cta__price\">\n\t\t3\u20ac \u2013 8\u20ac\t<\/span>\n<\/div>\n\t\t\t\t<\/header>\n\n\n\n\t\t\t\t\t\t\t\t\t<div class=\"tribe-events-calendar-list__event-region\">\n\t\t\t\t\t\t<span class=\"tribe-events-calendar-list__event-region-value\">Luxembourg<\/span>\n\t\t\t\t\t<\/div>\n\t\t\t\t\n\t\t\t<\/div>\n\t\t<\/article>\n\t<\/div>\n\n<\/div>\n\n\t\t\t\t\t\t\t\n\t\t\t\t\n\t\t\t\t<div  class=\"tribe-common-g-row tribe-events-calendar-list__event-row\" >\n\n\t<div  class=\"tribe-events-calendar-list__event-date-tag tribe-common-g-col post-10002232 tribe_events type-tribe_events status-publish hentry tribe_events_cat-randonnee-vtt cat_randonnee-vtt\"  >\n\t<time class=\"tribe-events-calendar-list__event-date-tag-datetime\" datetime=\"2026-09-06\" aria-hidden=\"true\">\n\t\t<span class=\"tribe-events-calendar-list__event-date-tag-weekday\">\n\t\t\tzo\t\t<\/span>\n\t\t<span class=\"tribe-events-calendar-list__event-date-tag-daynum tribe-common-h5 tribe-common-h4--min-medium\">\n\t\t\t6\t\t<\/span>\n\t<\/time>\n<\/div>\n\n\t<div class=\"tribe-events-calendar-list__event-wrapper tribe-common-g-col\">\n\t\t<article  class=\"tribe-events-calendar-list__event tribe-common-g-row tribe-common-g-row--gutters post-10002232 tribe_events type-tribe_events status-publish hentry tribe_events_cat-randonnee-vtt cat_randonnee-vtt\" >\n\t\t\t\n\n\t\t\t<div class=\"tribe-events-calendar-list__event-details tribe-common-g-col\">\n\n\n\n\t\t\t\t<header class=\"tribe-events-calendar-list__event-header hello\">\n\t\t\t\t\t<div class=\"tribe-events-calendar-list__event-datetime-wrapper tribe-common-b2\">\n\t\t<time class=\"tribe-events-calendar-list__event-datetime\" datetime=\"2026-09-06\">\n\t\t<span class=\"tribe-event-date-start\">6 september | 07:30<\/span><span class=\"tribe-event-time\"><\/span>\t<\/time>\n\t<\/div>\n\t\t\t\t\t<h4 class=\"tribe-events-calendar-list__event-title tribe-common-h6 tribe-common-h4--min-medium\">\n\t<a\n\t\thref=\"https:\/\/www.bikers.be\/nl\/evenement\/larel-besch\/\"\n\t\ttitle=\"L&#8217;Arel B\u00ebsch\"\n\t\trel=\"bookmark\"\n\t\tclass=\"tribe-events-calendar-list__event-title-link tribe-common-anchor-thin\"\n\t>\n\t\tL&#8217;Arel B\u00ebsch\t<\/a>\n<\/h4>\n\t\t\t\t\t\n\t\t\t\t\t<div class=\"custom_tribe_supp_infos\">\n\t\t\t\t\t\t<ul>\n\t\t\t\t\t\t\t<li>Randonn\u00e9e VTT<\/li>\t\t\t\t\t\t<\/ul>\n\t\t\t\t\t<\/div>\n\n\n\t\t\t\t\t<address class=\"tribe-events-calendar-list__event-venue tribe-common-b2\">\n\t<span class=\"tribe-events-calendar-list__event-venue-title tribe-common-b2--bold\">\n\t\tARLON\t<\/span>\n\t<span class=\"tribe-events-calendar-list__event-venue-address\">\n\t\tISMA, 33 rue de bastogne, Arlon, Luxembourg, Belgium\t<\/span>\n\t<\/address>\n\t\t\t\t\t\t\t\t\t\t\t\t\t\t\t\t\t\t\t<\/header>\n\n\n\n\t\t\t\t\t\t\t\t\t<div class=\"tribe-events-calendar-list__event-region\">\n\t\t\t\t\t\t<span class=\"tribe-events-calendar-list__event-region-value\">Luxembourg<\/span>\n\t\t\t\t\t<\/div>\n\t\t\t\t\n\t\t\t<\/div>\n\t\t<\/article>\n\t<\/div>\n\n<\/div>\n\n\t\t\t\t\t\t\t\n\t\t\t\t\n\t\t\t\t<div  class=\"tribe-common-g-row tribe-events-calendar-list__event-row\" >\n\n\t<div  class=\"tribe-events-calendar-list__event-date-tag tribe-common-g-col post-10002233 tribe_events type-tribe_events status-publish hentry tribe_events_cat-gravel cat_gravel\"  >\n\t<time class=\"tribe-events-calendar-list__event-date-tag-datetime\" datetime=\"2026-09-06\" aria-hidden=\"true\">\n\t\t<span class=\"tribe-events-calendar-list__event-date-tag-weekday\">\n\t\t\tzo\t\t<\/span>\n\t\t<span class=\"tribe-events-calendar-list__event-date-tag-daynum tribe-common-h5 tribe-common-h4--min-medium\">\n\t\t\t6\t\t<\/span>\n\t<\/time>\n<\/div>\n\n\t<div class=\"tribe-events-calendar-list__event-wrapper tribe-common-g-col\">\n\t\t<article  class=\"tribe-events-calendar-list__event tribe-common-g-row tribe-common-g-row--gutters post-10002233 tribe_events type-tribe_events status-publish hentry tribe_events_cat-gravel cat_gravel\" >\n\t\t\t\n\n\t\t\t<div class=\"tribe-events-calendar-list__event-details tribe-common-g-col\">\n\n\n\n\t\t\t\t<header class=\"tribe-events-calendar-list__event-header hello\">\n\t\t\t\t\t<div class=\"tribe-events-calendar-list__event-datetime-wrapper tribe-common-b2\">\n\t\t<time class=\"tribe-events-calendar-list__event-datetime\" datetime=\"2026-09-06\">\n\t\t<span class=\"tribe-event-date-start\">6 september | 07:30<\/span><span class=\"tribe-event-time\"><\/span>\t<\/time>\n\t<\/div>\n\t\t\t\t\t<h4 class=\"tribe-events-calendar-list__event-title tribe-common-h6 tribe-common-h4--min-medium\">\n\t<a\n\t\thref=\"https:\/\/www.bikers.be\/nl\/evenement\/larel-besch-2\/\"\n\t\ttitle=\"L&#8217;Arel B\u00ebsch\"\n\t\trel=\"bookmark\"\n\t\tclass=\"tribe-events-calendar-list__event-title-link tribe-common-anchor-thin\"\n\t>\n\t\tL&#8217;Arel B\u00ebsch\t<\/a>\n<\/h4>\n\t\t\t\t\t\n\t\t\t\t\t<div class=\"custom_tribe_supp_infos\">\n\t\t\t\t\t\t<ul>\n\t\t\t\t\t\t\t<li>Gravel<\/li>\t\t\t\t\t\t<\/ul>\n\t\t\t\t\t<\/div>\n\n\n\t\t\t\t\t<address class=\"tribe-events-calendar-list__event-venue tribe-common-b2\">\n\t<span class=\"tribe-events-calendar-list__event-venue-title tribe-common-b2--bold\">\n\t\tARLON\t<\/span>\n\t<span class=\"tribe-events-calendar-list__event-venue-address\">\n\t\tISMA, 33 rue de bastogne, Arlon, Luxembourg, Belgium\t<\/span>\n\t<\/address>\n\t\t\t\t\t\t\t\t\t\t\t\t\t\t\t\t\t\t\t<\/header>\n\n\n\n\t\t\t\t\t\t\t\t\t<div class=\"tribe-events-calendar-list__event-region\">\n\t\t\t\t\t\t<span class=\"tribe-events-calendar-list__event-region-value\">Luxembourg<\/span>\n\t\t\t\t\t<\/div>\n\t\t\t\t\n\t\t\t<\/div>\n\t\t<\/article>\n\t<\/div>\n\n<\/div>\n\n\t\t\t\t\t\t\t\n\t\t\t\t\n\t\t\t\t<div  class=\"tribe-common-g-row tribe-events-calendar-list__event-row\" >\n\n\t<div  class=\"tribe-events-calendar-list__event-date-tag tribe-common-g-col post-10002259 tribe_events type-tribe_events status-publish hentry tribe_events_cat-randonnee-vtt cat_randonnee-vtt\"  >\n\t<time class=\"tribe-events-calendar-list__event-date-tag-datetime\" datetime=\"2026-09-06\" aria-hidden=\"true\">\n\t\t<span class=\"tribe-events-calendar-list__event-date-tag-weekday\">\n\t\t\tzo\t\t<\/span>\n\t\t<span class=\"tribe-events-calendar-list__event-date-tag-daynum tribe-common-h5 tribe-common-h4--min-medium\">\n\t\t\t6\t\t<\/span>\n\t<\/time>\n<\/div>\n\n\t<div class=\"tribe-events-calendar-list__event-wrapper tribe-common-g-col\">\n\t\t<article  class=\"tribe-events-calendar-list__event tribe-common-g-row tribe-common-g-row--gutters post-10002259 tribe_events type-tribe_events status-publish hentry tribe_events_cat-randonnee-vtt cat_randonnee-vtt\" >\n\t\t\t\n\n\t\t\t<div class=\"tribe-events-calendar-list__event-details tribe-common-g-col\">\n\n\n\n\t\t\t\t<header class=\"tribe-events-calendar-list__event-header hello\">\n\t\t\t\t\t<div class=\"tribe-events-calendar-list__event-datetime-wrapper tribe-common-b2\">\n\t\t<time class=\"tribe-events-calendar-list__event-datetime\" datetime=\"2026-09-06\">\n\t\t<span class=\"tribe-event-date-start\">6 september | 08:00<\/span><span class=\"tribe-event-time\"><\/span>\t<\/time>\n\t<\/div>\n\t\t\t\t\t<h4 class=\"tribe-events-calendar-list__event-title tribe-common-h6 tribe-common-h4--min-medium\">\n\t<a\n\t\thref=\"https:\/\/www.bikers.be\/nl\/evenement\/la-randonnee-des-4-mines\/\"\n\t\ttitle=\"La randonn\u00e9e des 4 Mines\"\n\t\trel=\"bookmark\"\n\t\tclass=\"tribe-events-calendar-list__event-title-link tribe-common-anchor-thin\"\n\t>\n\t\tLa randonn\u00e9e des 4 Mines\t<\/a>\n<\/h4>\n\t\t\t\t\t\n\t\t\t\t\t<div class=\"custom_tribe_supp_infos\">\n\t\t\t\t\t\t<ul>\n\t\t\t\t\t\t\t<li>Randonn\u00e9e VTT<\/li>\t\t\t\t\t\t<\/ul>\n\t\t\t\t\t<\/div>\n\n\n\t\t\t\t\t<address class=\"tribe-events-calendar-list__event-venue tribe-common-b2\">\n\t<span class=\"tribe-events-calendar-list__event-venue-title tribe-common-b2--bold\">\n\t\tALGRANGE\t<\/span>\n\t<span class=\"tribe-events-calendar-list__event-venue-address\">\n\t\tSalle Etincelle, Algrange, Moselle, France\t<\/span>\n\t<\/address>\n\t\t\t\t\t\t\t\t\t\t\t\t\t\t\t<div class=\"tribe-events-c-small-cta tribe-common-b3 tribe-events-calendar-list__event-cost\">\n\t<span class=\"tribe-events-c-small-cta__price\">\n\t\t8\u20ac\t<\/span>\n<\/div>\n\t\t\t\t<\/header>\n\n\n\n\t\t\t\t\t\t\t\t\t<div class=\"tribe-events-calendar-list__event-region\">\n\t\t\t\t\t\t<span class=\"tribe-events-calendar-list__event-region-value\">Moselle<\/span>\n\t\t\t\t\t<\/div>\n\t\t\t\t\n\t\t\t<\/div>\n\t\t<\/article>\n\t<\/div>\n\n<\/div>\n\n\t\t\t\t\t\t\t\n\t\t\t\t\n\t\t\t\t<div  class=\"tribe-common-g-row tribe-events-calendar-list__event-row\" >\n\n\t<div  class=\"tribe-events-calendar-list__event-date-tag tribe-common-g-col post-10001971 tribe_events type-tribe_events status-publish hentry tribe_events_cat-randonnee-vtt cat_randonnee-vtt\"  >\n\t<time class=\"tribe-events-calendar-list__event-date-tag-datetime\" datetime=\"2026-09-06\" aria-hidden=\"true\">\n\t\t<span class=\"tribe-events-calendar-list__event-date-tag-weekday\">\n\t\t\tzo\t\t<\/span>\n\t\t<span class=\"tribe-events-calendar-list__event-date-tag-daynum tribe-common-h5 tribe-common-h4--min-medium\">\n\t\t\t6\t\t<\/span>\n\t<\/time>\n<\/div>\n\n\t<div class=\"tribe-events-calendar-list__event-wrapper tribe-common-g-col\">\n\t\t<article  class=\"tribe-events-calendar-list__event tribe-common-g-row tribe-common-g-row--gutters post-10001971 tribe_events type-tribe_events status-publish hentry tribe_events_cat-randonnee-vtt cat_randonnee-vtt\" >\n\t\t\t\n\n\t\t\t<div class=\"tribe-events-calendar-list__event-details tribe-common-g-col\">\n\n\n\n\t\t\t\t<header class=\"tribe-events-calendar-list__event-header hello\">\n\t\t\t\t\t<div class=\"tribe-events-calendar-list__event-datetime-wrapper tribe-common-b2\">\n\t\t<time class=\"tribe-events-calendar-list__event-datetime\" datetime=\"2026-09-06\">\n\t\t<span class=\"tribe-event-date-start\">6 september | 08:00<\/span><span class=\"tribe-event-time\"><\/span>\t<\/time>\n\t<\/div>\n\t\t\t\t\t<h4 class=\"tribe-events-calendar-list__event-title tribe-common-h6 tribe-common-h4--min-medium\">\n\t<a\n\t\thref=\"https:\/\/www.bikers.be\/nl\/evenement\/coteaux-du-viroin\/\"\n\t\ttitle=\"25\u00b0 Coteaux du Viroin\"\n\t\trel=\"bookmark\"\n\t\tclass=\"tribe-events-calendar-list__event-title-link tribe-common-anchor-thin\"\n\t>\n\t\t25\u00b0 Coteaux du Viroin\t<\/a>\n<\/h4>\n\t\t\t\t\t\n\t\t\t\t\t<div class=\"custom_tribe_supp_infos\">\n\t\t\t\t\t\t<ul>\n\t\t\t\t\t\t\t<li>Randonn\u00e9e VTT<\/li>\t\t\t\t\t\t<\/ul>\n\t\t\t\t\t<\/div>\n\n\n\t\t\t\t\t<address class=\"tribe-events-calendar-list__event-venue tribe-common-b2\">\n\t<span class=\"tribe-events-calendar-list__event-venue-title tribe-common-b2--bold\">\n\t\tOLLOY-SUR-VIROIN\t<\/span>\n\t<span class=\"tribe-events-calendar-list__event-venue-address\">\n\t\tCentre Europ\u00e9en L. Delobbe, Rue Saint Eloi 27, OLLOY-SUR-VIROIN, Namur, Belgium\t<\/span>\n\t<\/address>\n\t\t\t\t\t\t\t\t\t\t\t\t\t\t\t\t\t\t\t<\/header>\n\n\n\n\t\t\t\t\t\t\t\t\t<div class=\"tribe-events-calendar-list__event-region\">\n\t\t\t\t\t\t<span class=\"tribe-events-calendar-list__event-region-value\">Namur<\/span>\n\t\t\t\t\t<\/div>\n\t\t\t\t\n\t\t\t<\/div>\n\t\t<\/article>\n\t<\/div>\n\n<\/div>\n\n\t\t\t\t\t\t\t\n\t\t\t\t\n\t\t\t\t<div  class=\"tribe-common-g-row tribe-events-calendar-list__event-row\" >\n\n\t<div  class=\"tribe-events-calendar-list__event-date-tag tribe-common-g-col post-10002277 tribe_events type-tribe_events status-publish hentry tribe_events_cat-gravel cat_gravel\"  >\n\t<time class=\"tribe-events-calendar-list__event-date-tag-datetime\" datetime=\"2026-09-06\" aria-hidden=\"true\">\n\t\t<span class=\"tribe-events-calendar-list__event-date-tag-weekday\">\n\t\t\tzo\t\t<\/span>\n\t\t<span class=\"tribe-events-calendar-list__event-date-tag-daynum tribe-common-h5 tribe-common-h4--min-medium\">\n\t\t\t6\t\t<\/span>\n\t<\/time>\n<\/div>\n\n\t<div class=\"tribe-events-calendar-list__event-wrapper tribe-common-g-col\">\n\t\t<article  class=\"tribe-events-calendar-list__event tribe-common-g-row tribe-common-g-row--gutters post-10002277 tribe_events type-tribe_events status-publish hentry tribe_events_cat-gravel cat_gravel\" >\n\t\t\t\n\n\t\t\t<div class=\"tribe-events-calendar-list__event-details tribe-common-g-col\">\n\n\n\n\t\t\t\t<header class=\"tribe-events-calendar-list__event-header hello\">\n\t\t\t\t\t<div class=\"tribe-events-calendar-list__event-datetime-wrapper tribe-common-b2\">\n\t\t<time class=\"tribe-events-calendar-list__event-datetime\" datetime=\"2026-09-06\">\n\t\t<span class=\"tribe-event-date-start\">6 september | 08:00<\/span><span class=\"tribe-event-time\"><\/span>\t<\/time>\n\t<\/div>\n\t\t\t\t\t<h4 class=\"tribe-events-calendar-list__event-title tribe-common-h6 tribe-common-h4--min-medium\">\n\t<a\n\t\thref=\"https:\/\/www.bikers.be\/nl\/evenement\/la-212\/\"\n\t\ttitle=\"La 212\"\n\t\trel=\"bookmark\"\n\t\tclass=\"tribe-events-calendar-list__event-title-link tribe-common-anchor-thin\"\n\t>\n\t\tLa 212\t<\/a>\n<\/h4>\n\t\t\t\t\t\n\t\t\t\t\t<div class=\"custom_tribe_supp_infos\">\n\t\t\t\t\t\t<ul>\n\t\t\t\t\t\t\t<li>Gravel<\/li>\t\t\t\t\t\t<\/ul>\n\t\t\t\t\t<\/div>\n\n\n\t\t\t\t\t<address class=\"tribe-events-calendar-list__event-venue tribe-common-b2\">\n\t<span class=\"tribe-events-calendar-list__event-venue-title tribe-common-b2--bold\">\n\t\tMEUX\t<\/span>\n\t<span class=\"tribe-events-calendar-list__event-venue-address\">\n\t\tRFC Meux Rue Janquart 14, Meux, Namur, Belgium\t<\/span>\n\t<\/address>\n\t\t\t\t\t\t\t\t\t\t\t\t\t\t\t\t\t\t\t<\/header>\n\n\n\n\t\t\t\t\t\t\t\t\t<div class=\"tribe-events-calendar-list__event-region\">\n\t\t\t\t\t\t<span class=\"tribe-events-calendar-list__event-region-value\">Namur<\/span>\n\t\t\t\t\t<\/div>\n\t\t\t\t\n\t\t\t<\/div>\n\t\t<\/article>\n\t<\/div>\n\n<\/div>\n\n\t\t\t\t\t\t\t\n\t\t\t\t\n\t\t\t\t<div  class=\"tribe-common-g-row tribe-events-calendar-list__event-row\" >\n\n\t<div  class=\"tribe-events-calendar-list__event-date-tag tribe-common-g-col post-10002319 tribe_events type-tribe_events status-publish hentry tribe_events_cat-randonnee-vtt cat_randonnee-vtt\"  >\n\t<time class=\"tribe-events-calendar-list__event-date-tag-datetime\" datetime=\"2026-09-06\" aria-hidden=\"true\">\n\t\t<span class=\"tribe-events-calendar-list__event-date-tag-weekday\">\n\t\t\tzo\t\t<\/span>\n\t\t<span class=\"tribe-events-calendar-list__event-date-tag-daynum tribe-common-h5 tribe-common-h4--min-medium\">\n\t\t\t6\t\t<\/span>\n\t<\/time>\n<\/div>\n\n\t<div class=\"tribe-events-calendar-list__event-wrapper tribe-common-g-col\">\n\t\t<article  class=\"tribe-events-calendar-list__event tribe-common-g-row tribe-common-g-row--gutters post-10002319 tribe_events type-tribe_events status-publish hentry tribe_events_cat-randonnee-vtt cat_randonnee-vtt\" >\n\t\t\t\n\n\t\t\t<div class=\"tribe-events-calendar-list__event-details tribe-common-g-col\">\n\n\n\n\t\t\t\t<header class=\"tribe-events-calendar-list__event-header hello\">\n\t\t\t\t\t<div class=\"tribe-events-calendar-list__event-datetime-wrapper tribe-common-b2\">\n\t\t<time class=\"tribe-events-calendar-list__event-datetime\" datetime=\"2026-09-06\">\n\t\t<span class=\"tribe-event-date-start\">6 september | 08:00<\/span><span class=\"tribe-event-time\"><\/span>\t<\/time>\n\t<\/div>\n\t\t\t\t\t<h4 class=\"tribe-events-calendar-list__event-title tribe-common-h6 tribe-common-h4--min-medium\">\n\t<a\n\t\thref=\"https:\/\/www.bikers.be\/nl\/evenement\/spy-mammouth-raid-3\/\"\n\t\ttitle=\"Spy Mammouth Raid\"\n\t\trel=\"bookmark\"\n\t\tclass=\"tribe-events-calendar-list__event-title-link tribe-common-anchor-thin\"\n\t>\n\t\tSpy Mammouth Raid\t<\/a>\n<\/h4>\n\t\t\t\t\t\n\t\t\t\t\t<div class=\"custom_tribe_supp_infos\">\n\t\t\t\t\t\t<ul>\n\t\t\t\t\t\t\t<li>Randonn\u00e9e VTT<\/li>\t\t\t\t\t\t<\/ul>\n\t\t\t\t\t<\/div>\n\n\n\t\t\t\t\t<address class=\"tribe-events-calendar-list__event-venue tribe-common-b2\">\n\t<span class=\"tribe-events-calendar-list__event-venue-title tribe-common-b2--bold\">\n\t\tSPY\t<\/span>\n\t<span class=\"tribe-events-calendar-list__event-venue-address\">\n\t\tTerrain de foot, rue de Floreffe 2b, SPY, Namur, Belgium\t<\/span>\n\t<\/address>\n\t\t\t\t\t\t\t\t\t\t\t\t\t\t\t\t\t\t\t<\/header>\n\n\n\n\t\t\t\t\t\t\t\t\t<div class=\"tribe-events-calendar-list__event-region\">\n\t\t\t\t\t\t<span class=\"tribe-events-calendar-list__event-region-value\">Namur<\/span>\n\t\t\t\t\t<\/div>\n\t\t\t\t\n\t\t\t<\/div>\n\t\t<\/article>\n\t<\/div>\n\n<\/div>\n\n\t\t\t\t\t\t\t\n\t\t\t\t\n\t\t\t\t<div  class=\"tribe-common-g-row tribe-events-calendar-list__event-row\" >\n\n\t<div  class=\"tribe-events-calendar-list__event-date-tag tribe-common-g-col post-10002320 tribe_events type-tribe_events status-publish hentry tribe_events_cat-gravel cat_gravel\"  >\n\t<time class=\"tribe-events-calendar-list__event-date-tag-datetime\" datetime=\"2026-09-06\" aria-hidden=\"true\">\n\t\t<span class=\"tribe-events-calendar-list__event-date-tag-weekday\">\n\t\t\tzo\t\t<\/span>\n\t\t<span class=\"tribe-events-calendar-list__event-date-tag-daynum tribe-common-h5 tribe-common-h4--min-medium\">\n\t\t\t6\t\t<\/span>\n\t<\/time>\n<\/div>\n\n\t<div class=\"tribe-events-calendar-list__event-wrapper tribe-common-g-col\">\n\t\t<article  class=\"tribe-events-calendar-list__event tribe-common-g-row tribe-common-g-row--gutters post-10002320 tribe_events type-tribe_events status-publish hentry tribe_events_cat-gravel cat_gravel\" >\n\t\t\t\n\n\t\t\t<div class=\"tribe-events-calendar-list__event-details tribe-common-g-col\">\n\n\n\n\t\t\t\t<header class=\"tribe-events-calendar-list__event-header hello\">\n\t\t\t\t\t<div class=\"tribe-events-calendar-list__event-datetime-wrapper tribe-common-b2\">\n\t\t<time class=\"tribe-events-calendar-list__event-datetime\" datetime=\"2026-09-06\">\n\t\t<span class=\"tribe-event-date-start\">6 september | 08:00<\/span><span class=\"tribe-event-time\"><\/span>\t<\/time>\n\t<\/div>\n\t\t\t\t\t<h4 class=\"tribe-events-calendar-list__event-title tribe-common-h6 tribe-common-h4--min-medium\">\n\t<a\n\t\thref=\"https:\/\/www.bikers.be\/nl\/evenement\/spy-mammouth-raid-2\/\"\n\t\ttitle=\"Spy Mammouth Raid\"\n\t\trel=\"bookmark\"\n\t\tclass=\"tribe-events-calendar-list__event-title-link tribe-common-anchor-thin\"\n\t>\n\t\tSpy Mammouth Raid\t<\/a>\n<\/h4>\n\t\t\t\t\t\n\t\t\t\t\t<div class=\"custom_tribe_supp_infos\">\n\t\t\t\t\t\t<ul>\n\t\t\t\t\t\t\t<li>Gravel<\/li>\t\t\t\t\t\t<\/ul>\n\t\t\t\t\t<\/div>\n\n\n\t\t\t\t\t<address class=\"tribe-events-calendar-list__event-venue tribe-common-b2\">\n\t<span class=\"tribe-events-calendar-list__event-venue-title tribe-common-b2--bold\">\n\t\tSPY\t<\/span>\n\t<span class=\"tribe-events-calendar-list__event-venue-address\">\n\t\tTerrain de foot, rue de Floreffe 2b, SPY, Namur, Belgium\t<\/span>\n\t<\/address>\n\t\t\t\t\t\t\t\t\t\t\t\t\t\t\t\t\t\t\t<\/header>\n\n\n\n\t\t\t\t\t\t\t\t\t<div class=\"tribe-events-calendar-list__event-region\">\n\t\t\t\t\t\t<span class=\"tribe-events-calendar-list__event-region-value\">Namur<\/span>\n\t\t\t\t\t<\/div>\n\t\t\t\t\n\t\t\t<\/div>\n\t\t<\/article>\n\t<\/div>\n\n<\/div>\n\n\t\t\t\t\t\t\t\n\t\t\t\t\n\t\t\t\t<div  class=\"tribe-common-g-row tribe-events-calendar-list__event-row\" >\n\n\t<div  class=\"tribe-events-calendar-list__event-date-tag tribe-common-g-col post-10002346 tribe_events type-tribe_events status-publish hentry tribe_events_cat-gravel tribe_events_cat-randonnee-vtt cat_gravel cat_randonnee-vtt\"  >\n\t<time class=\"tribe-events-calendar-list__event-date-tag-datetime\" datetime=\"2026-09-06\" aria-hidden=\"true\">\n\t\t<span class=\"tribe-events-calendar-list__event-date-tag-weekday\">\n\t\t\tzo\t\t<\/span>\n\t\t<span class=\"tribe-events-calendar-list__event-date-tag-daynum tribe-common-h5 tribe-common-h4--min-medium\">\n\t\t\t6\t\t<\/span>\n\t<\/time>\n<\/div>\n\n\t<div class=\"tribe-events-calendar-list__event-wrapper tribe-common-g-col\">\n\t\t<article  class=\"tribe-events-calendar-list__event tribe-common-g-row tribe-common-g-row--gutters post-10002346 tribe_events type-tribe_events status-publish hentry tribe_events_cat-gravel tribe_events_cat-randonnee-vtt cat_gravel cat_randonnee-vtt\" >\n\t\t\t\n\n\t\t\t<div class=\"tribe-events-calendar-list__event-details tribe-common-g-col\">\n\n\n\n\t\t\t\t<header class=\"tribe-events-calendar-list__event-header hello\">\n\t\t\t\t\t<div class=\"tribe-events-calendar-list__event-datetime-wrapper tribe-common-b2\">\n\t\t<time class=\"tribe-events-calendar-list__event-datetime\" datetime=\"2026-09-06\">\n\t\t<span class=\"tribe-event-date-start\">6 september | 08:00<\/span><span class=\"tribe-event-time\"><\/span>\t<\/time>\n\t<\/div>\n\t\t\t\t\t<h4 class=\"tribe-events-calendar-list__event-title tribe-common-h6 tribe-common-h4--min-medium\">\n\t<a\n\t\thref=\"https:\/\/www.bikers.be\/nl\/evenement\/kiezeltocht-klein-sinaai\/\"\n\t\ttitle=\"Kiezeltocht Klein-Sinaai\"\n\t\trel=\"bookmark\"\n\t\tclass=\"tribe-events-calendar-list__event-title-link tribe-common-anchor-thin\"\n\t>\n\t\tKiezeltocht Klein-Sinaai\t<\/a>\n<\/h4>\n\t\t\t\t\t\n\t\t\t\t\t<div class=\"custom_tribe_supp_infos\">\n\t\t\t\t\t\t<ul>\n\t\t\t\t\t\t\t<li>Gravel, Randonn\u00e9e VTT<\/li>\t\t\t\t\t\t<\/ul>\n\t\t\t\t\t<\/div>\n\n\n\t\t\t\t\t<address class=\"tribe-events-calendar-list__event-venue tribe-common-b2\">\n\t<span class=\"tribe-events-calendar-list__event-venue-title tribe-common-b2--bold\">\n\t\tSTEKENE\t<\/span>\n\t<span class=\"tribe-events-calendar-list__event-venue-address\">\n\t\tLES CHAMOIS Ontmoetingscentrum Boudelo, Kasteelstraat 23, Stekene, Oost Vlaanderen, Belgium\t<\/span>\n\t<\/address>\n\t\t\t\t\t\t\t\t\t\t\t\t\t\t\t\t\t\t\t<\/header>\n\n\n\n\t\t\t\t\t\t\t\t\t<div class=\"tribe-events-calendar-list__event-region\">\n\t\t\t\t\t\t<span class=\"tribe-events-calendar-list__event-region-value\">Oost Vlaanderen<\/span>\n\t\t\t\t\t<\/div>\n\t\t\t\t\n\t\t\t<\/div>\n\t\t<\/article>\n\t<\/div>\n\n<\/div>\n\n\t\t\t\t\t\t\t\n\t\t\t\t\n\t\t\t\t<div  class=\"tribe-common-g-row tribe-events-calendar-list__event-row\" >\n\n\t<div  class=\"tribe-events-calendar-list__event-date-tag tribe-common-g-col post-10002325 tribe_events type-tribe_events status-publish hentry tribe_events_cat-nocturne cat_nocturne\"  >\n\t<time class=\"tribe-events-calendar-list__event-date-tag-datetime\" datetime=\"2026-09-11\" aria-hidden=\"true\">\n\t\t<span class=\"tribe-events-calendar-list__event-date-tag-weekday\">\n\t\t\tvr\t\t<\/span>\n\t\t<span class=\"tribe-events-calendar-list__event-date-tag-daynum tribe-common-h5 tribe-common-h4--min-medium\">\n\t\t\t11\t\t<\/span>\n\t<\/time>\n<\/div>\n\n\t<div class=\"tribe-events-calendar-list__event-wrapper tribe-common-g-col\">\n\t\t<article  class=\"tribe-events-calendar-list__event tribe-common-g-row tribe-common-g-row--gutters post-10002325 tribe_events type-tribe_events status-publish hentry tribe_events_cat-nocturne cat_nocturne\" >\n\t\t\t\n\n\t\t\t<div class=\"tribe-events-calendar-list__event-details tribe-common-g-col\">\n\n\n\n\t\t\t\t<header class=\"tribe-events-calendar-list__event-header hello\">\n\t\t\t\t\t<div class=\"tribe-events-calendar-list__event-datetime-wrapper tribe-common-b2\">\n\t\t<time class=\"tribe-events-calendar-list__event-datetime\" datetime=\"2026-09-11\">\n\t\t<span class=\"tribe-event-date-start\">11 september | 16:30<\/span><span class=\"tribe-event-time\"><\/span>\t<\/time>\n\t<\/div>\n\t\t\t\t\t<h4 class=\"tribe-events-calendar-list__event-title tribe-common-h6 tribe-common-h4--min-medium\">\n\t<a\n\t\thref=\"https:\/\/www.bikers.be\/nl\/evenement\/avond-mtb-en-gravel-ride-kristus-koning\/\"\n\t\ttitle=\"Avond MTB en gravel ride Kristus Koning\"\n\t\trel=\"bookmark\"\n\t\tclass=\"tribe-events-calendar-list__event-title-link tribe-common-anchor-thin\"\n\t>\n\t\tAvond MTB en gravel ride Kristus Koning\t<\/a>\n<\/h4>\n\t\t\t\t\t\n\t\t\t\t\t<div class=\"custom_tribe_supp_infos\">\n\t\t\t\t\t\t<ul>\n\t\t\t\t\t\t\t<li>Nocturne<\/li>\t\t\t\t\t\t<\/ul>\n\t\t\t\t\t<\/div>\n\n\n\t\t\t\t\t<address class=\"tribe-events-calendar-list__event-venue tribe-common-b2\">\n\t<span class=\"tribe-events-calendar-list__event-venue-title tribe-common-b2--bold\">\n\t\tBRECHT\t<\/span>\n\t<span class=\"tribe-events-calendar-list__event-venue-address\">\n\t\tGarage Felix, Heiken 86, BRECHT, Anvers, Belgium\t<\/span>\n\t<\/address>\n\t\t\t\t\t\t\t\t\t\t\t\t\t\t\t\t\t\t\t<\/header>\n\n\n\n\t\t\t\t\t\t\t\t\t<div class=\"tribe-events-calendar-list__event-region\">\n\t\t\t\t\t\t<span class=\"tribe-events-calendar-list__event-region-value\">Anvers<\/span>\n\t\t\t\t\t<\/div>\n\t\t\t\t\n\t\t\t<\/div>\n\t\t<\/article>\n\t<\/div>\n\n<\/div>\n\n\t\t\t\t\t\t\t\n\t\t\t\t\n\t\t\t\t<div  class=\"tribe-common-g-row tribe-events-calendar-list__event-row\" >\n\n\t<div  class=\"tribe-events-calendar-list__event-date-tag tribe-common-g-col post-10001791 tribe_events type-tribe_events status-publish hentry tribe_events_cat-nocturne cat_nocturne\"  >\n\t<time class=\"tribe-events-calendar-list__event-date-tag-datetime\" datetime=\"2026-09-11\" aria-hidden=\"true\">\n\t\t<span class=\"tribe-events-calendar-list__event-date-tag-weekday\">\n\t\t\tvr\t\t<\/span>\n\t\t<span class=\"tribe-events-calendar-list__event-date-tag-daynum tribe-common-h5 tribe-common-h4--min-medium\">\n\t\t\t11\t\t<\/span>\n\t<\/time>\n<\/div>\n\n\t<div class=\"tribe-events-calendar-list__event-wrapper tribe-common-g-col\">\n\t\t<article  class=\"tribe-events-calendar-list__event tribe-common-g-row tribe-common-g-row--gutters post-10001791 tribe_events type-tribe_events status-publish hentry tribe_events_cat-nocturne cat_nocturne\" >\n\t\t\t\n\n\t\t\t<div class=\"tribe-events-calendar-list__event-details tribe-common-g-col\">\n\n\n\n\t\t\t\t<header class=\"tribe-events-calendar-list__event-header hello\">\n\t\t\t\t\t<div class=\"tribe-events-calendar-list__event-datetime-wrapper tribe-common-b2\">\n\t\t<time class=\"tribe-events-calendar-list__event-datetime\" datetime=\"2026-09-11\">\n\t\t<span class=\"tribe-event-date-start\">11 september | 18:00<\/span><span class=\"tribe-event-time\"><\/span>\t<\/time>\n\t<\/div>\n\t\t\t\t\t<h4 class=\"tribe-events-calendar-list__event-title tribe-common-h6 tribe-common-h4--min-medium\">\n\t<a\n\t\thref=\"https:\/\/www.bikers.be\/nl\/evenement\/nocturne-des-gripeus\/\"\n\t\ttitle=\"Nocturne Des Gripeus\"\n\t\trel=\"bookmark\"\n\t\tclass=\"tribe-events-calendar-list__event-title-link tribe-common-anchor-thin\"\n\t>\n\t\tNocturne Des Gripeus\t<\/a>\n<\/h4>\n\t\t\t\t\t\n\t\t\t\t\t<div class=\"custom_tribe_supp_infos\">\n\t\t\t\t\t\t<ul>\n\t\t\t\t\t\t\t<li>Nocturne<\/li>\t\t\t\t\t\t<\/ul>\n\t\t\t\t\t<\/div>\n\n\n\t\t\t\t\t<address class=\"tribe-events-calendar-list__event-venue tribe-common-b2\">\n\t<span class=\"tribe-events-calendar-list__event-venue-title tribe-common-b2--bold\">\n\t\tHAMOIR\t<\/span>\n\t<span class=\"tribe-events-calendar-list__event-venue-address\">\n\t\tHall omnisports, Rue du Moulin, HAMOIR, Li\u00e8ge, Belgium\t<\/span>\n\t<\/address>\n\t\t\t\t\t\t\t\t\t\t\t\t\t\t\t<div class=\"tribe-events-c-small-cta tribe-common-b3 tribe-events-calendar-list__event-cost\">\n\t<span class=\"tribe-events-c-small-cta__price\">\n\t\t6\u20ac \u2013 7\u20ac\t<\/span>\n<\/div>\n\t\t\t\t<\/header>\n\n\n\n\t\t\t\t\t\t\t\t\t<div class=\"tribe-events-calendar-list__event-region\">\n\t\t\t\t\t\t<span class=\"tribe-events-calendar-list__event-region-value\">Li\u00e8ge<\/span>\n\t\t\t\t\t<\/div>\n\t\t\t\t\n\t\t\t<\/div>\n\t\t<\/article>\n\t<\/div>\n\n<\/div>\n\n\t\t\t\t\t\t\t\n\t\t\t\t\n\t\t\t\t<div  class=\"tribe-common-g-row tribe-events-calendar-list__event-row\" >\n\n\t<div  class=\"tribe-events-calendar-list__event-date-tag tribe-common-g-col post-10002154 tribe_events type-tribe_events status-publish hentry tribe_events_cat-nocturne cat_nocturne\"  >\n\t<time class=\"tribe-events-calendar-list__event-date-tag-datetime\" datetime=\"2026-09-11\" aria-hidden=\"true\">\n\t\t<span class=\"tribe-events-calendar-list__event-date-tag-weekday\">\n\t\t\tvr\t\t<\/span>\n\t\t<span class=\"tribe-events-calendar-list__event-date-tag-daynum tribe-common-h5 tribe-common-h4--min-medium\">\n\t\t\t11\t\t<\/span>\n\t<\/time>\n<\/div>\n\n\t<div class=\"tribe-events-calendar-list__event-wrapper tribe-common-g-col\">\n\t\t<article  class=\"tribe-events-calendar-list__event tribe-common-g-row tribe-common-g-row--gutters post-10002154 tribe_events type-tribe_events status-publish hentry tribe_events_cat-nocturne cat_nocturne\" >\n\t\t\t\n\n\t\t\t<div class=\"tribe-events-calendar-list__event-details tribe-common-g-col\">\n\n\n\n\t\t\t\t<header class=\"tribe-events-calendar-list__event-header hello\">\n\t\t\t\t\t<div class=\"tribe-events-calendar-list__event-datetime-wrapper tribe-common-b2\">\n\t\t<time class=\"tribe-events-calendar-list__event-datetime\" datetime=\"2026-09-11\">\n\t\t<span class=\"tribe-event-date-start\">11 september | 18:00<\/span><span class=\"tribe-event-time\"><\/span>\t<\/time>\n\t<\/div>\n\t\t\t\t\t<h4 class=\"tribe-events-calendar-list__event-title tribe-common-h6 tribe-common-h4--min-medium\">\n\t<a\n\t\thref=\"https:\/\/www.bikers.be\/nl\/evenement\/17-ghostbikers-vtt-weekend\/\"\n\t\ttitle=\"17\u00b0 Ghostbikers VTT-weekend\"\n\t\trel=\"bookmark\"\n\t\tclass=\"tribe-events-calendar-list__event-title-link tribe-common-anchor-thin\"\n\t>\n\t\t17\u00b0 Ghostbikers VTT-weekend\t<\/a>\n<\/h4>\n\t\t\t\t\t\n\t\t\t\t\t<div class=\"custom_tribe_supp_infos\">\n\t\t\t\t\t\t<ul>\n\t\t\t\t\t\t\t<li>Nocturne<\/li>\t\t\t\t\t\t<\/ul>\n\t\t\t\t\t<\/div>\n\n\n\t\t\t\t\t<address class=\"tribe-events-calendar-list__event-venue tribe-common-b2\">\n\t<span class=\"tribe-events-calendar-list__event-venue-title tribe-common-b2--bold\">\n\t\tEVERGEM-SLEIDINGE\t<\/span>\n\t<span class=\"tribe-events-calendar-list__event-venue-address\">\n\t\tChirolokaal Sleidinge, Lovendonk 8, Evergem-Sleidinge, Oost Vlaanderen, Belgium\t<\/span>\n\t<\/address>\n\t\t\t\t\t\t\t\t\t\t\t\t\t\t\t\t\t\t\t<\/header>\n\n\n\n\t\t\t\t\t\t\t\t\t<div class=\"tribe-events-calendar-list__event-region\">\n\t\t\t\t\t\t<span class=\"tribe-events-calendar-list__event-region-value\">Oost Vlaanderen<\/span>\n\t\t\t\t\t<\/div>\n\t\t\t\t\n\t\t\t<\/div>\n\t\t<\/article>\n\t<\/div>\n\n<\/div>\n\n\t\t\t\t\t\t\t\n\t\t\t\t\n\t\t\t\t<div  class=\"tribe-common-g-row tribe-events-calendar-list__event-row\" >\n\n\t<div  class=\"tribe-events-calendar-list__event-date-tag tribe-common-g-col post-10002328 tribe_events type-tribe_events status-publish hentry tribe_events_cat-gravel cat_gravel\"  >\n\t<time class=\"tribe-events-calendar-list__event-date-tag-datetime\" datetime=\"2026-09-12\" aria-hidden=\"true\">\n\t\t<span class=\"tribe-events-calendar-list__event-date-tag-weekday\">\n\t\t\tza\t\t<\/span>\n\t\t<span class=\"tribe-events-calendar-list__event-date-tag-daynum tribe-common-h5 tribe-common-h4--min-medium\">\n\t\t\t12\t\t<\/span>\n\t<\/time>\n<\/div>\n\n\t<div class=\"tribe-events-calendar-list__event-wrapper tribe-common-g-col\">\n\t\t<article  class=\"tribe-events-calendar-list__event tribe-common-g-row tribe-common-g-row--gutters post-10002328 tribe_events type-tribe_events status-publish hentry tribe_events_cat-gravel cat_gravel\" >\n\t\t\t\n\n\t\t\t<div class=\"tribe-events-calendar-list__event-details tribe-common-g-col\">\n\n\n\n\t\t\t\t<header class=\"tribe-events-calendar-list__event-header hello\">\n\t\t\t\t\t<div class=\"tribe-events-calendar-list__event-datetime-wrapper tribe-common-b2\">\n\t\t<time class=\"tribe-events-calendar-list__event-datetime\" datetime=\"2026-09-12\">\n\t\t<span class=\"tribe-event-date-start\">12 september | 08:00<\/span><span class=\"tribe-event-time\"><\/span>\t<\/time>\n\t<\/div>\n\t\t\t\t\t<h4 class=\"tribe-events-calendar-list__event-title tribe-common-h6 tribe-common-h4--min-medium\">\n\t<a\n\t\thref=\"https:\/\/www.bikers.be\/nl\/evenement\/indian-summer-gravel\/\"\n\t\ttitle=\"Indian Summer Gravel\"\n\t\trel=\"bookmark\"\n\t\tclass=\"tribe-events-calendar-list__event-title-link tribe-common-anchor-thin\"\n\t>\n\t\tIndian Summer Gravel\t<\/a>\n<\/h4>\n\t\t\t\t\t\n\t\t\t\t\t<div class=\"custom_tribe_supp_infos\">\n\t\t\t\t\t\t<ul>\n\t\t\t\t\t\t\t<li>Gravel<\/li>\t\t\t\t\t\t<\/ul>\n\t\t\t\t\t<\/div>\n\n\n\t\t\t\t\t<address class=\"tribe-events-calendar-list__event-venue tribe-common-b2\">\n\t<span class=\"tribe-events-calendar-list__event-venue-title tribe-common-b2--bold\">\n\t\tMEERHOUT\t<\/span>\n\t<span class=\"tribe-events-calendar-list__event-venue-address\">\n\t\tJeugdhuis De Faar, Sportlaan 18, Meerhout, Antwerpen, Belgium\t<\/span>\n\t<\/address>\n\t\t\t\t\t\t\t\t\t\t\t\t\t\t\t<div class=\"tribe-events-c-small-cta tribe-common-b3 tribe-events-calendar-list__event-cost\">\n\t<span class=\"tribe-events-c-small-cta__price\">\n\t\t5\u20ac \u2013 25\u20ac\t<\/span>\n<\/div>\n\t\t\t\t<\/header>\n\n\n\n\t\t\t\t\t\t\t\t\t<div class=\"tribe-events-calendar-list__event-region\">\n\t\t\t\t\t\t<span class=\"tribe-events-calendar-list__event-region-value\">Antwerpen<\/span>\n\t\t\t\t\t<\/div>\n\t\t\t\t\n\t\t\t<\/div>\n\t\t<\/article>\n\t<\/div>\n\n<\/div>\n\n\t\t\t\t\t\t\t\n\t\t\t\t\n\t\t\t\t<div  class=\"tribe-common-g-row tribe-events-calendar-list__event-row\" >\n\n\t<div  class=\"tribe-events-calendar-list__event-date-tag tribe-common-g-col post-10002321 tribe_events type-tribe_events status-publish hentry tribe_events_cat-gravel cat_gravel\"  >\n\t<time class=\"tribe-events-calendar-list__event-date-tag-datetime\" datetime=\"2026-09-12\" aria-hidden=\"true\">\n\t\t<span class=\"tribe-events-calendar-list__event-date-tag-weekday\">\n\t\t\tza\t\t<\/span>\n\t\t<span class=\"tribe-events-calendar-list__event-date-tag-daynum tribe-common-h5 tribe-common-h4--min-medium\">\n\t\t\t12\t\t<\/span>\n\t<\/time>\n<\/div>\n\n\t<div class=\"tribe-events-calendar-list__event-wrapper tribe-common-g-col\">\n\t\t<article  class=\"tribe-events-calendar-list__event tribe-common-g-row tribe-common-g-row--gutters post-10002321 tribe_events type-tribe_events status-publish hentry tribe_events_cat-gravel cat_gravel\" >\n\t\t\t\n\n\t\t\t<div class=\"tribe-events-calendar-list__event-details tribe-common-g-col\">\n\n\n\n\t\t\t\t<header class=\"tribe-events-calendar-list__event-header hello\">\n\t\t\t\t\t<div class=\"tribe-events-calendar-list__event-datetime-wrapper tribe-common-b2\">\n\t\t<time class=\"tribe-events-calendar-list__event-datetime\" datetime=\"2026-09-12\">\n\t\t<span class=\"tribe-event-date-start\">12 september | 09:00<\/span><span class=\"tribe-event-time\"><\/span>\t<\/time>\n\t<\/div>\n\t\t\t\t\t<h4 class=\"tribe-events-calendar-list__event-title tribe-common-h6 tribe-common-h4--min-medium\">\n\t<a\n\t\thref=\"https:\/\/www.bikers.be\/nl\/evenement\/50-ans-du-crabe\/\"\n\t\ttitle=\"50 ans du Crabe\"\n\t\trel=\"bookmark\"\n\t\tclass=\"tribe-events-calendar-list__event-title-link tribe-common-anchor-thin\"\n\t>\n\t\t50 ans du Crabe\t<\/a>\n<\/h4>\n\t\t\t\t\t\n\t\t\t\t\t<div class=\"custom_tribe_supp_infos\">\n\t\t\t\t\t\t<ul>\n\t\t\t\t\t\t\t<li>Gravel<\/li>\t\t\t\t\t\t<\/ul>\n\t\t\t\t\t<\/div>\n\n\n\t\t\t\t\t<address class=\"tribe-events-calendar-list__event-venue tribe-common-b2\">\n\t<span class=\"tribe-events-calendar-list__event-venue-title tribe-common-b2--bold\">\n\t\tJODOIGNE\t<\/span>\n\t<span class=\"tribe-events-calendar-list__event-venue-address\">\n\t\tDomaine du Stampia, chauss\u00e9e de Charleroi 97, Jodoigne, Brabant Wallon, Belgium\t<\/span>\n\t<\/address>\n\t\t\t\t\t\t\t\t\t\t\t\t\t\t\t\t\t\t\t<\/header>\n\n\n\n\t\t\t\t\t\t\t\t\t<div class=\"tribe-events-calendar-list__event-region\">\n\t\t\t\t\t\t<span class=\"tribe-events-calendar-list__event-region-value\">Brabant Wallon<\/span>\n\t\t\t\t\t<\/div>\n\t\t\t\t\n\t\t\t<\/div>\n\t\t<\/article>\n\t<\/div>\n\n<\/div>\n\n\t\t\t\t\t\t\t\n\t\t\t\t\n\t\t\t\t<div  class=\"tribe-common-g-row tribe-events-calendar-list__event-row\" >\n\n\t<div  class=\"tribe-events-calendar-list__event-date-tag tribe-common-g-col post-10001790 tribe_events type-tribe_events status-publish hentry tribe_events_cat-enduro cat_enduro\"  >\n\t<time class=\"tribe-events-calendar-list__event-date-tag-datetime\" datetime=\"2026-09-12\" aria-hidden=\"true\">\n\t\t<span class=\"tribe-events-calendar-list__event-date-tag-weekday\">\n\t\t\tza\t\t<\/span>\n\t\t<span class=\"tribe-events-calendar-list__event-date-tag-daynum tribe-common-h5 tribe-common-h4--min-medium\">\n\t\t\t12\t\t<\/span>\n\t<\/time>\n<\/div>\n\n\t<div class=\"tribe-events-calendar-list__event-wrapper tribe-common-g-col\">\n\t\t<article  class=\"tribe-events-calendar-list__event tribe-common-g-row tribe-common-g-row--gutters post-10001790 tribe_events type-tribe_events status-publish hentry tribe_events_cat-enduro cat_enduro\" >\n\t\t\t\n\n\t\t\t<div class=\"tribe-events-calendar-list__event-details tribe-common-g-col\">\n\n\n\n\t\t\t\t<header class=\"tribe-events-calendar-list__event-header hello\">\n\t\t\t\t\t<div class=\"tribe-events-calendar-list__event-datetime-wrapper tribe-common-b2\">\n\t\t<time class=\"tribe-events-calendar-list__event-datetime\" datetime=\"2026-09-12\">\n\t\t<span class=\"tribe-event-date-start\">12 september | 09:15<\/span><span class=\"tribe-event-time\"><\/span>\t<\/time>\n\t<\/div>\n\t\t\t\t\t<h4 class=\"tribe-events-calendar-list__event-title tribe-common-h6 tribe-common-h4--min-medium\">\n\t<a\n\t\thref=\"https:\/\/www.bikers.be\/nl\/evenement\/enduro-grg\/\"\n\t\ttitle=\"Enduro GRG\"\n\t\trel=\"bookmark\"\n\t\tclass=\"tribe-events-calendar-list__event-title-link tribe-common-anchor-thin\"\n\t>\n\t\tEnduro GRG\t<\/a>\n<\/h4>\n\t\t\t\t\t\n\t\t\t\t\t<div class=\"custom_tribe_supp_infos\">\n\t\t\t\t\t\t<ul>\n\t\t\t\t\t\t\t<li>Enduro<\/li>\t\t\t\t\t\t<\/ul>\n\t\t\t\t\t<\/div>\n\n\n\t\t\t\t\t<address class=\"tribe-events-calendar-list__event-venue tribe-common-b2\">\n\t<span class=\"tribe-events-calendar-list__event-venue-title tribe-common-b2--bold\">\n\t\tBOUILLON\t<\/span>\n\t<span class=\"tribe-events-calendar-list__event-venue-address\">\n\t\tParc des S\u00e9pulcrines, BOUILLON, Luxembourg, Belgium\t<\/span>\n\t<\/address>\n\t\t\t\t\t\t\t\t\t\t\t\t\t\t\t<div class=\"tribe-events-c-small-cta tribe-common-b3 tribe-events-calendar-list__event-cost\">\n\t<span class=\"tribe-events-c-small-cta__price\">\n\t\t30\u20ac \u2013 55\u20ac\t<\/span>\n<\/div>\n\t\t\t\t<\/header>\n\n\n\n\t\t\t\t\t\t\t\t\t<div class=\"tribe-events-calendar-list__event-region\">\n\t\t\t\t\t\t<span class=\"tribe-events-calendar-list__event-region-value\">Luxembourg<\/span>\n\t\t\t\t\t<\/div>\n\t\t\t\t\n\t\t\t<\/div>\n\t\t<\/article>\n\t<\/div>\n\n<\/div>\n\n\t\t\t\t\t\t\t\n\t\t\t\t\n\t\t\t\t<div  class=\"tribe-common-g-row tribe-events-calendar-list__event-row\" >\n\n\t<div  class=\"tribe-events-calendar-list__event-date-tag tribe-common-g-col post-10002155 tribe_events type-tribe_events status-publish hentry tribe_events_cat-randonnee-vtt cat_randonnee-vtt\"  >\n\t<time class=\"tribe-events-calendar-list__event-date-tag-datetime\" datetime=\"2026-09-12\" aria-hidden=\"true\">\n\t\t<span class=\"tribe-events-calendar-list__event-date-tag-weekday\">\n\t\t\tza\t\t<\/span>\n\t\t<span class=\"tribe-events-calendar-list__event-date-tag-daynum tribe-common-h5 tribe-common-h4--min-medium\">\n\t\t\t12\t\t<\/span>\n\t<\/time>\n<\/div>\n\n\t<div class=\"tribe-events-calendar-list__event-wrapper tribe-common-g-col\">\n\t\t<article  class=\"tribe-events-calendar-list__event tribe-common-g-row tribe-common-g-row--gutters post-10002155 tribe_events type-tribe_events status-publish hentry tribe_events_cat-randonnee-vtt cat_randonnee-vtt\" >\n\t\t\t\n\n\t\t\t<div class=\"tribe-events-calendar-list__event-details tribe-common-g-col\">\n\n\n\n\t\t\t\t<header class=\"tribe-events-calendar-list__event-header hello\">\n\t\t\t\t\t<div class=\"tribe-events-calendar-list__event-datetime-wrapper tribe-common-b2\">\n\t\t<time class=\"tribe-events-calendar-list__event-datetime\" datetime=\"2026-09-12\">\n\t\t<span class=\"tribe-event-date-start\">12 september | 08:00<\/span><span class=\"tribe-event-time\"><\/span>\t<\/time>\n\t<\/div>\n\t\t\t\t\t<h4 class=\"tribe-events-calendar-list__event-title tribe-common-h6 tribe-common-h4--min-medium\">\n\t<a\n\t\thref=\"https:\/\/www.bikers.be\/nl\/evenement\/17-ghostbikers-vtt-weekend-2\/\"\n\t\ttitle=\"17\u00b0 Ghostbikers VTT-weekend\"\n\t\trel=\"bookmark\"\n\t\tclass=\"tribe-events-calendar-list__event-title-link tribe-common-anchor-thin\"\n\t>\n\t\t17\u00b0 Ghostbikers VTT-weekend\t<\/a>\n<\/h4>\n\t\t\t\t\t\n\t\t\t\t\t<div class=\"custom_tribe_supp_infos\">\n\t\t\t\t\t\t<ul>\n\t\t\t\t\t\t\t<li>Randonn\u00e9e VTT<\/li>\t\t\t\t\t\t<\/ul>\n\t\t\t\t\t<\/div>\n\n\n\t\t\t\t\t<address class=\"tribe-events-calendar-list__event-venue tribe-common-b2\">\n\t<span class=\"tribe-events-calendar-list__event-venue-title tribe-common-b2--bold\">\n\t\tEVERGEM-SLEIDINGE\t<\/span>\n\t<span class=\"tribe-events-calendar-list__event-venue-address\">\n\t\tChirolokaal Sleidinge, Lovendonk 8, Evergem-Sleidinge, Oost Vlaanderen, Belgium\t<\/span>\n\t<\/address>\n\t\t\t\t\t\t\t\t\t\t\t\t\t\t\t\t\t\t\t<\/header>\n\n\n\n\t\t\t\t\t\t\t\t\t<div class=\"tribe-events-calendar-list__event-region\">\n\t\t\t\t\t\t<span class=\"tribe-events-calendar-list__event-region-value\">Oost Vlaanderen<\/span>\n\t\t\t\t\t<\/div>\n\t\t\t\t\n\t\t\t<\/div>\n\t\t<\/article>\n\t<\/div>\n\n<\/div>\n\n\t\t\t\t\t\t\t\n\t\t\t\t\n\t\t\t\t<div  class=\"tribe-common-g-row tribe-events-calendar-list__event-row\" >\n\n\t<div  class=\"tribe-events-calendar-list__event-date-tag tribe-common-g-col post-10002327 tribe_events type-tribe_events status-publish hentry tribe_events_cat-gravel tribe_events_cat-randonnee-vtt cat_gravel cat_randonnee-vtt\"  >\n\t<time class=\"tribe-events-calendar-list__event-date-tag-datetime\" datetime=\"2026-09-13\" aria-hidden=\"true\">\n\t\t<span class=\"tribe-events-calendar-list__event-date-tag-weekday\">\n\t\t\tzo\t\t<\/span>\n\t\t<span class=\"tribe-events-calendar-list__event-date-tag-daynum tribe-common-h5 tribe-common-h4--min-medium\">\n\t\t\t13\t\t<\/span>\n\t<\/time>\n<\/div>\n\n\t<div class=\"tribe-events-calendar-list__event-wrapper tribe-common-g-col\">\n\t\t<article  class=\"tribe-events-calendar-list__event tribe-common-g-row tribe-common-g-row--gutters post-10002327 tribe_events type-tribe_events status-publish hentry tribe_events_cat-gravel tribe_events_cat-randonnee-vtt cat_gravel cat_randonnee-vtt\" >\n\t\t\t\n\n\t\t\t<div class=\"tribe-events-calendar-list__event-details tribe-common-g-col\">\n\n\n\n\t\t\t\t<header class=\"tribe-events-calendar-list__event-header hello\">\n\t\t\t\t\t<div class=\"tribe-events-calendar-list__event-datetime-wrapper tribe-common-b2\">\n\t\t<time class=\"tribe-events-calendar-list__event-datetime\" datetime=\"2026-09-13\">\n\t\t<span class=\"tribe-event-date-start\">13 september | 07:30<\/span><span class=\"tribe-event-time\"><\/span>\t<\/time>\n\t<\/div>\n\t\t\t\t\t<h4 class=\"tribe-events-calendar-list__event-title tribe-common-h6 tribe-common-h4--min-medium\">\n\t<a\n\t\thref=\"https:\/\/www.bikers.be\/nl\/evenement\/randonnee-roger-wirtz\/\"\n\t\ttitle=\"Randonn\u00e9e Roger Wirtz\"\n\t\trel=\"bookmark\"\n\t\tclass=\"tribe-events-calendar-list__event-title-link tribe-common-anchor-thin\"\n\t>\n\t\tRandonn\u00e9e Roger Wirtz\t<\/a>\n<\/h4>\n\t\t\t\t\t\n\t\t\t\t\t<div class=\"custom_tribe_supp_infos\">\n\t\t\t\t\t\t<ul>\n\t\t\t\t\t\t\t<li>Gravel, Randonn\u00e9e VTT<\/li>\t\t\t\t\t\t<\/ul>\n\t\t\t\t\t<\/div>\n\n\n\t\t\t\t\t<address class=\"tribe-events-calendar-list__event-venue tribe-common-b2\">\n\t<span class=\"tribe-events-calendar-list__event-venue-title tribe-common-b2--bold\">\n\t\tBirkelt Larochette\t<\/span>\n\t<span class=\"tribe-events-calendar-list__event-venue-address\">\n\t\tPlateau Birkelt, Larochette, Luxembourg\t<\/span>\n\t<\/address>\n\t\t\t\t\t\t\t\t\t\t\t\t\t\t\t\t\t\t\t<\/header>\n\n\n\n\t\t\t\t\n\t\t\t<\/div>\n\t\t<\/article>\n\t<\/div>\n\n<\/div>\n\n\t\t\t\n\t\t<\/ul>\n\n\t\t<nav class=\"tribe-events-calendar-list-nav tribe-events-c-nav\" aria-label=\"Onderkant evenementen lijst paginering\">\n\t<ul class=\"tribe-events-c-nav__list\">\n\t\t<li class=\"tribe-events-c-nav__list-item tribe-events-c-nav__list-item--prev\">\n\t<a\n\t\thref=\"https:\/\/www.bikers.be\/nl\/evenement\/lijst\/?rest_route=%2Fwp%2Fv2%2Fpages%2F1692&#038;shortcode=b5e78f03&#038;eventDisplay=past\"\n\t\trel=\"prev\"\n\t\tclass=\"tribe-events-c-nav__prev tribe-common-b2 tribe-common-b1--min-medium\"\n\t\tdata-js=\"tribe-events-view-link\"\n\t\taria-label=\"Vorige Evenementen\"\n\t\ttitle=\"Vorige Evenementen\"\n\t>\n\t\t<svg\n\t class=\"tribe-common-c-svgicon tribe-common-c-svgicon--caret-left tribe-events-c-nav__prev-icon-svg\" \taria-hidden=\"true\"\n\tviewBox=\"0 0 10 16\"\n\txmlns=\"http:\/\/www.w3.org\/2000\/svg\"\n>\n\t<path d=\"M9.7 14.4l-1.5 1.5L.3 8 8.2.1l1.5 1.5L3.3 8l6.4 6.4z\"\/>\n<\/svg>\n\t\t<span class=\"tribe-events-c-nav__prev-label\">\n\t\t\tVorige <span class=\"tribe-events-c-nav__prev-label-plural tribe-common-a11y-visual-hide\">Evenementen<\/span>\t\t<\/span>\n\t<\/a>\n<\/li>\n\n\t\t<li class=\"tribe-events-c-nav__list-item tribe-events-c-nav__list-item--today\">\n\t<a\n\t\thref=\"https:\/\/www.bikers.be\/nl\/evenement\/lijst\/?rest_route=%2Fwp%2Fv2%2Fpages%2F1692&#038;shortcode=b5e78f03\"\n\t\tclass=\"tribe-events-c-nav__today tribe-common-b2\"\n\t\tdata-js=\"tribe-events-view-link\"\n\t\taria-label=\"Klik om de datum van vandaag te selecteren\"\n\t\ttitle=\"Klik om de datum van vandaag te selecteren\"\n\t>\n\t\tVandaag\t<\/a>\n<\/li>\n\n\t\t<li class=\"tribe-events-c-nav__list-item tribe-events-c-nav__list-item--next\">\n\t<a\n\t\thref=\"https:\/\/www.bikers.be\/nl\/evenement\/lijst\/pagina\/2\/?shortcode=b5e78f03\"\n\t\trel=\"next\"\n\t\tclass=\"tribe-events-c-nav__next tribe-common-b2 tribe-common-b1--min-medium\"\n\t\tdata-js=\"tribe-events-view-link\"\n\t\taria-label=\"Volgende Evenementen\"\n\t\ttitle=\"Volgende Evenementen\"\n\t>\n\t\t<span class=\"tribe-events-c-nav__next-label\">\n\t\t\tVolgende <span class=\"tribe-events-c-nav__next-label-plural tribe-common-a11y-visual-hide\">Evenementen<\/span>\t\t<\/span>\n\t\t<svg\n\t class=\"tribe-common-c-svgicon tribe-common-c-svgicon--caret-right tribe-events-c-nav__next-icon-svg\" \taria-hidden=\"true\"\n\tviewBox=\"0 0 10 16\"\n\txmlns=\"http:\/\/www.w3.org\/2000\/svg\"\n>\n\t<path d=\"M.3 1.6L1.8.1 9.7 8l-7.9 7.9-1.5-1.5L6.7 8 .3 1.6z\"\/>\n<\/svg>\n\t<\/a>\n<\/li>\n\t<\/ul>\n<\/nav>\n\n\t\t<div class=\"tribe-events-c-subscribe-dropdown__container\">\n\t<div class=\"tribe-events-c-subscribe-dropdown\">\n\t\t<div class=\"tribe-common-c-btn-border tribe-events-c-subscribe-dropdown__button\">\n\t\t\t<button\n\t\t\t\tclass=\"tribe-events-c-subscribe-dropdown__button-text tribe-common-c-btn--clear\"\n\t\t\t\taria-expanded=\"false\"\n\t\t\t\taria-controls=\"tribe-events-subscribe-dropdown-content\"\n\t\t\t\taria-label=\"\"\n\t\t\t>\n\t\t\t\tAbonneer op kalender\t\t\t<\/button>\n\t\t\t<svg\n\t class=\"tribe-common-c-svgicon tribe-common-c-svgicon--caret-down tribe-events-c-subscribe-dropdown__button-icon\" \taria-hidden=\"true\"\n\tviewBox=\"0 0 10 7\"\n\txmlns=\"http:\/\/www.w3.org\/2000\/svg\"\n>\n\t<path fill-rule=\"evenodd\" clip-rule=\"evenodd\" d=\"M1.008.609L5 4.6 8.992.61l.958.958L5 6.517.05 1.566l.958-.958z\" class=\"tribe-common-c-svgicon__svg-fill\"\/>\n<\/svg>\n\t\t<\/div>\n\t\t<div id=\"tribe-events-c-subscribe-dropdown-content\" class=\"tribe-events-c-subscribe-dropdown__content\">\n\t\t\t<ul class=\"tribe-events-c-subscribe-dropdown__list\">\n\t\t\t\t\t\t\t\t\t\n<li class=\"tribe-events-c-subscribe-dropdown__list-item tribe-events-c-subscribe-dropdown__list-item--gcal\">\n\t<a\n\t\thref=\"https:\/\/www.google.com\/calendar\/render?cid=webcal%3A%2F%2Fwww.bikers.be%2Fnl%2F%3Fpost_type%3Dtribe_events%26ical%3D1%26eventDisplay%3Dlist\"\n\t\tclass=\"tribe-events-c-subscribe-dropdown__list-item-link\"\n\t\ttarget=\"_blank\"\n\t\trel=\"noopener noreferrer nofollow noindex\"\n\t>\n\t\tGoogle Calendar\t<\/a>\n<\/li>\n\t\t\t\t\t\t\t\t\t\n<li class=\"tribe-events-c-subscribe-dropdown__list-item tribe-events-c-subscribe-dropdown__list-item--ical\">\n\t<a\n\t\thref=\"webcal:\/\/www.bikers.be\/nl\/?post_type=tribe_events&#038;ical=1&#038;eventDisplay=list\"\n\t\tclass=\"tribe-events-c-subscribe-dropdown__list-item-link\"\n\t\ttarget=\"_blank\"\n\t\trel=\"noopener noreferrer nofollow noindex\"\n\t>\n\t\tiCalendar\t<\/a>\n<\/li>\n\t\t\t\t\t\t\t\t\t\n<li class=\"tribe-events-c-subscribe-dropdown__list-item tribe-events-c-subscribe-dropdown__list-item--outlook-365\">\n\t<a\n\t\thref=\"https:\/\/outlook.office.com\/owa?path=\/calendar\/action\/compose&#038;rru=addsubscription&#038;url=webcal%3A%2F%2Fwww.bikers.be%2Fnl%2F%3Fpost_type%3Dtribe_events%26ical%3D1%26eventDisplay%3Dlist&#038;name=O2Bikers+Aanstaande+Evenementen+|+O2Bikers\"\n\t\tclass=\"tribe-events-c-subscribe-dropdown__list-item-link\"\n\t\ttarget=\"_blank\"\n\t\trel=\"noopener noreferrer nofollow noindex\"\n\t>\n\t\tOutlook 365\t<\/a>\n<\/li>\n\t\t\t\t\t\t\t\t\t\n<li class=\"tribe-events-c-subscribe-dropdown__list-item tribe-events-c-subscribe-dropdown__list-item--outlook-live\">\n\t<a\n\t\thref=\"https:\/\/outlook.live.com\/owa?path=\/calendar\/action\/compose&#038;rru=addsubscription&#038;url=webcal%3A%2F%2Fwww.bikers.be%2Fnl%2F%3Fpost_type%3Dtribe_events%26ical%3D1%26eventDisplay%3Dlist&#038;name=O2Bikers+Aanstaande+Evenementen+|+O2Bikers\"\n\t\tclass=\"tribe-events-c-subscribe-dropdown__list-item-link\"\n\t\ttarget=\"_blank\"\n\t\trel=\"noopener noreferrer nofollow noindex\"\n\t>\n\t\tOutlook Live\t<\/a>\n<\/li>\n\t\t\t\t\t\t\t\t\t\n<li class=\"tribe-events-c-subscribe-dropdown__list-item tribe-events-c-subscribe-dropdown__list-item--ics\">\n\t<a\n\t\thref=\"https:\/\/www.bikers.be\/nl\/evenement\/lijst\/?shortcode=b5e78f03&#038;ical=1\"\n\t\tclass=\"tribe-events-c-subscribe-dropdown__list-item-link\"\n\t\ttarget=\"_blank\"\n\t\trel=\"noopener noreferrer nofollow noindex\"\n\t>\n\t\t.ics bestand exporteren\t<\/a>\n<\/li>\n\t\t\t\t\t\t\t\t\t\n<li class=\"tribe-events-c-subscribe-dropdown__list-item tribe-events-c-subscribe-dropdown__list-item--outlook-ics\">\n\t<a\n\t\thref=\"https:\/\/www.bikers.be\/nl\/evenement\/lijst\/?shortcode=b5e78f03&#038;outlook-ical=1#038;ical=1\"\n\t\tclass=\"tribe-events-c-subscribe-dropdown__list-item-link\"\n\t\ttarget=\"_blank\"\n\t\trel=\"noopener noreferrer nofollow noindex\"\n\t>\n\t\tOutlook .ics bestand exporteren\t<\/a>\n<\/li>\n\t\t\t\t\t\t\t<\/ul>\n\t\t<\/div>\n\t<\/div>\n<\/div>\n\n\t\t\n\t<\/section>\n<\/div>\n\n<script data-js='tribe-events-view-nonce-data' type='application\/json'>{\"tvn1\":\"3d3436a3d1\",\"tvn2\":\"\"}<\/script>[\/et_pb_code][\/et_pb_column][\/et_pb_row][et_pb_row _builder_version=&#8221;4.27.4&#8243; _module_preset=&#8221;default&#8221; background_color=&#8221;gcid-primary-color&#8221; background_enable_image=&#8221;off&#8221; transform_translate_linked=&#8221;off&#8221; z_index=&#8221;2&#8243; max_width=&#8221;738px&#8221; module_alignment=&#8221;right&#8221; custom_margin=&#8221;30px||||false|false&#8221; custom_padding=&#8221;30px|30px|30px|30px|true|true&#8221; box_shadow_style=&#8221;preset3&#8243; box_shadow_color=&#8221;rgba(0,0,0,0.08)&#8221; locked=&#8221;off&#8221; global_colors_info=&#8221;{%22gcid-primary-color%22:%91%22background_color%22%93}&#8221;][et_pb_column type=&#8221;4_4&#8243; _builder_version=&#8221;4.27.4&#8243; _module_preset=&#8221;default&#8221; global_colors_info=&#8221;{}&#8221;][et_pb_text _builder_version=&#8221;4.27.4&#8243; _module_preset=&#8221;default&#8221; background_layout=&#8221;dark&#8221; global_colors_info=&#8221;{}&#8221;]In deze <b>mountainbikeagenda<\/b> vindt u een uitgebreid <b>overzicht van mountainbike-evenementen<\/b>. U vindt er <b>tochten<\/b>, <b>wedstrijden<\/b> en <b>brevets<\/b> die overal in Belgi\u00eb worden georganiseerd. Selecteer de <b>datum<\/b>, de <b>provincie<\/b> en de <b>categorie van de wedstrijd<\/b> (gravel, marathon, nacht, enduro, enz.) om uw uitstapjes gemakkelijk te plannen.[\/et_pb_text][\/et_pb_column][\/et_pb_row][\/et_pb_section][et_pb_section fb_built=&#8221;1&#8243; _builder_version=&#8221;4.27.4&#8243; _module_preset=&#8221;default&#8221; global_colors_info=&#8221;{}&#8221;][et_pb_row column_structure=&#8221;1_2,1_2&#8243; use_custom_gutter=&#8221;on&#8221; gutter_width=&#8221;1&#8243; make_equal=&#8221;on&#8221; _builder_version=&#8221;4.27.4&#8243; _module_preset=&#8221;default&#8221; custom_padding=&#8221;1px|||||&#8221; global_colors_info=&#8221;{}&#8221;][et_pb_column type=&#8221;1_2&#8243; _builder_version=&#8221;4.27.4&#8243; _module_preset=&#8221;default&#8221; background_color=&#8221;gcid-primary-color&#8221; custom_padding=&#8221;40px|40px|40px|40px|true|true&#8221; custom_css_free_form=&#8221;selector {||  display: flex;||  flex-direction: column;||  margin-right: 30px !important;||  overflow:hidden;||}||||selector .et_pb_button_module_wrapper {||  margin-top: auto;||}&#8221; global_colors_info=&#8221;{%22gcid-primary-color%22:%91%22background_color%22%93}&#8221;][et_pb_text _builder_version=&#8221;4.27.4&#8243; _module_preset=&#8221;default&#8221; text_font=&#8221;SpaceGrotesk-Bold|||on|||||&#8221; text_text_color=&#8221;gcid-939ec961-e35a-49a0-8fe6-b17c10e8d88d&#8221; text_letter_spacing=&#8221;2px&#8221; background_layout=&#8221;dark&#8221; custom_margin=&#8221;||14px|||&#8221; global_colors_info=&#8221;{%22gcid-939ec961-e35a-49a0-8fe6-b17c10e8d88d%22:%91%22text_text_color%22%93}&#8221;]<\/p>\n<p>Nieuws<\/p>\n<p>[\/et_pb_text][et_pb_text _builder_version=&#8221;4.27.4&#8243; _module_preset=&#8221;default&#8221; background_layout=&#8221;dark&#8221; max_width=&#8221;600px&#8221; custom_margin=&#8221;||15px||false|false&#8221; global_colors_info=&#8221;{}&#8221;]<\/p>\n<h2>Uw mountainbike-nieuws in Belgi\u00eb<\/h2>\n<p>[\/et_pb_text][et_pb_text _builder_version=&#8221;4.27.4&#8243; _module_preset=&#8221;default&#8221; background_layout=&#8221;dark&#8221; max_width=&#8221;520px&#8221; custom_margin=&#8221;||30px||false|false&#8221; global_colors_info=&#8221;{}&#8221;]<\/p>\n<p>O2 Bikers is d\u00e9 mountainbike-blog voor gepassioneerde mountainbikers. De blog is volledig online en bevat een complete agenda met tochten, wedstrijden en evenementen in Belgi\u00eb, mountainbike-nieuws, technische tests en praktische tips.<\/p>\n<p>[\/et_pb_text][et_pb_image src=&#8221;https:\/\/www.bikers.be\/wp-content\/uploads\/2025\/10\/O2Bikers-Accueil-Column-Lines.svg&#8221; title_text=&#8221;O2Bikers-Accueil-Column-Lines&#8221; _builder_version=&#8221;4.27.4&#8243; _module_preset=&#8221;default&#8221; positioning=&#8221;absolute&#8221; position_origin_a=&#8221;bottom_right&#8221; vertical_offset=&#8221;-20px&#8221; horizontal_offset=&#8221;-20px&#8221; vertical_offset_tablet=&#8221;0px&#8221; vertical_offset_phone=&#8221;0px&#8221; vertical_offset_last_edited=&#8221;on|tablet&#8221; horizontal_offset_tablet=&#8221;0px&#8221; horizontal_offset_phone=&#8221;0px&#8221; horizontal_offset_last_edited=&#8221;on|tablet&#8221; width=&#8221;130px&#8221; width_tablet=&#8221;60px&#8221; width_phone=&#8221;60px&#8221; width_last_edited=&#8221;on|tablet&#8221; global_colors_info=&#8221;{}&#8221;][\/et_pb_image][et_pb_button button_url=&#8221;@ET-DC@eyJkeW5hbWljIjp0cnVlLCJjb250ZW50IjoicG9zdF9saW5rX3VybF9wYWdlIiwic2V0dGluZ3MiOnsicG9zdF9pZCI6IjM4MCJ9fQ==@&#8221; button_text=&#8221;Meer nieuws bekijken&#8221; button_alignment=&#8221;left&#8221; _builder_version=&#8221;4.27.4&#8243; _dynamic_attributes=&#8221;button_url&#8221; _module_preset=&#8221;default&#8221; button_text_color=&#8221;gcid-939ec961-e35a-49a0-8fe6-b17c10e8d88d&#8221; button_bg_color=&#8221;gcid-secondary-color&#8221; global_colors_info=&#8221;{%22gcid-secondary-color%22:%91%22button_bg_color%22,%22button_text_color__hover%22%93,%22gcid-939ec961-e35a-49a0-8fe6-b17c10e8d88d%22:%91%22button_bg_color__hover%22,%22button_text_color%22%93}&#8221; button_bg_color__hover_enabled=&#8221;on|hover&#8221; button_bg_color__hover=&#8221;#ffffff&#8221; button_text_color__hover_enabled=&#8221;on|desktop&#8221; button_text_color__hover=&#8221;#273cfb&#8221;][\/et_pb_button][\/et_pb_column][et_pb_column type=&#8221;1_2&#8243; _builder_version=&#8221;4.27.4&#8243; _module_preset=&#8221;default&#8221; global_colors_info=&#8221;{}&#8221;][brbl_post_grid post_count=&#8221;4&#8243; content_padding=&#8221;0px|0px|0px|0px|true|true&#8221; image_height=&#8221;210px&#8221; date_icon_color=&#8221;rgba(39,60,251,0.79)&#8221; title_spacing_bottom=&#8221;5px&#8221; layout=&#8221;layout4&#8243; column_count=&#8221;2&#8243; column_gap_x=&#8221;15px&#8221; column_gap_y=&#8221;15px&#8221; show_excerpt=&#8221;off&#8221; _builder_version=&#8221;4.27.4&#8243; _module_preset=&#8221;default&#8221; date_text_color=&#8221;rgba(0,0,0,0.48)&#8221; custom_margin_tablet=&#8221;50px||||false|false&#8221; custom_margin_phone=&#8221;50px||||false|false&#8221; custom_margin_last_edited=&#8221;on|tablet&#8221; custom_css_free_form=&#8221;selector .brbl-pagination {||  display: none;||}&#8221; border_width_all_content=&#8221;0px&#8221; global_colors_info=&#8221;{}&#8221;][\/brbl_post_grid][\/et_pb_column][\/et_pb_row][\/et_pb_section][et_pb_section fb_built=&#8221;1&#8243; custom_padding_last_edited=&#8221;on|tablet&#8221; _builder_version=&#8221;4.27.4&#8243; _module_preset=&#8221;default&#8221; background_color=&#8221;gcid-cc026ee9-2dfb-4c5b-892b-7f86cd297fec&#8221; custom_padding=&#8221;|0vw||0vw|false|true&#8221; custom_padding_tablet=&#8221;|0vw|0px|0vw|false|true&#8221; custom_padding_phone=&#8221;|0vw|0px|0vw|false|true&#8221; global_colors_info=&#8221;{%22gcid-cc026ee9-2dfb-4c5b-892b-7f86cd297fec%22:%91%22background_color%22,%22background_color%22%93}&#8221;][et_pb_row column_structure=&#8221;1_2,1_2&#8243; make_equal=&#8221;on&#8221; custom_padding_last_edited=&#8221;on|phone&#8221; module_class=&#8221;custom-mobile-vertical-reverse&#8221; _builder_version=&#8221;4.27.4&#8243; _module_preset=&#8221;default&#8221; custom_padding_tablet=&#8221;||0px||false|false&#8221; custom_padding_phone=&#8221;||0px||false|false&#8221; custom_css_free_form=&#8221;@media screen and (max-width:980px) {||  selector .et_pb_column_1_2 {||    margin-bottom: 0px !important;||  }||}&#8221; global_colors_info=&#8221;{}&#8221;][et_pb_column type=&#8221;1_2&#8243; _builder_version=&#8221;4.27.4&#8243; _module_preset=&#8221;default&#8221; background_image=&#8221;https:\/\/www.bikers.be\/wp-content\/uploads\/2025\/10\/O2Bikers-Bikes-10.webp&#8221; global_colors_info=&#8221;{}&#8221;][et_pb_divider show_divider=&#8221;off&#8221; _builder_version=&#8221;4.27.4&#8243; _module_preset=&#8221;default&#8221; min_height=&#8221;400px&#8221; locked=&#8221;off&#8221; global_colors_info=&#8221;{}&#8221;][\/et_pb_divider][\/et_pb_column][et_pb_column type=&#8221;1_2&#8243; _builder_version=&#8221;4.27.4&#8243; _module_preset=&#8221;default&#8221; custom_padding=&#8221;6vw|6vw|6vw|6vw|true|true&#8221; custom_padding_tablet=&#8221;0vw|6vw|50px|6vw|false|true&#8221; custom_padding_phone=&#8221;0vw|6vw|50px|6vw|false|true&#8221; custom_padding_last_edited=&#8221;on|tablet&#8221; global_colors_info=&#8221;{}&#8221;][et_pb_text _builder_version=&#8221;4.27.4&#8243; _module_preset=&#8221;default&#8221; global_colors_info=&#8221;{}&#8221;]<\/p>\n<h2>Veelgestelde vragen over de mountainbikeagenda<\/h2>\n<p>[\/et_pb_text][dsm_faq dsm_content_padding=&#8221;20px||||false|false&#8221; _builder_version=&#8221;4.27.4&#8243; _module_preset=&#8221;default&#8221; global_colors_info=&#8221;{}&#8221;][dsm_faq_child dsm_title=&#8221;Wat is de mountainbikeagenda en voor wie is deze bedoeld?&#8221; dsm_content=&#8221;<span style=%22font-weight: 400;%22>De<\/span><b> mountainbikeagenda<\/b><span style=%22font-weight: 400;%22> is veel meer dan alleen een lijst: het is een <\/span><b>volledige kalender<\/b><span style=%22font-weight: 400;%22> met alle <\/span><b>tochten<\/b><span style=%22font-weight: 400;%22>, <\/span><b>wedstrijden <\/b><span style=%22font-weight: 400;%22>en <\/span><b>evenementen<\/b> <b>gravel<\/b><span style=%22font-weight: 400;%22> die in Belgi\u00eb worden georganiseerd. Het richt zich tot alle <\/span><b>mountainbikers<\/b><span style=%22font-weight: 400;%22>, of ze nu recreatief fietsen of als wedstrijdrijder op zoek zijn naar uitdagingen zoals <\/span><b>marathons<\/b><span style=%22font-weight: 400;%22>, <\/span><b>etappekoersen<\/b><span style=%22font-weight: 400;%22> of <\/span><b>nachtritten<\/b><span style=%22font-weight: 400;%22>. Of u nu in Brabant, Henegouwen, de provincie Luik, Namen, Luxemburg, Vlaanderen of Brussel fietst, u vindt altijd wel een evenement in uw buurt.&#8221; _builder_version=&#8221;4.27.4&#8243; _module_preset=&#8221;default&#8221; global_colors_info=&#8221;{}&#8221; parentOrderClass=&#8221;dsm_faq_0&#8243;][\/dsm_faq_child][dsm_faq_child dsm_title=&#8221;Welke soorten evenementen staan er op de mountainbike-agenda?&#8221; dsm_content=&#8221;<\/p>\n<p><span style=%22font-weight: 400;%22>De agenda omvat een grote verscheidenheid aan disciplines en formaten:<\/span><\/p>\n<ul>\n<li style=%22font-weight: 400;%22 aria-level=%221%22><b>MTB-tochten<\/b><span style=%22font-weight: 400;%22> en <\/span><b>graveltochten<\/b><span style=%22font-weight: 400;%22>, toegankelijk voor iedereen.<\/span><\/li>\n<li style=%22font-weight: 400;%22 aria-level=%221%22><b>Langeafstandstochten<\/b><span style=%22font-weight: 400;%22> om je uithoudingsvermogen te testen.<\/span><\/li>\n<li style=%22font-weight: 400;%22 aria-level=%221%22><b>Cross-country (X-Country \/ XCE)<\/b><span style=%22font-weight: 400;%22>, <\/span><b>enduro<\/b><span style=%22font-weight: 400;%22> en <\/span><b>downhill<\/b><span style=%22font-weight: 400;%22>, voor de meer technische rijders.<\/span><\/li>\n<li style=%22font-weight: 400;%22 aria-level=%221%22><b>Wielerwedstrijden op de weg<\/b><span style=%22font-weight: 400;%22> of <\/span><b>cyclo<\/b><span style=%22font-weight: 400;%22> om je ritten te vari\u00ebren.<\/span><\/li>\n<li style=%22font-weight: 400;%22 aria-level=%221%22><b>Nachtevenementen<\/b><span style=%22font-weight: 400;%22>, vertrek met hoofdlamp.<\/span><\/li>\n<li style=%22font-weight: 400;%22 aria-level=%221%22><b>MTB-marathons<\/b><span style=%22font-weight: 400;%22>, <\/span><b>duatlons<\/b><span style=%22font-weight: 400;%22>, <\/span><b>run &#038; bike<\/b><span style=%22font-weight: 400;%22>, <\/span><b>multidisciplines<\/b><span style=%22font-weight: 400;%22> of zelfs <\/span><b>strandraces<\/b><span style=%22font-weight: 400;%22>.<\/span><\/li>\n<\/ul>\n<p><span style=%22font-weight: 400;%22>Elke categorie is duidelijk aangeduid, wat het zoeken vergemakkelijkt voor elk type fietser.<\/span><\/p>\n<p>&#8221; _builder_version=&#8221;4.27.4&#8243; _module_preset=&#8221;default&#8221; global_colors_info=&#8221;{}&#8221; parentOrderClass=&#8221;dsm_faq_0&#8243;][\/dsm_faq_child][dsm_faq_child dsm_title=&#8221;Hoe zoek je een evenement in de MTB-agenda?&#8221; dsm_content=&#8221;<span style=%22font-weight: 400;%22>De agenda is ontworpen om praktisch te zijn. U kunt:<\/span><\/p>\n<ul>\n<li style=%22font-weight: 400;%22 aria-level=\u201c1\u201d><span style=%22font-weight: 400;%22>Filteren op <\/span><b>datum<\/b><span style=%22font-weight: 400;%22> en zo uw seizoen maand per maand organiseren.<\/span><\/li>\n<li style=%22font-weight: 400;%22 aria-level=\u201c1\u201d><span style=%22font-weight: 400;%22>Een <\/span><b>provincie<\/b><span style=%22font-weight: 400;%22>selecteren: Henegouwen, Waals-Brabant, Namen, Luik, Luxemburg, Oost-Vlaanderen, Brussel, enz.<\/span><\/li>\n<li style=%22font-weight: 400;%22 aria-level=\u201c1\u201d><span style=%22font-weight: 400;%22>Kies het <\/span><b>type evenement<\/b><span style=%22font-weight: 400;%22> (wandeling, gravel, nachtelijk, marathon, brevet, wegwedstrijd, enz.).<\/span><\/li>\n<li style=%22font-weight: 400;%22 aria-level=\u201c1\u201d><span style=%22font-weight: 400;%22 >Bekijk de <\/span><b>afstand<\/b><span style=%22font-weight: 400;%22> en het <\/span><b>hoogteverschil<\/b><span style=%22font-weight: 400;%22> om een parcours te kiezen dat bij uw niveau past.<\/span><\/li>\n<li style=%22font-weight: 400;%22 aria-level=\u201c1\u201d><span style=%22font-weight: 400;%22>Controleer de <\/span><b>startplaats<\/b><span style=%22font-weight: 400;%22> en praktische informatie, zodat u snel kunt zien waar en hoe de wedstrijd plaatsvindt.<\/span><\/li>\n<\/ul>\n<p>&#8221; _builder_version=&#8221;4.27.4&#8243; _module_preset=&#8221;default&#8221; global_colors_info=&#8221;{}&#8221; parentOrderClass=&#8221;dsm_faq_0&#8243;][\/dsm_faq_child][dsm_faq_child dsm_title=&#8221;Wordt de mountainbike-agenda regelmatig bijgewerkt?&#8221; dsm_content=&#8221;<\/p>\n<p><span style=%22font-weight: 400;%22>Ja, de<\/span><b>mountainbikeagenda <\/b><span style=%22font-weight: 400;%22>wordt zeer regelmatig bijgewerkt om u een <\/span><b>betrouwbare kalender<\/b><span style=%22font-weight: 400;%22>te bieden. De organisatoren communiceren hun wijzigingen continu, waardoor nieuwe evenementen snel kunnen worden toegevoegd of een wijziging of annulering kan worden gemeld. <\/span><b>Het is echter aan te raden om rechtstreeks contact op te nemen met de organisator<\/b><span style=%22font-weight: 400;%22> (via e-mail of de offici\u00eble website) om zeker te zijn van de laatste informatie.<\/span><\/p>\n<p>&#8221; _builder_version=&#8221;4.27.4&#8243; _module_preset=&#8221;default&#8221; global_colors_info=&#8221;{}&#8221; parentOrderClass=&#8221;dsm_faq_0&#8243;][\/dsm_faq_child][dsm_faq_child dsm_title=&#8221;Welke informatie staat er in elk blad van de mountainbikeagenda?&#8221; dsm_content=&#8221;<\/p>\n<p><span style=%22font-weight: 400;%22>Elke fiche bevat, wanneer beschikbaar, nuttige details om je rit voor te bereiden:<\/span><\/p>\n<ul>\n<li style=%22font-weight: 400;%22 aria-level=%221%22><span style=%22font-weight: 400;%22>De <\/span><b>exacte datum<\/b><span style=%22font-weight: 400;%22>, de <\/span><b>provincie<\/b><span style=%22font-weight: 400;%22> en de <\/span><b>locatie<\/b><span style=%22font-weight: 400;%22> van het evenement.<\/span><span style=%22font-weight: 400;%22> <\/span><span style=%22font-weight: 400;%22>De <\/span><b>categorie<\/b><span style=%22font-weight: 400;%22> van het evenement (marathon, gravel, tocht, nachtrit, toertocht, duatlon, enz.).<\/span><\/li>\n<li style=%22font-weight: 400;%22 aria-level=%221%22><span style=%22font-weight: 400;%22>De <\/span><b>aangeboden afstanden<\/b><span style=%22font-weight: 400;%22>, soms vergezeld van het <\/span><b>hoogteverschil<\/b><span style=%22font-weight: 400;%22>.<\/span><\/li>\n<li style=%22font-weight: 400;%22 aria-level=%221%22><span style=%22font-weight: 400;%22>Het <\/span><b>aantal bevoorradingen<\/b><span style=%22font-weight: 400;%22> en de <\/span><b>aangeboden diensten<\/b> <b>beschikbare faciliteiten<\/b><span style=%22font-weight: 400;%22> (douches, bike-wash, kleine catering).<\/span><\/li>\n<li style=%22font-weight: 400;%22 aria-level=%221%22><span style=%22font-weight: 400;%22>De <\/span><b>vertrektijden<\/b><span style=%22font-weight: 400;%22> en de inschrijvingsperiode.<\/span><\/li>\n<li style=%22font-weight: 400;%22 aria-level=%221%22><span style=%22font-weight: 400;%22>De <\/span><b>inschrijvingsprijs<\/b><span style=%22font-weight: 400;%22>.<\/span><\/li>\n<li style=%22font-weight: 400;%22 aria-level=%221%22><span style=%22font-weight: 400;%22>De <\/span><b>contactgegevens van de organisator<\/b><span style=%22font-weight: 400;%22> van het evenement (e-mail, website, Facebookpagina).<\/span><\/li>\n<\/ul>\n<p>&#8221; _builder_version=&#8221;4.27.4&#8243; _module_preset=&#8221;default&#8221; global_colors_info=&#8221;{}&#8221; parentOrderClass=&#8221;dsm_faq_0&#8243;][\/dsm_faq_child][dsm_faq_child dsm_title=&#8221;Waarom onze MTB-agenda gebruiken?&#8221; dsm_content=&#8221;<span style=%22font-weight: 400;%22>Onze agenda is een handig hulpmiddel dat een <\/span><b>kalender en<\/b> <b>zoekmachine voor MTB-evenementen <\/b><span style=%22font-weight: 400;%22>in Belgi\u00eb combineert. U profiteert van betrouwbare en actuele informatie, met de mogelijkheid om <\/span><b>een evenementencategorie en een regio te selecteren<\/b><span style=%22font-weight: 400;%22>. Het is ook een manier om minder bekende MTB-wedstrijden in Vlaanderen of Walloni\u00eb te ontdekken.&#8221; _builder_version=&#8221;4.27.4&#8243; _module_preset=&#8221;default&#8221; global_colors_info=&#8221;{}&#8221; parentOrderClass=&#8221;dsm_faq_0&#8243;][\/dsm_faq_child][dsm_faq_child dsm_title=&#8221;Hoe voeg ik mijn mountainbike-evenement toe aan de kalender?&#8221; dsm_content=&#8221;<\/p>\n<p><span style=%22font-weight: 400;%22>Als u organisator bent in Belgi\u00eb, kunt u eenvoudig <\/span><b>uw mountainbike- of gravelevenement<\/b><span style=%22font-weight: 400;%22> toevoegen aan onze <\/span><b>online kalender<\/b><span style=%22font-weight: 400;%22>. U hoeft alleen maar de essenti\u00eble informatie door te geven: <\/span><b>datum, plaats, afstanden, type evenement <\/b><span style=%22font-weight: 400;%22>(tocht, gravel, marathon, nachtrit, enz.)<\/span><b>, aangeboden diensten <\/b><span style=%22font-weight: 400;%22>en andere praktische informatie. Ons team zorgt er vervolgens voor dat uw evenement snel wordt gepubliceerd in de<\/span><b>mountainbikeagenda<\/b><span style=%22font-weight: 400;%22>, zodat het zichtbaar is voor alle ge\u00efnteresseerde fietsers. Om een nieuw evenement in te dienen, gebruikt u het <\/span><a href=%22\/nl\/contact%22><b>contactformulier<\/b><\/a><span style=%22font-weight: 400;%22>.<\/span><\/p>\n<p>&#8221; _builder_version=&#8221;4.27.4&#8243; _module_preset=&#8221;default&#8221; global_colors_info=&#8221;{}&#8221; parentOrderClass=&#8221;dsm_faq_0&#8243;][\/dsm_faq_child][\/dsm_faq][\/et_pb_column][\/et_pb_row][\/et_pb_section][et_pb_section fb_built=&#8221;1&#8243; _builder_version=&#8221;4.27.4&#8243; _module_preset=&#8221;default&#8221; use_background_color_gradient=&#8221;on&#8221; background_color_gradient_stops=&#8221;rgba(0,0,0,0.84) 0%|rgba(0,0,0,0.84) 100%&#8221; background_color_gradient_overlays_image=&#8221;on&#8221; background_image=&#8221;https:\/\/www.bikers.be\/wp-content\/uploads\/2025\/10\/O2Bikers-Bikes-6.webp&#8221; parallax=&#8221;on&#8221; parallax_method=&#8221;off&#8221; min_height=&#8221;80vh&#8221; min_height_tablet=&#8221;80vh&#8221; min_height_phone=&#8221;80vh&#8221; min_height_last_edited=&#8221;on|tablet&#8221; custom_css_free_form=&#8221;selector {||  display: flex;||  align-items: center;||}&#8221; locked=&#8221;off&#8221; global_colors_info=&#8221;{}&#8221;][et_pb_row _builder_version=&#8221;4.27.4&#8243; _module_preset=&#8221;default&#8221; global_colors_info=&#8221;{}&#8221;][et_pb_column type=&#8221;4_4&#8243; _builder_version=&#8221;4.27.4&#8243; _module_preset=&#8221;default&#8221; global_colors_info=&#8221;{}&#8221;][et_pb_text _builder_version=&#8221;4.27.4&#8243; _module_preset=&#8221;default&#8221; text_font=&#8221;SpaceGrotesk-Bold|||on|||||&#8221; text_text_color=&#8221;gcid-939ec961-e35a-49a0-8fe6-b17c10e8d88d&#8221; text_letter_spacing=&#8221;2px&#8221; text_orientation=&#8221;center&#8221; background_layout=&#8221;dark&#8221; custom_margin=&#8221;||14px|||&#8221; locked=&#8221;off&#8221; global_colors_info=&#8221;{%22gcid-939ec961-e35a-49a0-8fe6-b17c10e8d88d%22:%91%22text_text_color%22%93}&#8221;]<\/p>\n<p>Nieuwsbrief<\/p>\n<p>[\/et_pb_text][et_pb_text _builder_version=&#8221;4.27.4&#8243; _module_preset=&#8221;default&#8221; text_orientation=&#8221;center&#8221; background_layout=&#8221;dark&#8221; max_width=&#8221;650px&#8221; module_alignment=&#8221;center&#8221; custom_margin=&#8221;||15px||false|false&#8221; global_colors_info=&#8221;{}&#8221;]<\/p>\n<h2>Abonneer u op de nieuwsbrief van O2 Bikers<\/h2>\n<p>[\/et_pb_text][et_pb_text _builder_version=&#8221;4.27.4&#8243; _module_preset=&#8221;default&#8221; text_orientation=&#8221;center&#8221; background_layout=&#8221;dark&#8221; max_width=&#8221;600px&#8221; module_alignment=&#8221;center&#8221; global_colors_info=&#8221;{}&#8221;]Schrijf u in voor onze <b>MTB-nieuwsbrief<\/b> en ontvang rechtstreeks in uw mailbox het <b>laatste nieuws, tests, advies en evenementen<\/b>.[\/et_pb_text][et_pb_code module_class=&#8221;custom_form_newsletter&#8221; _builder_version=&#8221;4.27.4&#8243; _module_preset=&#8221;default&#8221; max_width=&#8221;660px&#8221; module_alignment=&#8221;center&#8221; custom_css_free_form=&#8221;@media screen and (max-width:666px) {||  .custom_form_newsletter form#gform_3 {||    display: flex;||    flex-direction: column;||  }||  .custom_form_newsletter input#gform_submit_button_3 {||    min-height: 60px;||    width: 100%;||}||}&#8221; global_colors_info=&#8221;{}&#8221;]<script>\nvar gform;gform||(document.addEventListener(\"gform_main_scripts_loaded\",function(){gform.scriptsLoaded=!0}),document.addEventListener(\"gform\/theme\/scripts_loaded\",function(){gform.themeScriptsLoaded=!0}),window.addEventListener(\"DOMContentLoaded\",function(){gform.domLoaded=!0}),gform={domLoaded:!1,scriptsLoaded:!1,themeScriptsLoaded:!1,isFormEditor:()=>\"function\"==typeof InitializeEditor,callIfLoaded:function(o){return!(!gform.domLoaded||!gform.scriptsLoaded||!gform.themeScriptsLoaded&&!gform.isFormEditor()||(gform.isFormEditor()&&console.warn(\"The use of gform.initializeOnLoaded() is deprecated in the form editor context and will be removed in Gravity Forms 3.1.\"),o(),0))},initializeOnLoaded:function(o){gform.callIfLoaded(o)||(document.addEventListener(\"gform_main_scripts_loaded\",()=>{gform.scriptsLoaded=!0,gform.callIfLoaded(o)}),document.addEventListener(\"gform\/theme\/scripts_loaded\",()=>{gform.themeScriptsLoaded=!0,gform.callIfLoaded(o)}),window.addEventListener(\"DOMContentLoaded\",()=>{gform.domLoaded=!0,gform.callIfLoaded(o)}))},hooks:{action:{},filter:{}},addAction:function(o,r,e,t){gform.addHook(\"action\",o,r,e,t)},addFilter:function(o,r,e,t){gform.addHook(\"filter\",o,r,e,t)},doAction:function(o){gform.doHook(\"action\",o,arguments)},applyFilters:function(o){return gform.doHook(\"filter\",o,arguments)},removeAction:function(o,r){gform.removeHook(\"action\",o,r)},removeFilter:function(o,r,e){gform.removeHook(\"filter\",o,r,e)},addHook:function(o,r,e,t,n){null==gform.hooks[o][r]&&(gform.hooks[o][r]=[]);var d=gform.hooks[o][r];null==n&&(n=r+\"_\"+d.length),gform.hooks[o][r].push({tag:n,callable:e,priority:t=null==t?10:t})},doHook:function(r,o,e){var t;if(e=Array.prototype.slice.call(e,1),null!=gform.hooks[r][o]&&((o=gform.hooks[r][o]).sort(function(o,r){return o.priority-r.priority}),o.forEach(function(o){\"function\"!=typeof(t=o.callable)&&(t=window[t]),\"action\"==r?t.apply(null,e):e[0]=t.apply(null,e)})),\"filter\"==r)return e[0]},removeHook:function(o,r,t,n){var e;null!=gform.hooks[o][r]&&(e=(e=gform.hooks[o][r]).filter(function(o,r,e){return!!(null!=n&&n!=o.tag||null!=t&&t!=o.priority)}),gform.hooks[o][r]=e)}});\n<\/script>\n\n                <div class='gf_browser_gecko gform_wrapper gform-theme gform-theme--foundation gform-theme--framework gform-theme--orbital' data-form-theme='orbital' data-form-index='0' id='gform_wrapper_3' ><style>#gform_wrapper_3[data-form-index=\"0\"].gform-theme{--gf-color-primary: #204ce5;--gf-color-primary-rgb: 32, 76, 229;--gf-color-primary-contrast: #fff;--gf-color-primary-contrast-rgb: 255, 255, 255;--gf-color-primary-darker: #001AB3;--gf-color-primary-lighter: #527EFF;--gf-color-secondary: #fff;--gf-color-secondary-rgb: 255, 255, 255;--gf-color-secondary-contrast: #112337;--gf-color-secondary-contrast-rgb: 17, 35, 55;--gf-color-secondary-darker: #F5F5F5;--gf-color-secondary-lighter: #FFFFFF;--gf-color-out-ctrl-light: rgba(17, 35, 55, 0.1);--gf-color-out-ctrl-light-rgb: 17, 35, 55;--gf-color-out-ctrl-light-darker: rgba(104, 110, 119, 0.35);--gf-color-out-ctrl-light-lighter: #F5F5F5;--gf-color-out-ctrl-dark: #585e6a;--gf-color-out-ctrl-dark-rgb: 88, 94, 106;--gf-color-out-ctrl-dark-darker: #112337;--gf-color-out-ctrl-dark-lighter: rgba(17, 35, 55, 0.65);--gf-color-in-ctrl: #fff;--gf-color-in-ctrl-rgb: 255, 255, 255;--gf-color-in-ctrl-contrast: #112337;--gf-color-in-ctrl-contrast-rgb: 17, 35, 55;--gf-color-in-ctrl-darker: #F5F5F5;--gf-color-in-ctrl-lighter: #FFFFFF;--gf-color-in-ctrl-primary: #204ce5;--gf-color-in-ctrl-primary-rgb: 32, 76, 229;--gf-color-in-ctrl-primary-contrast: #fff;--gf-color-in-ctrl-primary-contrast-rgb: 255, 255, 255;--gf-color-in-ctrl-primary-darker: #001AB3;--gf-color-in-ctrl-primary-lighter: #527EFF;--gf-color-in-ctrl-light: rgba(17, 35, 55, 0.1);--gf-color-in-ctrl-light-rgb: 17, 35, 55;--gf-color-in-ctrl-light-darker: rgba(104, 110, 119, 0.35);--gf-color-in-ctrl-light-lighter: #F5F5F5;--gf-color-in-ctrl-dark: #585e6a;--gf-color-in-ctrl-dark-rgb: 88, 94, 106;--gf-color-in-ctrl-dark-darker: #112337;--gf-color-in-ctrl-dark-lighter: rgba(17, 35, 55, 0.65);--gf-radius: 3px;--gf-font-size-secondary: 14px;--gf-font-size-tertiary: 13px;--gf-icon-ctrl-number: url(\"data:image\/svg+xml,%3Csvg width='8' height='14' viewBox='0 0 8 14' fill='none' xmlns='http:\/\/www.w3.org\/2000\/svg'%3E%3Cpath fill-rule='evenodd' clip-rule='evenodd' d='M4 0C4.26522 5.96046e-08 4.51957 0.105357 4.70711 0.292893L7.70711 3.29289C8.09763 3.68342 8.09763 4.31658 7.70711 4.70711C7.31658 5.09763 6.68342 5.09763 6.29289 4.70711L4 2.41421L1.70711 4.70711C1.31658 5.09763 0.683417 5.09763 0.292893 4.70711C-0.0976311 4.31658 -0.097631 3.68342 0.292893 3.29289L3.29289 0.292893C3.48043 0.105357 3.73478 0 4 0ZM0.292893 9.29289C0.683417 8.90237 1.31658 8.90237 1.70711 9.29289L4 11.5858L6.29289 9.29289C6.68342 8.90237 7.31658 8.90237 7.70711 9.29289C8.09763 9.68342 8.09763 10.3166 7.70711 10.7071L4.70711 13.7071C4.31658 14.0976 3.68342 14.0976 3.29289 13.7071L0.292893 10.7071C-0.0976311 10.3166 -0.0976311 9.68342 0.292893 9.29289Z' fill='rgba(17, 35, 55, 0.65)'\/%3E%3C\/svg%3E\");--gf-icon-ctrl-select: url(\"data:image\/svg+xml,%3Csvg width='10' height='6' viewBox='0 0 10 6' fill='none' xmlns='http:\/\/www.w3.org\/2000\/svg'%3E%3Cpath fill-rule='evenodd' clip-rule='evenodd' d='M0.292893 0.292893C0.683417 -0.097631 1.31658 -0.097631 1.70711 0.292893L5 3.58579L8.29289 0.292893C8.68342 -0.0976311 9.31658 -0.0976311 9.70711 0.292893C10.0976 0.683417 10.0976 1.31658 9.70711 1.70711L5.70711 5.70711C5.31658 6.09763 4.68342 6.09763 4.29289 5.70711L0.292893 1.70711C-0.0976311 1.31658 -0.0976311 0.683418 0.292893 0.292893Z' fill='rgba(17, 35, 55, 0.65)'\/%3E%3C\/svg%3E\");--gf-icon-ctrl-search: url(\"data:image\/svg+xml,%3Csvg width='640' height='640' xmlns='http:\/\/www.w3.org\/2000\/svg'%3E%3Cpath d='M256 128c-70.692 0-128 57.308-128 128 0 70.691 57.308 128 128 128 70.691 0 128-57.309 128-128 0-70.692-57.309-128-128-128zM64 256c0-106.039 85.961-192 192-192s192 85.961 192 192c0 41.466-13.146 79.863-35.498 111.248l154.125 154.125c12.496 12.496 12.496 32.758 0 45.254s-32.758 12.496-45.254 0L367.248 412.502C335.862 434.854 297.467 448 256 448c-106.039 0-192-85.962-192-192z' fill='rgba(17, 35, 55, 0.65)'\/%3E%3C\/svg%3E\");--gf-label-space-y-secondary: var(--gf-label-space-y-md-secondary);--gf-ctrl-border-color: #686e77;--gf-ctrl-size: var(--gf-ctrl-size-md);--gf-ctrl-label-color-primary: #112337;--gf-ctrl-label-color-secondary: #112337;--gf-ctrl-choice-size: var(--gf-ctrl-choice-size-md);--gf-ctrl-checkbox-check-size: var(--gf-ctrl-checkbox-check-size-md);--gf-ctrl-radio-check-size: var(--gf-ctrl-radio-check-size-md);--gf-ctrl-btn-font-size: var(--gf-ctrl-btn-font-size-md);--gf-ctrl-btn-padding-x: var(--gf-ctrl-btn-padding-x-md);--gf-ctrl-btn-size: var(--gf-ctrl-btn-size-md);--gf-ctrl-btn-border-color-secondary: #686e77;--gf-ctrl-btn-bg-color-hover-tertiary: #EBEBEB;--gf-field-img-choice-size: var(--gf-field-img-choice-size-md);--gf-field-img-choice-card-space: var(--gf-field-img-choice-card-space-md);--gf-field-img-choice-check-ind-size: var(--gf-field-img-choice-check-ind-size-md);--gf-field-img-choice-check-ind-icon-size: var(--gf-field-img-choice-check-ind-icon-size-md);--gf-field-pg-steps-number-color: rgba(17, 35, 55, 0.8);}<\/style>\n                        <div class='gform_heading'>\n                            <p class='gform_description'><\/p>\n\t\t\t\t\t\t\t<p class='gform_required_legend'>&quot;<span class=\"gfield_required gfield_required_asterisk\">*<\/span>&quot; geeft vereiste velden aan<\/p>\n                        <\/div><form method='post' enctype='multipart\/form-data'  id='gform_3'  action='\/nl\/wp-json\/wp\/v2\/pages\/1692' data-formid='3' novalidate>\n                        <div class='gform-body gform_body'><div id='gform_fields_3' class='gform_fields top_label form_sublabel_above description_above validation_below'><div id=\"field_3_3\" class=\"gfield gfield--type-honeypot gform_validation_container field_sublabel_above gfield--has-description field_description_above field_validation_below gfield_visibility_visible\"  ><label class='gfield_label gform-field-label' for='input_3_3'><span class='gform-field-label__text'>Instagram<\/span><\/label><div class='gfield_description' id='gfield_description_3_3'>Dit veld is bedoeld voor validatiedoeleinden en moet niet worden gewijzigd.<\/div><div class='ginput_container'><input name='input_3' id='input_3_3' type='text' value='' autocomplete='new-password'\/><\/div><\/div><div id=\"field_3_2\" class=\"gfield gfield--type-email gfield--input-type-email gfield--width-full gfield_contains_required field_sublabel_above gfield--no-description field_description_above field_validation_below gfield_visibility_visible\"  ><label class='gfield_label gform-field-label' for='input_3_2'><span class='gform-field-label__text'>Uw mailadres<\/span><span class=\"gfield_required\"><span class=\"gfield_required gfield_required_asterisk\">*<\/span><\/span><\/label><div class='ginput_container ginput_container_email'>\n                            <input name='input_2' id='input_3_2' type='email' value='' class='large'    aria-required=\"true\" aria-invalid=\"false\"  \/>\n                        <\/div><\/div><\/div><\/div>\n        <div class='gform-footer gform_footer top_label'> <button type='submit' id='gform_submit_button_3' class='gform_button button' onclick='gform.submission.handleButtonClick(this);' data-submission-type='submit' >Inschrijven<\/button> \n            <input type='hidden' class='gform_hidden' name='gform_submission_method' data-js='gform_submission_method_3' value='postback' \/>\n            <input type='hidden' class='gform_hidden' name='gform_theme' data-js='gform_theme_3' id='gform_theme_3' value='orbital' \/>\n            <input type='hidden' class='gform_hidden' name='gform_style_settings' data-js='gform_style_settings_3' id='gform_style_settings_3' value='[]' \/>\n            <input type='hidden' class='gform_hidden' name='is_submit_3' value='1' \/>\n            <input type='hidden' class='gform_hidden' name='gform_submit' value='3' \/>\n            \n            <input type='hidden' class='gform_hidden' name='gform_currency' data-currency='EUR' value='NSPMGzKoJaiWrECSyszKZK3Jb4CoOeGS9j1ulpXGLASjRa7RDkDwTcq8eXi1gd6yOd17+Q0OpDhtM2qwBHv7AJXj3JNrMFt6rlfoCtT1T3Q4BGs=' \/>\n            <input type='hidden' class='gform_hidden' name='gform_unique_id' value='' \/>\n            <input type='hidden' class='gform_hidden' name='state_3' value='WyJ7XCJnZm9ybV9zdWJtaXNzaW9uX21ldGhvZFwiOltcIjVkMDhiMjJkOTc0NzZhNTg1OTg1OWFlMGIyYTlmODc0XCIsXCIzOWM2N2ZmMzZkZmJjMWUzZjNmNDUxMjhiOWIzOWM4NFwiXSxcImdmb3JtX3RoZW1lXCI6XCJlNzkxNTk0MTRjMTg2OTQzNjlkMGEwOTgyYjMwMDcyNFwiLFwiZ2Zvcm1fc3R5bGVfc2V0dGluZ3NcIjpcIjMwYzIwYWViY2RkOTIwNzMzOTdhNDg3MmVlOWUzYWE5XCIsXCJmb3JtX2lkXCI6XCJkMzQyYjBmMzA1YTk4Yjk3NTY5YmQxMTVjZTZjYThhMVwiLFwidXJsXCI6XCJkNGMyMzk4ZDAyYmI5OTc1M2ZhNDNmMzE2ZDQxMjFlOFwiLFwic3RhdGVfdGltZXN0YW1wXCI6XCJlYzk3ZjY5Njg4NWY2YTZiYzhmMDUzMTdmOGNlMGE4NVwifSIsImIxOTFjZGJkODQ3NTAwNDEzMjgzM2FjZGQxOTNjOTgyIiwxNzg4NTk2Njk0XQ==' \/>\n            <input type='hidden' autocomplete='off' class='gform_hidden' name='gform_target_page_number_3' id='gform_target_page_number_3' value='0' \/>\n            <input type='hidden' autocomplete='off' class='gform_hidden' name='gform_source_page_number_3' id='gform_source_page_number_3' value='1' \/>\n            <input type='hidden' name='gform_field_values' value='' \/>\n            \n        <\/div>\n                        <\/form>\n                        <\/div>[\/et_pb_code][\/et_pb_column][\/et_pb_row][\/et_pb_section][et_pb_section fb_built=&#8221;1&#8243; custom_padding_last_edited=&#8221;on|phone&#8221; _builder_version=&#8221;4.27.4&#8243; _module_preset=&#8221;default&#8221; background_color=&#8221;gcid-secondary-color&#8221; background_image=&#8221;https:\/\/www.bikers.be\/wp-content\/uploads\/2025\/10\/O2Bikers-Accueil-Column-Lines.svg&#8221; background_size=&#8221;custom&#8221; background_image_width=&#8221;260px&#8221; background_position=&#8221;bottom_right&#8221; min_height=&#8221;70vh&#8221; min_height_tablet=&#8221;&#8221; min_height_phone=&#8221;&#8221; min_height_last_edited=&#8221;on|tablet&#8221; custom_padding=&#8221;110px|6vw|110px|6vw|true|true&#8221; custom_padding_tablet=&#8221;110px|6vw|110px|6vw|true|true&#8221; custom_padding_phone=&#8221;60px|6vw|60px|6vw|true|true&#8221; background_last_edited=&#8221;on|tablet&#8221; background_image_width_tablet=&#8221;100px&#8221; custom_css_free_form=&#8221;selector {||  display: flex;||  align-items: center;||}&#8221; locked=&#8221;off&#8221; global_colors_info=&#8221;{%22gcid-secondary-color%22:%91%22background_color%22%93}&#8221;][et_pb_row _builder_version=&#8221;4.27.4&#8243; _module_preset=&#8221;default&#8221; global_colors_info=&#8221;{}&#8221;][et_pb_column type=&#8221;4_4&#8243; _builder_version=&#8221;4.27.4&#8243; _module_preset=&#8221;default&#8221; global_colors_info=&#8221;{}&#8221;][et_pb_text module_class=&#8221;h1-size&#8221; _builder_version=&#8221;4.27.4&#8243; _module_preset=&#8221;default&#8221; header_2_font=&#8221;|||on|||||&#8221; header_2_letter_spacing=&#8221;4px&#8221; text_orientation=&#8221;center&#8221; background_layout=&#8221;dark&#8221; custom_margin=&#8221;||15px||false|false&#8221; global_colors_info=&#8221;{}&#8221;]<\/p>\n<h2>NEEM CONTACT MET ONS OP<\/h2>\n<p>[\/et_pb_text][et_pb_text _builder_version=&#8221;4.27.4&#8243; _module_preset=&#8221;default&#8221; text_orientation=&#8221;center&#8221; background_layout=&#8221;dark&#8221; max_width=&#8221;690px&#8221; module_alignment=&#8221;center&#8221; global_colors_info=&#8221;{}&#8221;]Heeft u een vraag, opmerking of wilt u een evenement delen? Ons team staat voor u klaar. We reageren snel en als u organisator bent, kunnen we uw evenement ook opnemen in onze <b>mountainbikeagenda<\/b>.[\/et_pb_text][et_pb_button button_url=&#8221;@ET-DC@eyJkeW5hbWljIjp0cnVlLCJjb250ZW50IjoicG9zdF9saW5rX3VybF9wYWdlIiwic2V0dGluZ3MiOnsicG9zdF9pZCI6IjgwIn19@&#8221; button_text=&#8221;Neem contact op met O2 Bikers&#8221; button_alignment=&#8221;center&#8221; _builder_version=&#8221;4.27.4&#8243; _dynamic_attributes=&#8221;button_url&#8221; _module_preset=&#8221;default&#8221; button_text_size=&#8221;18px&#8221; button_text_color=&#8221;#000000&#8243; button_bg_color=&#8221;gcid-939ec961-e35a-49a0-8fe6-b17c10e8d88d&#8221; button_font=&#8221;|||on|||||&#8221; global_colors_info=&#8221;{%22gcid-939ec961-e35a-49a0-8fe6-b17c10e8d88d%22:%91%22button_bg_color%22%93,%22gcid-secondary-color%22:%91%22button_text_color%22%93}&#8221; button_bg_color__hover_enabled=&#8221;on|hover&#8221; button_bg_color__hover=&#8221;#000000&#8243; button_text_color__hover_enabled=&#8221;on|desktop&#8221; button_text_color__hover=&#8221;#FFFFFF&#8221;][\/et_pb_button][\/et_pb_column][\/et_pb_row][\/et_pb_section]<\/p>\n","protected":false},"excerpt":{"rendered":"<p>[et_pb_section fb_built=&#8221;1&#8243; custom_padding_last_edited=&#8221;on|phone&#8221; _builder_version=&#8221;4.27.4&#8243; _module_preset=&#8221;default&#8221; background_color=&#8221;gcid-primary-color&#8221; use_background_color_gradient=&#8221;on&#8221; background_color_gradient_stops=&#8221;rgba(0,0,0,0.24) 1%|rgba(26,26,26,0.28) 22%|rgba(26,26,26,0.67) 64%|#1a1a1a 100%&#8221; background_color_gradient_overlays_image=&#8221;on&#8221; background_image=&#8221;https:\/\/www.bikers.be\/wp-content\/uploads\/2025\/10\/O2Bikers-Bikes-6-parallax.webp&#8221; parallax=&#8221;on&#8221; parallax_method=&#8221;off&#8221; custom_padding=&#8221;25vh|6vw|100px|6vw|false|true&#8221; custom_padding_tablet=&#8221;130px|6vw|10px|6vw|false|true&#8221; custom_padding_phone=&#8221;|6vw|20px|6vw|false|true&#8221; custom_css_free_form=&#8221;selector::after {|| content: %22%22;|| display: block;|| width: 100%;|| height: 100%;|| position: [&hellip;]<\/p>\n","protected":false},"author":4,"featured_media":0,"parent":0,"menu_order":10,"comment_status":"closed","ping_status":"closed","template":"","meta":{"_et_pb_use_builder":"on","_et_pb_old_content":"","_et_gb_content_width":"","footnotes":""},"class_list":["post-1692","page","type-page","status-publish","hentry","cat_gravel","cat_randonnee-vtt"],"yoast_head":"<!-- This site is optimized with the Yoast SEO plugin v28.4 - https:\/\/yoast.com\/product\/yoast-seo-wordpress\/ -->\n<title>Agenda VTT - Rando, courses et \u00e9v\u00e9nements VTT en Belgique<\/title>\n<meta name=\"description\" content=\"Acc\u00e9dez \u00e0 un calendrier complet et mis \u00e0 jour r\u00e9guli\u00e8rement de tous les \u00e9v\u00e9nements VTT en Belgique. Trouvez votre prochaine sortie v\u00e9lo en quelques clics.\" \/>\n<meta name=\"robots\" content=\"index, follow, max-snippet:-1, max-image-preview:large, max-video-preview:-1\" \/>\n<link rel=\"canonical\" href=\"https:\/\/www.bikers.be\/nl\/agenda\/\" \/>\n<meta property=\"og:locale\" content=\"nl_NL\" \/>\n<meta property=\"og:type\" content=\"article\" \/>\n<meta property=\"og:title\" content=\"Agenda VTT - Rando, courses et \u00e9v\u00e9nements VTT en Belgique\" \/>\n<meta property=\"og:description\" content=\"Acc\u00e9dez \u00e0 un calendrier complet et mis \u00e0 jour r\u00e9guli\u00e8rement de tous les \u00e9v\u00e9nements VTT en Belgique. Trouvez votre prochaine sortie v\u00e9lo en quelques clics.\" \/>\n<meta property=\"og:url\" content=\"https:\/\/www.bikers.be\/nl\/agenda\/\" \/>\n<meta property=\"og:site_name\" content=\"O2Bikers\" \/>\n<meta property=\"article:modified_time\" content=\"2026-08-05T06:30:53+00:00\" \/>\n<meta name=\"twitter:card\" content=\"summary_large_image\" \/>\n<meta name=\"twitter:label1\" content=\"Geschatte leestijd\" \/>\n\t<meta name=\"twitter:data1\" content=\"9 minuut\" \/>\n<script type=\"application\/ld+json\" class=\"yoast-schema-graph\">{\"@context\":\"https:\\\/\\\/schema.org\",\"@graph\":[{\"@type\":\"WebPage\",\"@id\":\"https:\\\/\\\/www.bikers.be\\\/nl\\\/agenda\\\/\",\"url\":\"https:\\\/\\\/www.bikers.be\\\/nl\\\/agenda\\\/\",\"name\":\"Agenda VTT - Rando, courses et \u00e9v\u00e9nements VTT en Belgique\",\"isPartOf\":{\"@id\":\"https:\\\/\\\/www.bikers.be\\\/nl\\\/#website\"},\"datePublished\":\"2025-10-14T14:10:11+00:00\",\"dateModified\":\"2026-08-05T06:30:53+00:00\",\"description\":\"Acc\u00e9dez \u00e0 un calendrier complet et mis \u00e0 jour r\u00e9guli\u00e8rement de tous les \u00e9v\u00e9nements VTT en Belgique. Trouvez votre prochaine sortie v\u00e9lo en quelques clics.\",\"breadcrumb\":{\"@id\":\"https:\\\/\\\/www.bikers.be\\\/nl\\\/agenda\\\/#breadcrumb\"},\"inLanguage\":\"nl-NL\",\"potentialAction\":[{\"@type\":\"ReadAction\",\"target\":[\"https:\\\/\\\/www.bikers.be\\\/nl\\\/agenda\\\/\"]}]},{\"@type\":\"BreadcrumbList\",\"@id\":\"https:\\\/\\\/www.bikers.be\\\/nl\\\/agenda\\\/#breadcrumb\",\"itemListElement\":[{\"@type\":\"ListItem\",\"position\":1,\"name\":\"Ontvangst\",\"item\":\"https:\\\/\\\/www.bikers.be\\\/nl\\\/\"},{\"@type\":\"ListItem\",\"position\":2,\"name\":\"Agenda\"}]},{\"@type\":\"WebSite\",\"@id\":\"https:\\\/\\\/www.bikers.be\\\/nl\\\/#website\",\"url\":\"https:\\\/\\\/www.bikers.be\\\/nl\\\/\",\"name\":\"O2Bikers\",\"description\":\"\",\"potentialAction\":[{\"@type\":\"SearchAction\",\"target\":{\"@type\":\"EntryPoint\",\"urlTemplate\":\"https:\\\/\\\/www.bikers.be\\\/nl\\\/?s={search_term_string}\"},\"query-input\":{\"@type\":\"PropertyValueSpecification\",\"valueRequired\":true,\"valueName\":\"search_term_string\"}}],\"inLanguage\":\"nl-NL\"}]}<\/script>\n<!-- \/ Yoast SEO plugin. -->","yoast_head_json":{"title":"Agenda VTT - Rando, courses et \u00e9v\u00e9nements VTT en Belgique","description":"Acc\u00e9dez \u00e0 un calendrier complet et mis \u00e0 jour r\u00e9guli\u00e8rement de tous les \u00e9v\u00e9nements VTT en Belgique. Trouvez votre prochaine sortie v\u00e9lo en quelques clics.","robots":{"index":"index","follow":"follow","max-snippet":"max-snippet:-1","max-image-preview":"max-image-preview:large","max-video-preview":"max-video-preview:-1"},"canonical":"https:\/\/www.bikers.be\/nl\/agenda\/","og_locale":"nl_NL","og_type":"article","og_title":"Agenda VTT - Rando, courses et \u00e9v\u00e9nements VTT en Belgique","og_description":"Acc\u00e9dez \u00e0 un calendrier complet et mis \u00e0 jour r\u00e9guli\u00e8rement de tous les \u00e9v\u00e9nements VTT en Belgique. Trouvez votre prochaine sortie v\u00e9lo en quelques clics.","og_url":"https:\/\/www.bikers.be\/nl\/agenda\/","og_site_name":"O2Bikers","article_modified_time":"2026-08-05T06:30:53+00:00","twitter_card":"summary_large_image","twitter_misc":{"Geschatte leestijd":"9 minuut"},"schema":{"@context":"https:\/\/schema.org","@graph":[{"@type":"WebPage","@id":"https:\/\/www.bikers.be\/nl\/agenda\/","url":"https:\/\/www.bikers.be\/nl\/agenda\/","name":"Agenda VTT - Rando, courses et \u00e9v\u00e9nements VTT en Belgique","isPartOf":{"@id":"https:\/\/www.bikers.be\/nl\/#website"},"datePublished":"2025-10-14T14:10:11+00:00","dateModified":"2026-08-05T06:30:53+00:00","description":"Acc\u00e9dez \u00e0 un calendrier complet et mis \u00e0 jour r\u00e9guli\u00e8rement de tous les \u00e9v\u00e9nements VTT en Belgique. Trouvez votre prochaine sortie v\u00e9lo en quelques clics.","breadcrumb":{"@id":"https:\/\/www.bikers.be\/nl\/agenda\/#breadcrumb"},"inLanguage":"nl-NL","potentialAction":[{"@type":"ReadAction","target":["https:\/\/www.bikers.be\/nl\/agenda\/"]}]},{"@type":"BreadcrumbList","@id":"https:\/\/www.bikers.be\/nl\/agenda\/#breadcrumb","itemListElement":[{"@type":"ListItem","position":1,"name":"Ontvangst","item":"https:\/\/www.bikers.be\/nl\/"},{"@type":"ListItem","position":2,"name":"Agenda"}]},{"@type":"WebSite","@id":"https:\/\/www.bikers.be\/nl\/#website","url":"https:\/\/www.bikers.be\/nl\/","name":"O2Bikers","description":"","potentialAction":[{"@type":"SearchAction","target":{"@type":"EntryPoint","urlTemplate":"https:\/\/www.bikers.be\/nl\/?s={search_term_string}"},"query-input":{"@type":"PropertyValueSpecification","valueRequired":true,"valueName":"search_term_string"}}],"inLanguage":"nl-NL"}]}},"_links":{"self":[{"href":"https:\/\/www.bikers.be\/nl\/wp-json\/wp\/v2\/pages\/1692","targetHints":{"allow":["GET"]}}],"collection":[{"href":"https:\/\/www.bikers.be\/nl\/wp-json\/wp\/v2\/pages"}],"about":[{"href":"https:\/\/www.bikers.be\/nl\/wp-json\/wp\/v2\/types\/page"}],"author":[{"embeddable":true,"href":"https:\/\/www.bikers.be\/nl\/wp-json\/wp\/v2\/users\/4"}],"replies":[{"embeddable":true,"href":"https:\/\/www.bikers.be\/nl\/wp-json\/wp\/v2\/comments?post=1692"}],"version-history":[{"count":9,"href":"https:\/\/www.bikers.be\/nl\/wp-json\/wp\/v2\/pages\/1692\/revisions"}],"predecessor-version":[{"id":9554,"href":"https:\/\/www.bikers.be\/nl\/wp-json\/wp\/v2\/pages\/1692\/revisions\/9554"}],"wp:attachment":[{"href":"https:\/\/www.bikers.be\/nl\/wp-json\/wp\/v2\/media?parent=1692"}],"curies":[{"name":"wp","href":"https:\/\/api.w.org\/{rel}","templated":true}]}}